{"id":13,"date":"2021-09-29T09:55:00","date_gmt":"2021-09-29T09:55:00","guid":{"rendered":"http:\/\/pablocarpintero.es\/?page_id=13"},"modified":"2024-03-08T11:11:35","modified_gmt":"2024-03-08T11:11:35","slug":"charlas-concertos","status":"publish","type":"page","link":"https:\/\/pablocarpintero.es\/es\/charlas-concertos\/","title":{"rendered":"Charlas-concierto"},"content":{"rendered":"<div  class='flex_column av-107y1-64107d2e4e243af2d796daef1a9347fa av_one_full  avia-builder-el-0  el_before_av_textblock  avia-builder-el-first  first flex_column_div'     ><p>\n<style type=\"text\/css\" data-created_by=\"avia_inline_auto\" id=\"style-css-av-kwagg34n-dfb0bf6829c4a4514d44856954a37105\">\n.avia-image-container.av-kwagg34n-dfb0bf6829c4a4514d44856954a37105 img.avia_image{\nbox-shadow:none;\n}\n.avia-image-container.av-kwagg34n-dfb0bf6829c4a4514d44856954a37105 .av-image-caption-overlay-center{\ncolor:#ffffff;\n}\n<\/style>\n<div  class='avia-image-container av-kwagg34n-dfb0bf6829c4a4514d44856954a37105 av-styling- avia-align-center  avia-builder-el-1  el_before_av_textblock  avia-builder-el-first'   itemprop=\"image\" itemscope=\"itemscope\" itemtype=\"https:\/\/schema.org\/ImageObject\" ><div class=\"avia-image-container-inner\"><div class=\"avia-image-overlay-wrap\"><img decoding=\"async\" class='wp-image-1501 avia-img-lazy-loading-not-1501 avia_image' src=\"https:\/\/pablocarpintero.es\/wp-content\/uploads\/2021\/11\/charlas-1030x572.jpg\" alt='' title='charlas'  height=\"572\" width=\"1030\"  itemprop=\"thumbnailUrl\" srcset=\"https:\/\/pablocarpintero.es\/wp-content\/uploads\/2021\/11\/charlas-1030x572.jpg 1030w, https:\/\/pablocarpintero.es\/wp-content\/uploads\/2021\/11\/charlas-600x333.jpg 600w, https:\/\/pablocarpintero.es\/wp-content\/uploads\/2021\/11\/charlas-300x167.jpg 300w, https:\/\/pablocarpintero.es\/wp-content\/uploads\/2021\/11\/charlas-768x427.jpg 768w, https:\/\/pablocarpintero.es\/wp-content\/uploads\/2021\/11\/charlas-1536x853.jpg 1536w, https:\/\/pablocarpintero.es\/wp-content\/uploads\/2021\/11\/charlas-2048x1138.jpg 2048w, https:\/\/pablocarpintero.es\/wp-content\/uploads\/2021\/11\/charlas-18x10.jpg 18w, https:\/\/pablocarpintero.es\/wp-content\/uploads\/2021\/11\/charlas-1500x833.jpg 1500w, https:\/\/pablocarpintero.es\/wp-content\/uploads\/2021\/11\/charlas-705x392.jpg 705w, https:\/\/pablocarpintero.es\/wp-content\/uploads\/2021\/11\/charlas-1320x733.jpg 1320w\" sizes=\"(max-width: 1030px) 100vw, 1030px\" \/><\/div><\/div><\/div><br \/>\n<section  class='av_textblock_section av-kugswfz1-c43056105d45c74eb7c75daf8fa9c42b'   itemscope=\"itemscope\" itemtype=\"https:\/\/schema.org\/CreativeWork\" ><div class='avia_textblock'  itemprop=\"text\" ><p>Hemos preparado diferentes charlas-concierto basadas \u200b\u200ben el an\u00e1lisis cient\u00edfico de los datos recogidos durante nuestro trabajo de campo. Tambi\u00e9n te ofrecemos la oportunidad de encargar charlas espec\u00edficas sobre cualquier tema que tenga que ver con la m\u00fasica tradicional.<\/p>\n<p>Si quieres contratar a alguna de ellas, o solicitar un presupuesto, cont\u00e1ctanos por cualquiera de los medios que te ofrecemos <a href=\"https:\/\/pablocarpintero.es\/es\/contactar\/\">aqu\u00ed<\/a>.<\/p>\n<p>La charlas-concierto que ya tenemos preparadas son las siguientes:<\/p>\n<\/div><\/section><br \/>\n<section  class='av_textblock_section av-kw67sfu8-83ea0dd84ee5b5cb49e8f1f6201060ff'   itemscope=\"itemscope\" itemtype=\"https:\/\/schema.org\/CreativeWork\" ><div class='avia_textblock'  itemprop=\"text\" ><ul>\n<li><a href=\"#musicaEvolucion\">M\u00fasica y evoluci\u00f3n<\/a><\/li>\n<li><a href=\"#musicaPaisaje\">M\u00fasica e paisaxe. As gaitas de fol do noroeste peninsular e a s\u00faa relaci\u00f3n coa paisaxe<\/a><\/li>\n<li><a href=\"#Asorixesdamusica\">Los or\u00edgenes de la m\u00fasica<\/a><\/li>\n<li><a href=\"#Asorixesdos\">Los or\u00edgenes de los instrumentos musicales<\/a><\/li>\n<li><a href=\"#Osinstrumentosmusicaisfemininos\">Los instrumentos musicales femeninos<\/a><\/li>\n<li><a href=\"#Femenino-Masculino\">Feminino-Masculino<\/a><\/li>\n<li><a href=\"#Astrompasouguimbardas\">Las trompas o guimbardas<\/a><\/li>\n<li><a href=\"#Orixeehistoriadasgaitasdefol\">Origen y historia de las gaitas de fuelle<\/a><\/li>\n<li><a href=\"#medievaiss\">Aer\u00f3fonos y gaitas de fuelle medievales<\/a><\/li>\n<li><a href=\"#Asgaitasdefolbarrocas\">Las gaitas de fuelle barrocas<\/a><\/li>\n<li><a href=\"#Asgaitasderonquillopontevedresas\">Las gaitas de ronquillo pontevedresas<\/a><\/li>\n<li><a href=\"#Amusicagaleganosseculos\">La m\u00fasica gallega en los siglos XVII y XVIII<\/a><\/li>\n<li><a href=\"#AsgaitasdefolnoCamino\">Las gaitas de fuelle en el Camino de Santiago<\/a><\/li>\n<li><a href=\"#Aspalletas\">Las pajuelas<\/a><\/li>\n<li><a href=\"#falandoMusica\">Hablando la M\u00fasica<\/a><\/li>\n<li><a href=\"#sonsdoantroido\">Los sonidos del Antruejo<\/a><\/li>\n<li><a href=\"#gaitasFolPontevedra\">As gaitas de fol na provincia de Pontevedra. Unha nova hip\u00f3tese sobre a orixe das gaitas de fol.\u00a0<\/a><\/li>\n<\/ul>\n\n<style type=\"text\/css\" data-created_by=\"avia_inline_auto\" id=\"style-css-av-x34x-f90378de1555e7bc2fed74e462901de5\">\n#top .hr.hr-invisible.av-x34x-f90378de1555e7bc2fed74e462901de5{\nheight:100px;\n}\n<\/style>\n<div  class='hr av-x34x-f90378de1555e7bc2fed74e462901de5 hr-invisible  avia-builder-el-4  avia-builder-el-no-sibling'><span class='hr-inner'><span class=\"hr-inner-style\"><\/span><\/span><\/div>\n<\/div><\/section><br \/>\n<section  id=\"musicaEvolucion\"  class='av_textblock_section av-kugswwhr-8091522b4e49fae38a5d7876d48435a2'   itemscope=\"itemscope\" itemtype=\"https:\/\/schema.org\/CreativeWork\" ><div class='avia_textblock'  itemprop=\"text\" ><h2>M\u00fasica y evoluci\u00f3n<\/h2>\n<\/div><\/section><br \/>\n<section  class='av_textblock_section av-kwg3gbh4-ce36dba079f8874acda3bd293e414652'   itemscope=\"itemscope\" itemtype=\"https:\/\/schema.org\/CreativeWork\" ><div class='avia_textblock'  itemprop=\"text\" >\n<style type=\"text\/css\" data-created_by=\"avia_inline_auto\" id=\"style-css-av-27p2h-cbaf42b9217f06aa10661059b152e7f7\">\n#top .hr.hr-invisible.av-27p2h-cbaf42b9217f06aa10661059b152e7f7{\nheight:30px;\n}\n<\/style>\n<div  class='hr av-27p2h-cbaf42b9217f06aa10661059b152e7f7 hr-invisible  avia-builder-el-7  avia-builder-el-no-sibling'><span class='hr-inner'><span class=\"hr-inner-style\"><\/span><\/span><\/div>\n<\/div><\/section><br \/>\n\n<style type=\"text\/css\" data-created_by=\"avia_inline_auto\" id=\"style-css-av-kwg3heen-fb4be4a4526ed92c20b6ee5cf2737003\">\n.avia-image-container.av-kwg3heen-fb4be4a4526ed92c20b6ee5cf2737003 img.avia_image{\nbox-shadow:none;\n}\n.avia-image-container.av-kwg3heen-fb4be4a4526ed92c20b6ee5cf2737003 .av-image-caption-overlay-center{\ncolor:#ffffff;\n}\n<\/style>\n<div  class='avia-image-container av-kwg3heen-fb4be4a4526ed92c20b6ee5cf2737003 av-styling- avia-align-center  avia-builder-el-8  el_after_av_textblock  el_before_av_textblock'   itemprop=\"image\" itemscope=\"itemscope\" itemtype=\"https:\/\/schema.org\/ImageObject\" ><div class=\"avia-image-container-inner\"><div class=\"avia-image-overlay-wrap\"><img decoding=\"async\" class='wp-image-1662 avia-img-lazy-loading-not-1662 avia_image' src=\"https:\/\/pablocarpintero.es\/wp-content\/uploads\/2021\/11\/Musica-e-Evolucion.jpg\" alt='' title='M\u00fasica e Evoluci\u00f3n'  height=\"362\" width=\"644\"  itemprop=\"thumbnailUrl\" srcset=\"https:\/\/pablocarpintero.es\/wp-content\/uploads\/2021\/11\/Musica-e-Evolucion.jpg 644w, https:\/\/pablocarpintero.es\/wp-content\/uploads\/2021\/11\/Musica-e-Evolucion-600x337.jpg 600w, https:\/\/pablocarpintero.es\/wp-content\/uploads\/2021\/11\/Musica-e-Evolucion-300x169.jpg 300w, https:\/\/pablocarpintero.es\/wp-content\/uploads\/2021\/11\/Musica-e-Evolucion-18x10.jpg 18w\" sizes=\"(max-width: 644px) 100vw, 644px\" \/><\/div><\/div><\/div><br \/>\n<section  class='av_textblock_section av-1mt7t-116ad84e22b2c564ccd23bbd79e47c5f'   itemscope=\"itemscope\" itemtype=\"https:\/\/schema.org\/CreativeWork\" ><div class='avia_textblock'  itemprop=\"text\" >\n<style type=\"text\/css\" data-created_by=\"avia_inline_auto\" id=\"style-css-av-15afh-322e47020b2e37a99f8669953652aad8\">\n#top .hr.hr-invisible.av-15afh-322e47020b2e37a99f8669953652aad8{\nheight:30px;\n}\n<\/style>\n<div  class='hr av-15afh-322e47020b2e37a99f8669953652aad8 hr-invisible  avia-builder-el-10  avia-builder-el-no-sibling'><span class='hr-inner'><span class=\"hr-inner-style\"><\/span><\/span><\/div>\n<\/div><\/section><br \/>\n<section  class='av_textblock_section av-kugsxxgy-f11236f34808f652fb9db6984afe8843'   itemscope=\"itemscope\" itemtype=\"https:\/\/schema.org\/CreativeWork\" ><div class='avia_textblock'  itemprop=\"text\" ><p>Este concierto did\u00e1ctico tiene como objetivo mostrar y poner en valor nuestro patrimonio cultural musical, pero tambi\u00e9n hablar de la m\u00fasica como manifestaci\u00f3n cultural imprescindible para el ser humano. As\u00ed, el concierto explica las \u00faltimas teor\u00edas cient\u00edficas sobre qu\u00e9 es la m\u00fasica y qu\u00e9 significado ha tenido y tiene dentro de nuestra evoluci\u00f3n como especie. El discurso se gu\u00eda por la analog\u00eda que existe entre la evoluci\u00f3n de nuestra especie en los \u00faltimos cuatro millones de a\u00f1os y el desarrollo musical de las ni\u00f1as y los ni\u00f1os. Se trata, por tanto, de un concierto que pertenece a la disciplina de la biomusicolog\u00eda.<\/p>\n<p>En este concierto tocamos con 43 instrumentos musicales diferentes, de los m\u00e1s de 160 que hemos documentado en Galicia. Por otro lado, este concierto tambi\u00e9n contiene una revisi\u00f3n en profundidad del papel fundamental que desempe\u00f1an las mujeres en la m\u00fasica humana.<\/p>\n<p>Est\u00e1 dirigido a todo tipo de p\u00fablico, ya que aporta informaci\u00f3n relevante sobre nuestra evoluci\u00f3n como especie y los procesos de evoluci\u00f3n cultural. Tambi\u00e9n tiene como objetivo poner en valor y dar continuidad a un conocimiento que nos pertenece y de sustancial riqueza para nuestra cultura.<\/p>\n<p>Dado que la informaci\u00f3n en la que se basa esta charla-concierto fue obtenida de personas mayores, es un concierto que resuena profundamente con su experiencia de vida.<\/p>\n<p>Los objetivos principales de esta charla-concierto son:<\/p>\n<ul>\n<li>Poner en valor una parte importante de nuestra cultura musical.<\/li>\n<li>Difundir y afianzar el empleo de nuestra lengua como veh\u00edculo de expresi\u00f3n.<\/li>\n<li>Resaltar el papel de las mujeres como organizadoras de las sociedades humanas.<\/li>\n<li>Destacar la importancia de los ni\u00f1os y ni\u00f1as en los procesos culturales humanos.<\/li>\n<li>Afianzar valores de nuestro patrimonio cultural inmaterial como el respeto por los mayores y sus conocimientos, la importancia del reciclaje, el valor del esfuerzo y el trabajo continuo, la valoraci\u00f3n de la naturaleza y el desarrollo sostenible, etc.<\/li>\n<\/ul>\n<p><span style=\"color: #ff0000;\">Puedes ver una grabaci\u00f3n en directo de este concierto clicando <a href=\"https:\/\/www.youtube.com\/watch?v=j8t7vqWsUlg\">aqu\u00ed<\/a>, o uno semejante grabado en nuestro museo\u00a0<a href=\"https:\/\/www.youtube.com\/watch?v=OYRQ332IFbg&#038;t=343s\">aqu\u00ed<\/a>. <\/span><\/p>\n<p><span style=\"color: #ff0000;\">En este otro <a href=\"https:\/\/www.youtube.com\/watch?v=Gy6iG43Qit0&#038;t=8s\">enlace<\/a> tienes el concierto en castellano. Como ves, los guiones van variando con el tiempo!<\/span><\/p>\n\n<style type=\"text\/css\" data-created_by=\"avia_inline_auto\" id=\"style-css-av-7kec5-ada197fdfc787590d913bd2774b35775\">\n#top .hr.hr-invisible.av-7kec5-ada197fdfc787590d913bd2774b35775{\nheight:100px;\n}\n<\/style>\n<div  class='hr av-7kec5-ada197fdfc787590d913bd2774b35775 hr-invisible  avia-builder-el-12  avia-builder-el-no-sibling'><span class='hr-inner'><span class=\"hr-inner-style\"><\/span><\/span><\/div>\n<\/div><\/section><br \/>\n<section  id=\"musicaPaisaje\"  class='av_textblock_section av-kugtnm82-a28b940483182239c7346c1b12975f5b'   itemscope=\"itemscope\" itemtype=\"https:\/\/schema.org\/CreativeWork\" ><div class='avia_textblock'  itemprop=\"text\" ><h2>M\u00fasica y paisaje. Las gaitas de fuelle del noroeste peninsular y su relaci\u00f3n con el paisaje.<\/h2>\n<\/div><\/section><br \/>\n<section  class='av_textblock_section av-9xeod-e8c146be988ce88138a8166de67864cf'   itemscope=\"itemscope\" itemtype=\"https:\/\/schema.org\/CreativeWork\" ><div class='avia_textblock'  itemprop=\"text\" >\n<style type=\"text\/css\" data-created_by=\"avia_inline_auto\" id=\"style-css-av-93ew5-16034f8c768c1e5835f45c6262aa3d95\">\n#top .hr.hr-invisible.av-93ew5-16034f8c768c1e5835f45c6262aa3d95{\nheight:30px;\n}\n<\/style>\n<div  class='hr av-93ew5-16034f8c768c1e5835f45c6262aa3d95 hr-invisible  avia-builder-el-15  avia-builder-el-no-sibling'><span class='hr-inner'><span class=\"hr-inner-style\"><\/span><\/span><\/div>\n<\/div><\/section><br \/>\n\n<style type=\"text\/css\" data-created_by=\"avia_inline_auto\" id=\"style-css-av-kwg3n73y-ba5d49624378681b838da868813b28b4\">\n.avia-image-container.av-kwg3n73y-ba5d49624378681b838da868813b28b4 img.avia_image{\nbox-shadow:none;\n}\n.avia-image-container.av-kwg3n73y-ba5d49624378681b838da868813b28b4 .av-image-caption-overlay-center{\ncolor:#ffffff;\n}\n<\/style>\n<div  class='avia-image-container av-kwg3n73y-ba5d49624378681b838da868813b28b4 av-styling- avia-align-center  avia-builder-el-16  el_after_av_textblock  el_before_av_textblock'   itemprop=\"image\" itemscope=\"itemscope\" itemtype=\"https:\/\/schema.org\/ImageObject\" ><div class=\"avia-image-container-inner\"><div class=\"avia-image-overlay-wrap\"><img decoding=\"async\" class='wp-image-1665 avia-img-lazy-loading-not-1665 avia_image' src=\"https:\/\/pablocarpintero.es\/wp-content\/uploads\/2021\/11\/Musica-e-paisaxe-1-1030x306.jpg\" alt='' title='Musica e paisaxe'  height=\"306\" width=\"1030\"  itemprop=\"thumbnailUrl\" srcset=\"https:\/\/pablocarpintero.es\/wp-content\/uploads\/2021\/11\/Musica-e-paisaxe-1-1030x306.jpg 1030w, https:\/\/pablocarpintero.es\/wp-content\/uploads\/2021\/11\/Musica-e-paisaxe-1-600x178.jpg 600w, https:\/\/pablocarpintero.es\/wp-content\/uploads\/2021\/11\/Musica-e-paisaxe-1-300x89.jpg 300w, https:\/\/pablocarpintero.es\/wp-content\/uploads\/2021\/11\/Musica-e-paisaxe-1-768x228.jpg 768w, https:\/\/pablocarpintero.es\/wp-content\/uploads\/2021\/11\/Musica-e-paisaxe-1-1536x457.jpg 1536w, https:\/\/pablocarpintero.es\/wp-content\/uploads\/2021\/11\/Musica-e-paisaxe-1-2048x609.jpg 2048w, https:\/\/pablocarpintero.es\/wp-content\/uploads\/2021\/11\/Musica-e-paisaxe-1-18x5.jpg 18w, https:\/\/pablocarpintero.es\/wp-content\/uploads\/2021\/11\/Musica-e-paisaxe-1-1500x446.jpg 1500w, https:\/\/pablocarpintero.es\/wp-content\/uploads\/2021\/11\/Musica-e-paisaxe-1-705x210.jpg 705w, https:\/\/pablocarpintero.es\/wp-content\/uploads\/2021\/11\/Musica-e-paisaxe-1-1320x392.jpg 1320w\" sizes=\"(max-width: 1030px) 100vw, 1030px\" \/><\/div><\/div><\/div><br \/>\n<section  class='av_textblock_section av-8i04x-160ab282cd9dcdfdcb1a47382f83ce14'   itemscope=\"itemscope\" itemtype=\"https:\/\/schema.org\/CreativeWork\" ><div class='avia_textblock'  itemprop=\"text\" >\n<style type=\"text\/css\" data-created_by=\"avia_inline_auto\" id=\"style-css-av-8563l-3f0e11ccdc0de7a9ff10bf3056ea79bd\">\n#top .hr.hr-invisible.av-8563l-3f0e11ccdc0de7a9ff10bf3056ea79bd{\nheight:30px;\n}\n<\/style>\n<div  class='hr av-8563l-3f0e11ccdc0de7a9ff10bf3056ea79bd hr-invisible  avia-builder-el-18  avia-builder-el-no-sibling'><span class='hr-inner'><span class=\"hr-inner-style\"><\/span><\/span><\/div>\n<\/div><\/section><br \/>\n<section  class='av_textblock_section av-kuguwmn6-bba8637d730ff4191776d29026b5b3bf'   itemscope=\"itemscope\" itemtype=\"https:\/\/schema.org\/CreativeWork\" ><div class='avia_textblock'  itemprop=\"text\" ><p>Se trata de una charla-concierto en el que se recorren las principales tradiciones  gaiteras del noroeste peninsular seg\u00fan Rosa y yo las percibimos: Asturias, Eo-Navia, Terra Ch\u00e1, as gaitas de catro voces de Arz\u00faa e Terra de Melide, las gaitas de la Galicia central (la llanura interior de Lugo y Ourense), as\u00ed como las gaitas de fuelle de la Galicia occidental (es decir, las gaitas de ronquillo); tambi\u00e9n veremos las gaitas de Barqu\u00edn del Baixo Mi\u00f1o y, continuando hacia el sur, la cultura minhota, trasmontana, coimbr\u00e1 y estreme\u00f1a en Portugal y, por supuesto, las sanabresa y alistana en Zamora. En total se escuchan 15 gaitas de fuelle diferentes, cada una acompa\u00f1ada con su tambor espec\u00edfico, tocando sus repertorios propios con sus digitaciones y t\u00e9cnicas particulares. \u00a0<\/p>\n<p>En el concierto se intenta dar respuesta a una pregunta: por qu\u00e9 las gaitas son diferentes o, lo que es lo mismo, por qu\u00e9 los habitantes del noroeste somos diferentes culturalmente? Nosotros creemos que la respuesta se halla en el paisaje que habitamos. Nuestra hip\u00f3tesis es que las gaitas de fuelle reflejan en su sonido y forma de tocar el paisaje en el que viven. As\u00ed, en esta charla-concierto conseguimos explicar la relaci\u00f3n que existe entre el paisaje y las principales caracter\u00edsticas que nos permiten diferenciar entre las distintas  gaitas de fuelle del noroeste, como son la digitaci\u00f3n, la ornamentaci\u00f3n de las melod\u00edas, los tambores que las acompa\u00f1an, los torneados, los tipos diferentes de pajuelas, los conos internos de los tubos, etc.). Esta relaci\u00f3n resulta, desde luego, bastante sorprendente.\u00a0<\/p>\n<p><span style=\"color: #ff0000;\">Puedes ver un concierto semejante clicando <a href=\"https:\/\/www.youtube.com\/watch?v=DypeoS6TnBc&#038;t=54s\">aqu\u00ed.<\/a>\u00a0En este otro <a href=\"https:\/\/www.youtube.com\/watch?v=e-u36u05esI&#038;t=6s\">enlace<\/a> tienes el concierto en castellano. Ten en cuenta que los guiones van cambiando con el tiempo!<\/span><\/p>\n\n<style type=\"text\/css\" data-created_by=\"avia_inline_auto\" id=\"style-css-av-6ttbd-d67ccdc65a0690ab1e4c7d732120642e\">\n#top .hr.hr-invisible.av-6ttbd-d67ccdc65a0690ab1e4c7d732120642e{\nheight:100px;\n}\n<\/style>\n<div  class='hr av-6ttbd-d67ccdc65a0690ab1e4c7d732120642e hr-invisible  avia-builder-el-20  avia-builder-el-no-sibling'><span class='hr-inner'><span class=\"hr-inner-style\"><\/span><\/span><\/div>\n<\/div><\/section><br \/>\n<section  id=\"Asorixesdamusica\"  class='av_textblock_section av-kugugk0v-530fcf7841320f151c0c1f16d0959ecd'   itemscope=\"itemscope\" itemtype=\"https:\/\/schema.org\/CreativeWork\" ><div class='avia_textblock'  itemprop=\"text\" ><h2>Los or\u00edgenes de la m\u00fasica<\/h2>\n<\/div><\/section><br \/>\n<section  class='av_textblock_section av-7oofd-c7f68c2c3a34c8f30f2b39e091167aca'   itemscope=\"itemscope\" itemtype=\"https:\/\/schema.org\/CreativeWork\" ><div class='avia_textblock'  itemprop=\"text\" >\n<style type=\"text\/css\" data-created_by=\"avia_inline_auto\" id=\"style-css-av-6xugd-2f16787b59b69e7c3934c576404992e9\">\n#top .hr.hr-invisible.av-6xugd-2f16787b59b69e7c3934c576404992e9{\nheight:30px;\n}\n<\/style>\n<div  class='hr av-6xugd-2f16787b59b69e7c3934c576404992e9 hr-invisible  avia-builder-el-23  avia-builder-el-no-sibling'><span class='hr-inner'><span class=\"hr-inner-style\"><\/span><\/span><\/div>\n<\/div><\/section><br \/>\n\n<style type=\"text\/css\" data-created_by=\"avia_inline_auto\" id=\"style-css-av-kwg3o9jg-0636d0b360706d47afcaa1578439331a\">\n.avia-image-container.av-kwg3o9jg-0636d0b360706d47afcaa1578439331a img.avia_image{\nbox-shadow:none;\n}\n.avia-image-container.av-kwg3o9jg-0636d0b360706d47afcaa1578439331a .av-image-caption-overlay-center{\ncolor:#ffffff;\n}\n<\/style>\n<div  class='avia-image-container av-kwg3o9jg-0636d0b360706d47afcaa1578439331a av-styling- avia-align-center  avia-builder-el-24  el_after_av_textblock  el_before_av_textblock'   itemprop=\"image\" itemscope=\"itemscope\" itemtype=\"https:\/\/schema.org\/ImageObject\" ><div class=\"avia-image-container-inner\"><div class=\"avia-image-overlay-wrap\"><img decoding=\"async\" class='wp-image-1666 avia-img-lazy-loading-not-1666 avia_image' src=\"https:\/\/pablocarpintero.es\/wp-content\/uploads\/2021\/11\/As-Orixes-da-Musica-1030x558.jpg\" alt='' title='As Orixes da M\u00fasica'  height=\"558\" width=\"1030\"  itemprop=\"thumbnailUrl\" srcset=\"https:\/\/pablocarpintero.es\/wp-content\/uploads\/2021\/11\/As-Orixes-da-Musica-1030x558.jpg 1030w, https:\/\/pablocarpintero.es\/wp-content\/uploads\/2021\/11\/As-Orixes-da-Musica-600x325.jpg 600w, https:\/\/pablocarpintero.es\/wp-content\/uploads\/2021\/11\/As-Orixes-da-Musica-300x163.jpg 300w, https:\/\/pablocarpintero.es\/wp-content\/uploads\/2021\/11\/As-Orixes-da-Musica-768x416.jpg 768w, https:\/\/pablocarpintero.es\/wp-content\/uploads\/2021\/11\/As-Orixes-da-Musica-1536x832.jpg 1536w, https:\/\/pablocarpintero.es\/wp-content\/uploads\/2021\/11\/As-Orixes-da-Musica-18x10.jpg 18w, https:\/\/pablocarpintero.es\/wp-content\/uploads\/2021\/11\/As-Orixes-da-Musica-1500x813.jpg 1500w, https:\/\/pablocarpintero.es\/wp-content\/uploads\/2021\/11\/As-Orixes-da-Musica-705x382.jpg 705w, https:\/\/pablocarpintero.es\/wp-content\/uploads\/2021\/11\/As-Orixes-da-Musica-1320x715.jpg 1320w, https:\/\/pablocarpintero.es\/wp-content\/uploads\/2021\/11\/As-Orixes-da-Musica.jpg 1574w\" sizes=\"(max-width: 1030px) 100vw, 1030px\" \/><\/div><\/div><\/div><br \/>\n<section  class='av_textblock_section av-lti5-d071981c50b0a8503da6d6b0488cf084'   itemscope=\"itemscope\" itemtype=\"https:\/\/schema.org\/CreativeWork\" ><div class='avia_textblock'  itemprop=\"text\" >\n<style type=\"text\/css\" data-created_by=\"avia_inline_auto\" id=\"style-css-av-5kpe9-dd3a72e582f71b45a8a705f2ab7f8475\">\n#top .hr.hr-invisible.av-5kpe9-dd3a72e582f71b45a8a705f2ab7f8475{\nheight:30px;\n}\n<\/style>\n<div  class='hr av-5kpe9-dd3a72e582f71b45a8a705f2ab7f8475 hr-invisible  avia-builder-el-26  avia-builder-el-no-sibling'><span class='hr-inner'><span class=\"hr-inner-style\"><\/span><\/span><\/div>\n<\/div><\/section><br \/>\n<section  class='av_textblock_section av-kugtoit0-b07b735dd20a4026b5aa00b44350032f'   itemscope=\"itemscope\" itemtype=\"https:\/\/schema.org\/CreativeWork\" ><div class='avia_textblock'  itemprop=\"text\" ><p>Esta charla explica cu\u00e1l es el origen de la m\u00fasica en la especie humana seg\u00fan las \u00faltimas teor\u00edas cient\u00edficas, as\u00ed como su relaci\u00f3n con nuestra evoluci\u00f3n como especie.<\/p>\n\n<style type=\"text\/css\" data-created_by=\"avia_inline_auto\" id=\"style-css-av-6f32h-7a7883d89e51dd207e233172a03af497\">\n#top .hr.hr-invisible.av-6f32h-7a7883d89e51dd207e233172a03af497{\nheight:100px;\n}\n<\/style>\n<div  class='hr av-6f32h-7a7883d89e51dd207e233172a03af497 hr-invisible  avia-builder-el-28  avia-builder-el-no-sibling'><span class='hr-inner'><span class=\"hr-inner-style\"><\/span><\/span><\/div>\n<\/div><\/section><br \/>\n<section  id=\"Asorixesdos\"  class='av_textblock_section av-kuguhfoo-fc615d3bc1e210cbfbddbbeb217c3f53'   itemscope=\"itemscope\" itemtype=\"https:\/\/schema.org\/CreativeWork\" ><div class='avia_textblock'  itemprop=\"text\" ><h2>Los or\u00edgenes de los instrumentos musicales<\/h2>\n<\/div><\/section><br \/>\n<section  class='av_textblock_section av-56n2h-029663ebf2cf84bd101fd7c0be5e383f'   itemscope=\"itemscope\" itemtype=\"https:\/\/schema.org\/CreativeWork\" ><div class='avia_textblock'  itemprop=\"text\" >\n<style type=\"text\/css\" data-created_by=\"avia_inline_auto\" id=\"style-css-av-49ggx-29aab24330b2dbbd442d7dbf5a61eadb\">\n#top .hr.hr-invisible.av-49ggx-29aab24330b2dbbd442d7dbf5a61eadb{\nheight:30px;\n}\n<\/style>\n<div  class='hr av-49ggx-29aab24330b2dbbd442d7dbf5a61eadb hr-invisible  avia-builder-el-31  avia-builder-el-no-sibling'><span class='hr-inner'><span class=\"hr-inner-style\"><\/span><\/span><\/div>\n<\/div><\/section><br \/>\n\n<style type=\"text\/css\" data-created_by=\"avia_inline_auto\" id=\"style-css-av-kwg3qn0w-e3fdfceaf91796926a6d3ec9d8052b2d\">\n.avia-image-container.av-kwg3qn0w-e3fdfceaf91796926a6d3ec9d8052b2d img.avia_image{\nbox-shadow:none;\n}\n.avia-image-container.av-kwg3qn0w-e3fdfceaf91796926a6d3ec9d8052b2d .av-image-caption-overlay-center{\ncolor:#ffffff;\n}\n<\/style>\n<div  class='avia-image-container av-kwg3qn0w-e3fdfceaf91796926a6d3ec9d8052b2d av-styling- avia-align-center  avia-builder-el-32  el_after_av_textblock  el_before_av_textblock'   itemprop=\"image\" itemscope=\"itemscope\" itemtype=\"https:\/\/schema.org\/ImageObject\" ><div class=\"avia-image-container-inner\"><div class=\"avia-image-overlay-wrap\"><img decoding=\"async\" class='wp-image-1669 avia-img-lazy-loading-not-1669 avia_image' src=\"https:\/\/pablocarpintero.es\/wp-content\/uploads\/2021\/11\/As-orixes-da-musica-2-1-1030x282.jpg\" alt='' title='dav'  height=\"282\" width=\"1030\"  itemprop=\"thumbnailUrl\" srcset=\"https:\/\/pablocarpintero.es\/wp-content\/uploads\/2021\/11\/As-orixes-da-musica-2-1-1030x282.jpg 1030w, https:\/\/pablocarpintero.es\/wp-content\/uploads\/2021\/11\/As-orixes-da-musica-2-1-600x164.jpg 600w, https:\/\/pablocarpintero.es\/wp-content\/uploads\/2021\/11\/As-orixes-da-musica-2-1-300x82.jpg 300w, https:\/\/pablocarpintero.es\/wp-content\/uploads\/2021\/11\/As-orixes-da-musica-2-1-768x210.jpg 768w, https:\/\/pablocarpintero.es\/wp-content\/uploads\/2021\/11\/As-orixes-da-musica-2-1-1536x420.jpg 1536w, https:\/\/pablocarpintero.es\/wp-content\/uploads\/2021\/11\/As-orixes-da-musica-2-1-2048x560.jpg 2048w, https:\/\/pablocarpintero.es\/wp-content\/uploads\/2021\/11\/As-orixes-da-musica-2-1-18x5.jpg 18w, https:\/\/pablocarpintero.es\/wp-content\/uploads\/2021\/11\/As-orixes-da-musica-2-1-1500x410.jpg 1500w, https:\/\/pablocarpintero.es\/wp-content\/uploads\/2021\/11\/As-orixes-da-musica-2-1-705x193.jpg 705w, https:\/\/pablocarpintero.es\/wp-content\/uploads\/2021\/11\/As-orixes-da-musica-2-1-1320x361.jpg 1320w\" sizes=\"(max-width: 1030px) 100vw, 1030px\" \/><\/div><\/div><\/div><br \/>\n<section  class='av_textblock_section av-44b7h-125032cd8722b63513c361deda77f5c2'   itemscope=\"itemscope\" itemtype=\"https:\/\/schema.org\/CreativeWork\" ><div class='avia_textblock'  itemprop=\"text\" >\n<style type=\"text\/css\" data-created_by=\"avia_inline_auto\" id=\"style-css-av-34ost-2ba99d9c641091efacea147d5d668adb\">\n#top .hr.hr-invisible.av-34ost-2ba99d9c641091efacea147d5d668adb{\nheight:30px;\n}\n<\/style>\n<div  class='hr av-34ost-2ba99d9c641091efacea147d5d668adb hr-invisible  avia-builder-el-34  avia-builder-el-no-sibling'><span class='hr-inner'><span class=\"hr-inner-style\"><\/span><\/span><\/div>\n<\/div><\/section><br \/>\n<section  class='av_textblock_section av-kuguhtip-e9822d788af576cecd01d447e1fc9102'   itemscope=\"itemscope\" itemtype=\"https:\/\/schema.org\/CreativeWork\" ><div class='avia_textblock'  itemprop=\"text\" ><p>En esta charla-concierto ahondamos en el conocimiento de los instrumentos musicales m\u00e1s antiguos que han aparecido en las excavaciones arqueol\u00f3gicas del Paleol\u00edtico y Neol\u00edtico europeos. Vemos cu\u00e1les son sus principales tipolog\u00edas, cu\u00e1les son sus morfolog\u00edas concretas y cual se supone que eran sus usos. Durante esta charla ponemos de manifiesto un hecho intrigante: todos estos instrumentos musicales paleol\u00edticos se hallaban en uso en la Galicia de los siglos XIX y XX, y eran fundamentalmente las ni\u00f1as y los ni\u00f1os sus fabricantes y ejecutantes. Cu\u00e1l es la explicaci\u00f3n de este hecho y que importancia tiene para la comprensi\u00f3n de los instrumentos musicales del Paleol\u00edtico es otro de los objetivos de esta charla-concierto.<\/p>\n\n<style type=\"text\/css\" data-created_by=\"avia_inline_auto\" id=\"style-css-av-5ko5t-85015193e35ecb48b3d9996844324a7c\">\n#top .hr.hr-invisible.av-5ko5t-85015193e35ecb48b3d9996844324a7c{\nheight:100px;\n}\n<\/style>\n<div  class='hr av-5ko5t-85015193e35ecb48b3d9996844324a7c hr-invisible  avia-builder-el-36  avia-builder-el-no-sibling'><span class='hr-inner'><span class=\"hr-inner-style\"><\/span><\/span><\/div>\n<\/div><\/section><br \/>\n<section  id=\"Osinstrumentosmusicaisfemininos\"  class='av_textblock_section av-kuguifeo-eb63a62cc03800fff7009a253c8b33dd'   itemscope=\"itemscope\" itemtype=\"https:\/\/schema.org\/CreativeWork\" ><div class='avia_textblock'  itemprop=\"text\" ><h2>Los instrumentos musicales femeninos<\/h2>\n<\/div><\/section><br \/>\n<section  class='av_textblock_section av-2k9rp-e0ad9e4980eae88fe073248b409210aa'   itemscope=\"itemscope\" itemtype=\"https:\/\/schema.org\/CreativeWork\" ><div class='avia_textblock'  itemprop=\"text\" >\n<style type=\"text\/css\" data-created_by=\"avia_inline_auto\" id=\"style-css-av-2bdv1-41a005006a9650729fab61b378fa042c\">\n#top .hr.hr-invisible.av-2bdv1-41a005006a9650729fab61b378fa042c{\nheight:30px;\n}\n<\/style>\n<div  class='hr av-2bdv1-41a005006a9650729fab61b378fa042c hr-invisible  avia-builder-el-39  avia-builder-el-no-sibling'><span class='hr-inner'><span class=\"hr-inner-style\"><\/span><\/span><\/div>\n<\/div><\/section><br \/>\n\n<style type=\"text\/css\" data-created_by=\"avia_inline_auto\" id=\"style-css-av-kwg3rij1-b3b37bcb1d3e0666a8766f077b5d0f1e\">\n.avia-image-container.av-kwg3rij1-b3b37bcb1d3e0666a8766f077b5d0f1e img.avia_image{\nbox-shadow:none;\n}\n.avia-image-container.av-kwg3rij1-b3b37bcb1d3e0666a8766f077b5d0f1e .av-image-caption-overlay-center{\ncolor:#ffffff;\n}\n<\/style>\n<div  class='avia-image-container av-kwg3rij1-b3b37bcb1d3e0666a8766f077b5d0f1e av-styling- avia-align-center  avia-builder-el-40  el_after_av_textblock  el_before_av_textblock'   itemprop=\"image\" itemscope=\"itemscope\" itemtype=\"https:\/\/schema.org\/ImageObject\" ><div class=\"avia-image-container-inner\"><div class=\"avia-image-overlay-wrap\"><img decoding=\"async\" class='wp-image-1670 avia-img-lazy-loading-not-1670 avia_image' src=\"https:\/\/pablocarpintero.es\/wp-content\/uploads\/2021\/11\/Ins-musicais-femininos-1030x809.jpg\" alt='' title='Ins musicais femininos'  height=\"809\" width=\"1030\"  itemprop=\"thumbnailUrl\" srcset=\"https:\/\/pablocarpintero.es\/wp-content\/uploads\/2021\/11\/Ins-musicais-femininos-1030x809.jpg 1030w, https:\/\/pablocarpintero.es\/wp-content\/uploads\/2021\/11\/Ins-musicais-femininos-600x471.jpg 600w, https:\/\/pablocarpintero.es\/wp-content\/uploads\/2021\/11\/Ins-musicais-femininos-300x236.jpg 300w, https:\/\/pablocarpintero.es\/wp-content\/uploads\/2021\/11\/Ins-musicais-femininos-768x603.jpg 768w, https:\/\/pablocarpintero.es\/wp-content\/uploads\/2021\/11\/Ins-musicais-femininos-15x12.jpg 15w, https:\/\/pablocarpintero.es\/wp-content\/uploads\/2021\/11\/Ins-musicais-femininos-705x554.jpg 705w, https:\/\/pablocarpintero.es\/wp-content\/uploads\/2021\/11\/Ins-musicais-femininos.jpg 1254w\" sizes=\"(max-width: 1030px) 100vw, 1030px\" \/><\/div><\/div><\/div><br \/>\n<section  class='av_textblock_section av-mul-097dbeb89fedbfdc55c701a62ab544e0'   itemscope=\"itemscope\" itemtype=\"https:\/\/schema.org\/CreativeWork\" ><div class='avia_textblock'  itemprop=\"text\" >\n<style type=\"text\/css\" data-created_by=\"avia_inline_auto\" id=\"style-css-av-14otp-92104b09a90c517c118a1a7f49559480\">\n#top .hr.hr-invisible.av-14otp-92104b09a90c517c118a1a7f49559480{\nheight:30px;\n}\n<\/style>\n<div  class='hr av-14otp-92104b09a90c517c118a1a7f49559480 hr-invisible  avia-builder-el-42  avia-builder-el-no-sibling'><span class='hr-inner'><span class=\"hr-inner-style\"><\/span><\/span><\/div>\n<\/div><\/section><br \/>\n<section  class='av_textblock_section av-kuguipbo-57c8acf54934a7451aad2e8e0274ae44'   itemscope=\"itemscope\" itemtype=\"https:\/\/schema.org\/CreativeWork\" ><div class='avia_textblock'  itemprop=\"text\" ><p>En esta charla-concierto concentramos nuestros esfuerzos en explicar cu\u00e1les fueron los instrumentos musicales empleados por las mujeres gallegas, las principales detentoras de nuestra l\u00edrica popular. Podr\u00e9is ver c\u00f3mo ellas fueron el principal sustento de nuestra m\u00fasica de tradici\u00f3n y como su instrumentario disfrutaba de una variedad sorprendente. Tambi\u00e9n explicamos como su m\u00fasica y sus instrumentos musicales contienen los sorprendentes restos de una \u00e9poca pre-patriarcal, una \u00e9poca en las que las mujeres ostentaban un conocimiento y un poder bien diferente al actual.<\/p>\n\n<style type=\"text\/css\" data-created_by=\"avia_inline_auto\" id=\"style-css-av-52e7p-02eca8820bf17e2f2583115407390c18\">\n#top .hr.hr-invisible.av-52e7p-02eca8820bf17e2f2583115407390c18{\nheight:100px;\n}\n<\/style>\n<div  class='hr av-52e7p-02eca8820bf17e2f2583115407390c18 hr-invisible  avia-builder-el-44  avia-builder-el-no-sibling'><span class='hr-inner'><span class=\"hr-inner-style\"><\/span><\/span><\/div>\n<\/div><\/section><br \/>\n<section  id=\"Femenino-Masculino\"  class='av_textblock_section av-kugutxvz-951f2043e73c13b8176c6abf2fa1d31f'   itemscope=\"itemscope\" itemtype=\"https:\/\/schema.org\/CreativeWork\" ><div class='avia_textblock'  itemprop=\"text\" ><h2>Feminino-Masculino<\/h2>\n<\/div><\/section><br \/>\n<section  class='av_textblock_section av-7jdlx-40c8f01f9c105e6ec051496d1265335e'   itemscope=\"itemscope\" itemtype=\"https:\/\/schema.org\/CreativeWork\" ><div class='avia_textblock'  itemprop=\"text\" >\n<style type=\"text\/css\" data-created_by=\"avia_inline_auto\" id=\"style-css-av-6vrx1-b2395eada27df8fbc7a1b8271cdc7764\">\n#top .hr.hr-invisible.av-6vrx1-b2395eada27df8fbc7a1b8271cdc7764{\nheight:30px;\n}\n<\/style>\n<div  class='hr av-6vrx1-b2395eada27df8fbc7a1b8271cdc7764 hr-invisible  avia-builder-el-47  avia-builder-el-no-sibling'><span class='hr-inner'><span class=\"hr-inner-style\"><\/span><\/span><\/div>\n<\/div><\/section><br \/>\n\n<style type=\"text\/css\" data-created_by=\"avia_inline_auto\" id=\"style-css-av-kwg3z9p2-9e6346f65fb65f0dbddd747bf6562971\">\n.avia-image-container.av-kwg3z9p2-9e6346f65fb65f0dbddd747bf6562971 img.avia_image{\nbox-shadow:none;\n}\n.avia-image-container.av-kwg3z9p2-9e6346f65fb65f0dbddd747bf6562971 .av-image-caption-overlay-center{\ncolor:#ffffff;\n}\n<\/style>\n<div  class='avia-image-container av-kwg3z9p2-9e6346f65fb65f0dbddd747bf6562971 av-styling- avia-align-center  avia-builder-el-48  el_after_av_textblock  el_before_av_textblock'   itemprop=\"image\" itemscope=\"itemscope\" itemtype=\"https:\/\/schema.org\/ImageObject\" ><div class=\"avia-image-container-inner\"><div class=\"avia-image-overlay-wrap\"><img decoding=\"async\" class='wp-image-1674 avia-img-lazy-loading-not-1674 avia_image' src=\"https:\/\/pablocarpintero.es\/wp-content\/uploads\/2021\/11\/Masculino-Femenino-Pablo-Carpintero-1030x758.jpg\" alt='' title='Masculino Femenino Pablo Carpintero'  height=\"758\" width=\"1030\"  itemprop=\"thumbnailUrl\" srcset=\"https:\/\/pablocarpintero.es\/wp-content\/uploads\/2021\/11\/Masculino-Femenino-Pablo-Carpintero-1030x758.jpg 1030w, https:\/\/pablocarpintero.es\/wp-content\/uploads\/2021\/11\/Masculino-Femenino-Pablo-Carpintero-600x442.jpg 600w, https:\/\/pablocarpintero.es\/wp-content\/uploads\/2021\/11\/Masculino-Femenino-Pablo-Carpintero-300x221.jpg 300w, https:\/\/pablocarpintero.es\/wp-content\/uploads\/2021\/11\/Masculino-Femenino-Pablo-Carpintero-768x565.jpg 768w, https:\/\/pablocarpintero.es\/wp-content\/uploads\/2021\/11\/Masculino-Femenino-Pablo-Carpintero-1536x1131.jpg 1536w, https:\/\/pablocarpintero.es\/wp-content\/uploads\/2021\/11\/Masculino-Femenino-Pablo-Carpintero-2048x1508.jpg 2048w, https:\/\/pablocarpintero.es\/wp-content\/uploads\/2021\/11\/Masculino-Femenino-Pablo-Carpintero-16x12.jpg 16w, https:\/\/pablocarpintero.es\/wp-content\/uploads\/2021\/11\/Masculino-Femenino-Pablo-Carpintero-1500x1104.jpg 1500w, https:\/\/pablocarpintero.es\/wp-content\/uploads\/2021\/11\/Masculino-Femenino-Pablo-Carpintero-705x519.jpg 705w, https:\/\/pablocarpintero.es\/wp-content\/uploads\/2021\/11\/Masculino-Femenino-Pablo-Carpintero-1320x972.jpg 1320w\" sizes=\"(max-width: 1030px) 100vw, 1030px\" \/><\/div><\/div><\/div><br \/>\n<section  class='av_textblock_section av-in13x-9754a959508007717e05271b013dcd05'   itemscope=\"itemscope\" itemtype=\"https:\/\/schema.org\/CreativeWork\" ><div class='avia_textblock'  itemprop=\"text\" >\n<style type=\"text\/css\" data-created_by=\"avia_inline_auto\" id=\"style-css-av-i6ehx-b218f7f90186b929fe612b6756de8a0b\">\n#top .hr.hr-invisible.av-i6ehx-b218f7f90186b929fe612b6756de8a0b{\nheight:30px;\n}\n<\/style>\n<div  class='hr av-i6ehx-b218f7f90186b929fe612b6756de8a0b hr-invisible  avia-builder-el-50  avia-builder-el-no-sibling'><span class='hr-inner'><span class=\"hr-inner-style\"><\/span><\/span><\/div>\n<\/div><\/section><br \/>\n<section  class='av_textblock_section av-kuguu295-3ee11e6ba5d6bccbeff72b158f8c1819'   itemscope=\"itemscope\" itemtype=\"https:\/\/schema.org\/CreativeWork\" ><div class='avia_textblock'  itemprop=\"text\" ><p>Una charla-concierto sobre el g\u00e9nero en nuestra m\u00fasica tradicional que expone y explica el origen de las diferencias que hallamos entre las maneras de hacer m\u00fasica de nuestras mujeres y ni\u00f1as, y de los ni\u00f1os y hombres. Una interesante visi\u00f3n desde el punto de vista de la etnomusicolog\u00eda y la evoluci\u00f3n Darwiniana.<\/p>\n<\/div><\/section><br \/>\n<section  class='av_textblock_section av-67ok1-56bd52560b33bde2c7aaf083cd99efea'   itemscope=\"itemscope\" itemtype=\"https:\/\/schema.org\/CreativeWork\" ><div class='avia_textblock'  itemprop=\"text\" >\n<style type=\"text\/css\" data-created_by=\"avia_inline_auto\" id=\"style-css-av-hec8h-6f4c902a21b883aefd1fb38a507b4438\">\n#top .hr.hr-invisible.av-hec8h-6f4c902a21b883aefd1fb38a507b4438{\nheight:100px;\n}\n<\/style>\n<div  class='hr av-hec8h-6f4c902a21b883aefd1fb38a507b4438 hr-invisible  avia-builder-el-53  avia-builder-el-no-sibling'><span class='hr-inner'><span class=\"hr-inner-style\"><\/span><\/span><\/div>\n<\/div><\/section><br \/>\n<section  id=\"Astrompasouguimbardas\"  class='av_textblock_section av-kuguj6qm-81bcd83ada2d5cd57e89316db1746271'   itemscope=\"itemscope\" itemtype=\"https:\/\/schema.org\/CreativeWork\" ><div class='avia_textblock'  itemprop=\"text\" ><h2>Las trompas o guimbardas<\/h2>\n<\/div><\/section><br \/>\n<section  class='av_textblock_section av-57mk9-9845a8a1afc9fb7f8bea6cffc5c7b3d0'   itemscope=\"itemscope\" itemtype=\"https:\/\/schema.org\/CreativeWork\" ><div class='avia_textblock'  itemprop=\"text\" >\n<style type=\"text\/css\" data-created_by=\"avia_inline_auto\" id=\"style-css-av-48mdl-229a52a7892d5eafd525f23fc7766f96\">\n#top .hr.hr-invisible.av-48mdl-229a52a7892d5eafd525f23fc7766f96{\nheight:30px;\n}\n<\/style>\n<div  class='hr av-48mdl-229a52a7892d5eafd525f23fc7766f96 hr-invisible  avia-builder-el-56  avia-builder-el-no-sibling'><span class='hr-inner'><span class=\"hr-inner-style\"><\/span><\/span><\/div>\n<\/div><\/section><br \/>\n\n<style type=\"text\/css\" data-created_by=\"avia_inline_auto\" id=\"style-css-av-kwg3u564-b5609b4ac2c90dea71fa7de438afd637\">\n.avia-image-container.av-kwg3u564-b5609b4ac2c90dea71fa7de438afd637 img.avia_image{\nbox-shadow:none;\n}\n.avia-image-container.av-kwg3u564-b5609b4ac2c90dea71fa7de438afd637 .av-image-caption-overlay-center{\ncolor:#ffffff;\n}\n<\/style>\n<div  class='avia-image-container av-kwg3u564-b5609b4ac2c90dea71fa7de438afd637 av-styling- avia-align-center  avia-builder-el-57  el_after_av_textblock  el_before_av_textblock'   itemprop=\"image\" itemscope=\"itemscope\" itemtype=\"https:\/\/schema.org\/ImageObject\" ><div class=\"avia-image-container-inner\"><div class=\"avia-image-overlay-wrap\"><img decoding=\"async\" class='wp-image-1673 avia-img-lazy-loading-not-1673 avia_image' src=\"https:\/\/pablocarpintero.es\/wp-content\/uploads\/2021\/11\/Trompas-1030x617.jpg\" alt='' title='Trompas'  height=\"617\" width=\"1030\"  itemprop=\"thumbnailUrl\" srcset=\"https:\/\/pablocarpintero.es\/wp-content\/uploads\/2021\/11\/Trompas-1030x617.jpg 1030w, https:\/\/pablocarpintero.es\/wp-content\/uploads\/2021\/11\/Trompas-600x359.jpg 600w, https:\/\/pablocarpintero.es\/wp-content\/uploads\/2021\/11\/Trompas-300x180.jpg 300w, https:\/\/pablocarpintero.es\/wp-content\/uploads\/2021\/11\/Trompas-768x460.jpg 768w, https:\/\/pablocarpintero.es\/wp-content\/uploads\/2021\/11\/Trompas-1536x920.jpg 1536w, https:\/\/pablocarpintero.es\/wp-content\/uploads\/2021\/11\/Trompas-18x12.jpg 18w, https:\/\/pablocarpintero.es\/wp-content\/uploads\/2021\/11\/Trompas-1500x898.jpg 1500w, https:\/\/pablocarpintero.es\/wp-content\/uploads\/2021\/11\/Trompas-705x422.jpg 705w, https:\/\/pablocarpintero.es\/wp-content\/uploads\/2021\/11\/Trompas-1320x790.jpg 1320w, https:\/\/pablocarpintero.es\/wp-content\/uploads\/2021\/11\/Trompas.jpg 1969w\" sizes=\"(max-width: 1030px) 100vw, 1030px\" \/><\/div><\/div><\/div><br \/>\n<section  class='av_textblock_section av-3wnl9-d6c38d40643c3c96530746a45a6654e6'   itemscope=\"itemscope\" itemtype=\"https:\/\/schema.org\/CreativeWork\" ><div class='avia_textblock'  itemprop=\"text\" >\n<style type=\"text\/css\" data-created_by=\"avia_inline_auto\" id=\"style-css-av-36fdl-271a7b40fa1234383b82d7718710fa1c\">\n#top .hr.hr-invisible.av-36fdl-271a7b40fa1234383b82d7718710fa1c{\nheight:30px;\n}\n<\/style>\n<div  class='hr av-36fdl-271a7b40fa1234383b82d7718710fa1c hr-invisible  avia-builder-el-59  avia-builder-el-no-sibling'><span class='hr-inner'><span class=\"hr-inner-style\"><\/span><\/span><\/div>\n<\/div><\/section><br \/>\n<section  class='av_textblock_section av-2jq3d-9b44b59e7aebd51f200c749c9d7c3043'   itemscope=\"itemscope\" itemtype=\"https:\/\/schema.org\/CreativeWork\" ><div class='avia_textblock'  itemprop=\"text\" ><p>En esta charla-concierto explicamos los or\u00edgenes y los usos de las trompas en el mundo, desde Vietnan hasta Galicia, abordando su variabilidad y distintas maneras de interpretaci\u00f3n. Empleamos para las explicaciones nuestra colecci\u00f3n de m\u00e1s de quince trompas diferentes y exponemos los \u00faltimos hallazgos sobre el origen de las trompas europeas.<\/p>\n\n<style type=\"text\/css\" data-created_by=\"avia_inline_auto\" id=\"style-css-av-29q51-8435699538108261b5116ef3d81cb9f1\">\n#top .hr.hr-invisible.av-29q51-8435699538108261b5116ef3d81cb9f1{\nheight:100px;\n}\n<\/style>\n<div  class='hr av-29q51-8435699538108261b5116ef3d81cb9f1 hr-invisible  avia-builder-el-61  avia-builder-el-no-sibling'><span class='hr-inner'><span class=\"hr-inner-style\"><\/span><\/span><\/div>\n<\/div><\/section><br \/>\n<section  class='av_textblock_section av-1myp1-a1665e2663fbf671e6201e105ec39f95'   itemscope=\"itemscope\" itemtype=\"https:\/\/schema.org\/CreativeWork\" ><div class='avia_textblock'  itemprop=\"text\" >\n<style type=\"text\/css\" data-created_by=\"avia_inline_auto\" id=\"style-css-av-15k2p-2aaa55d03dcc07fcf73604a0027bd421\">\n#top .hr.hr-invisible.av-15k2p-2aaa55d03dcc07fcf73604a0027bd421{\nheight:30px;\n}\n<\/style>\n<div  class='hr av-15k2p-2aaa55d03dcc07fcf73604a0027bd421 hr-invisible  avia-builder-el-63  avia-builder-el-no-sibling'><span class='hr-inner'><span class=\"hr-inner-style\"><\/span><\/span><\/div>\n<\/div><\/section><br \/>\n<section  id=\"Orixeehistoriadasgaitasdefol\"  class='av_textblock_section av-kugul671-48ee1de1ddbd6d5912ae910bf8da5fcd'   itemscope=\"itemscope\" itemtype=\"https:\/\/schema.org\/CreativeWork\" ><div class='avia_textblock'  itemprop=\"text\" ><h2>Origen y historia de las gaitas de fuelle<\/h2>\n<\/div><\/section><br \/>\n<section  class='av_textblock_section av-gx9yl-1ff538e3f729e399d347796fce1d920a'   itemscope=\"itemscope\" itemtype=\"https:\/\/schema.org\/CreativeWork\" ><div class='avia_textblock'  itemprop=\"text\" >\n<style type=\"text\/css\" data-created_by=\"avia_inline_auto\" id=\"style-css-av-gg2d1-eb963637489f86662bc3707d99434c7c\">\n#top .hr.hr-invisible.av-gg2d1-eb963637489f86662bc3707d99434c7c{\nheight:30px;\n}\n<\/style>\n<div  class='hr av-gg2d1-eb963637489f86662bc3707d99434c7c hr-invisible  avia-builder-el-66  avia-builder-el-no-sibling'><span class='hr-inner'><span class=\"hr-inner-style\"><\/span><\/span><\/div>\n<\/div><\/section><br \/>\n\n<style type=\"text\/css\" data-created_by=\"avia_inline_auto\" id=\"style-css-av-kwg48jpv-9201c57578ce933c6caf3e5eb922ee72\">\n.avia-image-container.av-kwg48jpv-9201c57578ce933c6caf3e5eb922ee72 img.avia_image{\nbox-shadow:none;\n}\n.avia-image-container.av-kwg48jpv-9201c57578ce933c6caf3e5eb922ee72 .av-image-caption-overlay-center{\ncolor:#ffffff;\n}\n<\/style>\n<div  class='avia-image-container av-kwg48jpv-9201c57578ce933c6caf3e5eb922ee72 av-styling- avia-align-center  avia-builder-el-67  el_after_av_textblock  el_before_av_textblock'   itemprop=\"image\" itemscope=\"itemscope\" itemtype=\"https:\/\/schema.org\/ImageObject\" ><div class=\"avia-image-container-inner\"><div class=\"avia-image-overlay-wrap\"><img decoding=\"async\" class='wp-image-1679 avia-img-lazy-loading-not-1679 avia_image' src=\"https:\/\/pablocarpintero.es\/wp-content\/uploads\/2021\/11\/Aulos-Pablo-Carpintero-1-1030x773.jpg\" alt='' title='Aulos Pablo Carpintero'  height=\"773\" width=\"1030\"  itemprop=\"thumbnailUrl\" srcset=\"https:\/\/pablocarpintero.es\/wp-content\/uploads\/2021\/11\/Aulos-Pablo-Carpintero-1-1030x773.jpg 1030w, https:\/\/pablocarpintero.es\/wp-content\/uploads\/2021\/11\/Aulos-Pablo-Carpintero-1-600x450.jpg 600w, https:\/\/pablocarpintero.es\/wp-content\/uploads\/2021\/11\/Aulos-Pablo-Carpintero-1-300x225.jpg 300w, https:\/\/pablocarpintero.es\/wp-content\/uploads\/2021\/11\/Aulos-Pablo-Carpintero-1-768x576.jpg 768w, https:\/\/pablocarpintero.es\/wp-content\/uploads\/2021\/11\/Aulos-Pablo-Carpintero-1-1536x1153.jpg 1536w, https:\/\/pablocarpintero.es\/wp-content\/uploads\/2021\/11\/Aulos-Pablo-Carpintero-1-2048x1537.jpg 2048w, https:\/\/pablocarpintero.es\/wp-content\/uploads\/2021\/11\/Aulos-Pablo-Carpintero-1-16x12.jpg 16w, https:\/\/pablocarpintero.es\/wp-content\/uploads\/2021\/11\/Aulos-Pablo-Carpintero-1-1500x1126.jpg 1500w, https:\/\/pablocarpintero.es\/wp-content\/uploads\/2021\/11\/Aulos-Pablo-Carpintero-1-705x529.jpg 705w, https:\/\/pablocarpintero.es\/wp-content\/uploads\/2021\/11\/Aulos-Pablo-Carpintero-1-1320x991.jpg 1320w\" sizes=\"(max-width: 1030px) 100vw, 1030px\" \/><\/div><\/div><\/div><br \/>\n<section  class='av_textblock_section av-flsp9-1b17b0c065a1cef26b665d719298ed36'   itemscope=\"itemscope\" itemtype=\"https:\/\/schema.org\/CreativeWork\" ><div class='avia_textblock'  itemprop=\"text\" >\n<style type=\"text\/css\" data-created_by=\"avia_inline_auto\" id=\"style-css-av-f23ip-4ae795d202e1dff4cc3ce6f43070f4c3\">\n#top .hr.hr-invisible.av-f23ip-4ae795d202e1dff4cc3ce6f43070f4c3{\nheight:30px;\n}\n<\/style>\n<div  class='hr av-f23ip-4ae795d202e1dff4cc3ce6f43070f4c3 hr-invisible  avia-builder-el-69  avia-builder-el-no-sibling'><span class='hr-inner'><span class=\"hr-inner-style\"><\/span><\/span><\/div>\n<\/div><\/section><br \/>\n<section  class='av_textblock_section av-kugulpd4-4bc196ded66a18add12ec8fd091f7286'   itemscope=\"itemscope\" itemtype=\"https:\/\/schema.org\/CreativeWork\" ><div class='avia_textblock'  itemprop=\"text\" ><p>La gaita, entendida como aer\u00f3fono de soplo directo de leng\u00fceta doble o sencilla, tiene una larga historia. Estos instrumentos podr\u00edan datar de hace m\u00e1s de 40.000 a\u00f1os. Durante este dilatado periodo se produjeron muy diversas tipolog\u00edas que se fueron asentando en las diferentes culturas del viejo mundo. Con el paso del tiempo a estas gaitas de soplo directo se les a\u00f1adi\u00f3 un fuelle d epiel y surgieron as\u00ed las gaitas de fuelle, instrumentos que pasaron a formar parte de la identidad de muchos pueblos europeos y norteafricanos. Con m\u00e1s de 15 tipolog\u00edas documentadas, el noroeste de la Pen\u00ednsula Ib\u00e9rica es, sin duda, el pa\u00eds de las gaitas de fuelle. Desde Set\u00fabal a Cantabria este instrumento muestra una hermosa variabilidad en cuanto a maneras de interpretaci\u00f3n, repertorio, digitaciones, etc.<\/p>\n<p>En este concierto repasamos la historia de las gaitas y de las gaitas de fuelle y vemos c\u00f3mo cada una de las culturas ib\u00e9ricas que las emplea expresa su identidad a trav\u00e9s de estos 15 instrumentos diferentes. Escucharemos gaitas de fuelle medievales y explicaremos su gran variabilidad, que despu\u00e9s origin\u00f3 las formas que llegaron hasta nosotros. Empleando r\u00e9plicas, o incluso gaitas de fuelle antiguas originales, de cada una de las gaitas documentadas en el noroeste peninsular interpretamos varias piezas de cada repertorio, acompa\u00f1adas por los instrumentos de percusi\u00f3n que les son caracter\u00edsticos y con la t\u00e9cnica propia de cada zona.<\/p>\n<p><span style=\"color: #ff0000;\">Puedes ver esta charla-concierto clicando en este <a href=\"https:\/\/www.youtube.com\/watch?v=gjbvNUy7Oqs&#038;t=219s\">enlace<\/a>.<\/span><\/p>\n\n<style type=\"text\/css\" data-created_by=\"avia_inline_auto\" id=\"style-css-av-36idx-751c18fe27b5226c5f426f59622c87b2\">\n#top .hr.hr-invisible.av-36idx-751c18fe27b5226c5f426f59622c87b2{\nheight:100px;\n}\n<\/style>\n<div  class='hr av-36idx-751c18fe27b5226c5f426f59622c87b2 hr-invisible  avia-builder-el-71  avia-builder-el-no-sibling'><span class='hr-inner'><span class=\"hr-inner-style\"><\/span><\/span><\/div>\n<\/div><\/section><\/p><\/div><section  id=\"medievaiss\"  class='av_textblock_section av-kugung65-b64a3c8c255cae3c582c7d75753c4582'   itemscope=\"itemscope\" itemtype=\"https:\/\/schema.org\/CreativeWork\" ><div class='avia_textblock'  itemprop=\"text\" ><h2>Aer\u00f3fonos y gaitas de fuelle medievales<\/h2>\n<\/div><\/section><\/p>\n<section  class='av_textblock_section av-epm4x-dda3062da1fc68717f31752c91a1da49'   itemscope=\"itemscope\" itemtype=\"https:\/\/schema.org\/CreativeWork\" ><div class='avia_textblock'  itemprop=\"text\" >\n<style type=\"text\/css\" data-created_by=\"avia_inline_auto\" id=\"style-css-av-e1w79-099f23360ba993dec78f92a53f17d19e\">\n#top .hr.hr-invisible.av-e1w79-099f23360ba993dec78f92a53f17d19e{\nheight:30px;\n}\n<\/style>\n<div  class='hr av-e1w79-099f23360ba993dec78f92a53f17d19e hr-invisible  avia-builder-el-74  avia-builder-el-no-sibling'><span class='hr-inner'><span class=\"hr-inner-style\"><\/span><\/span><\/div>\n<\/div><\/section>\n\n<style type=\"text\/css\" data-created_by=\"avia_inline_auto\" id=\"style-css-av-kwg4b5fm-3d4fc0b41f46bbaf5319059bd1bcb4bb\">\n.avia-image-container.av-kwg4b5fm-3d4fc0b41f46bbaf5319059bd1bcb4bb img.avia_image{\nbox-shadow:none;\n}\n.avia-image-container.av-kwg4b5fm-3d4fc0b41f46bbaf5319059bd1bcb4bb .av-image-caption-overlay-center{\ncolor:#ffffff;\n}\n<\/style>\n<div  class='avia-image-container av-kwg4b5fm-3d4fc0b41f46bbaf5319059bd1bcb4bb av-styling- avia-align-center  avia-builder-el-75  el_after_av_textblock  el_before_av_textblock'   itemprop=\"image\" itemscope=\"itemscope\" itemtype=\"https:\/\/schema.org\/ImageObject\" ><div class=\"avia-image-container-inner\"><div class=\"avia-image-overlay-wrap\"><img decoding=\"async\" class='wp-image-1680 avia-img-lazy-loading-not-1680 avia_image' src=\"https:\/\/pablocarpintero.es\/wp-content\/uploads\/2021\/11\/Aerofonos-e-gaitas-medievais-Pablo-Carpintero-1030x1019.jpg\" alt='' title='Aer\u00f3fonos e gaitas medievais Pablo Carpintero'  height=\"1019\" width=\"1030\"  itemprop=\"thumbnailUrl\" srcset=\"https:\/\/pablocarpintero.es\/wp-content\/uploads\/2021\/11\/Aerofonos-e-gaitas-medievais-Pablo-Carpintero-1030x1019.jpg 1030w, https:\/\/pablocarpintero.es\/wp-content\/uploads\/2021\/11\/Aerofonos-e-gaitas-medievais-Pablo-Carpintero-100x100.jpg 100w, https:\/\/pablocarpintero.es\/wp-content\/uploads\/2021\/11\/Aerofonos-e-gaitas-medievais-Pablo-Carpintero-600x593.jpg 600w, https:\/\/pablocarpintero.es\/wp-content\/uploads\/2021\/11\/Aerofonos-e-gaitas-medievais-Pablo-Carpintero-300x297.jpg 300w, https:\/\/pablocarpintero.es\/wp-content\/uploads\/2021\/11\/Aerofonos-e-gaitas-medievais-Pablo-Carpintero-80x80.jpg 80w, https:\/\/pablocarpintero.es\/wp-content\/uploads\/2021\/11\/Aerofonos-e-gaitas-medievais-Pablo-Carpintero-768x760.jpg 768w, https:\/\/pablocarpintero.es\/wp-content\/uploads\/2021\/11\/Aerofonos-e-gaitas-medievais-Pablo-Carpintero-1536x1519.jpg 1536w, https:\/\/pablocarpintero.es\/wp-content\/uploads\/2021\/11\/Aerofonos-e-gaitas-medievais-Pablo-Carpintero-2048x2026.jpg 2048w, https:\/\/pablocarpintero.es\/wp-content\/uploads\/2021\/11\/Aerofonos-e-gaitas-medievais-Pablo-Carpintero-12x12.jpg 12w, https:\/\/pablocarpintero.es\/wp-content\/uploads\/2021\/11\/Aerofonos-e-gaitas-medievais-Pablo-Carpintero-36x36.jpg 36w, https:\/\/pablocarpintero.es\/wp-content\/uploads\/2021\/11\/Aerofonos-e-gaitas-medievais-Pablo-Carpintero-1500x1484.jpg 1500w, https:\/\/pablocarpintero.es\/wp-content\/uploads\/2021\/11\/Aerofonos-e-gaitas-medievais-Pablo-Carpintero-705x697.jpg 705w, https:\/\/pablocarpintero.es\/wp-content\/uploads\/2021\/11\/Aerofonos-e-gaitas-medievais-Pablo-Carpintero-1320x1306.jpg 1320w\" sizes=\"(max-width: 1030px) 100vw, 1030px\" \/><\/div><\/div><\/div>\n<section  class='av_textblock_section av-1bzh9-c4708f4c4c49077f69b3945f21c763bd'   itemscope=\"itemscope\" itemtype=\"https:\/\/schema.org\/CreativeWork\" ><div class='avia_textblock'  itemprop=\"text\" >\n<style type=\"text\/css\" data-created_by=\"avia_inline_auto\" id=\"style-css-av-co32h-634c8975e8611b7d96ebf8c95a1c37c8\">\n#top .hr.hr-invisible.av-co32h-634c8975e8611b7d96ebf8c95a1c37c8{\nheight:30px;\n}\n<\/style>\n<div  class='hr av-co32h-634c8975e8611b7d96ebf8c95a1c37c8 hr-invisible  avia-builder-el-77  avia-builder-el-no-sibling'><span class='hr-inner'><span class=\"hr-inner-style\"><\/span><\/span><\/div>\n<\/div><\/section>\n<section  class='av_textblock_section av-kugunsfk-1368e75a65ee07f31b3d233e9064dc08'   itemscope=\"itemscope\" itemtype=\"https:\/\/schema.org\/CreativeWork\" ><div class='avia_textblock'  itemprop=\"text\" ><p>La iconograf\u00eda medieval dej\u00f3 en todo el noroeste hermosos ejemplos de gaitas de fuelle y aer\u00f3fonos relacionados con ella. Despu\u00e9s de su estudio cient\u00edfico, hemos reproducido algunos de estos modelos de aer\u00f3fonos y gaitas medievales que os presentamos en este concierto junto con nuestra hip\u00f3tesis del origen y evoluci\u00f3n de las gaitas de fuelle en la Europa Medieval.<\/p>\n\n<style type=\"text\/css\" data-created_by=\"avia_inline_auto\" id=\"style-css-av-2nt8l-d99b1dd0f4c9adc60d850c793639d8ab\">\n#top .hr.hr-invisible.av-2nt8l-d99b1dd0f4c9adc60d850c793639d8ab{\nheight:100px;\n}\n<\/style>\n<div  class='hr av-2nt8l-d99b1dd0f4c9adc60d850c793639d8ab hr-invisible  avia-builder-el-79  avia-builder-el-no-sibling'><span class='hr-inner'><span class=\"hr-inner-style\"><\/span><\/span><\/div>\n<\/div><\/section>\n<section  id=\"Asgaitasdefolbarrocas\"  class='av_textblock_section av-kugupcjp-46d338a729e0d3faf11f64694e1b8bcf'   itemscope=\"itemscope\" itemtype=\"https:\/\/schema.org\/CreativeWork\" ><div class='avia_textblock'  itemprop=\"text\" ><h2>Las gaitas de fuelle barrocas<\/h2>\n<\/div><\/section>\n<section  class='av_textblock_section av-cfnd5-d1015765f8d0f8347cd4aa3e883f0c5d'   itemscope=\"itemscope\" itemtype=\"https:\/\/schema.org\/CreativeWork\" ><div class='avia_textblock'  itemprop=\"text\" >\n<style type=\"text\/css\" data-created_by=\"avia_inline_auto\" id=\"style-css-av-bdkgd-22d9d62956c4a5f5ce89059cf674b4d1\">\n#top .hr.hr-invisible.av-bdkgd-22d9d62956c4a5f5ce89059cf674b4d1{\nheight:30px;\n}\n<\/style>\n<div  class='hr av-bdkgd-22d9d62956c4a5f5ce89059cf674b4d1 hr-invisible  avia-builder-el-82  avia-builder-el-no-sibling'><span class='hr-inner'><span class=\"hr-inner-style\"><\/span><\/span><\/div>\n<\/div><\/section>\n\n<style type=\"text\/css\" data-created_by=\"avia_inline_auto\" id=\"style-css-av-kwg4efdc-51a91389628a1c284415a7b07153816b\">\n.avia-image-container.av-kwg4efdc-51a91389628a1c284415a7b07153816b img.avia_image{\nbox-shadow:none;\n}\n.avia-image-container.av-kwg4efdc-51a91389628a1c284415a7b07153816b .av-image-caption-overlay-center{\ncolor:#ffffff;\n}\n<\/style>\n<div  class='avia-image-container av-kwg4efdc-51a91389628a1c284415a7b07153816b av-styling- avia-align-center  avia-builder-el-83  el_after_av_textblock  el_before_av_textblock'   itemprop=\"image\" itemscope=\"itemscope\" itemtype=\"https:\/\/schema.org\/ImageObject\" ><div class=\"avia-image-container-inner\"><div class=\"avia-image-overlay-wrap\"><img decoding=\"async\" class='wp-image-1681 avia-img-lazy-loading-not-1681 avia_image' src=\"https:\/\/pablocarpintero.es\/wp-content\/uploads\/2021\/11\/Gaitas-de-fol-barrocas-2-Pablo-Carpintero-1030x745.jpg\" alt='' title='Gaitas de fol barrocas 2 Pablo Carpintero'  height=\"745\" width=\"1030\"  itemprop=\"thumbnailUrl\" srcset=\"https:\/\/pablocarpintero.es\/wp-content\/uploads\/2021\/11\/Gaitas-de-fol-barrocas-2-Pablo-Carpintero-1030x745.jpg 1030w, https:\/\/pablocarpintero.es\/wp-content\/uploads\/2021\/11\/Gaitas-de-fol-barrocas-2-Pablo-Carpintero-600x434.jpg 600w, https:\/\/pablocarpintero.es\/wp-content\/uploads\/2021\/11\/Gaitas-de-fol-barrocas-2-Pablo-Carpintero-300x217.jpg 300w, https:\/\/pablocarpintero.es\/wp-content\/uploads\/2021\/11\/Gaitas-de-fol-barrocas-2-Pablo-Carpintero-768x556.jpg 768w, https:\/\/pablocarpintero.es\/wp-content\/uploads\/2021\/11\/Gaitas-de-fol-barrocas-2-Pablo-Carpintero-18x12.jpg 18w, https:\/\/pablocarpintero.es\/wp-content\/uploads\/2021\/11\/Gaitas-de-fol-barrocas-2-Pablo-Carpintero-705x510.jpg 705w, https:\/\/pablocarpintero.es\/wp-content\/uploads\/2021\/11\/Gaitas-de-fol-barrocas-2-Pablo-Carpintero-1320x955.jpg 1320w, https:\/\/pablocarpintero.es\/wp-content\/uploads\/2021\/11\/Gaitas-de-fol-barrocas-2-Pablo-Carpintero.jpg 1339w\" sizes=\"(max-width: 1030px) 100vw, 1030px\" \/><\/div><\/div><\/div>\n<section  class='av_textblock_section av-axf1t-ddb7641ee7bc72991132313dfef3c1d9'   itemscope=\"itemscope\" itemtype=\"https:\/\/schema.org\/CreativeWork\" ><div class='avia_textblock'  itemprop=\"text\" >\n<style type=\"text\/css\" data-created_by=\"avia_inline_auto\" id=\"style-css-av-aoial-4001712f404a22c88af9574806a7fce5\">\n#top .hr.hr-invisible.av-aoial-4001712f404a22c88af9574806a7fce5{\nheight:30px;\n}\n<\/style>\n<div  class='hr av-aoial-4001712f404a22c88af9574806a7fce5 hr-invisible  avia-builder-el-85  avia-builder-el-no-sibling'><span class='hr-inner'><span class=\"hr-inner-style\"><\/span><\/span><\/div>\n<\/div><\/section>\n<section  class='av_textblock_section av-kuguplyo-c9153d9a068667bfdad8c1c93700c91c'   itemscope=\"itemscope\" itemtype=\"https:\/\/schema.org\/CreativeWork\" ><div class='avia_textblock'  itemprop=\"text\" ><p>Nuestra m\u00fasica de gaita refleja caracter\u00edsticas que la colocan, en gran medida en el per\u00edodo barroco. As\u00ed mismo, muchos de los modelos de gaitas de fuelle antiguas que hemos hallado en nuestra geograf\u00eda pertenecen con seguridad a este per\u00edodo. En esta charla-concierto intentamos una reconstrucci\u00f3n de la m\u00fasica de las gaitas de fuelle de aquella \u00e9poca a trav\u00e9s de las informaciones iconogr\u00e1ficas y musicales que llegaron hasta nosotros.<\/p>\n\n<style type=\"text\/css\" data-created_by=\"avia_inline_auto\" id=\"style-css-av-15nmh-f1a663b8cd3b5bec315af8b21f2b6454\">\n#top .hr.hr-invisible.av-15nmh-f1a663b8cd3b5bec315af8b21f2b6454{\nheight:100px;\n}\n<\/style>\n<div  class='hr av-15nmh-f1a663b8cd3b5bec315af8b21f2b6454 hr-invisible  avia-builder-el-87  avia-builder-el-no-sibling'><span class='hr-inner'><span class=\"hr-inner-style\"><\/span><\/span><\/div>\n<\/div><\/section>\n<section  id=\"Asgaitasderonquillopontevedresas\"  class='av_textblock_section av-kuguq78g-ed8a02e610d8e97cba32f1a937be53b8'   itemscope=\"itemscope\" itemtype=\"https:\/\/schema.org\/CreativeWork\" ><div class='avia_textblock'  itemprop=\"text\" ><h2>Las gaitas de ronquillo pontevedresas<\/h2>\n<\/div><\/section>\n<section  class='av_textblock_section av-9mzah-0b8550807f4dd600056fd4a0dc0de07e'   itemscope=\"itemscope\" itemtype=\"https:\/\/schema.org\/CreativeWork\" ><div class='avia_textblock'  itemprop=\"text\" >\n<style type=\"text\/css\" data-created_by=\"avia_inline_auto\" id=\"style-css-av-9irtp-79a85f76ada5647d8a68ede71a3a92c0\">\n#top .hr.hr-invisible.av-9irtp-79a85f76ada5647d8a68ede71a3a92c0{\nheight:30px;\n}\n<\/style>\n<div  class='hr av-9irtp-79a85f76ada5647d8a68ede71a3a92c0 hr-invisible  avia-builder-el-90  avia-builder-el-no-sibling'><span class='hr-inner'><span class=\"hr-inner-style\"><\/span><\/span><\/div>\n<\/div><\/section>\n\n<style type=\"text\/css\" data-created_by=\"avia_inline_auto\" id=\"style-css-av-kwg4ftre-a40a3815420bad342f29cd6256ff2c49\">\n.avia-image-container.av-kwg4ftre-a40a3815420bad342f29cd6256ff2c49 img.avia_image{\nbox-shadow:none;\n}\n.avia-image-container.av-kwg4ftre-a40a3815420bad342f29cd6256ff2c49 .av-image-caption-overlay-center{\ncolor:#ffffff;\n}\n<\/style>\n<div  class='avia-image-container av-kwg4ftre-a40a3815420bad342f29cd6256ff2c49 av-styling- avia-align-center  avia-builder-el-91  el_after_av_textblock  el_before_av_textblock'   itemprop=\"image\" itemscope=\"itemscope\" itemtype=\"https:\/\/schema.org\/ImageObject\" ><div class=\"avia-image-container-inner\"><div class=\"avia-image-overlay-wrap\"><img decoding=\"async\" class='wp-image-1682 avia-img-lazy-loading-not-1682 avia_image' src=\"https:\/\/pablocarpintero.es\/wp-content\/uploads\/2021\/11\/Gaitas-de-fol-de-Pontevedra-Pablo-Carpintero-1030x637.jpg\" alt='' title='Gaitas de fol de Pontevedra Pablo Carpintero'  height=\"637\" width=\"1030\"  itemprop=\"thumbnailUrl\" srcset=\"https:\/\/pablocarpintero.es\/wp-content\/uploads\/2021\/11\/Gaitas-de-fol-de-Pontevedra-Pablo-Carpintero-1030x637.jpg 1030w, https:\/\/pablocarpintero.es\/wp-content\/uploads\/2021\/11\/Gaitas-de-fol-de-Pontevedra-Pablo-Carpintero-600x371.jpg 600w, https:\/\/pablocarpintero.es\/wp-content\/uploads\/2021\/11\/Gaitas-de-fol-de-Pontevedra-Pablo-Carpintero-300x186.jpg 300w, https:\/\/pablocarpintero.es\/wp-content\/uploads\/2021\/11\/Gaitas-de-fol-de-Pontevedra-Pablo-Carpintero-768x475.jpg 768w, https:\/\/pablocarpintero.es\/wp-content\/uploads\/2021\/11\/Gaitas-de-fol-de-Pontevedra-Pablo-Carpintero-1536x950.jpg 1536w, https:\/\/pablocarpintero.es\/wp-content\/uploads\/2021\/11\/Gaitas-de-fol-de-Pontevedra-Pablo-Carpintero-2048x1267.jpg 2048w, https:\/\/pablocarpintero.es\/wp-content\/uploads\/2021\/11\/Gaitas-de-fol-de-Pontevedra-Pablo-Carpintero-18x12.jpg 18w, https:\/\/pablocarpintero.es\/wp-content\/uploads\/2021\/11\/Gaitas-de-fol-de-Pontevedra-Pablo-Carpintero-1500x928.jpg 1500w, https:\/\/pablocarpintero.es\/wp-content\/uploads\/2021\/11\/Gaitas-de-fol-de-Pontevedra-Pablo-Carpintero-705x436.jpg 705w, https:\/\/pablocarpintero.es\/wp-content\/uploads\/2021\/11\/Gaitas-de-fol-de-Pontevedra-Pablo-Carpintero-1320x817.jpg 1320w\" sizes=\"(max-width: 1030px) 100vw, 1030px\" \/><\/div><\/div><\/div>\n<section  class='av_textblock_section av-8sdz9-e0942982490cffe8cb949b751b1d9233'   itemscope=\"itemscope\" itemtype=\"https:\/\/schema.org\/CreativeWork\" ><div class='avia_textblock'  itemprop=\"text\" >\n<style type=\"text\/css\" data-created_by=\"avia_inline_auto\" id=\"style-css-av-84zgp-80b74477cab8cc00e57348a7907cf38c\">\n#top .hr.hr-invisible.av-84zgp-80b74477cab8cc00e57348a7907cf38c{\nheight:30px;\n}\n<\/style>\n<div  class='hr av-84zgp-80b74477cab8cc00e57348a7907cf38c hr-invisible  avia-builder-el-93  avia-builder-el-no-sibling'><span class='hr-inner'><span class=\"hr-inner-style\"><\/span><\/span><\/div>\n<\/div><\/section>\n<section  class='av_textblock_section av-kugur1iq-9aea793ad043a5d4204c0696fa7813a1'   itemscope=\"itemscope\" itemtype=\"https:\/\/schema.org\/CreativeWork\" ><div class='avia_textblock'  itemprop=\"text\" ><p>La ciudad de Pontevedra y sus aleda\u00f1os conservaron una tipolog\u00eda de gaita de fuelle muy particular y \u00fanica en Galicia: la gaita de ronquillo. El Museo de Pontevedra conserva tres de estas gaitas de fuelle y las herramientas para construirlas que conectan a tres importantes figuras pontevedreses, muy relacionados con nuestra m\u00fasica de tradici\u00f3n: Casto Sampedro, Perfecto Feijoo y el gaitero y constructor Manuel Villanueva de Poio. Los tres vivieron entre los siglos XIX y XX y desarrollaron actividades que trascendieron el tiempo por su importancia para nuestra cultura musical. Casto Sampedro, adem\u00e1s de ser fundamental en la creaci\u00f3n del Museo de Pontevedra, reuni\u00f3 uno de los cancioneros musicales m\u00e1s importantes de nuestra tierra; este compilador prest\u00f3 mucha atenci\u00f3n a Manuel Villanueva, uno de los gaiteros y constructores de gaitas m\u00e1s renombrados de su \u00e9poca, quiz\u00e1s porque Casto Sampedro percibi\u00f3 que Manuel era portador de los restos de una ancestral cultura relativa a la gaita.<\/p>\n<p>Manuel Villanueva, por su parte, fue maestro gaitero de Perfecto Feijoo, farmac\u00e9utico pontevedr\u00e9s tambi\u00e9n muy relacionado con el Museo de Pontevedra y otro gran compilador de m\u00fasica tradicional, adem\u00e1s de fundador del singular coro Aires da Terra. A su muerte, Manuel Villanueva cedi\u00f3 a Perfecto Feijoo sus dos gaitas y las herramientas que empleaba para construirlas. Estas herramientas, que inclu\u00edan dos punteros muy antiguos, las dos gaitas de Villanueva y la gaita que \u00e9ste le hab\u00eda construido a Perfecto Feijoo, acabaron en los fondos del Museo de Pontevedra.<\/p>\n<p>Por otra parte, en Campa\u00f1\u00f3 (Poio, Pontevedra) se conserva otra sorprendente gaita de ronquillo, con un puntero que data probablemente de mediados del siglo XVIII, y que perteneci\u00f3 al famoso gaitero Xan de Campa\u00f1\u00f3, disc\u00edpulo tambi\u00e9n de Manuel Villanueva.<br \/>\nDe este modo, esta colecci\u00f3n de melod\u00edas, instrumentos musicales y herramientas se convirti\u00f3 en una aut\u00e9ntica c\u00e1psula del tiempo de la m\u00fasica de gaita de la Pontevedra del siglo XIX, una tradici\u00f3n que hunde sus ra\u00edces en la noche de los tiempos.<\/p>\n<p>El an\u00e1lisis y estudio de estas gaitas, punteros y herramientas nos llev\u00f3 a diversas e interesantes conclusiones sobre el origen de esta tipolog\u00eda de gaita propia de Pontevedra (la gaita de ronquillo) y de sus melod\u00edas y maneras de interpretaci\u00f3n. Para recuperar el sonido de estos instrumentos, replicamos la gaita de Perfecto Feijoo, la gaita redonda de Manuel Villanueva, la gaita de Xan de Campa\u00f1\u00f3 y unos de los punteros que se halla entre las herramientas de Villanueva, un hermoso instrumento probablemente tambi\u00e9n de mediados del siglo XVIII.<\/p>\n<p>En esta charla-concierto podr\u00e9is escuchar estos cuatro fant\u00e1sticos instrumentos interpretando su repertorio original, as\u00ed como las interesantes conclusiones que pudimos sacar de su estudio.<\/p>\n\n<style type=\"text\/css\" data-created_by=\"avia_inline_auto\" id=\"style-css-av-1lh2h-0f6901d8109d15c5f43bb4a92d6f8f4e\">\n#top .hr.hr-invisible.av-1lh2h-0f6901d8109d15c5f43bb4a92d6f8f4e{\nheight:100px;\n}\n<\/style>\n<div  class='hr av-1lh2h-0f6901d8109d15c5f43bb4a92d6f8f4e hr-invisible  avia-builder-el-95  avia-builder-el-no-sibling'><span class='hr-inner'><span class=\"hr-inner-style\"><\/span><\/span><\/div>\n<\/div><\/section>\n<section  id=\"AsgaitasdefolnoCamino\"  class='av_textblock_section av-kugurslx-e20f19777dc244e0b96ddbfe6140f39e'   itemscope=\"itemscope\" itemtype=\"https:\/\/schema.org\/CreativeWork\" ><div class='avia_textblock'  itemprop=\"text\" ><h2>Las gaitas de fuelle en el Camino de Santiago<\/h2>\n<\/div><\/section>\n<section  class='av_textblock_section av-rku1-cfc257bb41e4d5de24987d27c7d896f6'   itemscope=\"itemscope\" itemtype=\"https:\/\/schema.org\/CreativeWork\" ><div class='avia_textblock'  itemprop=\"text\" >\n<style type=\"text\/css\" data-created_by=\"avia_inline_auto\" id=\"style-css-av-71ucx-7024eee98613bd8b44e74d6c77b1e9e4\">\n#top .hr.hr-invisible.av-71ucx-7024eee98613bd8b44e74d6c77b1e9e4{\nheight:30px;\n}\n<\/style>\n<div  class='hr av-71ucx-7024eee98613bd8b44e74d6c77b1e9e4 hr-invisible  avia-builder-el-98  avia-builder-el-no-sibling'><span class='hr-inner'><span class=\"hr-inner-style\"><\/span><\/span><\/div>\n<\/div><\/section>\n\n<style type=\"text\/css\" data-created_by=\"avia_inline_auto\" id=\"style-css-av-kwg4hicz-b5f9224548f328997a716c5edcc29341\">\n.avia-image-container.av-kwg4hicz-b5f9224548f328997a716c5edcc29341 img.avia_image{\nbox-shadow:none;\n}\n.avia-image-container.av-kwg4hicz-b5f9224548f328997a716c5edcc29341 .av-image-caption-overlay-center{\ncolor:#ffffff;\n}\n<\/style>\n<div  class='avia-image-container av-kwg4hicz-b5f9224548f328997a716c5edcc29341 av-styling- avia-align-center  avia-builder-el-99  el_after_av_textblock  el_before_av_textblock'   itemprop=\"image\" itemscope=\"itemscope\" itemtype=\"https:\/\/schema.org\/ImageObject\" ><div class=\"avia-image-container-inner\"><div class=\"avia-image-overlay-wrap\"><img decoding=\"async\" class='wp-image-1683 avia-img-lazy-loading-not-1683 avia_image' src=\"https:\/\/pablocarpintero.es\/wp-content\/uploads\/2021\/11\/Gaita-no-Camino-de-Santiago-Pablo-Carpintero-1030x891.jpg\" alt='' title='Gaita no Cami\u00f1o de Santiago Pablo Carpintero'  height=\"891\" width=\"1030\"  itemprop=\"thumbnailUrl\" srcset=\"https:\/\/pablocarpintero.es\/wp-content\/uploads\/2021\/11\/Gaita-no-Camino-de-Santiago-Pablo-Carpintero-1030x891.jpg 1030w, https:\/\/pablocarpintero.es\/wp-content\/uploads\/2021\/11\/Gaita-no-Camino-de-Santiago-Pablo-Carpintero-600x519.jpg 600w, https:\/\/pablocarpintero.es\/wp-content\/uploads\/2021\/11\/Gaita-no-Camino-de-Santiago-Pablo-Carpintero-300x260.jpg 300w, https:\/\/pablocarpintero.es\/wp-content\/uploads\/2021\/11\/Gaita-no-Camino-de-Santiago-Pablo-Carpintero-768x665.jpg 768w, https:\/\/pablocarpintero.es\/wp-content\/uploads\/2021\/11\/Gaita-no-Camino-de-Santiago-Pablo-Carpintero-1536x1329.jpg 1536w, https:\/\/pablocarpintero.es\/wp-content\/uploads\/2021\/11\/Gaita-no-Camino-de-Santiago-Pablo-Carpintero-14x12.jpg 14w, https:\/\/pablocarpintero.es\/wp-content\/uploads\/2021\/11\/Gaita-no-Camino-de-Santiago-Pablo-Carpintero-1500x1298.jpg 1500w, https:\/\/pablocarpintero.es\/wp-content\/uploads\/2021\/11\/Gaita-no-Camino-de-Santiago-Pablo-Carpintero-705x610.jpg 705w, https:\/\/pablocarpintero.es\/wp-content\/uploads\/2021\/11\/Gaita-no-Camino-de-Santiago-Pablo-Carpintero-1320x1142.jpg 1320w, https:\/\/pablocarpintero.es\/wp-content\/uploads\/2021\/11\/Gaita-no-Camino-de-Santiago-Pablo-Carpintero.jpg 1932w\" sizes=\"(max-width: 1030px) 100vw, 1030px\" \/><\/div><\/div><\/div>\n<section  class='av_textblock_section av-61r7h-610512789a9053623da20f065873c0fc'   itemscope=\"itemscope\" itemtype=\"https:\/\/schema.org\/CreativeWork\" ><div class='avia_textblock'  itemprop=\"text\" >\n<style type=\"text\/css\" data-created_by=\"avia_inline_auto\" id=\"style-css-av-5nwip-73ae11c6b862353b96aff83d62c21ade\">\n#top .hr.hr-invisible.av-5nwip-73ae11c6b862353b96aff83d62c21ade{\nheight:30px;\n}\n<\/style>\n<div  class='hr av-5nwip-73ae11c6b862353b96aff83d62c21ade hr-invisible  avia-builder-el-101  avia-builder-el-no-sibling'><span class='hr-inner'><span class=\"hr-inner-style\"><\/span><\/span><\/div>\n<\/div><\/section>\n<section  class='av_textblock_section av-kugusffp-244b90b67235f24e2abe9a7cfba4d82f'   itemscope=\"itemscope\" itemtype=\"https:\/\/schema.org\/CreativeWork\" ><div class='avia_textblock'  itemprop=\"text\" ><p>En este concierto did\u00e1ctico se muestran los diferentes tipos de gaitas de fuelle que aparecen en el noroeste de la pen\u00ednsula ib\u00e9rica desde Lisboa hasta Asturias, pasando Galicia, todo Portugal y Zamora, organizadas siguiendo las principales ruta Jacobeas. Se explican las hip\u00f3tesis de los autores del desarrollo de la gaita de fuelle en el noroeste peninsular medieval y su expansi\u00f3n por la Europa occidental a trav\u00e9s del Camino de Santiago y de la relaci\u00f3n de las caracter\u00edsticas musicales de los diferentes tipos de gaitas con los paisajes donde habitan. El concierto est\u00e1 \u00edntegramente realizado con r\u00e9plicas construidas por los autores a partir de gaitas y tambores hist\u00f3ricos, interpretando repertorios propios de cada zona empleando sus digitaciones y maneras caracter\u00edsticas en un intento por recuperar y hacer comprender al p\u00fablico los sonidos caracter\u00edsticos de cada zona cultural.<\/p>\n<p>El final del concierto, una pieza interpretada con una gaita de Basilio Carril, goza de una cierta dosis de justicia po\u00e9tica, pues fue este fenomenal gaitero y excelente artesano santiagu\u00e9s quien desarroll\u00f3, entre los a\u00f1os 1960 y 70, el tipo de gaita de fuelle gallega moderna que vino a desplazar a todos los tipos antiguos y acab\u00f3 por influenciar al resto de gaitas de fuelle peninsulares, acabando por colonizar el mundo entero al ser el modelo imitado por todos los artesanos gallegos modernos que heredaron la sabidur\u00eda de Basilio. As\u00ed, la historia se repite y Santiago de Compostela primero, y toda Galicia despu\u00e9s, volvieron a ser, siete siglos despu\u00e9s, un epicentro desde donde irradia la cultura, f\u00edsica e inmaterial, de la gaita de fuelle, por m\u00e1s que estamos seguros de que en el proceso medieval fue todo el noroeste peninsular, y no solo Galicia, el epicentro de esta radiaci\u00f3n cultural.<\/p>\n<p><span style=\"color: #ff0000;\">Puedes ver esta charla-concierto clicando en este <a href=\"https:\/\/www.youtube.com\/watch?v=gjbvNUy7Oqs&#038;t=219s\">enlace<\/a>.<\/span><\/p>\n\n<style type=\"text\/css\" data-created_by=\"avia_inline_auto\" id=\"style-css-av-uirx-ff7fff2f8af3c7536edd81d7940b9b02\">\n#top .hr.hr-invisible.av-uirx-ff7fff2f8af3c7536edd81d7940b9b02{\nheight:100px;\n}\n<\/style>\n<div  class='hr av-uirx-ff7fff2f8af3c7536edd81d7940b9b02 hr-invisible  avia-builder-el-103  avia-builder-el-no-sibling'><span class='hr-inner'><span class=\"hr-inner-style\"><\/span><\/span><\/div>\n<\/div><\/section>\n<section  id=\"Aspalletas\"  class='av_textblock_section av-kugukedp-99bb7a89ed45b5b0af280f1d51a65b02'   itemscope=\"itemscope\" itemtype=\"https:\/\/schema.org\/CreativeWork\" ><div class='avia_textblock'  itemprop=\"text\" ><h2>Las pajuelas<\/h2>\n<\/div><\/section>\n<section  class='av_textblock_section av-525yh-c7c9bc0b791705341bc58531375163a1'   itemscope=\"itemscope\" itemtype=\"https:\/\/schema.org\/CreativeWork\" ><div class='avia_textblock'  itemprop=\"text\" >\n<style type=\"text\/css\" data-created_by=\"avia_inline_auto\" id=\"style-css-av-4g7dd-34a45300867e6672142873412ca03ea5\">\n#top .hr.hr-invisible.av-4g7dd-34a45300867e6672142873412ca03ea5{\nheight:30px;\n}\n<\/style>\n<div  class='hr av-4g7dd-34a45300867e6672142873412ca03ea5 hr-invisible  avia-builder-el-106  avia-builder-el-no-sibling'><span class='hr-inner'><span class=\"hr-inner-style\"><\/span><\/span><\/div>\n<\/div><\/section>\n\n<style type=\"text\/css\" data-created_by=\"avia_inline_auto\" id=\"style-css-av-kwg4lcpl-619649562451cba0c1c358ec11fef68f\">\n.avia-image-container.av-kwg4lcpl-619649562451cba0c1c358ec11fef68f img.avia_image{\nbox-shadow:none;\n}\n.avia-image-container.av-kwg4lcpl-619649562451cba0c1c358ec11fef68f .av-image-caption-overlay-center{\ncolor:#ffffff;\n}\n<\/style>\n<div  class='avia-image-container av-kwg4lcpl-619649562451cba0c1c358ec11fef68f av-styling- avia-align-center  avia-builder-el-107  el_after_av_textblock  el_before_av_textblock'   itemprop=\"image\" itemscope=\"itemscope\" itemtype=\"https:\/\/schema.org\/ImageObject\" ><div class=\"avia-image-container-inner\"><div class=\"avia-image-overlay-wrap\"><img decoding=\"async\" class='wp-image-1684 avia-img-lazy-loading-not-1684 avia_image' src=\"https:\/\/pablocarpintero.es\/wp-content\/uploads\/2021\/11\/Palletas-1-Pablo-Carpintero-1030x759.jpg\" alt='' title='Palletas 1 Pablo Carpintero'  height=\"759\" width=\"1030\"  itemprop=\"thumbnailUrl\" srcset=\"https:\/\/pablocarpintero.es\/wp-content\/uploads\/2021\/11\/Palletas-1-Pablo-Carpintero-1030x759.jpg 1030w, https:\/\/pablocarpintero.es\/wp-content\/uploads\/2021\/11\/Palletas-1-Pablo-Carpintero-600x442.jpg 600w, https:\/\/pablocarpintero.es\/wp-content\/uploads\/2021\/11\/Palletas-1-Pablo-Carpintero-300x221.jpg 300w, https:\/\/pablocarpintero.es\/wp-content\/uploads\/2021\/11\/Palletas-1-Pablo-Carpintero-768x566.jpg 768w, https:\/\/pablocarpintero.es\/wp-content\/uploads\/2021\/11\/Palletas-1-Pablo-Carpintero-16x12.jpg 16w, https:\/\/pablocarpintero.es\/wp-content\/uploads\/2021\/11\/Palletas-1-Pablo-Carpintero-705x520.jpg 705w, https:\/\/pablocarpintero.es\/wp-content\/uploads\/2021\/11\/Palletas-1-Pablo-Carpintero-1320x973.jpg 1320w, https:\/\/pablocarpintero.es\/wp-content\/uploads\/2021\/11\/Palletas-1-Pablo-Carpintero.jpg 1422w\" sizes=\"(max-width: 1030px) 100vw, 1030px\" \/><\/div><\/div><\/div>\n<section  class='av_textblock_section av-41oj5-91bb61d2d0132cdc0ef1e3fbeabbd94b'   itemscope=\"itemscope\" itemtype=\"https:\/\/schema.org\/CreativeWork\" ><div class='avia_textblock'  itemprop=\"text\" >\n<style type=\"text\/css\" data-created_by=\"avia_inline_auto\" id=\"style-css-av-17j1-46ef83df6e8d4ded74a2a00f6e7bbffa\">\n#top .hr.hr-invisible.av-17j1-46ef83df6e8d4ded74a2a00f6e7bbffa{\nheight:30px;\n}\n<\/style>\n<div  class='hr av-17j1-46ef83df6e8d4ded74a2a00f6e7bbffa hr-invisible  avia-builder-el-109  avia-builder-el-no-sibling'><span class='hr-inner'><span class=\"hr-inner-style\"><\/span><\/span><\/div>\n<\/div><\/section>\n<section  class='av_textblock_section av-kugukofh-a168ab9177e09a6b56995bf47f844c16'   itemscope=\"itemscope\" itemtype=\"https:\/\/schema.org\/CreativeWork\" ><div class='avia_textblock'  itemprop=\"text\" ><p>El alma de los aer\u00f3fonos de leng\u00fceta doble son las pajuelas. Este grupo de instrumentos tienen una antig\u00fcedad que se pierde en la noche de los tiempos. En esta charla-concierto explicamos los or\u00edgenes de las pajuelas, repasando algunos de los instrumentos m\u00e1s antiguos que las empleaban, como los aul\u00f2s griegos (del que hemos replicado el ejemplar conservado en el Louvre) o las gaitas de Ur. En la pen\u00ednsula Ib\u00e9rica tenemos muchos instrumentos de pajuela y todas las gaitas de fuelle usan este elemento de producci\u00f3n sonora. Explicamos cu\u00e1les son las diferentes morfolog\u00edas de pajuelas en la pen\u00ednsula y tambi\u00e9n como la etnograf\u00eda nos cuenta como pudieron ser las pajuelas antiguas antes de la llegada de la ca\u00f1a a Europa en el siglo XVI.<\/p>\n\n<style type=\"text\/css\" data-created_by=\"avia_inline_auto\" id=\"style-css-av-3o1mx-56985b2dea48c75f4814fc9cd4aaef12\">\n#top .hr.hr-invisible.av-3o1mx-56985b2dea48c75f4814fc9cd4aaef12{\nheight:100px;\n}\n<\/style>\n<div  class='hr av-3o1mx-56985b2dea48c75f4814fc9cd4aaef12 hr-invisible  avia-builder-el-111  avia-builder-el-no-sibling'><span class='hr-inner'><span class=\"hr-inner-style\"><\/span><\/span><\/div>\n<\/div><\/section>\n<section  id=\"Amusicagaleganosseculos\"  class='av_textblock_section av-kuguogiu-f804bd974e75089251389a591ecf6ebb'   itemscope=\"itemscope\" itemtype=\"https:\/\/schema.org\/CreativeWork\" ><div class='avia_textblock'  itemprop=\"text\" ><h2>La m\u00fasica gallega en los siglos XVII y XVIII<\/h2>\n<\/div><\/section>\n<section  class='av_textblock_section av-2pmd1-f69dae4b8fd9314eef41e829193a4445'   itemscope=\"itemscope\" itemtype=\"https:\/\/schema.org\/CreativeWork\" ><div class='avia_textblock'  itemprop=\"text\" >\n<style type=\"text\/css\" data-created_by=\"avia_inline_auto\" id=\"style-css-av-2cb49-c5c0a0d6a11a93512234c9091d9d1b9a\">\n#top .hr.hr-invisible.av-2cb49-c5c0a0d6a11a93512234c9091d9d1b9a{\nheight:30px;\n}\n<\/style>\n<div  class='hr av-2cb49-c5c0a0d6a11a93512234c9091d9d1b9a hr-invisible  avia-builder-el-114  avia-builder-el-no-sibling'><span class='hr-inner'><span class=\"hr-inner-style\"><\/span><\/span><\/div>\n<\/div><\/section>\n\n<style type=\"text\/css\" data-created_by=\"avia_inline_auto\" id=\"style-css-av-kwg4mzga-4b64f7fab446bf12cb8e8cdd22fefef4\">\n.avia-image-container.av-kwg4mzga-4b64f7fab446bf12cb8e8cdd22fefef4 img.avia_image{\nbox-shadow:none;\n}\n.avia-image-container.av-kwg4mzga-4b64f7fab446bf12cb8e8cdd22fefef4 .av-image-caption-overlay-center{\ncolor:#ffffff;\n}\n<\/style>\n<div  class='avia-image-container av-kwg4mzga-4b64f7fab446bf12cb8e8cdd22fefef4 av-styling- avia-align-center  avia-builder-el-115  el_after_av_textblock  el_before_av_textblock'   itemprop=\"image\" itemscope=\"itemscope\" itemtype=\"https:\/\/schema.org\/ImageObject\" ><div class=\"avia-image-container-inner\"><div class=\"avia-image-overlay-wrap\"><img decoding=\"async\" class='wp-image-1685 avia-img-lazy-loading-not-1685 avia_image' src=\"https:\/\/pablocarpintero.es\/wp-content\/uploads\/2021\/11\/Musica-galega-seculos-XVII-Pablo-Carpintero-1019x1030.jpg\" alt='' title='Musica galega seculos XVII Pablo Carpintero'  height=\"1030\" width=\"1019\"  itemprop=\"thumbnailUrl\" srcset=\"https:\/\/pablocarpintero.es\/wp-content\/uploads\/2021\/11\/Musica-galega-seculos-XVII-Pablo-Carpintero-1019x1030.jpg 1019w, https:\/\/pablocarpintero.es\/wp-content\/uploads\/2021\/11\/Musica-galega-seculos-XVII-Pablo-Carpintero-100x100.jpg 100w, https:\/\/pablocarpintero.es\/wp-content\/uploads\/2021\/11\/Musica-galega-seculos-XVII-Pablo-Carpintero-600x607.jpg 600w, https:\/\/pablocarpintero.es\/wp-content\/uploads\/2021\/11\/Musica-galega-seculos-XVII-Pablo-Carpintero-297x300.jpg 297w, https:\/\/pablocarpintero.es\/wp-content\/uploads\/2021\/11\/Musica-galega-seculos-XVII-Pablo-Carpintero-80x80.jpg 80w, https:\/\/pablocarpintero.es\/wp-content\/uploads\/2021\/11\/Musica-galega-seculos-XVII-Pablo-Carpintero-768x776.jpg 768w, https:\/\/pablocarpintero.es\/wp-content\/uploads\/2021\/11\/Musica-galega-seculos-XVII-Pablo-Carpintero-1519x1536.jpg 1519w, https:\/\/pablocarpintero.es\/wp-content\/uploads\/2021\/11\/Musica-galega-seculos-XVII-Pablo-Carpintero-12x12.jpg 12w, https:\/\/pablocarpintero.es\/wp-content\/uploads\/2021\/11\/Musica-galega-seculos-XVII-Pablo-Carpintero-36x36.jpg 36w, https:\/\/pablocarpintero.es\/wp-content\/uploads\/2021\/11\/Musica-galega-seculos-XVII-Pablo-Carpintero-1484x1500.jpg 1484w, https:\/\/pablocarpintero.es\/wp-content\/uploads\/2021\/11\/Musica-galega-seculos-XVII-Pablo-Carpintero-697x705.jpg 697w, https:\/\/pablocarpintero.es\/wp-content\/uploads\/2021\/11\/Musica-galega-seculos-XVII-Pablo-Carpintero-1320x1334.jpg 1320w, https:\/\/pablocarpintero.es\/wp-content\/uploads\/2021\/11\/Musica-galega-seculos-XVII-Pablo-Carpintero.jpg 1650w\" sizes=\"(max-width: 1019px) 100vw, 1019px\" \/><\/div><\/div><\/div>\n<section  class='av_textblock_section av-6e0x-b06e8c9eac2290707f5605664607a472'   itemscope=\"itemscope\" itemtype=\"https:\/\/schema.org\/CreativeWork\" ><div class='avia_textblock'  itemprop=\"text\" >\n<style type=\"text\/css\" data-created_by=\"avia_inline_auto\" id=\"style-css-av-10efd-3c40933a7cadac64a8da4e869692ecb8\">\n#top .hr.hr-invisible.av-10efd-3c40933a7cadac64a8da4e869692ecb8{\nheight:30px;\n}\n<\/style>\n<div  class='hr av-10efd-3c40933a7cadac64a8da4e869692ecb8 hr-invisible  avia-builder-el-117  avia-builder-el-no-sibling'><span class='hr-inner'><span class=\"hr-inner-style\"><\/span><\/span><\/div>\n<\/div><\/section>\n<section  class='av_textblock_section av-kuguosfc-b7e45a0e1f356b15692094e981993333'   itemscope=\"itemscope\" itemtype=\"https:\/\/schema.org\/CreativeWork\" ><div class='avia_textblock'  itemprop=\"text\" ><p>Los datos iconogr\u00e1ficos, los textos conservados de la \u00e9poca barroca y algunos instrumentos musicales muy antiguos que llegaron hasta nosotros, presentan un rico panorama musical de la Galicia de esta \u00e9poca. En esta charla concierto repasamos los datos que tenemos y como a trav\u00e9s de ellos podemos ir reconstruyendo un panorama musical sorprendente, en el que el pueblo pose\u00eda una variada y potente expresi\u00f3n musical que, en parte, es responsable de la m\u00fasica de tradici\u00f3n que lleg\u00f3 hasta nosotros.<\/p>\n\n<style type=\"text\/css\" data-created_by=\"avia_inline_auto\" id=\"style-css-av-1y0x5-042004da0dfeae190ca2103ec7502b18\">\n#top .hr.hr-invisible.av-1y0x5-042004da0dfeae190ca2103ec7502b18{\nheight:100px;\n}\n<\/style>\n<div  class='hr av-1y0x5-042004da0dfeae190ca2103ec7502b18 hr-invisible  avia-builder-el-119  avia-builder-el-no-sibling'><span class='hr-inner'><span class=\"hr-inner-style\"><\/span><\/span><\/div>\n<\/div><\/section>\n<section  id=\"falandoMusica\"  class='av_textblock_section av-l01yjk90-7b5fcbca0d3c87d6a812e123db2840a1'   itemscope=\"itemscope\" itemtype=\"https:\/\/schema.org\/CreativeWork\" ><div class='avia_textblock'  itemprop=\"text\" ><h2>Hablando la M\u00fasica<\/h2>\n<\/div><\/section>\n<section  class='av_textblock_section av-63vad-f6a848106a75f3f86bb22e121335acf4'   itemscope=\"itemscope\" itemtype=\"https:\/\/schema.org\/CreativeWork\" ><div class='avia_textblock'  itemprop=\"text\" >\n<style type=\"text\/css\" data-created_by=\"avia_inline_auto\" id=\"style-css-av-5t05t-179795e4e3757b17e56ec20f4f2bfca7\">\n#top .hr.hr-invisible.av-5t05t-179795e4e3757b17e56ec20f4f2bfca7{\nheight:30px;\n}\n<\/style>\n<div  class='hr av-5t05t-179795e4e3757b17e56ec20f4f2bfca7 hr-invisible  avia-builder-el-122  avia-builder-el-no-sibling'><span class='hr-inner'><span class=\"hr-inner-style\"><\/span><\/span><\/div>\n<\/div><\/section>\n\n<style type=\"text\/css\" data-created_by=\"avia_inline_auto\" id=\"style-css-av-l01yps3z-934e58fbbec06db1433941e80fe9730c\">\n.avia-image-container.av-l01yps3z-934e58fbbec06db1433941e80fe9730c img.avia_image{\nbox-shadow:none;\n}\n.avia-image-container.av-l01yps3z-934e58fbbec06db1433941e80fe9730c .av-image-caption-overlay-center{\ncolor:#ffffff;\n}\n<\/style>\n<div  class='avia-image-container av-l01yps3z-934e58fbbec06db1433941e80fe9730c av-styling- avia-align-center  avia-builder-el-123  el_after_av_textblock  el_before_av_textblock'   itemprop=\"image\" itemscope=\"itemscope\" itemtype=\"https:\/\/schema.org\/ImageObject\" ><div class=\"avia-image-container-inner\"><div class=\"avia-image-overlay-wrap\"><img decoding=\"async\" class='wp-image-1931 avia-img-lazy-loading-not-1931 avia_image' src=\"https:\/\/pablocarpintero.es\/wp-content\/uploads\/2022\/02\/gaita-de-fole-en-Raphael-Bluteau-diccionario-portugues.jpg\" alt='' title='gaita de fole en Raphael Bluteau diccionario portugu\u00e9s'  height=\"523\" width=\"640\"  itemprop=\"thumbnailUrl\" srcset=\"https:\/\/pablocarpintero.es\/wp-content\/uploads\/2022\/02\/gaita-de-fole-en-Raphael-Bluteau-diccionario-portugues.jpg 640w, https:\/\/pablocarpintero.es\/wp-content\/uploads\/2022\/02\/gaita-de-fole-en-Raphael-Bluteau-diccionario-portugues-600x490.jpg 600w, https:\/\/pablocarpintero.es\/wp-content\/uploads\/2022\/02\/gaita-de-fole-en-Raphael-Bluteau-diccionario-portugues-300x245.jpg 300w, https:\/\/pablocarpintero.es\/wp-content\/uploads\/2022\/02\/gaita-de-fole-en-Raphael-Bluteau-diccionario-portugues-15x12.jpg 15w\" sizes=\"(max-width: 640px) 100vw, 640px\" \/><\/div><\/div><\/div>\n<section  class='av_textblock_section av-52mxl-18ea15a81931b145beda0875325b26fd'   itemscope=\"itemscope\" itemtype=\"https:\/\/schema.org\/CreativeWork\" ><div class='avia_textblock'  itemprop=\"text\" >\n<style type=\"text\/css\" data-created_by=\"avia_inline_auto\" id=\"style-css-av-fugh-62c9f0aabd0606fc29e14beba46a2ec1\">\n#top .hr.hr-invisible.av-fugh-62c9f0aabd0606fc29e14beba46a2ec1{\nheight:30px;\n}\n<\/style>\n<div  class='hr av-fugh-62c9f0aabd0606fc29e14beba46a2ec1 hr-invisible  avia-builder-el-125  avia-builder-el-no-sibling'><span class='hr-inner'><span class=\"hr-inner-style\"><\/span><\/span><\/div>\n<\/div><\/section>\n<section  class='av_textblock_section av-l01ymyge-56507769ef29b4b1b69ced3927708285'   itemscope=\"itemscope\" itemtype=\"https:\/\/schema.org\/CreativeWork\" ><div class='avia_textblock'  itemprop=\"text\" ><p>Durante treinta a\u00f1os de trabajo de campo en el noroeste peninsular hemos podido documentar los nombres de m\u00e1s de 170 instrumentos musicales y sus partes, muchos de ellos con distintas denominaciones seg\u00fan la zona; tambi\u00e9n aprendimos los nombres de numerosas pr\u00e1cticas musicales asociadas con ellos. En total pudimos recopilar m\u00e1s de 300 palabras, una cantidad notable de vocabulario musical que est\u00e1 en peligro, ya que muchos de estos nombres se limitan a \u00e1reas peque\u00f1as o directamente se olvidan. Toda esta informaci\u00f3n se encuentra dispersa en nuestra publicaci\u00f3n de 2009 \"Instrumentos musicales en la tradici\u00f3n gallega\" que puedes consultar <a href=\"https:\/\/pablocarpintero.es\/es\/os-instrumentos-na-tradicion-musical-galeta\/\">aqu\u00ed<\/a>.<\/p>\n<p>Hemos querido reunirlo y analizarlo desde el punto de vista del origen de la m\u00fasica y el lenguaje, porque todas y cada una de estas palabras nos cuentan una historia, una historia que nos puede ayudar a recordarlas y conservarlas. Por ejemplo, muchas son onomatop\u00e9yicas y por tanto su origen se pierde en la noche de los tiempos, quiz\u00e1s en la era de la musilingua, ya que muchas palabras ten\u00edan su origen en el sonido del objeto al que llamaban, los sonidos piiii, fffff, zzzzz, tuuuu, buuuu, xxxxx, mmmm o rrrrr originan nombres como <i>pipa<\/i>, <i>fungo<\/i>, <i>zoadeira<\/i>, <i>toba<\/i>, <i>bocina<\/i>, <i>ruxideira<\/i>, <i>birimb\u00e1m<\/i> o <i>carraca<\/i>pero hay muchos m\u00e1s en esta bella y antigua categor\u00eda. Otros como <i>caramela<\/i>, <i>ferre\u00f1a<\/i> o <i>pajuela<\/i> indican el material con el que est\u00e1n elaborados; y otros m\u00e1s nos hablan de procesos hist\u00f3ricos como la sustituci\u00f3n del \u00e1rabe <i>adufe<\/i> por el latino <i>pandero<\/i>, la denominaci\u00f3n \"<i>gaita do sapo<\/i>\" que indica la presencia de una cultura cham\u00e1nica en Galicia o la palabra <i>rosca<\/i> que denota una extra\u00f1a gaita encontrada en el Baixo Mi\u00f1o, con una probable conexi\u00f3n con las gaitas de Europa del Este a trav\u00e9s de la denominaci\u00f3n indoeuropea del cuerno que todas llevan en la punta. Estos procesos culturales nos llevan a poder documentar en las lenguas del noroeste palabras que nos han ido aportando todas las culturas que nos han formado, as\u00ed tenemos palabras de ra\u00edz indoeuropea, latina, \u00e1rabe, centroeuropea, etc.<span class=\"Apple-converted-space\">\u00a0<\/span><\/p>\n<p>La intenci\u00f3n de esta charla es difundir estas palabras y contribuir a su conocimiento y fijaci\u00f3n. Durante una hora recordamos los nombres de muchos de nuestros instrumentos musicales, sus partes y las pr\u00e1cticas musicales que los rodean, contamos lo que sabemos sobre su etimolog\u00eda y el proceso hist\u00f3rico que nos relatan, tocamos unos segundos cada instrumento musical y vemos, pues, lo que podemos aprender de cada una de estas hermosas palabras.<\/p>\n<p>Podedes ver un v\u00eddeo desta charla concerto aqu\u00ed:<\/p>\n<\/div><\/section>\n<div  class='avia-video av-lepc1w7i-9530cdbaecf328339b8732fda4429d94 avia-video-16-9 av-no-preview-image avia-video-load-always av-lazyload-immediate av-lazyload-video-embed'  itemprop=\"video\" itemtype=\"https:\/\/schema.org\/VideoObject\"  data-original_url='https:\/\/www.youtube.com\/watch?v=t8UgtNaU3Vg&lc=UgwIJwtR0tTtGckKm5B4AaABAg'><script type='text\/html' class='av-video-tmpl'><div class='avia-iframe-wrap'><iframe loading=\"lazy\" title=\"FALANDO A M\u00daSICA\" width=\"1500\" height=\"844\" src=\"https:\/\/www.youtube.com\/embed\/t8UgtNaU3Vg?feature=oembed&autoplay=0&loop=0&controls=1&mute=0\" frameborder=\"0\" allow=\"accelerometer; autoplay; clipboard-write; encrypted-media; gyroscope; picture-in-picture; web-share\" allowfullscreen><\/iframe><\/div><\/script><div class='av-click-to-play-overlay'><div class=\"avia_playpause_icon\"><\/div><\/div><\/div>\n<section  class='av_textblock_section av-1nfqx-f323757f7967bf60f81023e8572d3bb8'   itemscope=\"itemscope\" itemtype=\"https:\/\/schema.org\/CreativeWork\" ><div class='avia_textblock'  itemprop=\"text\" >\n<style type=\"text\/css\" data-created_by=\"avia_inline_auto\" id=\"style-css-av-139tl-6b4c7fd63a4ac4ab29e7fdb1bc229245\">\n#top .hr.hr-invisible.av-139tl-6b4c7fd63a4ac4ab29e7fdb1bc229245{\nheight:30px;\n}\n<\/style>\n<div  class='hr av-139tl-6b4c7fd63a4ac4ab29e7fdb1bc229245 hr-invisible  avia-builder-el-129  avia-builder-el-no-sibling'><span class='hr-inner'><span class=\"hr-inner-style\"><\/span><\/span><\/div>\n<\/div><\/section>\n<section  class='av_textblock_section av-4yqqd-83fe40accf6b37ab711f913362d4bcb0'   itemscope=\"itemscope\" itemtype=\"https:\/\/schema.org\/CreativeWork\" ><div class='avia_textblock'  itemprop=\"text\" >\n<style type=\"text\/css\" data-created_by=\"avia_inline_auto\" id=\"style-css-av-ger1-45c6fe6c73dbd4545ecaf1a08d9c3cd2\">\n#top .hr.hr-invisible.av-ger1-45c6fe6c73dbd4545ecaf1a08d9c3cd2{\nheight:30px;\n}\n<\/style>\n<div  class='hr av-ger1-45c6fe6c73dbd4545ecaf1a08d9c3cd2 hr-invisible  avia-builder-el-131  avia-builder-el-no-sibling'><span class='hr-inner'><span class=\"hr-inner-style\"><\/span><\/span><\/div>\n<\/div><\/section>\n<section  id=\"sonsdoantroido\"  class='av_textblock_section av-l01ywg1m-5b77c79818d5102b8acf2346595118ca'   itemscope=\"itemscope\" itemtype=\"https:\/\/schema.org\/CreativeWork\" ><div class='avia_textblock'  itemprop=\"text\" ><h2>Los sonidos del Antruejo<\/h2>\n<\/div><\/section>\n<section  class='av_textblock_section av-3hljd-fb190746b217d6f324cc7eceb5b43a45'   itemscope=\"itemscope\" itemtype=\"https:\/\/schema.org\/CreativeWork\" ><div class='avia_textblock'  itemprop=\"text\" >\n<style type=\"text\/css\" data-created_by=\"avia_inline_auto\" id=\"style-css-av-2q6ch-2a034433cd51bccc9fc6f425c1a69385\">\n#top .hr.hr-invisible.av-2q6ch-2a034433cd51bccc9fc6f425c1a69385{\nheight:30px;\n}\n<\/style>\n<div  class='hr av-2q6ch-2a034433cd51bccc9fc6f425c1a69385 hr-invisible  avia-builder-el-134  avia-builder-el-no-sibling'><span class='hr-inner'><span class=\"hr-inner-style\"><\/span><\/span><\/div>\n<\/div><\/section>\n\n<style type=\"text\/css\" data-created_by=\"avia_inline_auto\" id=\"style-css-av-l01znsnq-9ffda5c92fd1fc83c685dc548e1ea08f\">\n.avia-image-container.av-l01znsnq-9ffda5c92fd1fc83c685dc548e1ea08f img.avia_image{\nbox-shadow:none;\n}\n.avia-image-container.av-l01znsnq-9ffda5c92fd1fc83c685dc548e1ea08f .av-image-caption-overlay-center{\ncolor:#ffffff;\n}\n<\/style>\n<div  class='avia-image-container av-l01znsnq-9ffda5c92fd1fc83c685dc548e1ea08f av-styling- avia-align-center  avia-builder-el-135  el_after_av_textblock  el_before_av_textblock'   itemprop=\"image\" itemscope=\"itemscope\" itemtype=\"https:\/\/schema.org\/ImageObject\" ><div class=\"avia-image-container-inner\"><div class=\"avia-image-overlay-wrap\"><img decoding=\"async\" class='wp-image-1936 avia-img-lazy-loading-not-1936 avia_image' src=\"https:\/\/pablocarpintero.es\/wp-content\/uploads\/2022\/02\/Mazcaras-en-Manzaneda-fotografia-de-Fernando-Garcia-1030x687.jpg\" alt='' title='Mazcaras en Manzaneda fotograf\u00eda de Fernando Garc\u00eda'  height=\"687\" width=\"1030\"  itemprop=\"thumbnailUrl\" srcset=\"https:\/\/pablocarpintero.es\/wp-content\/uploads\/2022\/02\/Mazcaras-en-Manzaneda-fotografia-de-Fernando-Garcia-1030x687.jpg 1030w, https:\/\/pablocarpintero.es\/wp-content\/uploads\/2022\/02\/Mazcaras-en-Manzaneda-fotografia-de-Fernando-Garcia-600x400.jpg 600w, https:\/\/pablocarpintero.es\/wp-content\/uploads\/2022\/02\/Mazcaras-en-Manzaneda-fotografia-de-Fernando-Garcia-300x200.jpg 300w, https:\/\/pablocarpintero.es\/wp-content\/uploads\/2022\/02\/Mazcaras-en-Manzaneda-fotografia-de-Fernando-Garcia-768x512.jpg 768w, https:\/\/pablocarpintero.es\/wp-content\/uploads\/2022\/02\/Mazcaras-en-Manzaneda-fotografia-de-Fernando-Garcia-1536x1024.jpg 1536w, https:\/\/pablocarpintero.es\/wp-content\/uploads\/2022\/02\/Mazcaras-en-Manzaneda-fotografia-de-Fernando-Garcia-2048x1365.jpg 2048w, https:\/\/pablocarpintero.es\/wp-content\/uploads\/2022\/02\/Mazcaras-en-Manzaneda-fotografia-de-Fernando-Garcia-18x12.jpg 18w, https:\/\/pablocarpintero.es\/wp-content\/uploads\/2022\/02\/Mazcaras-en-Manzaneda-fotografia-de-Fernando-Garcia-1500x1000.jpg 1500w, https:\/\/pablocarpintero.es\/wp-content\/uploads\/2022\/02\/Mazcaras-en-Manzaneda-fotografia-de-Fernando-Garcia-705x470.jpg 705w, https:\/\/pablocarpintero.es\/wp-content\/uploads\/2022\/02\/Mazcaras-en-Manzaneda-fotografia-de-Fernando-Garcia-1320x880.jpg 1320w\" sizes=\"(max-width: 1030px) 100vw, 1030px\" \/><\/div><\/div><\/div>\n<section  class='av_textblock_section av-23y9p-c8de3d64f6455359f542e9401b3a65c3'   itemscope=\"itemscope\" itemtype=\"https:\/\/schema.org\/CreativeWork\" ><div class='avia_textblock'  itemprop=\"text\" >\n<style type=\"text\/css\" data-created_by=\"avia_inline_auto\" id=\"style-css-av-1j5np-d766b9da0a7decca7ff3f9464bc7e6d0\">\n#top .hr.hr-invisible.av-1j5np-d766b9da0a7decca7ff3f9464bc7e6d0{\nheight:30px;\n}\n<\/style>\n<div  class='hr av-1j5np-d766b9da0a7decca7ff3f9464bc7e6d0 hr-invisible  avia-builder-el-137  avia-builder-el-no-sibling'><span class='hr-inner'><span class=\"hr-inner-style\"><\/span><\/span><\/div>\n<\/div><\/section>\n<section  class='av_textblock_section av-l01ziwn5-32e314a957025ef9c2223eec8ba74cce'   itemscope=\"itemscope\" itemtype=\"https:\/\/schema.org\/CreativeWork\" ><div class='avia_textblock'  itemprop=\"text\" ><p>El antruejo es el tiempo de la trascendencia. Su elemento m\u00e1s representativo nos lo hace saber: la m\u00e1scara significa trascender nuestra naturaleza humana, adquiriendo la forma del t\u00f3tem, permiti\u00e9ndonos trascender las normas sociales y perder nuestros l\u00edmites para disolvernos en un grupo mayor. El carnaval es el momento de cambiar nuestro estado de conciencia cotidiano por otro bien diferente. Situado en la zona del ciclo anual donde muere el a\u00f1o, el carnaval tambi\u00e9n significa la muerte, el contacto con el m\u00e1s all\u00e1, la trascendencia de la vida.<span class=\"Apple-converted-space\">\u00a0<\/span><\/p>\n<p>Desde este punto de vista, el carbaval pertenece, pensamos, a un tipo de cultura milenaria donde la trascendencia tuvo una alta consideraci\u00f3n social: los tiempos del chamanismo, el contacto \u00edntimo y la comuni\u00f3n directa y personal con la naturaleza y con los miembros de nuestra comunidad a trav\u00e9s de los estados alterados de conciencia.<span class=\"Apple-converted-space\">\u00a0<\/span><\/p>\n<p>En esta charla exploramos c\u00f3mo los sonidos ligados a nuestros carnavales tradicionales, la m\u00fasica, los ruidos, los ritmos... ayudan a conseguir estos estados de p\u00e9rdida del ego y de integraci\u00f3n profunda en un rito comunitario. Tambi\u00e9n explicamos c\u00f3mo sus ra\u00edces se unden en el Paleol\u00edtico, cuando las creencias naturalistas, cham\u00e1nicas y matriarcales fueron reemplazadas por religiones te\u00edstas y patriarcales, donde la trascendencia dej\u00f3 de practicarse para ser simplemente imitada.<span class=\"Apple-converted-space\">\u00a0 \u00a0 \u00a0 \u00a0 \u00a0<\/span><\/p>\n\n<style type=\"text\/css\" data-created_by=\"avia_inline_auto\" id=\"style-css-av-15tet-ea2f1490a537f0a17362057f7e693c1f\">\n#top .hr.hr-invisible.av-15tet-ea2f1490a537f0a17362057f7e693c1f{\nheight:100px;\n}\n<\/style>\n<div  class='hr av-15tet-ea2f1490a537f0a17362057f7e693c1f hr-invisible  avia-builder-el-139  avia-builder-el-no-sibling'><span class='hr-inner'><span class=\"hr-inner-style\"><\/span><\/span><\/div>\n<\/div><\/section>\n<section  class='av_textblock_section av-1zfdt-e477a9f9b0d038a62630188806c55135'   itemscope=\"itemscope\" itemtype=\"https:\/\/schema.org\/CreativeWork\" ><div class='avia_textblock'  itemprop=\"text\" >\n<style type=\"text\/css\" data-created_by=\"avia_inline_auto\" id=\"style-css-av-1o9u9-54bd04e2bde48261921eb390646d4df0\">\n#top .hr.hr-invisible.av-1o9u9-54bd04e2bde48261921eb390646d4df0{\nheight:30px;\n}\n<\/style>\n<div  class='hr av-1o9u9-54bd04e2bde48261921eb390646d4df0 hr-invisible  avia-builder-el-141  avia-builder-el-no-sibling'><span class='hr-inner'><span class=\"hr-inner-style\"><\/span><\/span><\/div>\n<\/div><\/section>\n<section  id=\"gaitasFolPontevedra\"  class='av_textblock_section av-ltffslcc-5d4cdf4a76bdb0f365ceb4cce16d3cc4'   itemscope=\"itemscope\" itemtype=\"https:\/\/schema.org\/CreativeWork\" ><div class='avia_textblock'  itemprop=\"text\" ><h2>As gaitas de fol na provincia de Pontevedra. Unha nova hip\u00f3tese sobre a orixe das gaitas de fol.<\/h2>\n<\/div><\/section>\n<section  class='av_textblock_section av-3ne0x-93169f41b1a938350b25cd77471211ea'   itemscope=\"itemscope\" itemtype=\"https:\/\/schema.org\/CreativeWork\" ><div class='avia_textblock'  itemprop=\"text\" >\n<style type=\"text\/css\" data-created_by=\"avia_inline_auto\" id=\"style-css-av-37lyx-b4b0194706f41e34f6d143b2e5b06a9c\">\n#top .hr.hr-invisible.av-37lyx-b4b0194706f41e34f6d143b2e5b06a9c{\nheight:30px;\n}\n<\/style>\n<div  class='hr av-37lyx-b4b0194706f41e34f6d143b2e5b06a9c hr-invisible  avia-builder-el-144  avia-builder-el-no-sibling'><span class='hr-inner'><span class=\"hr-inner-style\"><\/span><\/span><\/div>\n<\/div><\/section>\n\n<style type=\"text\/css\" data-created_by=\"avia_inline_auto\" id=\"style-css-av-ltffu74n-d8a035dcab8b56bb290cd478ddb68ed6\">\n.avia-image-container.av-ltffu74n-d8a035dcab8b56bb290cd478ddb68ed6 img.avia_image{\nbox-shadow:none;\n}\n.avia-image-container.av-ltffu74n-d8a035dcab8b56bb290cd478ddb68ed6 .av-image-caption-overlay-center{\ncolor:#ffffff;\n}\n<\/style>\n<div  class='avia-image-container av-ltffu74n-d8a035dcab8b56bb290cd478ddb68ed6 av-styling- avia-align-center  avia-builder-el-145  el_after_av_textblock  el_before_av_textblock'   itemprop=\"image\" itemscope=\"itemscope\" itemtype=\"https:\/\/schema.org\/ImageObject\" ><div class=\"avia-image-container-inner\"><div class=\"avia-image-overlay-wrap\"><img decoding=\"async\" class='wp-image-2359 avia-img-lazy-loading-not-2359 avia_image' src=\"https:\/\/pablocarpintero.es\/wp-content\/uploads\/2021\/11\/Gaita-Barquin-Pablo-Carpintero-2-1030x746.jpg\" alt='' title='Gaita Barqu\u00edn Pablo Carpintero 2'  height=\"746\" width=\"1030\"  itemprop=\"thumbnailUrl\" srcset=\"https:\/\/pablocarpintero.es\/wp-content\/uploads\/2021\/11\/Gaita-Barquin-Pablo-Carpintero-2-1030x746.jpg 1030w, https:\/\/pablocarpintero.es\/wp-content\/uploads\/2021\/11\/Gaita-Barquin-Pablo-Carpintero-2-300x217.jpg 300w, https:\/\/pablocarpintero.es\/wp-content\/uploads\/2021\/11\/Gaita-Barquin-Pablo-Carpintero-2-768x556.jpg 768w, https:\/\/pablocarpintero.es\/wp-content\/uploads\/2021\/11\/Gaita-Barquin-Pablo-Carpintero-2-18x12.jpg 18w, https:\/\/pablocarpintero.es\/wp-content\/uploads\/2021\/11\/Gaita-Barquin-Pablo-Carpintero-2-705x510.jpg 705w, https:\/\/pablocarpintero.es\/wp-content\/uploads\/2021\/11\/Gaita-Barquin-Pablo-Carpintero-2-450x326.jpg 450w, https:\/\/pablocarpintero.es\/wp-content\/uploads\/2021\/11\/Gaita-Barquin-Pablo-Carpintero-2-1320x955.jpg 1320w, https:\/\/pablocarpintero.es\/wp-content\/uploads\/2021\/11\/Gaita-Barquin-Pablo-Carpintero-2-600x434.jpg 600w, https:\/\/pablocarpintero.es\/wp-content\/uploads\/2021\/11\/Gaita-Barquin-Pablo-Carpintero-2.jpg 1376w\" sizes=\"(max-width: 1030px) 100vw, 1030px\" \/><\/div><\/div><\/div>\n<section  class='av_textblock_section av-2m7zh-3cd5036bb70b6dcc34b6dd6208be58cd'   itemscope=\"itemscope\" itemtype=\"https:\/\/schema.org\/CreativeWork\" ><div class='avia_textblock'  itemprop=\"text\" >\n<style type=\"text\/css\" data-created_by=\"avia_inline_auto\" id=\"style-css-av-25565-f9fe1085fa34d98008853b558a40320e\">\n#top .hr.hr-invisible.av-25565-f9fe1085fa34d98008853b558a40320e{\nheight:30px;\n}\n<\/style>\n<div  class='hr av-25565-f9fe1085fa34d98008853b558a40320e hr-invisible  avia-builder-el-147  avia-builder-el-no-sibling'><span class='hr-inner'><span class=\"hr-inner-style\"><\/span><\/span><\/div>\n<\/div><\/section>\n<section  class='av_textblock_section av-ltfgqlyx-313512087262d9bbbb0abdeb0aa27f33'   itemscope=\"itemscope\" itemtype=\"https:\/\/schema.org\/CreativeWork\" ><div class='avia_textblock'  itemprop=\"text\" ><p>Pontevedra \u00e9 a provincia galega que presenta maior n\u00famero de tipolox\u00edas de gaitas de fol en toda a pen\u00ednsula Ib\u00e9rica (cinco en total) e, tendo en conta a s\u00faa superficie, a zona europea onde aparecen tam\u00e9n mais tipos diferentes. Tam\u00e9n \u00e9 o lugar onde a proporci\u00f3n de <a href=\"https:\/\/pablocarpintero.es\/es\/achamos-gaitas-en-galicia-e-portugal-en-uso-dende-a-idade-media\/\">gaitas de fol con m\u00e1is de 300 anos<\/a> de antig\u00fcidade \u00e9 maior; por outra banda, a cantidade de iconograf\u00edas deste instrumento por unidade de superficie duplica ao do resto de calquera outra zona peninsular. Estes datos obxectivos indican que algo particular ten acontecido nesta provincia, dende moi antigo, en relaci\u00f3n coas gaitas de fol. Nesta charla postulamos unha hip\u00f3tese de traballo que permite explicar o conxunto destes achados. <span class=\"Apple-converted-space\">\u00a0 \u00a0<\/span><\/p>\n<p>Abordamos a explicaci\u00f3n, distribuci\u00f3n e caracter\u00edsticas dos cinco tipos de gaitas de fol de que aparecen na provincia: gaitas sinxelas, <a href=\"https:\/\/pablocarpintero.es\/es\/producto\/gaita-de-dous-bordons-no-ombreiro\/\">gaitas con dous bord\u00f3ns ao ombreiro<\/a> (de soprete ou barqu\u00edn), gaitas de ronquillo co seu subtipo pontevedr\u00e9s, a <i>rosca<\/i> do Baixo Mi\u00f1o e as gaitas de cana\/sabugueiro. Interpretamos pezas con r\u00e9plicas ou orixinais de cada unha delas, entre elas r\u00e9plicas dalgunhas das m\u00e1is antigas que puidemos documentar: <a href=\"https:\/\/pablocarpintero.es\/es\/producto\/gaita-de-barquin-de-ricardo-alexandre-tomino\/\">gaitas de barqu\u00edn<\/a> (s. XVIII), a <a href=\"https:\/\/pablocarpintero.es\/es\/producto\/gaita-tumbal-de-ronquillo-de-perfecto-feijoo\/\">gaita de ronquillo<\/a> tumbal de Perfecto Feijoo (s. XIX), a <a href=\"https:\/\/pablocarpintero.es\/es\/producto\/gaita-redonda-de-manuel-villanueva\/\">gaita de ronquillo redonda de Manuel Villanueva<\/a> (datada no s. XVIII), a <a href=\"https:\/\/pablocarpintero.es\/es\/producto\/gaita-de-ronquillo-de-xan-de-campano\/\">gaita de Xan de Campa\u00f1\u00f3<\/a> (datada a finais do s\u00e9culo XV) e uns dos <a href=\"https:\/\/pablocarpintero.es\/es\/producto\/punteiro-con-aneis-do-museo-de-pontevedra\/\">punteiros con aneis<\/a> que se achan entre as ferramentas de Villanueva no Museo de Pontevedra (s. XV).<\/p>\n\n<style type=\"text\/css\" data-created_by=\"avia_inline_auto\" id=\"style-css-av-q9dp-4c10dea19673df41fe3a5eb7c91eb5de\">\n#top .hr.hr-invisible.av-q9dp-4c10dea19673df41fe3a5eb7c91eb5de{\nheight:100px;\n}\n<\/style>\n<div  class='hr av-q9dp-4c10dea19673df41fe3a5eb7c91eb5de hr-invisible  avia-builder-el-149  avia-builder-el-no-sibling'><span class='hr-inner'><span class=\"hr-inner-style\"><\/span><\/span><\/div>\n<\/div><\/section>\n\n<style type=\"text\/css\" data-created_by=\"avia_inline_auto\" id=\"style-css-av-ltfhe1t8-9117cd2f6b15b3c42d34335fc3f9a371\">\n.avia-image-container.av-ltfhe1t8-9117cd2f6b15b3c42d34335fc3f9a371 img.avia_image{\nbox-shadow:none;\n}\n.avia-image-container.av-ltfhe1t8-9117cd2f6b15b3c42d34335fc3f9a371 .av-image-caption-overlay-center{\ncolor:#ffffff;\n}\n<\/style>\n<div  class='avia-image-container av-ltfhe1t8-9117cd2f6b15b3c42d34335fc3f9a371 av-styling- avia-align-center  avia-builder-el-150  el_after_av_textblock  el_before_av_textblock'   itemprop=\"image\" itemscope=\"itemscope\" itemtype=\"https:\/\/schema.org\/ImageObject\" ><div class=\"avia-image-container-inner\"><div class=\"avia-image-overlay-wrap\"><img decoding=\"async\" class='wp-image-2024 avia-img-lazy-loading-not-2024 avia_image' src=\"https:\/\/pablocarpintero.es\/wp-content\/uploads\/2022\/07\/Gaita-Mogor-1030x761.jpg\" alt='' title='Gaita Mogor'  height=\"761\" width=\"1030\"  itemprop=\"thumbnailUrl\" srcset=\"https:\/\/pablocarpintero.es\/wp-content\/uploads\/2022\/07\/Gaita-Mogor-1030x761.jpg 1030w, https:\/\/pablocarpintero.es\/wp-content\/uploads\/2022\/07\/Gaita-Mogor-600x443.jpg 600w, https:\/\/pablocarpintero.es\/wp-content\/uploads\/2022\/07\/Gaita-Mogor-300x222.jpg 300w, https:\/\/pablocarpintero.es\/wp-content\/uploads\/2022\/07\/Gaita-Mogor-768x567.jpg 768w, https:\/\/pablocarpintero.es\/wp-content\/uploads\/2022\/07\/Gaita-Mogor-16x12.jpg 16w, https:\/\/pablocarpintero.es\/wp-content\/uploads\/2022\/07\/Gaita-Mogor-705x521.jpg 705w, https:\/\/pablocarpintero.es\/wp-content\/uploads\/2022\/07\/Gaita-Mogor.jpg 1225w\" sizes=\"(max-width: 1030px) 100vw, 1030px\" \/><\/div><\/div><\/div>\n<section  class='av_textblock_section av-1ngd5-af1ee3ab3dc6f9b6997ad0442a4cf688'   itemscope=\"itemscope\" itemtype=\"https:\/\/schema.org\/CreativeWork\" ><div class='avia_textblock'  itemprop=\"text\" >\n<style type=\"text\/css\" data-created_by=\"avia_inline_auto\" id=\"style-css-av-14fc1-22c278a9b17067d1b7b5e19564943cff\">\n#top .hr.hr-invisible.av-14fc1-22c278a9b17067d1b7b5e19564943cff{\nheight:30px;\n}\n<\/style>\n<div  class='hr av-14fc1-22c278a9b17067d1b7b5e19564943cff hr-invisible  avia-builder-el-152  avia-builder-el-no-sibling'><span class='hr-inner'><span class=\"hr-inner-style\"><\/span><\/span><\/div>\n<\/div><\/section>\n<section  class='av_textblock_section av-ltfgy1wq-a0ff7980707677c33d23e697ec3bab93'   itemscope=\"itemscope\" itemtype=\"https:\/\/schema.org\/CreativeWork\" ><div class='avia_textblock'  itemprop=\"text\" ><p>Unha parte desta charla c\u00e9ntrase especificamente nun subtipo \u00fanico na pen\u00ednsula: a gaita de fol de ronquillo da comarca pontevedresa, da que temos demostrado fondas ligaduras cun pasado tardomedieval, como demostran as dataci\u00f3ns de instrumentos f\u00edsicos mediante probas do carbono 14 e un modelo matem\u00e1tico que permite calcular o seu tempo de uso. O Museo de Pontevedra conserva tres destas gaitas de fol e as ferramentas para constru\u00edlas que conectan a tres importantes persoeiros pontevedreses, moi relacionados coa nosa m\u00fasica de tradici\u00f3n: Casto Sampedro, Perfecto Feijoo e o gaiteiro e construtor Manuel Villanueva de Poio. Os tres viviron entre os s\u00e9culos XIX e XX e desenvolveron actividades que transcenderon o tempo pola s\u00faa importancia para a nosa cultura musical. Casto Sampedro, ademais de ser fundamental na creaci\u00f3n do Museo de Pontevedra, reuniu un dos cancioneiros musicais m\u00e1is importantes da nosa terra; este compilador prestou moita atenci\u00f3n a Manuel Villanueva, un dos gaiteiros e construtores de gaitas m\u00e1is renomeados da s\u00faa \u00e9poca, quizais porque Casto Sampedro se decatou de que Manuel era portador dos restos dunha ancestral cultura relativa \u00e1 gaita. Manuel Villanueva, pola s\u00faa parte, foi mestre gaiteiro de Perfecto Feijoo, farmac\u00e9utico pontevedr\u00e9s tam\u00e9n moi relacionado co Museo de Pontevedra e outro gran compilador de m\u00fasica tradicional, ademais de fundador do senlleiro coro Aires da Terra. \u00c1 s\u00faa morte, Manuel Villanueva cedeu a Perfecto Feijoo as s\u00faas d\u00faas gaitas e as ferramentas que empregaba para constru\u00edlas. Estas ferramentas, que inclu\u00edan dous punteiros moi antigos, as\u00ed como as d\u00faas gaitas de Villanueva e outra gaita tumbal, que Manuel lle constru\u00edra a Perfecto Feijoo, acabaron nos fondos do Museo de Pontevedra. Deste xeito, esta colecci\u00f3n de melod\u00edas, instrumentos musicais e ferramentas converteuse nunha aut\u00e9ntica c\u00e1psula do tempo da m\u00fasica de gaita da Pontevedra do s\u00e9culo XIX; a an\u00e1lise e estudo destas gaitas, punteiros e ferramentas levounos a diversas e interesantes conclusi\u00f3ns sobre a orixe desta tipolox\u00eda de gaita propia de Pontevedra, das s\u00faas melod\u00edas e xeitos de interpretaci\u00f3n que conforman unha tradici\u00f3n que agora podemos demostrar que arrinca, polo menos, dende finais da Idade Media.<\/p>\n\n<style type=\"text\/css\" data-created_by=\"avia_inline_auto\" id=\"style-css-av-1lne9-41e3ba2b2fbd87cb5d309306575b2705\">\n#top .hr.hr-invisible.av-1lne9-41e3ba2b2fbd87cb5d309306575b2705{\nheight:100px;\n}\n<\/style>\n<div  class='hr av-1lne9-41e3ba2b2fbd87cb5d309306575b2705 hr-invisible  avia-builder-el-154  avia-builder-el-no-sibling'><span class='hr-inner'><span class=\"hr-inner-style\"><\/span><\/span><\/div>\n<\/div><\/section>\n\n<style type=\"text\/css\" data-created_by=\"avia_inline_auto\" id=\"style-css-av-ltfhkd4a-c7faf657a3015d8de1a6318fcffff546\">\n.avia-image-container.av-ltfhkd4a-c7faf657a3015d8de1a6318fcffff546 img.avia_image{\nbox-shadow:none;\n}\n.avia-image-container.av-ltfhkd4a-c7faf657a3015d8de1a6318fcffff546 .av-image-caption-overlay-center{\ncolor:#ffffff;\n}\n<\/style>\n<div  class='avia-image-container av-ltfhkd4a-c7faf657a3015d8de1a6318fcffff546 av-styling- avia-align-center  avia-builder-el-155  el_after_av_textblock  el_before_av_textblock'   itemprop=\"image\" itemscope=\"itemscope\" itemtype=\"https:\/\/schema.org\/ImageObject\" ><div class=\"avia-image-container-inner\"><div class=\"avia-image-overlay-wrap\"><img decoding=\"async\" class='wp-image-1968 avia-img-lazy-loading-not-1968 avia_image' src=\"https:\/\/pablocarpintero.es\/wp-content\/uploads\/2022\/04\/Gaita-de-Xan-de-Campano-1030x619.jpg\" alt='' title='Gaita de Xan de Campa\u00f1\u00f3'  height=\"619\" width=\"1030\"  itemprop=\"thumbnailUrl\" srcset=\"https:\/\/pablocarpintero.es\/wp-content\/uploads\/2022\/04\/Gaita-de-Xan-de-Campano-1030x619.jpg 1030w, https:\/\/pablocarpintero.es\/wp-content\/uploads\/2022\/04\/Gaita-de-Xan-de-Campano-600x361.jpg 600w, https:\/\/pablocarpintero.es\/wp-content\/uploads\/2022\/04\/Gaita-de-Xan-de-Campano-300x180.jpg 300w, https:\/\/pablocarpintero.es\/wp-content\/uploads\/2022\/04\/Gaita-de-Xan-de-Campano-768x462.jpg 768w, https:\/\/pablocarpintero.es\/wp-content\/uploads\/2022\/04\/Gaita-de-Xan-de-Campano-1536x924.jpg 1536w, https:\/\/pablocarpintero.es\/wp-content\/uploads\/2022\/04\/Gaita-de-Xan-de-Campano-18x12.jpg 18w, https:\/\/pablocarpintero.es\/wp-content\/uploads\/2022\/04\/Gaita-de-Xan-de-Campano-1500x902.jpg 1500w, https:\/\/pablocarpintero.es\/wp-content\/uploads\/2022\/04\/Gaita-de-Xan-de-Campano-705x424.jpg 705w, https:\/\/pablocarpintero.es\/wp-content\/uploads\/2022\/04\/Gaita-de-Xan-de-Campano-1320x794.jpg 1320w, https:\/\/pablocarpintero.es\/wp-content\/uploads\/2022\/04\/Gaita-de-Xan-de-Campano.jpg 1921w\" sizes=\"(max-width: 1030px) 100vw, 1030px\" \/><\/div><\/div><\/div>\n<section  class='av_textblock_section av-1ed7d-db29fe1f0216715f0995656eba1d88dc'   itemscope=\"itemscope\" itemtype=\"https:\/\/schema.org\/CreativeWork\" ><div class='avia_textblock'  itemprop=\"text\" >\n<style type=\"text\/css\" data-created_by=\"avia_inline_auto\" id=\"style-css-av-wwt5-fb73f066e9f6f8649012437ccf3309cf\">\n#top .hr.hr-invisible.av-wwt5-fb73f066e9f6f8649012437ccf3309cf{\nheight:30px;\n}\n<\/style>\n<div  class='hr av-wwt5-fb73f066e9f6f8649012437ccf3309cf hr-invisible  avia-builder-el-157  avia-builder-el-no-sibling'><span class='hr-inner'><span class=\"hr-inner-style\"><\/span><\/span><\/div>\n<\/div><\/section>\n<section  class='av_textblock_section av-ltfhgtrs-ab2628d0ccb95d75a398f4f81f1e1de1'   itemscope=\"itemscope\" itemtype=\"https:\/\/schema.org\/CreativeWork\" ><div class='avia_textblock'  itemprop=\"text\" ><p>A taxa de gaitas de fol con m\u00e1is de 300 anos de antig\u00fcidade e a cantidade de iconograf\u00edas por quil\u00f3metro cadrado amosan na provincia de Pontevedra unhas taxas que case duplican \u00e1s de calquera outra provincia ib\u00e9rica. Por outra banda, a an\u00e1lise dos datos relativos a dous tipos de gaitas de fol propias de nenos, a<a href=\"https:\/\/pablocarpintero.es\/es\/producto\/rosca-do-baixo-mino\/\"> <i>rosca<\/i><\/a> do Baixo Mi\u00f1o (unha gaita de fol con resoador de corno \u00fanica no occidente europeo) e as <a href=\"https:\/\/pablocarpintero.es\/es\/instrumentos-musicais\/gaitas-de-fol\/gaitas-de-cana-gaitas-de-pallon\/\">gaitas de cana con fol<\/a>, que amosan una enorme preponderancia entre os nenos que \u00edan ser gaiteiros nesta provincia, permit\u00edronnos establecer unha curiosa hip\u00f3tese de traballo: foron os nenos pontevedreses os primeiros que acolaron un fol a un instrumento soprado coa boca dando orixe \u00e1s gaitas de fol? Quizais os nen@s te\u00f1an m\u00e1is relevancia da que temos por costume asignarlles&#8230;<\/p>\n<p>Podedes ver esta charla na gravaci\u00f3n que o Museo de Pontevedra fixo dela o 16 de febreiro de 2024 cando a realizamos por primeira vez. O son orixinal fallou e Sen\u00e9n Bern\u00e1rdez tivo a amabilidade de corrixilo na medida do posible e de insertar as imaxes. Grazas a Sen\u00e9n polo seu traballo e tam\u00e9n ao Museo de Pontevedra por axudarnos sempre e permitirnos estudar as s\u00faas pezas.<\/p>\n\n<style type=\"text\/css\" data-created_by=\"avia_inline_auto\" id=\"style-css-av-1lne9-3-80c0b152db2cb30da81714cfa3fcfc20\">\n#top .hr.hr-invisible.av-1lne9-3-80c0b152db2cb30da81714cfa3fcfc20{\nheight:100px;\n}\n<\/style>\n<div  class='hr av-1lne9-3-80c0b152db2cb30da81714cfa3fcfc20 hr-invisible  avia-builder-el-159  avia-builder-el-no-sibling'><span class='hr-inner'><span class=\"hr-inner-style\"><\/span><\/span><\/div>\n<\/div><\/section>\n<div  class='avia-video av-ltfh6i8b-43e91f90c81964ee6275c7a6d4ebc32f avia-video-16-9 av-no-preview-image avia-video-load-always av-lazyload-immediate av-lazyload-video-embed'  itemprop=\"video\" itemtype=\"https:\/\/schema.org\/VideoObject\"  data-original_url='https:\/\/www.youtube.com\/watch?v=beO_yw6F4aw'><script type='text\/html' class='av-video-tmpl'><div class='avia-iframe-wrap'><iframe loading=\"lazy\" title=\"As gaitas de fol na provincia de Pontevedra\" width=\"1500\" height=\"844\" src=\"https:\/\/www.youtube.com\/embed\/beO_yw6F4aw?feature=oembed&autoplay=0&loop=0&controls=1&mute=0\" frameborder=\"0\" allow=\"accelerometer; autoplay; clipboard-write; encrypted-media; gyroscope; picture-in-picture; web-share\" allowfullscreen><\/iframe><\/div><\/script><div class='av-click-to-play-overlay'><div class=\"avia_playpause_icon\"><\/div><\/div><\/div>","protected":false},"excerpt":{"rendered":"","protected":false},"author":1,"featured_media":0,"parent":0,"menu_order":14,"comment_status":"closed","ping_status":"closed","template":"","meta":{"give_campaign_id":0,"_joinchat":[],"footnotes":""},"class_list":["post-13","page","type-page","status-publish","hentry"],"yoast_head":"<!-- This site is optimized with the Yoast SEO plugin v27.2 - https:\/\/yoast.com\/product\/yoast-seo-wordpress\/ -->\n<title>Charlas-concerto - Pablo Carpintero<\/title>\n<meta name=\"robots\" content=\"index, follow, max-snippet:-1, max-image-preview:large, max-video-preview:-1\" \/>\n<link rel=\"canonical\" href=\"https:\/\/pablocarpintero.es\/es\/charlas-concertos\/\" \/>\n<meta property=\"og:locale\" content=\"es_ES\" \/>\n<meta property=\"og:type\" content=\"article\" \/>\n<meta property=\"og:title\" content=\"Charlas-concerto - Pablo Carpintero\" \/>\n<meta property=\"og:url\" content=\"https:\/\/pablocarpintero.es\/es\/charlas-concertos\/\" \/>\n<meta property=\"og:site_name\" content=\"Pablo Carpintero\" \/>\n<meta property=\"article:modified_time\" content=\"2024-03-08T11:11:35+00:00\" \/>\n<meta name=\"twitter:card\" content=\"summary_large_image\" \/>\n<meta name=\"twitter:label1\" content=\"Tiempo de lectura\" \/>\n\t<meta name=\"twitter:data1\" content=\"33 minutos\" \/>\n<script type=\"application\/ld+json\" class=\"yoast-schema-graph\">{\"@context\":\"https:\/\/schema.org\",\"@graph\":[{\"@type\":\"WebPage\",\"@id\":\"https:\/\/pablocarpintero.es\/charlas-concertos\/\",\"url\":\"https:\/\/pablocarpintero.es\/charlas-concertos\/\",\"name\":\"Charlas-concerto - Pablo Carpintero\",\"isPartOf\":{\"@id\":\"https:\/\/pablocarpintero.es\/#website\"},\"datePublished\":\"2021-09-29T09:55:00+00:00\",\"dateModified\":\"2024-03-08T11:11:35+00:00\",\"breadcrumb\":{\"@id\":\"https:\/\/pablocarpintero.es\/charlas-concertos\/#breadcrumb\"},\"inLanguage\":\"es\",\"potentialAction\":[{\"@type\":\"ReadAction\",\"target\":[\"https:\/\/pablocarpintero.es\/charlas-concertos\/\"]}]},{\"@type\":\"BreadcrumbList\",\"@id\":\"https:\/\/pablocarpintero.es\/charlas-concertos\/#breadcrumb\",\"itemListElement\":[{\"@type\":\"ListItem\",\"position\":1,\"name\":\"Portada\",\"item\":\"https:\/\/pablocarpintero.es\/inicio\/\"},{\"@type\":\"ListItem\",\"position\":2,\"name\":\"Charlas-concerto\"}]},{\"@type\":\"WebSite\",\"@id\":\"https:\/\/pablocarpintero.es\/#website\",\"url\":\"https:\/\/pablocarpintero.es\/\",\"name\":\"Pablo Carpintero\",\"description\":\"Otro sitio realizado con WordPress\",\"potentialAction\":[{\"@type\":\"SearchAction\",\"target\":{\"@type\":\"EntryPoint\",\"urlTemplate\":\"https:\/\/pablocarpintero.es\/?s={search_term_string}\"},\"query-input\":{\"@type\":\"PropertyValueSpecification\",\"valueRequired\":true,\"valueName\":\"search_term_string\"}}],\"inLanguage\":\"es\"}]}<\/script>\n<!-- \/ Yoast SEO plugin. -->","yoast_head_json":{"title":"Charlas-concerto - Pablo Carpintero","robots":{"index":"index","follow":"follow","max-snippet":"max-snippet:-1","max-image-preview":"max-image-preview:large","max-video-preview":"max-video-preview:-1"},"canonical":"https:\/\/pablocarpintero.es\/es\/charlas-concertos\/","og_locale":"es_ES","og_type":"article","og_title":"Charlas-concerto - Pablo Carpintero","og_url":"https:\/\/pablocarpintero.es\/es\/charlas-concertos\/","og_site_name":"Pablo Carpintero","article_modified_time":"2024-03-08T11:11:35+00:00","twitter_card":"summary_large_image","twitter_misc":{"Tiempo de lectura":"33 minutos"},"schema":{"@context":"https:\/\/schema.org","@graph":[{"@type":"WebPage","@id":"https:\/\/pablocarpintero.es\/charlas-concertos\/","url":"https:\/\/pablocarpintero.es\/charlas-concertos\/","name":"Charlas-concerto - Pablo Carpintero","isPartOf":{"@id":"https:\/\/pablocarpintero.es\/#website"},"datePublished":"2021-09-29T09:55:00+00:00","dateModified":"2024-03-08T11:11:35+00:00","breadcrumb":{"@id":"https:\/\/pablocarpintero.es\/charlas-concertos\/#breadcrumb"},"inLanguage":"es","potentialAction":[{"@type":"ReadAction","target":["https:\/\/pablocarpintero.es\/charlas-concertos\/"]}]},{"@type":"BreadcrumbList","@id":"https:\/\/pablocarpintero.es\/charlas-concertos\/#breadcrumb","itemListElement":[{"@type":"ListItem","position":1,"name":"Portada","item":"https:\/\/pablocarpintero.es\/inicio\/"},{"@type":"ListItem","position":2,"name":"Charlas-concerto"}]},{"@type":"WebSite","@id":"https:\/\/pablocarpintero.es\/#website","url":"https:\/\/pablocarpintero.es\/","name":"Pablo Carpintero","description":"Otro sitio realizado con WordPress","potentialAction":[{"@type":"SearchAction","target":{"@type":"EntryPoint","urlTemplate":"https:\/\/pablocarpintero.es\/?s={search_term_string}"},"query-input":{"@type":"PropertyValueSpecification","valueRequired":true,"valueName":"search_term_string"}}],"inLanguage":"es"}]}},"campaignId":"","_links":{"self":[{"href":"https:\/\/pablocarpintero.es\/es\/wp-json\/wp\/v2\/pages\/13","targetHints":{"allow":["GET"]}}],"collection":[{"href":"https:\/\/pablocarpintero.es\/es\/wp-json\/wp\/v2\/pages"}],"about":[{"href":"https:\/\/pablocarpintero.es\/es\/wp-json\/wp\/v2\/types\/page"}],"author":[{"embeddable":true,"href":"https:\/\/pablocarpintero.es\/es\/wp-json\/wp\/v2\/users\/1"}],"replies":[{"embeddable":true,"href":"https:\/\/pablocarpintero.es\/es\/wp-json\/wp\/v2\/comments?post=13"}],"version-history":[{"count":58,"href":"https:\/\/pablocarpintero.es\/es\/wp-json\/wp\/v2\/pages\/13\/revisions"}],"predecessor-version":[{"id":2406,"href":"https:\/\/pablocarpintero.es\/es\/wp-json\/wp\/v2\/pages\/13\/revisions\/2406"}],"wp:attachment":[{"href":"https:\/\/pablocarpintero.es\/es\/wp-json\/wp\/v2\/media?parent=13"}],"curies":[{"name":"wp","href":"https:\/\/api.w.org\/{rel}","templated":true}]}}