{"id":248,"date":"2021-10-07T22:14:21","date_gmt":"2021-10-07T22:14:21","guid":{"rendered":"http:\/\/pablocarpintero.es\/?page_id=248"},"modified":"2024-12-03T05:27:55","modified_gmt":"2024-12-03T05:27:55","slug":"quienes-somos","status":"publish","type":"page","link":"https:\/\/pablocarpintero.es\/es\/quienes-somos\/","title":{"rendered":"Quienes somos"},"content":{"rendered":"<div  class='flex_column av-98ql4-dfc51fcf606977dd4dbe2f972d987b48 av_one_full  avia-builder-el-0  avia-builder-el-no-sibling  first flex_column_div'     ><p>\n<style type=\"text\/css\" data-created_by=\"avia_inline_auto\" id=\"style-css-av-kwaey0ir-7e231902e15bb27914e1457c2989b3ca\">\n.avia-image-container.av-kwaey0ir-7e231902e15bb27914e1457c2989b3ca img.avia_image{\nbox-shadow:none;\n}\n.avia-image-container.av-kwaey0ir-7e231902e15bb27914e1457c2989b3ca .av-image-caption-overlay-center{\ncolor:#ffffff;\n}\n<\/style>\n<div  class='avia-image-container av-kwaey0ir-7e231902e15bb27914e1457c2989b3ca av-styling- avia-align-center  avia-builder-el-1  el_before_av_textblock  avia-builder-el-first'   itemprop=\"image\" itemscope=\"itemscope\" itemtype=\"https:\/\/schema.org\/ImageObject\" ><div class=\"avia-image-container-inner\"><div class=\"avia-image-overlay-wrap\"><img decoding=\"async\" class='wp-image-1492 avia-img-lazy-loading-not-1492 avia_image' src=\"https:\/\/pablocarpintero.es\/wp-content\/uploads\/2021\/11\/Rosi-e-eu-1-705x435.jpg\" alt='' title='Rosi e eu'  height=\"435\" width=\"705\"  itemprop=\"thumbnailUrl\" srcset=\"https:\/\/pablocarpintero.es\/wp-content\/uploads\/2021\/11\/Rosi-e-eu-1-705x435.jpg 705w, https:\/\/pablocarpintero.es\/wp-content\/uploads\/2021\/11\/Rosi-e-eu-1-600x370.jpg 600w, https:\/\/pablocarpintero.es\/wp-content\/uploads\/2021\/11\/Rosi-e-eu-1-300x185.jpg 300w, https:\/\/pablocarpintero.es\/wp-content\/uploads\/2021\/11\/Rosi-e-eu-1-1030x636.jpg 1030w, https:\/\/pablocarpintero.es\/wp-content\/uploads\/2021\/11\/Rosi-e-eu-1-768x474.jpg 768w, https:\/\/pablocarpintero.es\/wp-content\/uploads\/2021\/11\/Rosi-e-eu-1-1536x948.jpg 1536w, https:\/\/pablocarpintero.es\/wp-content\/uploads\/2021\/11\/Rosi-e-eu-1-2048x1264.jpg 2048w, https:\/\/pablocarpintero.es\/wp-content\/uploads\/2021\/11\/Rosi-e-eu-1-18x12.jpg 18w, https:\/\/pablocarpintero.es\/wp-content\/uploads\/2021\/11\/Rosi-e-eu-1-1500x926.jpg 1500w, https:\/\/pablocarpintero.es\/wp-content\/uploads\/2021\/11\/Rosi-e-eu-1-1320x815.jpg 1320w\" sizes=\"(max-width: 705px) 100vw, 705px\" \/><\/div><\/div><\/div><br \/>\n<section  class='av_textblock_section av-kuu2vpl6-2fdf02e7121dfd0702414de5836e78d2'   itemscope=\"itemscope\" itemtype=\"https:\/\/schema.org\/CreativeWork\" ><div class='avia_textblock'  itemprop=\"text\" ><p class=\"p1\">Yo, Rosa, soy ama de casa, bailadora y cantadora tradicional, tambi\u00e9n me gusta tocar los tambores de las diferentes zonas del noroeste. Junto con mi marido, Pablo, recorrimos en los \u00faltimos 30 a\u00f1os el noroeste de la pen\u00ednsula Ib\u00e9rica coleccionando uno de los mayores archivos de grabaciones de campo de esta zona, m\u00e1s de 900 horas, que hace poco donamos al APOI del Museo do Pobo Galego y que pod\u00e9is consultar \u00edntegramente en <a href=\"https:\/\/pablocarpintero.es\/es\/arquivo-etnografico\/\">esta p\u00e1gina<\/a>.<span class=\"Apple-converted-space\">\u00a0<\/span><\/p>\n<p class=\"p1\">Nuestro trabajo de investigaci\u00f3n est\u00e1 centrado en el folclore infantil, en la evoluci\u00f3n de la morfolog\u00eda y del repertorio de la gaita de fuelle y de los instrumentos que la acompa\u00f1an, en su contextualizaci\u00f3n social e hist\u00f3rica, y por supuesto, en el estudio de los diversos instrumentos musicales tradicionales del noroeste peninsular y de nuestra m\u00fasica tradicional en general, de la que nos gusta particularmente el folclore femenino y sus instrumentos musicales.<span class=\"Apple-converted-space\">\u00a0<\/span><\/p>\n<p class=\"p1\">Pablo es doctor en Ciencias por la Universidad de Santiago de Compostela, donde fue profesor de Bioqu\u00edmica, una de sus vocaciones. Despu\u00e9s de muchos a\u00f1os dedicado a ella, decidi\u00f3 cambiarla por su otra vocaci\u00f3n: la m\u00fasica y la construcci\u00f3n de instrumentos musicales, actividad a la que se dedica profesionalmente desde el a\u00f1o 2010. Como nunca pudo dejar de lado su ansia cient\u00edfica, siempre trabaj\u00f3 en la m\u00fasica y en los instrumentos musicales desde esta perspectiva. Tiene el Diploma de Estudios Avanzados en Historia de la M\u00fasica y actualmente realiza estudios de doctorado, sobre la gaita de fuelle, en la Universidad de Vigo.<span class=\"Apple-converted-space\">\u00a0<\/span><\/p>\n<p class=\"p1\">Entre 2006 y 2010 trabaj\u00f3 en el proyecto Ronsel, una iniciativa de las Universidades Gallegas y de la Xunta de Galicia para la recuperaci\u00f3n de nuestro Patrimonio Cultural Inmaterial. En 2010 fue consultor de la UNESCO para temas relacionados con el Patrimonio Cultural Inmaterial, y en 2011 form\u00f3 parte del comit\u00e9 de 12 expertos de todo el mundo que la UNESCO design\u00f3 para escoger las obras maestras del Patrimonio Cultural Inmaterial de la humanidad. En 2012 form\u00f3 parte del comit\u00e9 del  Estado Espa\u00f1ol para la evaluaci\u00f3n de las manifestaciones del Patrimonio Cultural Inmaterial de la humanidad que se inscriben en la Lista Representativa de PCI de la UNESCO. <span class=\"Apple-converted-space\">\u00a0 \u00a0<\/span><\/p>\n<p class=\"p1 translation-block\">La investigaci\u00f3n etnogr\u00e1fica nunca se hace en solitario, como poco precisamos de las portadoras y los portadores, y siempre de los <a href=\"https:\/\/pablocarpintero.es\/es\/colaboradores-gaitas\/\">amigos que nos ayudan<\/a>. De esta forma, Pablo tiene editados varios libros y art\u00edculos junto con sus amigos C\u00e1stor y F\u00e9lix Castrovicente, Iv\u00e1n Area, Xavier Sim\u00f3n, Henrique Oliveira y Ant\u00f3nio Freire. Por ejemplo, es coautor de las publicaciones Cat\u00e1logo de M\u00fasicos da Limia y Os Sons da Limia y tiene editados varios cap\u00edtulos de libros dedicados al Patrimonio Cultural Inmaterial, as\u00ed como numerosos art\u00edculos en revistas especializadas o libros de actas. Pod\u00e9is leerlos en la secci\u00f3n de publicaciones que contiene esta p\u00e1gina. Con nuestros amigos de A Requinta de Xi\u00e1n, realizamos el trabajo de investigaci\u00f3n \"A requinta na cultura do Val do r\u00edo Ulla\" por el que recibimos en 2011 el premio \"Marqu\u00e9s de Lozoya\" del Ministerio de Educaci\u00f3n y Ciencia.<\/p>\n<p class=\"p1 translation-block\">Su publicaci\u00f3n m\u00e1s destacada, \"Os instrumentos musicais na tradici\u00f3n galega\" obtuvo el premio Ant\u00f3n Losada Di\u00e9guez 2009 en la modalidad de investigaci\u00f3n y ensayo. En esta obra, avalada por la UNESCO y editada por la Xunta de Galicia y las tres universidades gallegas, se da cuenta de la historia, nomenclatura, formas de construcci\u00f3n, uso, filiaci\u00f3n sexual, etc. de m\u00e1s de 150 instrumentos musicales y \u00fatiles sonoros empleados en Galicia hasta el siglo XX, constituyendo la obra de referencia en este campo. Pod\u00e9is consultarla \u00edntegramente en la secci\u00f3n hom\u00f3nima de esta p\u00e1gina.<\/p>\n<p>Su trabajo de investigaci\u00f3n tutelado sobre la requinta da Ulla, desarrollado en el Departamento de Historia da M\u00fasica de la Universidade de Santiago de Compostela bajo la direcci\u00f3n de Carlos Villanueva, \"<i>A requinta na cultura do Val do R\u00edo Ulla<\/i>\u201d, recibi\u00f3 en 2011 el premio \u201cMarqu\u00e9s de Lozoya\u201d del Ministerio de Educaci\u00f3n y Ciencia, y sus investigaciones sobre la historia de la construcci\u00f3n de la gaita, resumidas en el trabajo \u201c<i>Una aproximaci\u00f3n a la historia de la construcci\u00f3n de gaitas de fuelle en el noroeste peninsular<\/i>\u201d recibi\u00f3 en 2024 el \u201cPremio Tenerife al Fomento y la Investigaci\u00f3n de la Artesan\u00eda de Espa\u00f1a y Am\u00e9rica\u201d convocado por el Cabildo de Tenerife para reconocer los m\u00e9ritos de un trabajo de investigaci\u00f3n sobre artesan\u00eda y artes populares, puedes consultar un resumen de su contenido <a href=\"https:\/\/pablocarpintero.es\/es\/pablo-carpintero-premio-tenerife-2024\/\">aqu\u00ed<\/a>.<\/p>\n<p class=\"p1\">A Pablo siempre le gust\u00f3 dar clase y difundir lo que \u00edbamos aprendiendo de los portadores y portadoras, as\u00ed que durante muchos a\u00f1os realiz\u00f3 una secci\u00f3n dedicada a la m\u00fasica tradicional dentro del programa \"Lume na palleira\" de la Radio Galega y otra en el programa Luar de la RTVG. Este gusto por la difusi\u00f3n tambi\u00e9n se refleja en las charlas y conciertos que juntos ofrecemos desde hace a\u00f1os y que pod\u00e9is ver en la secci\u00f3n correspondiente.<\/p>\n<p class=\"p1\">Una de las actividades favoritas de Pablo, muy relacionada con la investigaci\u00f3n y la difusi\u00f3n, es la r\u00e9plica de gaitas de fuelle antiguas y de los instrumentos que las acompa\u00f1aban. Tiene una man\u00eda particular con reconstruir esas sonoridades de tiempos pasados, as\u00ed, en estos a\u00f1os ha replicado m\u00e1s de cuarenta gaitas de fuelle antiguas de todo el noroeste y los tambores y bombos que las acompa\u00f1aban; las pod\u00e9is ver y escuchar en la correspondiente secci\u00f3n. Tambi\u00e9n le gusta la construcci\u00f3n de instrumentos medievales; por la interpretaci\u00f3n y reconstrucci\u00f3n de la pol\u00e9mica gaita de fuelle de la Cantiga 350 recibi\u00f3 en 2016 el premio de artesan\u00eda \u201cAnt\u00f3n Fraguas\" en la modalidad de \"Artesan\u00eda tradicional\".<\/p>\n<p class=\"p3\">Juntos y con otros amigos que nos acompa\u00f1aron en varios de los grupos musicales por los que fuimos pasando en estos a\u00f1os, tenemos editados m\u00e1s de diez trabajos discogr\u00e1ficos que pod\u00e9is ver en la secci\u00f3n correspondiente y que incluyen ediciones dedicadas a varios de nuestros grandes gaiteros como Manuel Viqueira de Ordes, Jos\u00e9 Marentes de Santa Xu\u00eda (A Fonsagrada), C\u00e9sar Fern\u00e1ndez de Leitoego (A Fonsagrada) o Dar\u00edo D\u00edaz de Pa\u00edme en la Ribeira de Piqu\u00edn, todos grandes amigos y, por supuesto, nuestros maestros.<span class=\"Apple-converted-space\">\u00a0<\/span><\/p>\n<p class=\"p3\">Seguimos actuando juntos, en nuestras charlas y conciertos, tambi\u00e9n con A Requinta de Xi\u00e1n y Pablo forma parte, junto con su directora Mar\u00eda Gim\u00e9nez y con Tin Novio, del grupo de m\u00fasica medieval \"Manseli\u00f1a\".<\/p>\n\n<style type=\"text\/css\" data-created_by=\"avia_inline_auto\" id=\"style-css-av-8jokw-f96f9cfa83e024d81e550d57a104c109\">\n#top .hr.hr-invisible.av-8jokw-f96f9cfa83e024d81e550d57a104c109{\nheight:100px;\n}\n<\/style>\n<div  class='hr av-8jokw-f96f9cfa83e024d81e550d57a104c109 hr-invisible  avia-builder-el-3  avia-builder-el-no-sibling'><span class='hr-inner'><span class=\"hr-inner-style\"><\/span><\/span><\/div>\n<\/div><\/section><br \/>\n<div  class='avia-video av-kuu2wfia-5d4a7c542cce096d2170e371ab24b3c3 avia-video-16-9 av-no-preview-image avia-video-load-always av-lazyload-immediate av-lazyload-video-embed'  itemprop=\"video\" itemtype=\"https:\/\/schema.org\/VideoObject\"  data-original_url=' https:\/\/www.youtube.com\/watch?v=cXT6P05-QP8'><script type='text\/html' class='av-video-tmpl'><div class='avia-iframe-wrap'><iframe loading=\"lazy\" title=\"A paixon por diante: Pablo Carpintero at TEDxGalicia\" width=\"1500\" height=\"844\" src=\"https:\/\/www.youtube.com\/embed\/cXT6P05-QP8?feature=oembed&autoplay=0&loop=0&controls=1&mute=0\" frameborder=\"0\" allow=\"accelerometer; autoplay; clipboard-write; encrypted-media; gyroscope; picture-in-picture; web-share\" referrerpolicy=\"strict-origin-when-cross-origin\" allowfullscreen><\/iframe><\/div><\/script><div class='av-click-to-play-overlay'><div class=\"avia_playpause_icon\"><\/div><\/div><\/div><\/p><\/div>","protected":false},"excerpt":{"rendered":"","protected":false},"author":1,"featured_media":0,"parent":0,"menu_order":5,"comment_status":"closed","ping_status":"closed","template":"","meta":{"give_campaign_id":0,"_joinchat":[],"footnotes":""},"class_list":["post-248","page","type-page","status-publish","hentry"],"yoast_head":"<!-- This site is optimized with the Yoast SEO plugin v27.2 - https:\/\/yoast.com\/product\/yoast-seo-wordpress\/ -->\n<title>Quen somos - Pablo Carpintero<\/title>\n<meta name=\"robots\" content=\"index, follow, max-snippet:-1, max-image-preview:large, max-video-preview:-1\" \/>\n<link rel=\"canonical\" href=\"https:\/\/pablocarpintero.es\/es\/quienes-somos\/\" \/>\n<meta property=\"og:locale\" content=\"es_ES\" \/>\n<meta property=\"og:type\" content=\"article\" \/>\n<meta property=\"og:title\" content=\"Quen somos - Pablo Carpintero\" \/>\n<meta property=\"og:url\" content=\"https:\/\/pablocarpintero.es\/es\/quienes-somos\/\" \/>\n<meta property=\"og:site_name\" content=\"Pablo Carpintero\" \/>\n<meta property=\"article:modified_time\" content=\"2024-12-03T05:27:55+00:00\" \/>\n<meta name=\"twitter:card\" content=\"summary_large_image\" \/>\n<meta name=\"twitter:label1\" content=\"Tiempo de lectura\" \/>\n\t<meta name=\"twitter:data1\" content=\"6 minutos\" \/>\n<script type=\"application\/ld+json\" class=\"yoast-schema-graph\">{\"@context\":\"https:\/\/schema.org\",\"@graph\":[{\"@type\":\"WebPage\",\"@id\":\"https:\/\/pablocarpintero.es\/quienes-somos\/\",\"url\":\"https:\/\/pablocarpintero.es\/quienes-somos\/\",\"name\":\"Quen somos - Pablo Carpintero\",\"isPartOf\":{\"@id\":\"https:\/\/pablocarpintero.es\/#website\"},\"datePublished\":\"2021-10-07T22:14:21+00:00\",\"dateModified\":\"2024-12-03T05:27:55+00:00\",\"breadcrumb\":{\"@id\":\"https:\/\/pablocarpintero.es\/quienes-somos\/#breadcrumb\"},\"inLanguage\":\"es\",\"potentialAction\":[{\"@type\":\"ReadAction\",\"target\":[\"https:\/\/pablocarpintero.es\/quienes-somos\/\"]}]},{\"@type\":\"BreadcrumbList\",\"@id\":\"https:\/\/pablocarpintero.es\/quienes-somos\/#breadcrumb\",\"itemListElement\":[{\"@type\":\"ListItem\",\"position\":1,\"name\":\"Portada\",\"item\":\"https:\/\/pablocarpintero.es\/inicio\/\"},{\"@type\":\"ListItem\",\"position\":2,\"name\":\"Quen somos\"}]},{\"@type\":\"WebSite\",\"@id\":\"https:\/\/pablocarpintero.es\/#website\",\"url\":\"https:\/\/pablocarpintero.es\/\",\"name\":\"Pablo Carpintero\",\"description\":\"Otro sitio realizado con WordPress\",\"potentialAction\":[{\"@type\":\"SearchAction\",\"target\":{\"@type\":\"EntryPoint\",\"urlTemplate\":\"https:\/\/pablocarpintero.es\/?s={search_term_string}\"},\"query-input\":{\"@type\":\"PropertyValueSpecification\",\"valueRequired\":true,\"valueName\":\"search_term_string\"}}],\"inLanguage\":\"es\"}]}<\/script>\n<!-- \/ Yoast SEO plugin. -->","yoast_head_json":{"title":"Quen somos - Pablo Carpintero","robots":{"index":"index","follow":"follow","max-snippet":"max-snippet:-1","max-image-preview":"max-image-preview:large","max-video-preview":"max-video-preview:-1"},"canonical":"https:\/\/pablocarpintero.es\/es\/quienes-somos\/","og_locale":"es_ES","og_type":"article","og_title":"Quen somos - Pablo Carpintero","og_url":"https:\/\/pablocarpintero.es\/es\/quienes-somos\/","og_site_name":"Pablo Carpintero","article_modified_time":"2024-12-03T05:27:55+00:00","twitter_card":"summary_large_image","twitter_misc":{"Tiempo de lectura":"6 minutos"},"schema":{"@context":"https:\/\/schema.org","@graph":[{"@type":"WebPage","@id":"https:\/\/pablocarpintero.es\/quienes-somos\/","url":"https:\/\/pablocarpintero.es\/quienes-somos\/","name":"Quen somos - Pablo Carpintero","isPartOf":{"@id":"https:\/\/pablocarpintero.es\/#website"},"datePublished":"2021-10-07T22:14:21+00:00","dateModified":"2024-12-03T05:27:55+00:00","breadcrumb":{"@id":"https:\/\/pablocarpintero.es\/quienes-somos\/#breadcrumb"},"inLanguage":"es","potentialAction":[{"@type":"ReadAction","target":["https:\/\/pablocarpintero.es\/quienes-somos\/"]}]},{"@type":"BreadcrumbList","@id":"https:\/\/pablocarpintero.es\/quienes-somos\/#breadcrumb","itemListElement":[{"@type":"ListItem","position":1,"name":"Portada","item":"https:\/\/pablocarpintero.es\/inicio\/"},{"@type":"ListItem","position":2,"name":"Quen somos"}]},{"@type":"WebSite","@id":"https:\/\/pablocarpintero.es\/#website","url":"https:\/\/pablocarpintero.es\/","name":"Pablo Carpintero","description":"Otro sitio realizado con WordPress","potentialAction":[{"@type":"SearchAction","target":{"@type":"EntryPoint","urlTemplate":"https:\/\/pablocarpintero.es\/?s={search_term_string}"},"query-input":{"@type":"PropertyValueSpecification","valueRequired":true,"valueName":"search_term_string"}}],"inLanguage":"es"}]}},"campaignId":"","_links":{"self":[{"href":"https:\/\/pablocarpintero.es\/es\/wp-json\/wp\/v2\/pages\/248","targetHints":{"allow":["GET"]}}],"collection":[{"href":"https:\/\/pablocarpintero.es\/es\/wp-json\/wp\/v2\/pages"}],"about":[{"href":"https:\/\/pablocarpintero.es\/es\/wp-json\/wp\/v2\/types\/page"}],"author":[{"embeddable":true,"href":"https:\/\/pablocarpintero.es\/es\/wp-json\/wp\/v2\/users\/1"}],"replies":[{"embeddable":true,"href":"https:\/\/pablocarpintero.es\/es\/wp-json\/wp\/v2\/comments?post=248"}],"version-history":[{"count":15,"href":"https:\/\/pablocarpintero.es\/es\/wp-json\/wp\/v2\/pages\/248\/revisions"}],"predecessor-version":[{"id":2580,"href":"https:\/\/pablocarpintero.es\/es\/wp-json\/wp\/v2\/pages\/248\/revisions\/2580"}],"wp:attachment":[{"href":"https:\/\/pablocarpintero.es\/es\/wp-json\/wp\/v2\/media?parent=248"}],"curies":[{"name":"wp","href":"https:\/\/api.w.org\/{rel}","templated":true}]}}