{"id":79,"date":"2021-09-29T11:12:35","date_gmt":"2021-09-29T11:12:35","guid":{"rendered":"http:\/\/pablocarpintero.es\/?page_id=79"},"modified":"2025-12-11T08:33:00","modified_gmt":"2025-12-11T08:33:00","slug":"gaitas-de-cana-gaitas-de-pallon","status":"publish","type":"page","link":"https:\/\/pablocarpintero.es\/es\/instrumentos-musicais\/gaitas-de-fol\/gaitas-de-cana-gaitas-de-pallon\/","title":{"rendered":"Gaitas de ca\u00f1a, gaitas de pall\u00f3n (leng\u00fceta sencilla) actualizadas"},"content":{"rendered":"<div  class='flex_column av-155xf-051f6d9e00398443978e49a9f73abbb9 av_one_full  avia-builder-el-0  el_before_av_video  avia-builder-el-first  first flex_column_div'     ><section  class='av_textblock_section av-kv5munhx-dea234dac3069be49e83990dfaa739c0'   itemscope=\"itemscope\" itemtype=\"https:\/\/schema.org\/CreativeWork\" ><div class='avia_textblock'  itemprop=\"text\" ><p class=\"p1\">As\u00ed llamaban los ni\u00f1os a unas peque\u00f1as gaitas que se hac\u00edan con ca\u00f1a o sa\u00faco, de leng\u00fceta sencilla, y que fueron unos de los primeros instrumentos que fabricaban y tocaban en el camino musical que muchos emprend\u00edan hacia la gaita de fuelle de los adultos. Una ca\u00f1ita, un hierro caliente para hacer unos agujeros, un palloncillo y ya estaba... soplando en ellas directamente con la boca ya se pod\u00edan tocar muchas melod\u00edas. Es un instrumento antiqu\u00edsimo, sus or\u00edgenes se pierden en la noche de los tiempos... despu\u00e9s, seg\u00fan los ni\u00f1os iban creciendo, les pon\u00edan a estas gaitillas de ca\u00f1a un fuelle, que elaboraban con una vejiga de cerdo o con la piel de un gato o un cabrito, construyendo as\u00ed su primera gaita de fuelle. De esta forma tan curiosa, los ni\u00f1os repet\u00edan exactamente la historia de las gaitas de fuelle en la su peque\u00f1a vida musical.<span class=\"Apple-converted-space\">\u00a0<\/span><\/p>\n<p class=\"p1 translation-block\">En Galicia el primero, si mal no recuerdo, que hizo un trabajo musical empleando estas gaitas (en concreto sobre las que se documentaban en Moa\u00f1a, Pontevedra) fue Xabier Blanco, despu\u00e9s nosotros mismos trabajamos con distintos tipos de ellas en el disco <i>Os Sons Esquencidos<\/i>, pues las gaitas de ca\u00f1a de la Paradanta o la Rosca del Baixo Mi\u00f1o son tipos particulares de este instrumento, tipos que fabricamos y que <span style=\"color: #ff0000\"><strong>pod\u00e9is ver en esta p\u00e1gina<\/strong><\/span>. Pasados unos a\u00f1os, y despu\u00e9s de juntar mucha documentaci\u00f3n sobre las gaitas de ca\u00f1a en toda Galicia, escribimos sobre ellas en el libro sobre los instrumentos musicales en la tradici\u00f3n gallega que pod\u00e9is <a href=\"http:\/\/www.consellodacultura.gal\/asg\/instrumentos\/os-aerofonos\/gaita-de-cana-ou-sabu\" target=\"_self\" rel=\"noopener\">consultar aqu\u00ed.<\/a><\/p>\n<p>Tambi\u00e9n publicamos un art\u00edculo que habla espec\u00edficamente sobre gaitas y gaitas de fuelle que puedes leer <a href=\"https:\/\/pablocarpintero.es\/wp-content\/uploads\/2021\/11\/Gaitas-de-fol-con-cantores-tipo-clarinete-gaitas-de-fuelle-con-cantores-tipo-clarinete-Pablo-Carpintero.pdf\">aqu\u00ed<\/a>.<\/p>\n<p class=\"p1\">Pocos se interesaron musicalmente por este instrumento, creo que la primera gaita de ca\u00f1a que sali\u00f3 de nuestro taller fue para C\u00e1stor y F\u00e9lix Castro Vicente, un modelo como los de la<a href=\"https:\/\/pablocarpintero.es\/es\/producto\/gaita-de-cana-da-paradanta\/\"> Paradanta<\/a>, hecha en ca\u00f1a India. Despu\u00e9s de muchos conciertos y charlas, y pasados bastantes a\u00f1os, otros gaiteros como David Bellas o Miguel Fraguas se interesaron en el modelo hecho de sa\u00faco, que tambi\u00e9n fabricamos para la familia Mayalde... poco a poco la gente se interes\u00f3 m\u00e1s y m\u00e1s por estos instrumentos, pero ten\u00edan el inconveniente de que no pod\u00edan ser afinados en un tono en concreto y eran un poco inestables, pues pasados unos veinte minutos, con la humedad, se desafinaban y hab\u00eda que parar de tocar hasta el d\u00eda siguiente. As\u00ed, en el a\u00f1o 2016 comenzamos a investigar en el taller para comprobar si construyendo el instrumento en boj y con leng\u00fcetas sint\u00e9ticas, se pod\u00eda conseguir una gaita estable y afinada, con un timbre semejante a las originales y que pudiese tocar con cualquier otro instrumento. As\u00ed, en 2017 sali\u00f3 de nuestro taller la primera gaita de ca\u00f1a actualizada, fabricada enteramente en boj, estable y afinada con una escala temperada en Do.<\/p>\n\n<style type=\"text\/css\" data-created_by=\"avia_inline_auto\" id=\"style-css-av-y7dz-5bf58a3ac96f80440daba60bafb21a93\">\n#top .hr.hr-invisible.av-y7dz-5bf58a3ac96f80440daba60bafb21a93{\nheight:50px;\n}\n<\/style>\n<div  class='hr av-y7dz-5bf58a3ac96f80440daba60bafb21a93 hr-invisible  avia-builder-el-2  avia-builder-el-no-sibling'><span class='hr-inner'><span class=\"hr-inner-style\"><\/span><\/span><\/div>\n<\/div><\/section><\/div>\n<div  class='avia-video av-kv5mvpcy-05cc52e03f6c5aaecd675d1d04a7f2be avia-video-16-9 av-no-preview-image avia-video-load-always av-lazyload-immediate av-lazyload-video-embed'  itemprop=\"video\" itemtype=\"https:\/\/schema.org\/VideoObject\"  data-original_url='https:\/\/www.youtube.com\/watch?v=pwV7CNh9mI0'><script type='text\/html' class='av-video-tmpl'><div class='avia-iframe-wrap'><iframe loading=\"lazy\" title=\"Gaita de pall\u00f3n en Do\" width=\"1500\" height=\"844\" src=\"https:\/\/www.youtube.com\/embed\/pwV7CNh9mI0?feature=oembed&autoplay=0&loop=0&controls=1&mute=0\" frameborder=\"0\" allow=\"accelerometer; autoplay; clipboard-write; encrypted-media; gyroscope; picture-in-picture; web-share\" referrerpolicy=\"strict-origin-when-cross-origin\" allowfullscreen><\/iframe><\/div><\/script><div class='av-click-to-play-overlay'><div class=\"avia_playpause_icon\"><\/div><\/div><\/div>\n<section  class='av_textblock_section av-kwcksa9x-3fa1e3ebf1517d2dd8fc2fe963ce392a'   itemscope=\"itemscope\" itemtype=\"https:\/\/schema.org\/CreativeWork\" ><div class='avia_textblock'  itemprop=\"text\" >\n<style type=\"text\/css\" data-created_by=\"avia_inline_auto\" id=\"style-css-av-b2d3-cb6b044f4d936e86c06864fbfaa96d2e\">\n#top .hr.hr-invisible.av-b2d3-cb6b044f4d936e86c06864fbfaa96d2e{\nheight:50px;\n}\n<\/style>\n<div  class='hr av-b2d3-cb6b044f4d936e86c06864fbfaa96d2e hr-invisible  avia-builder-el-5  avia-builder-el-no-sibling'><span class='hr-inner'><span class=\"hr-inner-style\"><\/span><\/span><\/div>\n<\/div><\/section>\n<section  class='av_textblock_section av-kv5mwhjt-3d7e6559a84cd1802deb44227bfa7449'   itemscope=\"itemscope\" itemtype=\"https:\/\/schema.org\/CreativeWork\" ><div class='avia_textblock'  itemprop=\"text\" ><p class=\"p1\">La verdad el instrumento tuvo \u00e9xito, pronto C\u00e1stor y F\u00e9lix Castro Vicente, o Manuel Cruces entre muchos otros m\u00fasicos, encargaron un instrumento y comenzaron a tocar con \u00e9l, pidiendo adem\u00e1s tonalidades diferentes al Do, como el Mib o el Re. En 2021 m\u00fasicos de fuera de Galicia tambi\u00e9n comenzaron a demandarlo, pero con las sus escalas particulares, como Paco Mold\u00f3n o Luis Pedraza, que encargaron instrumentos en Re con escala Sanabresa. Ahora en la Musga\u00f1a suenan estas primitivas gaitas de ca\u00f1a actualizadas! De este modo, un instrumento de ni\u00f1os consigui\u00f3 alcanzar la m\u00fasica profesional.<\/p>\n<\/div><\/section>\n<section  class='av_textblock_section av-ado7-f0d0c216375234d30514d5d9856f489f'   itemscope=\"itemscope\" itemtype=\"https:\/\/schema.org\/CreativeWork\" ><div class='avia_textblock'  itemprop=\"text\" >\n<style type=\"text\/css\" data-created_by=\"avia_inline_auto\" id=\"style-css-av-2bu6z-6546c756ebc33174f922256ca376639e\">\n#top .hr.hr-invisible.av-2bu6z-6546c756ebc33174f922256ca376639e{\nheight:50px;\n}\n<\/style>\n<div  class='hr av-2bu6z-6546c756ebc33174f922256ca376639e hr-invisible  avia-builder-el-8  avia-builder-el-no-sibling'><span class='hr-inner'><span class=\"hr-inner-style\"><\/span><\/span><\/div>\n<\/div><\/section>\n<div  class='avia-video av-kvqfpnpx-0c975df7e60ab51ca9d85901e2d53b5b avia-video-16-9 av-no-preview-image avia-video-load-always av-lazyload-immediate av-lazyload-video-embed'  itemprop=\"video\" itemtype=\"https:\/\/schema.org\/VideoObject\"  data-original_url='https:\/\/www.youtube.com\/watch?v=AzHlx0RazQE&t=7s'><script type='text\/html' class='av-video-tmpl'><div class='avia-iframe-wrap'><iframe loading=\"lazy\" title=\"O renacemento dun instrumento musical: a nova gaita de cana\" width=\"1500\" height=\"844\" src=\"https:\/\/www.youtube.com\/embed\/AzHlx0RazQE?start=7&feature=oembed&autoplay=0&loop=0&controls=1&mute=0\" frameborder=\"0\" allow=\"accelerometer; autoplay; clipboard-write; encrypted-media; gyroscope; picture-in-picture; web-share\" referrerpolicy=\"strict-origin-when-cross-origin\" allowfullscreen><\/iframe><\/div><\/script><div class='av-click-to-play-overlay'><div class=\"avia_playpause_icon\"><\/div><\/div><\/div>\n<section  class='av_textblock_section av-19gxz-c3b674436fa36b3aab01311235be9a94'   itemscope=\"itemscope\" itemtype=\"https:\/\/schema.org\/CreativeWork\" ><div class='avia_textblock'  itemprop=\"text\" >\n<style type=\"text\/css\" data-created_by=\"avia_inline_auto\" id=\"style-css-av-y5gj-f18dc3d6ef7626289bf105931e97d821\">\n#top .hr.hr-invisible.av-y5gj-f18dc3d6ef7626289bf105931e97d821{\nheight:50px;\n}\n<\/style>\n<div  class='hr av-y5gj-f18dc3d6ef7626289bf105931e97d821 hr-invisible  avia-builder-el-11  avia-builder-el-no-sibling'><span class='hr-inner'><span class=\"hr-inner-style\"><\/span><\/span><\/div>\n<\/div><\/section>\n<section  class='av_textblock_section av-kwo0cuxp-7e5e259b4bc44eb136f1f3a3a9ad59cd'   itemscope=\"itemscope\" itemtype=\"https:\/\/schema.org\/CreativeWork\" ><div class='avia_textblock'  itemprop=\"text\" ><p class=\"p1\">Nuestros amigos C\u00e1stor y F\u00e9lix Castro Vicente, \u00c1lvaro Iglesias y Xos\u00e9 Liz, que forman el grupo TOR, tambi\u00e9n utilizan el modelo en MIb que puedes escuchar aqu\u00ed.<\/p>\n<\/div><\/section>\n<section  class='av_textblock_section av-2i4ff-810d8b2f255c0efcaebf16503bf3f9e3'   itemscope=\"itemscope\" itemtype=\"https:\/\/schema.org\/CreativeWork\" ><div class='avia_textblock'  itemprop=\"text\" >\n<style type=\"text\/css\" data-created_by=\"avia_inline_auto\" id=\"style-css-av-7pj3-9a3f1e8100d8d762f08aa6a007a1bb41\">\n#top .hr.hr-invisible.av-7pj3-9a3f1e8100d8d762f08aa6a007a1bb41{\nheight:50px;\n}\n<\/style>\n<div  class='hr av-7pj3-9a3f1e8100d8d762f08aa6a007a1bb41 hr-invisible  avia-builder-el-14  avia-builder-el-no-sibling'><span class='hr-inner'><span class=\"hr-inner-style\"><\/span><\/span><\/div>\n<\/div><\/section>\n<div  class='avia-video av-kwo0depf-e0249abf4a1f623fb57621dae851944d avia-video-16-9 av-no-preview-image avia-video-load-always av-lazyload-immediate av-lazyload-video-embed'  itemprop=\"video\" itemtype=\"https:\/\/schema.org\/VideoObject\"  data-original_url='https:\/\/www.youtube.com\/watch?v=9HOw5JPuDgI'><script type='text\/html' class='av-video-tmpl'><div class='avia-iframe-wrap'><iframe loading=\"lazy\" title=\"Marcha e mui\u00f1eira en gaita de cana- TOR na X Gala Arenteira, Carballi\u00f1o 27-XI-2021\" width=\"1500\" height=\"844\" src=\"https:\/\/www.youtube.com\/embed\/9HOw5JPuDgI?feature=oembed&autoplay=0&loop=0&controls=1&mute=0\" frameborder=\"0\" allow=\"accelerometer; autoplay; clipboard-write; encrypted-media; gyroscope; picture-in-picture; web-share\" referrerpolicy=\"strict-origin-when-cross-origin\" allowfullscreen><\/iframe><\/div><\/script><div class='av-click-to-play-overlay'><div class=\"avia_playpause_icon\"><\/div><\/div><\/div>\n<section  class='av_textblock_section av-1i4d3-6e4730ebab1629853ce370a3fe78d301'   itemscope=\"itemscope\" itemtype=\"https:\/\/schema.org\/CreativeWork\" ><div class='avia_textblock'  itemprop=\"text\" >\n<style type=\"text\/css\" data-created_by=\"avia_inline_auto\" id=\"style-css-av-tlsv-9f497f4609e65d38e9ed48a3180bce0e\">\n#top .hr.hr-invisible.av-tlsv-9f497f4609e65d38e9ed48a3180bce0e{\nheight:50px;\n}\n<\/style>\n<div  class='hr av-tlsv-9f497f4609e65d38e9ed48a3180bce0e hr-invisible  avia-builder-el-17  avia-builder-el-no-sibling'><span class='hr-inner'><span class=\"hr-inner-style\"><\/span><\/span><\/div>\n<\/div><\/section>\n<section  class='av_textblock_section av-lp3nf37c-107fc85fd5828bb5cbe9483cd837fe7f'   itemscope=\"itemscope\" itemtype=\"https:\/\/schema.org\/CreativeWork\" ><div class='avia_textblock'  itemprop=\"text\" ><p class=\"p1\">Finalmente, en 2023, completamos el proceso y desarrollamos un sistema para obtener una escala crom\u00e1tica con este tipo de instrumento, logrando as\u00ed la primera gaita de leng\u00fceta simple crom\u00e1tica del mercado. Aqu\u00ed la ten\u00e9is en funcionamiento:<\/p>\n<\/div><\/section>\n<section  class='av_textblock_section av-697r-144aec6f27c9780fe4bdf03fa2ca2c00'   itemscope=\"itemscope\" itemtype=\"https:\/\/schema.org\/CreativeWork\" ><div class='avia_textblock'  itemprop=\"text\" >\n<style type=\"text\/css\" data-created_by=\"avia_inline_auto\" id=\"style-css-av-13xsj-85c7ee095431f8c299d819c0e28656e4\">\n#top .hr.hr-invisible.av-13xsj-85c7ee095431f8c299d819c0e28656e4{\nheight:50px;\n}\n<\/style>\n<div  class='hr av-13xsj-85c7ee095431f8c299d819c0e28656e4 hr-invisible  avia-builder-el-20  avia-builder-el-no-sibling'><span class='hr-inner'><span class=\"hr-inner-style\"><\/span><\/span><\/div>\n<\/div><\/section>\n<div  class='avia-video av-lp3nfxq0-d9ebe5062d566a368475a1bdb09565f7 avia-video-16-9 av-no-preview-image avia-video-load-always av-lazyload-immediate av-lazyload-video-embed'  itemprop=\"video\" itemtype=\"https:\/\/schema.org\/VideoObject\"  data-original_url='https:\/\/www.youtube.com\/watch?v=7suIXN1YZPM'><script type='text\/html' class='av-video-tmpl'><div class='avia-iframe-wrap'><iframe loading=\"lazy\" title=\"A primeira gaita de cana croma\u0301tica. La primera gaita de ca\u00f1a crom\u00e1tica.\" width=\"1500\" height=\"844\" src=\"https:\/\/www.youtube.com\/embed\/7suIXN1YZPM?feature=oembed&autoplay=0&loop=0&controls=1&mute=0\" frameborder=\"0\" allow=\"accelerometer; autoplay; clipboard-write; encrypted-media; gyroscope; picture-in-picture; web-share\" referrerpolicy=\"strict-origin-when-cross-origin\" allowfullscreen><\/iframe><\/div><\/script><div class='av-click-to-play-overlay'><div class=\"avia_playpause_icon\"><\/div><\/div><\/div>\n<section  class='av_textblock_section av-3tffr-9af7e421573d025407d236580277b33a'   itemscope=\"itemscope\" itemtype=\"https:\/\/schema.org\/CreativeWork\" ><div class='avia_textblock'  itemprop=\"text\" >\n<style type=\"text\/css\" data-created_by=\"avia_inline_auto\" id=\"style-css-av-3405r-9074c1fab469931fb3ed9a7eee5f5b89\">\n#top .hr.hr-invisible.av-3405r-9074c1fab469931fb3ed9a7eee5f5b89{\nheight:50px;\n}\n<\/style>\n<div  class='hr av-3405r-9074c1fab469931fb3ed9a7eee5f5b89 hr-invisible  avia-builder-el-23  avia-builder-el-no-sibling'><span class='hr-inner'><span class=\"hr-inner-style\"><\/span><\/span><\/div>\n<\/div><\/section>\n<section  class='av_textblock_section av-mdzjttlj-d857ad4d3e80d6a3b1ba6376d84bcfad'   itemscope=\"itemscope\" itemtype=\"https:\/\/schema.org\/CreativeWork\" ><div class='avia_textblock'  itemprop=\"text\" ><p class=\"p1\">Como mucha gente nos pregunta cu\u00e1l es la diferencia entre el sonido de estas gaitas de ca\u00f1a con los diferentes tipos de bordones, por ejemplo, solo con el bord\u00f3n grave sobre la espalda, o solo con los dos bordones laterales agudos en t\u00f3nica y quinta, hemos realizado este v\u00eddeo donde pod\u00e9is escuchar las diferentes combinaciones posibles.<\/p>\n<\/div><\/section>\n<section  class='av_textblock_section av-2xbhv-fa01eaccd58077c7dd269f99158c05e8'   itemscope=\"itemscope\" itemtype=\"https:\/\/schema.org\/CreativeWork\" ><div class='avia_textblock'  itemprop=\"text\" >\n<style type=\"text\/css\" data-created_by=\"avia_inline_auto\" id=\"style-css-av-27u23-dbfddf2ad7b5c158104aa723e0f17aec\">\n#top .hr.hr-invisible.av-27u23-dbfddf2ad7b5c158104aa723e0f17aec{\nheight:50px;\n}\n<\/style>\n<div  class='hr av-27u23-dbfddf2ad7b5c158104aa723e0f17aec hr-invisible  avia-builder-el-26  avia-builder-el-no-sibling'><span class='hr-inner'><span class=\"hr-inner-style\"><\/span><\/span><\/div>\n<\/div><\/section>\n<div  class='avia-video av-mdzjv6rz-c3a61def5860d4a056aae35408e61abd avia-video-16-9 av-no-preview-image avia-video-load-always av-lazyload-immediate av-lazyload-video-embed'  itemprop=\"video\" itemtype=\"https:\/\/schema.org\/VideoObject\"  data-original_url='https:\/\/www.youtube.com\/shorts\/ZhJv7XN-ZfQ'><script type='text\/html' class='av-video-tmpl'><div class='avia-iframe-wrap'><iframe loading=\"lazy\" title=\"Gaita de cana con varios bordo\u0301ns\" width=\"1500\" height=\"844\" src=\"https:\/\/www.youtube.com\/embed\/ZhJv7XN-ZfQ?feature=oembed&autoplay=0&loop=0&controls=1&mute=0\" frameborder=\"0\" allow=\"accelerometer; autoplay; clipboard-write; encrypted-media; gyroscope; picture-in-picture; web-share\" referrerpolicy=\"strict-origin-when-cross-origin\" allowfullscreen><\/iframe><\/div><\/script><div class='av-click-to-play-overlay'><div class=\"avia_playpause_icon\"><\/div><\/div><\/div>\n<section  class='av_textblock_section av-1lumf-2c30a7dd222532fec49c29e2ce363255'   itemscope=\"itemscope\" itemtype=\"https:\/\/schema.org\/CreativeWork\" ><div class='avia_textblock'  itemprop=\"text\" >\n<style type=\"text\/css\" data-created_by=\"avia_inline_auto\" id=\"style-css-av-xmmr-dd967f3056951c78861563060423d9c9\">\n#top .hr.hr-invisible.av-xmmr-dd967f3056951c78861563060423d9c9{\nheight:50px;\n}\n<\/style>\n<div  class='hr av-xmmr-dd967f3056951c78861563060423d9c9 hr-invisible  avia-builder-el-29  avia-builder-el-no-sibling'><span class='hr-inner'><span class=\"hr-inner-style\"><\/span><\/span><\/div>\n<\/div><\/section>\n<div  class='avia-product-slider-container av-kv5mx7ul-01dfbafd7e0c3c79fb5b0c8576d74288 template-shop avia-content-slider avia-content-grid-active shop_columns_3  avia-builder-el-30  el_after_av_textblock  avia-builder-el-last  avia-content-slider-odd  avia-builder-el-30  el_after_av_textblock  avia-builder-el-last  av-slideshow-ui av-slider-hover-pause av-slideshow-manual av-loop-once av-loop-manual-endless avia-product-slider1' data-slideshow-options=\"{&quot;animation&quot;:&quot;fade&quot;,&quot;autoplay&quot;:false,&quot;loop_autoplay&quot;:&quot;once&quot;,&quot;interval&quot;:5,&quot;loop_manual&quot;:&quot;manual-endless&quot;,&quot;autoplay_stopper&quot;:false,&quot;noNavigation&quot;:false,&quot;bg_slider&quot;:false,&quot;keep_padding&quot;:false,&quot;hoverpause&quot;:true,&quot;show_slide_delay&quot;:0}\"><div class=\"product-sorting\"><ul class=\"sort-param sort-param-order\"><li><span class='currently-selected'>Ordenar por <strong>Por defecto<\/strong><\/span><ul><li class=\"current-param\"><a href='?avia_extended_shop_select=yes&product_order=default' rel=\"nofollow\"><span class='avia-bullet'><\/span>Por defecto<\/a><\/li><li><a href='?avia_extended_shop_select=yes&product_order=menu_order' rel=\"nofollow\"><span class='avia-bullet'><\/span>Personalizado<\/a><\/li><li><a href='?avia_extended_shop_select=yes&product_order=title' rel=\"nofollow\"><span class='avia-bullet'><\/span>Nombre<\/a><\/li><li><a href='?avia_extended_shop_select=yes&product_order=price' rel=\"nofollow\"><span class='avia-bullet'><\/span>Precio<\/a><\/li><li><a href='?avia_extended_shop_select=yes&product_order=date' rel=\"nofollow\"><span class='avia-bullet'><\/span>Fecha<\/a><\/li><li><a href='?avia_extended_shop_select=yes&product_order=popularity' rel=\"nofollow\"><span class='avia-bullet'><\/span>Popularity (sales)<\/a><\/li><li><a href='?avia_extended_shop_select=yes&product_order=rating' rel=\"nofollow\"><span class='avia-bullet'><\/span>Average rating<\/a><\/li><li><a href='?avia_extended_shop_select=yes&product_order=relevance' rel=\"nofollow\"><span class='avia-bullet'><\/span>Relevance<\/a><\/li><li><a href='?avia_extended_shop_select=yes&product_order=rand' rel=\"nofollow\"><span class='avia-bullet'><\/span>Aleatorio<\/a><\/li><li><a href='?avia_extended_shop_select=yes&product_order=id' rel=\"nofollow\"><span class='avia-bullet'><\/span>Product ID<\/a><\/li><\/ul><\/li><\/ul><ul class='sort-param sort-param-count'><li><span class='currently-selected'>Mostrar <strong>9 Art\u00edculos por p\u00e1gina <\/strong><\/span><ul><li class=\"current-param\"><a href='?paged=1&avia_extended_shop_select=yes&product_count=9' rel=\"nofollow\">\t\t<span class='avia-bullet'><\/span>9 Art\u00edculos por p\u00e1gina<\/a><\/li><li><a href='?paged=1&avia_extended_shop_select=yes&product_count=18' rel=\"nofollow\">\t<span class='avia-bullet'><\/span>18 Art\u00edculos por p\u00e1gina<\/a><\/li><li><a href='?paged=1&avia_extended_shop_select=yes&product_count=27' rel=\"nofollow\">\t<span class='avia-bullet'><\/span>27 Art\u00edculos por p\u00e1gina<\/a><\/li><\/ul><\/li><\/ul><\/div><div class='avia-content-slider-inner'><ul class=\"products\"><li class=\"product type-product post-887 status-publish first instock product_cat-gaitas-de-cana-gaitas-de-pallon-lingueta-sinxela-actualizadas product_cat-gaitas-de-fol product_cat-instrumentos-musicales has-post-thumbnail taxable shipping-taxable purchasable product-type-variable\">\n\t<div class='inner_product main_color wrapped_style noLightbox  av-product-class-'><a href=\"https:\/\/pablocarpintero.es\/es\/producto\/gaita-de-cana-actualizada-de-tres-bordons-tonalidades-de-do-re-e-mib\/\" class=\"woocommerce-LoopProduct-link woocommerce-loop-product__link\"><div class=\"thumbnail_container\"><img loading=\"lazy\" decoding=\"async\" width=\"300\" height=\"300\" src=\"https:\/\/pablocarpintero.es\/wp-content\/uploads\/2021\/11\/Gaita-cana-Pablo-carpintero--300x300.jpg\" class=\"wp-image-1401 avia-img-lazy-loading-1401 attachment-woocommerce_thumbnail size-woocommerce_thumbnail wp-post-image\" alt=\"\" srcset=\"https:\/\/pablocarpintero.es\/wp-content\/uploads\/2021\/11\/Gaita-cana-Pablo-carpintero--300x300.jpg 300w, https:\/\/pablocarpintero.es\/wp-content\/uploads\/2021\/11\/Gaita-cana-Pablo-carpintero--100x100.jpg 100w, https:\/\/pablocarpintero.es\/wp-content\/uploads\/2021\/11\/Gaita-cana-Pablo-carpintero--80x80.jpg 80w, https:\/\/pablocarpintero.es\/wp-content\/uploads\/2021\/11\/Gaita-cana-Pablo-carpintero--36x36.jpg 36w, https:\/\/pablocarpintero.es\/wp-content\/uploads\/2021\/11\/Gaita-cana-Pablo-carpintero--180x180.jpg 180w\" sizes=\"auto, (max-width: 300px) 100vw, 300px\" \/><\/div><div class='inner_product_header'><div class='avia-arrow'><\/div><div class='inner_product_header_table'><div class='inner_product_header_cell'><h2 class=\"woocommerce-loop-product__title\">Gaita de ca\u00f1a actualizada en Re<\/h2>\n\t<span class=\"price\"><span class=\"woocommerce-Price-amount amount\" aria-hidden=\"true\"><bdi>990,00&nbsp;<span class=\"woocommerce-Price-currencySymbol\">&euro;<\/span><\/bdi><\/span> <span aria-hidden=\"true\">-<\/span> <span class=\"woocommerce-Price-amount amount\" aria-hidden=\"true\"><bdi>1.450,00&nbsp;<span class=\"woocommerce-Price-currencySymbol\">&euro;<\/span><\/bdi><\/span><span class=\"screen-reader-text\" data-no-translation=\"\" data-trp-gettext=\"\">Rango de precios: desde 990,00&nbsp;&euro; hasta 1.450,00&nbsp;&euro;<\/span><\/span>\n<\/div><\/div><\/div><\/a><div class='avia_cart_buttons single_button'><a href=\"https:\/\/pablocarpintero.es\/es\/producto\/gaita-de-cana-actualizada-de-tres-bordons-tonalidades-de-do-re-e-mib\/\" aria-describedby=\"woocommerce_loop_add_to_cart_link_describedby_887\" data-quantity=\"1\" class=\"button product_type_variable add_to_cart_button\" data-product_id=\"887\" data-product_sku=\"\" aria-label=\"Elige las opciones para \u201cGaita de cana actualizada en Re\u201d\" rel=\"nofollow\" data-no-translation-aria-label=\"\"><span aria-hidden='true' data-av_icon='\ue859' data-av_iconfont='entypo-fontello'><\/span> Seleccionar opciones<\/a>\t<span id=\"woocommerce_loop_add_to_cart_link_describedby_887\" class=\"screen-reader-text\">\n\t\tEste producto tiene m\u00faltiples variantes. Las opciones se pueden elegir en la p\u00e1gina de producto\t<\/span>\n<\/div><\/div><\/li>\n<li class=\"product type-product post-2688 status-publish instock product_cat-gaitas-de-cana-gaitas-de-pallon-lingueta-sinxela-actualizadas product_cat-gaitas-de-fol product_cat-instrumentos-musicales has-post-thumbnail taxable shipping-taxable purchasable product-type-variable\">\n\t<div class='inner_product main_color wrapped_style noLightbox  av-product-class-'><a href=\"https:\/\/pablocarpintero.es\/es\/producto\/gaita-de-cana-actualizada-en-do\/\" class=\"woocommerce-LoopProduct-link woocommerce-loop-product__link\"><div class=\"thumbnail_container\"><img loading=\"lazy\" decoding=\"async\" width=\"300\" height=\"300\" src=\"https:\/\/pablocarpintero.es\/wp-content\/uploads\/2021\/11\/DSC_6750-300x300.jpg\" class=\"wp-image-2703 avia-img-lazy-loading-2703 attachment-woocommerce_thumbnail size-woocommerce_thumbnail wp-post-image\" alt=\"\" srcset=\"https:\/\/pablocarpintero.es\/wp-content\/uploads\/2021\/11\/DSC_6750-300x300.jpg 300w, https:\/\/pablocarpintero.es\/wp-content\/uploads\/2021\/11\/DSC_6750-80x80.jpg 80w, https:\/\/pablocarpintero.es\/wp-content\/uploads\/2021\/11\/DSC_6750-36x36.jpg 36w, https:\/\/pablocarpintero.es\/wp-content\/uploads\/2021\/11\/DSC_6750-180x180.jpg 180w, https:\/\/pablocarpintero.es\/wp-content\/uploads\/2021\/11\/DSC_6750-120x120.jpg 120w, https:\/\/pablocarpintero.es\/wp-content\/uploads\/2021\/11\/DSC_6750-450x450.jpg 450w, https:\/\/pablocarpintero.es\/wp-content\/uploads\/2021\/11\/DSC_6750-100x100.jpg 100w\" sizes=\"auto, (max-width: 300px) 100vw, 300px\" \/><\/div><div class='inner_product_header'><div class='avia-arrow'><\/div><div class='inner_product_header_table'><div class='inner_product_header_cell'><h2 class=\"woocommerce-loop-product__title\">Gaita de ca\u00f1a crom\u00e1tica en Do<\/h2>\n\t<span class=\"price\"><span class=\"woocommerce-Price-amount amount\" aria-hidden=\"true\"><bdi>1.100,00&nbsp;<span class=\"woocommerce-Price-currencySymbol\">&euro;<\/span><\/bdi><\/span> <span aria-hidden=\"true\">-<\/span> <span class=\"woocommerce-Price-amount amount\" aria-hidden=\"true\"><bdi>1.550,00&nbsp;<span class=\"woocommerce-Price-currencySymbol\">&euro;<\/span><\/bdi><\/span><span class=\"screen-reader-text\" data-no-translation=\"\" data-trp-gettext=\"\">Rango de precios: desde 1.100,00&nbsp;&euro; hasta 1.550,00&nbsp;&euro;<\/span><\/span>\n<\/div><\/div><\/div><\/a><div class='avia_cart_buttons single_button'><a href=\"https:\/\/pablocarpintero.es\/es\/producto\/gaita-de-cana-actualizada-en-do\/\" aria-describedby=\"woocommerce_loop_add_to_cart_link_describedby_2688\" data-quantity=\"1\" class=\"button product_type_variable add_to_cart_button\" data-product_id=\"2688\" data-product_sku=\"\" aria-label=\"Elige las opciones para \u201cGaita de cana crom\u00e1tica en Do\u201d\" rel=\"nofollow\" data-no-translation-aria-label=\"\"><span aria-hidden='true' data-av_icon='\ue859' data-av_iconfont='entypo-fontello'><\/span> Seleccionar opciones<\/a>\t<span id=\"woocommerce_loop_add_to_cart_link_describedby_2688\" class=\"screen-reader-text\">\n\t\tEste producto tiene m\u00faltiples variantes. Las opciones se pueden elegir en la p\u00e1gina de producto\t<\/span>\n<\/div><\/div><\/li>\n<li class=\"product type-product post-512 status-publish last instock product_cat-gaitas-de-cana-gaitas-de-pallon-lingueta-sinxela-actualizadas product_cat-gaitas-de-fol product_cat-gaitas-medievais product_cat-instrumentos-medievais product_cat-instrumentos-musicales product_cat-novos-modelos-de-gaitas has-post-thumbnail taxable shipping-taxable purchasable product-type-simple\">\n\t<div class='inner_product main_color wrapped_style noLightbox  av-product-class-'><a href=\"https:\/\/pablocarpintero.es\/es\/producto\/gaita-monoxila-de-tres-tubos-sonoros\/\" class=\"woocommerce-LoopProduct-link woocommerce-loop-product__link\"><div class=\"thumbnail_container\"><img loading=\"lazy\" decoding=\"async\" width=\"300\" height=\"300\" src=\"https:\/\/pablocarpintero.es\/wp-content\/uploads\/2021\/10\/gaita-medieval-triple-Pablo-carpintero-300x300.jpg\" class=\"wp-image-2203 avia-img-lazy-loading-2203 attachment-woocommerce_thumbnail size-woocommerce_thumbnail wp-post-image\" alt=\"\" srcset=\"https:\/\/pablocarpintero.es\/wp-content\/uploads\/2021\/10\/gaita-medieval-triple-Pablo-carpintero-300x300.jpg 300w, https:\/\/pablocarpintero.es\/wp-content\/uploads\/2021\/10\/gaita-medieval-triple-Pablo-carpintero-100x100.jpg 100w, https:\/\/pablocarpintero.es\/wp-content\/uploads\/2021\/10\/gaita-medieval-triple-Pablo-carpintero-80x80.jpg 80w, https:\/\/pablocarpintero.es\/wp-content\/uploads\/2021\/10\/gaita-medieval-triple-Pablo-carpintero-36x36.jpg 36w, https:\/\/pablocarpintero.es\/wp-content\/uploads\/2021\/10\/gaita-medieval-triple-Pablo-carpintero-180x180.jpg 180w, https:\/\/pablocarpintero.es\/wp-content\/uploads\/2021\/10\/gaita-medieval-triple-Pablo-carpintero-120x120.jpg 120w, https:\/\/pablocarpintero.es\/wp-content\/uploads\/2021\/10\/gaita-medieval-triple-Pablo-carpintero-450x450.jpg 450w\" sizes=\"auto, (max-width: 300px) 100vw, 300px\" \/><span class=\"cart-loading\"><\/span><\/div><div class='inner_product_header'><div class='avia-arrow'><\/div><div class='inner_product_header_table'><div class='inner_product_header_cell'><h2 class=\"woocommerce-loop-product__title\">Gaita triple medieval<\/h2>\n\t<span class=\"price\"><span class=\"woocommerce-Price-amount amount\"><bdi>1.250,00&nbsp;<span class=\"woocommerce-Price-currencySymbol\">&euro;<\/span><\/bdi><\/span><\/span>\n<\/div><\/div><\/div><\/a><div class='avia_cart_buttons'><a href=\"\/es\/wp-json\/wp\/v2\/pages\/79?add-to-cart=512\" aria-describedby=\"woocommerce_loop_add_to_cart_link_describedby_512\" data-quantity=\"1\" class=\"button product_type_simple add_to_cart_button ajax_add_to_cart\" data-product_id=\"512\" data-product_sku=\"\" aria-label=\"A\u00f1adir al carrito: \u201cGaita triple medieval\u201d\" rel=\"nofollow\" data-success_message=\"\u00abGaita triple medieval\u00bb se ha a\u00f1adido a tu carrito\" role=\"button\" data-no-translation-aria-label=\"\" data-no-translation-data-success_message=\"\"><span aria-hidden='true' data-av_icon='\ue859' data-av_iconfont='entypo-fontello'><\/span> A\u00f1adir al carrito<\/a>\t<span id=\"woocommerce_loop_add_to_cart_link_describedby_512\" class=\"screen-reader-text\">\n\t\t\t<\/span>\n<a class=\"button show_details_button\" href=\"https:\/\/pablocarpintero.es\/es\/producto\/gaita-monoxila-de-tres-tubos-sonoros\/\"><span aria-hidden='true' data-av_icon='\ue84b' data-av_iconfont='entypo-fontello'><\/span>  Mostrar detalles<\/a> <span class=\"button-mini-delimiter\"><\/span><\/div><\/div><\/li>\n<li class=\"product type-product post-497 status-publish first instock product_cat-gaitas-de-cana-gaitas-de-pallon-lingueta-sinxela-actualizadas product_cat-gaitas-de-fol product_cat-instrumentos-musicales has-post-thumbnail taxable shipping-taxable purchasable product-type-simple\">\n\t<div class='inner_product main_color wrapped_style noLightbox  av-product-class-'><a href=\"https:\/\/pablocarpintero.es\/es\/producto\/rosca-do-baixo-mino\/\" class=\"woocommerce-LoopProduct-link woocommerce-loop-product__link\"><div class=\"thumbnail_container\"><img loading=\"lazy\" decoding=\"async\" width=\"300\" height=\"300\" src=\"https:\/\/pablocarpintero.es\/wp-content\/uploads\/2021\/10\/Rosca-Pablo-Carpintero-3-300x300.jpg\" class=\"wp-image-789 avia-img-lazy-loading-789 attachment-woocommerce_thumbnail size-woocommerce_thumbnail wp-post-image\" alt=\"\" srcset=\"https:\/\/pablocarpintero.es\/wp-content\/uploads\/2021\/10\/Rosca-Pablo-Carpintero-3-300x300.jpg 300w, https:\/\/pablocarpintero.es\/wp-content\/uploads\/2021\/10\/Rosca-Pablo-Carpintero-3-100x100.jpg 100w, https:\/\/pablocarpintero.es\/wp-content\/uploads\/2021\/10\/Rosca-Pablo-Carpintero-3-80x80.jpg 80w, https:\/\/pablocarpintero.es\/wp-content\/uploads\/2021\/10\/Rosca-Pablo-Carpintero-3-36x36.jpg 36w, https:\/\/pablocarpintero.es\/wp-content\/uploads\/2021\/10\/Rosca-Pablo-Carpintero-3-180x180.jpg 180w\" sizes=\"auto, (max-width: 300px) 100vw, 300px\" \/><span class=\"cart-loading\"><\/span><\/div><div class='inner_product_header'><div class='avia-arrow'><\/div><div class='inner_product_header_table'><div class='inner_product_header_cell'><h2 class=\"woocommerce-loop-product__title\">Rosca de O Baixo Mi\u00f1o<\/h2>\n\t<span class=\"price\"><span class=\"woocommerce-Price-amount amount\"><bdi>1.400,00&nbsp;<span class=\"woocommerce-Price-currencySymbol\">&euro;<\/span><\/bdi><\/span><\/span>\n<\/div><\/div><\/div><\/a><div class='avia_cart_buttons'><a href=\"\/es\/wp-json\/wp\/v2\/pages\/79?add-to-cart=497\" aria-describedby=\"woocommerce_loop_add_to_cart_link_describedby_497\" data-quantity=\"1\" class=\"button product_type_simple add_to_cart_button ajax_add_to_cart\" data-product_id=\"497\" data-product_sku=\"\" aria-label=\"A\u00f1adir al carrito: \u201cRosca do Baixo Mi\u00f1o\u201d\" rel=\"nofollow\" data-success_message=\"\u00abRosca do Baixo Mi\u00f1o\u00bb se ha a\u00f1adido a tu carrito\" role=\"button\" data-no-translation-aria-label=\"\" data-no-translation-data-success_message=\"\"><span aria-hidden='true' data-av_icon='\ue859' data-av_iconfont='entypo-fontello'><\/span> A\u00f1adir al carrito<\/a>\t<span id=\"woocommerce_loop_add_to_cart_link_describedby_497\" class=\"screen-reader-text\">\n\t\t\t<\/span>\n<a class=\"button show_details_button\" href=\"https:\/\/pablocarpintero.es\/es\/producto\/rosca-do-baixo-mino\/\"><span aria-hidden='true' data-av_icon='\ue84b' data-av_iconfont='entypo-fontello'><\/span>  Mostrar detalles<\/a> <span class=\"button-mini-delimiter\"><\/span><\/div><\/div><\/li>\n<li class=\"product type-product post-498 status-publish instock product_cat-gaitas-de-cana-gaitas-de-pallon-lingueta-sinxela-actualizadas product_cat-gaitas-de-fol product_cat-instrumentos-musicales has-post-thumbnail taxable shipping-taxable purchasable product-type-simple\">\n\t<div class='inner_product main_color wrapped_style noLightbox  av-product-class-'><a href=\"https:\/\/pablocarpintero.es\/es\/producto\/gaita-de-cana-da-paradanta\/\" class=\"woocommerce-LoopProduct-link woocommerce-loop-product__link\"><div class=\"thumbnail_container\"><img loading=\"lazy\" decoding=\"async\" width=\"300\" height=\"300\" src=\"https:\/\/pablocarpintero.es\/wp-content\/uploads\/2021\/10\/DSC_5810-300x300.jpg\" class=\"wp-image-930 avia-img-lazy-loading-930 attachment-woocommerce_thumbnail size-woocommerce_thumbnail wp-post-image\" alt=\"\" srcset=\"https:\/\/pablocarpintero.es\/wp-content\/uploads\/2021\/10\/DSC_5810-300x300.jpg 300w, https:\/\/pablocarpintero.es\/wp-content\/uploads\/2021\/10\/DSC_5810-100x100.jpg 100w, https:\/\/pablocarpintero.es\/wp-content\/uploads\/2021\/10\/DSC_5810-80x80.jpg 80w, https:\/\/pablocarpintero.es\/wp-content\/uploads\/2021\/10\/DSC_5810-36x36.jpg 36w, https:\/\/pablocarpintero.es\/wp-content\/uploads\/2021\/10\/DSC_5810-180x180.jpg 180w\" sizes=\"auto, (max-width: 300px) 100vw, 300px\" \/><span class=\"cart-loading\"><\/span><\/div><div class='inner_product_header'><div class='avia-arrow'><\/div><div class='inner_product_header_table'><div class='inner_product_header_cell'><h2 class=\"woocommerce-loop-product__title\">Gaita de ca\u00f1a de A Paradanta<\/h2>\n\t<span class=\"price\"><span class=\"woocommerce-Price-amount amount\"><bdi>950,00&nbsp;<span class=\"woocommerce-Price-currencySymbol\">&euro;<\/span><\/bdi><\/span><\/span>\n<\/div><\/div><\/div><\/a><div class='avia_cart_buttons'><a href=\"\/es\/wp-json\/wp\/v2\/pages\/79?add-to-cart=498\" aria-describedby=\"woocommerce_loop_add_to_cart_link_describedby_498\" data-quantity=\"1\" class=\"button product_type_simple add_to_cart_button ajax_add_to_cart\" data-product_id=\"498\" data-product_sku=\"\" aria-label=\"A\u00f1adir al carrito: \u201cGaita de cana da Paradanta\u201d\" rel=\"nofollow\" data-success_message=\"\u00abGaita de cana da Paradanta\u00bb se ha a\u00f1adido a tu carrito\" role=\"button\" data-no-translation-aria-label=\"\" data-no-translation-data-success_message=\"\"><span aria-hidden='true' data-av_icon='\ue859' data-av_iconfont='entypo-fontello'><\/span> A\u00f1adir al carrito<\/a>\t<span id=\"woocommerce_loop_add_to_cart_link_describedby_498\" class=\"screen-reader-text\">\n\t\t\t<\/span>\n<a class=\"button show_details_button\" href=\"https:\/\/pablocarpintero.es\/es\/producto\/gaita-de-cana-da-paradanta\/\"><span aria-hidden='true' data-av_icon='\ue84b' data-av_iconfont='entypo-fontello'><\/span>  Mostrar detalles<\/a> <span class=\"button-mini-delimiter\"><\/span><\/div><\/div><\/li>\n<li class=\"product type-product post-496 status-publish last instock product_cat-gaitas-de-cana-gaitas-de-pallon-lingueta-sinxela-actualizadas product_cat-gaitas-de-fol product_cat-instrumentos-musicales has-post-thumbnail taxable shipping-taxable purchasable product-type-simple\">\n\t<div class='inner_product main_color wrapped_style noLightbox  av-product-class-'><a href=\"https:\/\/pablocarpintero.es\/es\/producto\/gaita-de-sabugueiro\/\" class=\"woocommerce-LoopProduct-link woocommerce-loop-product__link\"><div class=\"thumbnail_container\"><img loading=\"lazy\" decoding=\"async\" width=\"300\" height=\"300\" src=\"https:\/\/pablocarpintero.es\/wp-content\/uploads\/2021\/10\/L_004656-300x300.jpg\" class=\"wp-image-646 avia-img-lazy-loading-646 attachment-woocommerce_thumbnail size-woocommerce_thumbnail wp-post-image\" alt=\"\" srcset=\"https:\/\/pablocarpintero.es\/wp-content\/uploads\/2021\/10\/L_004656-300x300.jpg 300w, https:\/\/pablocarpintero.es\/wp-content\/uploads\/2021\/10\/L_004656-100x100.jpg 100w, https:\/\/pablocarpintero.es\/wp-content\/uploads\/2021\/10\/L_004656-80x80.jpg 80w, https:\/\/pablocarpintero.es\/wp-content\/uploads\/2021\/10\/L_004656-36x36.jpg 36w, https:\/\/pablocarpintero.es\/wp-content\/uploads\/2021\/10\/L_004656-180x180.jpg 180w\" sizes=\"auto, (max-width: 300px) 100vw, 300px\" \/><span class=\"cart-loading\"><\/span><\/div><div class='inner_product_header'><div class='avia-arrow'><\/div><div class='inner_product_header_table'><div class='inner_product_header_cell'><h2 class=\"woocommerce-loop-product__title\">Gaita de sa\u00faco<\/h2>\n\t<span class=\"price\"><span class=\"woocommerce-Price-amount amount\"><bdi>1.350,00&nbsp;<span class=\"woocommerce-Price-currencySymbol\">&euro;<\/span><\/bdi><\/span><\/span>\n<\/div><\/div><\/div><\/a><div class='avia_cart_buttons'><a href=\"\/es\/wp-json\/wp\/v2\/pages\/79?add-to-cart=496\" aria-describedby=\"woocommerce_loop_add_to_cart_link_describedby_496\" data-quantity=\"1\" class=\"button product_type_simple add_to_cart_button ajax_add_to_cart\" data-product_id=\"496\" data-product_sku=\"\" aria-label=\"A\u00f1adir al carrito: \u201cGaita de sabugueiro\u201d\" rel=\"nofollow\" data-success_message=\"\u00abGaita de sabugueiro\u00bb se ha a\u00f1adido a tu carrito\" role=\"button\" data-no-translation-aria-label=\"\" data-no-translation-data-success_message=\"\"><span aria-hidden='true' data-av_icon='\ue859' data-av_iconfont='entypo-fontello'><\/span> A\u00f1adir al carrito<\/a>\t<span id=\"woocommerce_loop_add_to_cart_link_describedby_496\" class=\"screen-reader-text\">\n\t\t\t<\/span>\n<a class=\"button show_details_button\" href=\"https:\/\/pablocarpintero.es\/es\/producto\/gaita-de-sabugueiro\/\"><span aria-hidden='true' data-av_icon='\ue84b' data-av_iconfont='entypo-fontello'><\/span>  Mostrar detalles<\/a> <span class=\"button-mini-delimiter\"><\/span><\/div><\/div><\/li>\n<\/ul><\/div><\/div><div class=\"clear\"><\/div>","protected":false},"excerpt":{"rendered":"","protected":false},"author":1,"featured_media":0,"parent":20,"menu_order":3,"comment_status":"closed","ping_status":"closed","template":"","meta":{"give_campaign_id":0,"_joinchat":[],"footnotes":""},"class_list":["post-79","page","type-page","status-publish","hentry"],"yoast_head":"<!-- This site is optimized with the Yoast SEO plugin v27.2 - https:\/\/yoast.com\/product\/yoast-seo-wordpress\/ -->\n<title>Gaitas de cana, gaitas de pall\u00f3n (ling\u00fceta sinxela) actualizadas. - Pablo Carpintero<\/title>\n<meta name=\"robots\" content=\"index, follow, max-snippet:-1, max-image-preview:large, max-video-preview:-1\" \/>\n<link rel=\"canonical\" href=\"https:\/\/pablocarpintero.es\/es\/instrumentos-musicais\/gaitas-de-fol\/gaitas-de-cana-gaitas-de-pallon\/\" \/>\n<meta property=\"og:locale\" content=\"es_ES\" \/>\n<meta property=\"og:type\" content=\"article\" \/>\n<meta property=\"og:title\" content=\"Gaitas de cana, gaitas de pall\u00f3n (ling\u00fceta sinxela) actualizadas. - Pablo Carpintero\" \/>\n<meta property=\"og:url\" content=\"https:\/\/pablocarpintero.es\/es\/instrumentos-musicais\/gaitas-de-fol\/gaitas-de-cana-gaitas-de-pallon\/\" \/>\n<meta property=\"og:site_name\" content=\"Pablo Carpintero\" \/>\n<meta property=\"article:modified_time\" content=\"2025-12-11T08:33:00+00:00\" \/>\n<meta name=\"twitter:card\" content=\"summary_large_image\" \/>\n<meta name=\"twitter:label1\" content=\"Tiempo de lectura\" \/>\n\t<meta name=\"twitter:data1\" content=\"5 minutos\" \/>\n<script type=\"application\/ld+json\" class=\"yoast-schema-graph\">{\"@context\":\"https:\/\/schema.org\",\"@graph\":[{\"@type\":\"WebPage\",\"@id\":\"https:\/\/pablocarpintero.es\/instrumentos-musicais\/gaitas-de-fol\/gaitas-de-cana-gaitas-de-pallon\/\",\"url\":\"https:\/\/pablocarpintero.es\/instrumentos-musicais\/gaitas-de-fol\/gaitas-de-cana-gaitas-de-pallon\/\",\"name\":\"Gaitas de cana, gaitas de pall\u00f3n (ling\u00fceta sinxela) actualizadas. - Pablo Carpintero\",\"isPartOf\":{\"@id\":\"https:\/\/pablocarpintero.es\/#website\"},\"datePublished\":\"2021-09-29T11:12:35+00:00\",\"dateModified\":\"2025-12-11T08:33:00+00:00\",\"breadcrumb\":{\"@id\":\"https:\/\/pablocarpintero.es\/instrumentos-musicais\/gaitas-de-fol\/gaitas-de-cana-gaitas-de-pallon\/#breadcrumb\"},\"inLanguage\":\"es\",\"potentialAction\":[{\"@type\":\"ReadAction\",\"target\":[\"https:\/\/pablocarpintero.es\/instrumentos-musicais\/gaitas-de-fol\/gaitas-de-cana-gaitas-de-pallon\/\"]}]},{\"@type\":\"BreadcrumbList\",\"@id\":\"https:\/\/pablocarpintero.es\/instrumentos-musicais\/gaitas-de-fol\/gaitas-de-cana-gaitas-de-pallon\/#breadcrumb\",\"itemListElement\":[{\"@type\":\"ListItem\",\"position\":1,\"name\":\"Portada\",\"item\":\"https:\/\/pablocarpintero.es\/inicio\/\"},{\"@type\":\"ListItem\",\"position\":2,\"name\":\"Instrumentos musicais\",\"item\":\"https:\/\/pablocarpintero.es\/instrumentos-musicais\/\"},{\"@type\":\"ListItem\",\"position\":3,\"name\":\"Gaitas de fol\",\"item\":\"https:\/\/pablocarpintero.es\/instrumentos-musicais\/gaitas-de-fol\/\"},{\"@type\":\"ListItem\",\"position\":4,\"name\":\"Gaitas de cana, gaitas de pall\u00f3n (ling\u00fceta sinxela) actualizadas.\"}]},{\"@type\":\"WebSite\",\"@id\":\"https:\/\/pablocarpintero.es\/#website\",\"url\":\"https:\/\/pablocarpintero.es\/\",\"name\":\"Pablo Carpintero\",\"description\":\"Otro sitio realizado con WordPress\",\"potentialAction\":[{\"@type\":\"SearchAction\",\"target\":{\"@type\":\"EntryPoint\",\"urlTemplate\":\"https:\/\/pablocarpintero.es\/?s={search_term_string}\"},\"query-input\":{\"@type\":\"PropertyValueSpecification\",\"valueRequired\":true,\"valueName\":\"search_term_string\"}}],\"inLanguage\":\"es\"}]}<\/script>\n<!-- \/ Yoast SEO plugin. -->","yoast_head_json":{"title":"Gaitas de cana, gaitas de pall\u00f3n (ling\u00fceta sinxela) actualizadas. - Pablo Carpintero","robots":{"index":"index","follow":"follow","max-snippet":"max-snippet:-1","max-image-preview":"max-image-preview:large","max-video-preview":"max-video-preview:-1"},"canonical":"https:\/\/pablocarpintero.es\/es\/instrumentos-musicais\/gaitas-de-fol\/gaitas-de-cana-gaitas-de-pallon\/","og_locale":"es_ES","og_type":"article","og_title":"Gaitas de cana, gaitas de pall\u00f3n (ling\u00fceta sinxela) actualizadas. - Pablo Carpintero","og_url":"https:\/\/pablocarpintero.es\/es\/instrumentos-musicais\/gaitas-de-fol\/gaitas-de-cana-gaitas-de-pallon\/","og_site_name":"Pablo Carpintero","article_modified_time":"2025-12-11T08:33:00+00:00","twitter_card":"summary_large_image","twitter_misc":{"Tiempo de lectura":"5 minutos"},"schema":{"@context":"https:\/\/schema.org","@graph":[{"@type":"WebPage","@id":"https:\/\/pablocarpintero.es\/instrumentos-musicais\/gaitas-de-fol\/gaitas-de-cana-gaitas-de-pallon\/","url":"https:\/\/pablocarpintero.es\/instrumentos-musicais\/gaitas-de-fol\/gaitas-de-cana-gaitas-de-pallon\/","name":"Gaitas de cana, gaitas de pall\u00f3n (ling\u00fceta sinxela) actualizadas. - Pablo Carpintero","isPartOf":{"@id":"https:\/\/pablocarpintero.es\/#website"},"datePublished":"2021-09-29T11:12:35+00:00","dateModified":"2025-12-11T08:33:00+00:00","breadcrumb":{"@id":"https:\/\/pablocarpintero.es\/instrumentos-musicais\/gaitas-de-fol\/gaitas-de-cana-gaitas-de-pallon\/#breadcrumb"},"inLanguage":"es","potentialAction":[{"@type":"ReadAction","target":["https:\/\/pablocarpintero.es\/instrumentos-musicais\/gaitas-de-fol\/gaitas-de-cana-gaitas-de-pallon\/"]}]},{"@type":"BreadcrumbList","@id":"https:\/\/pablocarpintero.es\/instrumentos-musicais\/gaitas-de-fol\/gaitas-de-cana-gaitas-de-pallon\/#breadcrumb","itemListElement":[{"@type":"ListItem","position":1,"name":"Portada","item":"https:\/\/pablocarpintero.es\/inicio\/"},{"@type":"ListItem","position":2,"name":"Instrumentos musicais","item":"https:\/\/pablocarpintero.es\/instrumentos-musicais\/"},{"@type":"ListItem","position":3,"name":"Gaitas de fol","item":"https:\/\/pablocarpintero.es\/instrumentos-musicais\/gaitas-de-fol\/"},{"@type":"ListItem","position":4,"name":"Gaitas de cana, gaitas de pall\u00f3n (ling\u00fceta sinxela) actualizadas."}]},{"@type":"WebSite","@id":"https:\/\/pablocarpintero.es\/#website","url":"https:\/\/pablocarpintero.es\/","name":"Pablo Carpintero","description":"Otro sitio realizado con WordPress","potentialAction":[{"@type":"SearchAction","target":{"@type":"EntryPoint","urlTemplate":"https:\/\/pablocarpintero.es\/?s={search_term_string}"},"query-input":{"@type":"PropertyValueSpecification","valueRequired":true,"valueName":"search_term_string"}}],"inLanguage":"es"}]}},"campaignId":"","_links":{"self":[{"href":"https:\/\/pablocarpintero.es\/es\/wp-json\/wp\/v2\/pages\/79","targetHints":{"allow":["GET"]}}],"collection":[{"href":"https:\/\/pablocarpintero.es\/es\/wp-json\/wp\/v2\/pages"}],"about":[{"href":"https:\/\/pablocarpintero.es\/es\/wp-json\/wp\/v2\/types\/page"}],"author":[{"embeddable":true,"href":"https:\/\/pablocarpintero.es\/es\/wp-json\/wp\/v2\/users\/1"}],"replies":[{"embeddable":true,"href":"https:\/\/pablocarpintero.es\/es\/wp-json\/wp\/v2\/comments?post=79"}],"version-history":[{"count":14,"href":"https:\/\/pablocarpintero.es\/es\/wp-json\/wp\/v2\/pages\/79\/revisions"}],"predecessor-version":[{"id":2696,"href":"https:\/\/pablocarpintero.es\/es\/wp-json\/wp\/v2\/pages\/79\/revisions\/2696"}],"up":[{"embeddable":true,"href":"https:\/\/pablocarpintero.es\/es\/wp-json\/wp\/v2\/pages\/20"}],"wp:attachment":[{"href":"https:\/\/pablocarpintero.es\/es\/wp-json\/wp\/v2\/media?parent=79"}],"curies":[{"name":"wp","href":"https:\/\/api.w.org\/{rel}","templated":true}]}}