{"id":98,"date":"2021-09-29T11:25:20","date_gmt":"2021-09-29T11:25:20","guid":{"rendered":"http:\/\/pablocarpintero.es\/?page_id=98"},"modified":"2025-02-16T18:42:22","modified_gmt":"2025-02-16T18:42:22","slug":"replicas-de-gaitas-aragonesas","status":"publish","type":"page","link":"https:\/\/pablocarpintero.es\/es\/instrumentos-musicais\/gaitas-de-fol\/replicas-de-gaitas-de-fol-antigas\/replicas-de-gaitas-aragonesas\/","title":{"rendered":"R\u00e9plicas de gaitas aragonesas"},"content":{"rendered":"<style type=\"text\/css\" data-created_by=\"avia_inline_auto\" id=\"style-css-av-lpkz6zl5-5c1cc35023db1f8ae919fb20e532d99d\">\n.avia-image-container.av-lpkz6zl5-5c1cc35023db1f8ae919fb20e532d99d img.avia_image{\nbox-shadow:none;\n}\n.avia-image-container.av-lpkz6zl5-5c1cc35023db1f8ae919fb20e532d99d .av-image-caption-overlay-center{\ncolor:#ffffff;\n}\n<\/style>\n<div  class='avia-image-container av-lpkz6zl5-5c1cc35023db1f8ae919fb20e532d99d av-styling- avia-align-center  avia-builder-el-0  el_before_av_one_full  avia-builder-el-first'   itemprop=\"image\" itemscope=\"itemscope\" itemtype=\"https:\/\/schema.org\/ImageObject\" ><div class=\"avia-image-container-inner\"><div class=\"avia-image-overlay-wrap\"><img decoding=\"async\" class='wp-image-923 avia-img-lazy-loading-not-923 avia_image' src=\"https:\/\/pablocarpintero.es\/wp-content\/uploads\/2021\/10\/DSC_5789-1030x688.jpg\" alt='' title='Gaita de boto de Bestu\u00e9 Pablo Carpintero'  height=\"688\" width=\"1030\"  itemprop=\"thumbnailUrl\" srcset=\"https:\/\/pablocarpintero.es\/wp-content\/uploads\/2021\/10\/DSC_5789-1030x688.jpg 1030w, https:\/\/pablocarpintero.es\/wp-content\/uploads\/2021\/10\/DSC_5789-600x401.jpg 600w, https:\/\/pablocarpintero.es\/wp-content\/uploads\/2021\/10\/DSC_5789-300x200.jpg 300w, https:\/\/pablocarpintero.es\/wp-content\/uploads\/2021\/10\/DSC_5789-768x513.jpg 768w, https:\/\/pablocarpintero.es\/wp-content\/uploads\/2021\/10\/DSC_5789-1536x1026.jpg 1536w, https:\/\/pablocarpintero.es\/wp-content\/uploads\/2021\/10\/DSC_5789-18x12.jpg 18w, https:\/\/pablocarpintero.es\/wp-content\/uploads\/2021\/10\/DSC_5789-1500x1002.jpg 1500w, https:\/\/pablocarpintero.es\/wp-content\/uploads\/2021\/10\/DSC_5789-705x471.jpg 705w, https:\/\/pablocarpintero.es\/wp-content\/uploads\/2021\/10\/DSC_5789-1320x882.jpg 1320w, https:\/\/pablocarpintero.es\/wp-content\/uploads\/2021\/10\/DSC_5789.jpg 2005w\" sizes=\"(max-width: 1030px) 100vw, 1030px\" \/><\/div><\/div><\/div>\n<div  class='flex_column av-1y0r6-f39ffea1f3e5281efa53cf8d4dd31473 av_one_full  avia-builder-el-1  el_after_av_image  avia-builder-el-last  first flex_column_div'     ><p><section  class='av_textblock_section av-ku6tyag4-5116bb307012e505628c758b7e81288b'   itemscope=\"itemscope\" itemtype=\"https:\/\/schema.org\/CreativeWork\" ><div class='avia_textblock'  itemprop=\"text\" ><p>A principios de 2019 comenzamos un trabajo de investigaci\u00f3n para datar y reprodu cir gaitas de boro aragonesas. Con la ayuda de Luis Miguel Morillas, Lurdes Garcia, Mario Gros, Pedro Mir y Mart\u00edn Blecua, y con la colaboraci\u00f3n de la asociaci\u00f3n El Pimend\u00f3n de Robres y el ayuntamiento de A\u00ednsa, pudimos datar y reproducir las gaitas de boto de Robres, en poder de la familia de Francisco Becana su \u00faltimo tocador, y la gaita de boto de Bestu\u00e9, cuyo \u00faltimo tocador fue Juan Cazcarra y que ahora se conserva en el ayuntamiento de A\u00ednsa.<\/p>\n<p>La gaita de Bestu\u00e9 \u00fanicamente se pudo datar mediante una prueba del carbono 14 que situ\u00f3 la fecha de muerte de la madera a finales del siglo XVII o principios del XVIII, mientras que el puntero largo de Robres se pudo datar mediante nuestro modelo de estimaci\u00f3n del tiempo de uso y mediante una prueba del 14C, ambos modelos sit\u00faan a este clar\u00edn a mediados del siglo XVII.<\/p>\n<p>El mayor trabajo fue encontrar unas pitas que equilibrasen los grados principales de estos clarines. De entre los cuatro tipos de pitas tradicionales que encontramos en Arag\u00f3n y cuyas dimensiones nos fueron facilitadas por Mario Gros, el clar\u00edn de Bestu\u00e9 s\u00f3lo funciona correctamente y con la digitaci\u00f3n actual con pitas triangulares de tudel largo, como las que fabricaba Sime\u00f3n Serrate. Con estas pitas la t\u00f3nica qued\u00f3 situada en Do+20 cents. Las pitas fabricadas con l\u00e1minas de ca\u00f1a planas, sin barniz y con tudel met\u00e1lico que aparecieron con \u00e9l producen una escala muy extra\u00f1a en la que la t\u00f3nica superior se produce en la posici\u00f3n del s\u00e9ptimo grado y este debe ser obtenido con una digitaci\u00f3n e horquilla, a parte de producir un timbre pobre y alguna dificultad en la emisi\u00f3n de otros grados.<\/p>\n<\/div><\/section><br \/>\n<div  class='hr av-25moa-b279b3db869d4b8b4215cc6003403643 hr-default  avia-builder-el-3  el_after_av_textblock  el_before_av_image'><span class='hr-inner'><span class=\"hr-inner-style\"><\/span><\/span><\/div><br \/>\n\n<style type=\"text\/css\" data-created_by=\"avia_inline_auto\" id=\"style-css-av-lpkz8n0q-8a47ce610cde0fd710eae193e346e7e3\">\n.avia-image-container.av-lpkz8n0q-8a47ce610cde0fd710eae193e346e7e3 img.avia_image{\nbox-shadow:none;\n}\n.avia-image-container.av-lpkz8n0q-8a47ce610cde0fd710eae193e346e7e3 .av-image-caption-overlay-center{\ncolor:#ffffff;\n}\n<\/style>\n<div  class='avia-image-container av-lpkz8n0q-8a47ce610cde0fd710eae193e346e7e3 av-styling- avia-align-center  avia-builder-el-4  el_after_av_hr  el_before_av_hr'   itemprop=\"image\" itemscope=\"itemscope\" itemtype=\"https:\/\/schema.org\/ImageObject\" ><div class=\"avia-image-container-inner\"><div class=\"avia-image-overlay-wrap\"><img decoding=\"async\" class='wp-image-2295 avia-img-lazy-loading-not-2295 avia_image' src=\"https:\/\/pablocarpintero.es\/wp-content\/uploads\/2023\/11\/Gaita-de-boto-Bestue-Robres-Pablo-Carpintero-1030x471.jpg\" alt='' title='Gaita de boto Bestu\u00e9 Robres Pablo Carpintero'  height=\"471\" width=\"1030\"  itemprop=\"thumbnailUrl\" srcset=\"https:\/\/pablocarpintero.es\/wp-content\/uploads\/2023\/11\/Gaita-de-boto-Bestue-Robres-Pablo-Carpintero-1030x471.jpg 1030w, https:\/\/pablocarpintero.es\/wp-content\/uploads\/2023\/11\/Gaita-de-boto-Bestue-Robres-Pablo-Carpintero-600x274.jpg 600w, https:\/\/pablocarpintero.es\/wp-content\/uploads\/2023\/11\/Gaita-de-boto-Bestue-Robres-Pablo-Carpintero-300x137.jpg 300w, https:\/\/pablocarpintero.es\/wp-content\/uploads\/2023\/11\/Gaita-de-boto-Bestue-Robres-Pablo-Carpintero-768x351.jpg 768w, https:\/\/pablocarpintero.es\/wp-content\/uploads\/2023\/11\/Gaita-de-boto-Bestue-Robres-Pablo-Carpintero-1536x702.jpg 1536w, https:\/\/pablocarpintero.es\/wp-content\/uploads\/2023\/11\/Gaita-de-boto-Bestue-Robres-Pablo-Carpintero-18x8.jpg 18w, https:\/\/pablocarpintero.es\/wp-content\/uploads\/2023\/11\/Gaita-de-boto-Bestue-Robres-Pablo-Carpintero-1500x686.jpg 1500w, https:\/\/pablocarpintero.es\/wp-content\/uploads\/2023\/11\/Gaita-de-boto-Bestue-Robres-Pablo-Carpintero-705x322.jpg 705w, https:\/\/pablocarpintero.es\/wp-content\/uploads\/2023\/11\/Gaita-de-boto-Bestue-Robres-Pablo-Carpintero-450x206.jpg 450w, https:\/\/pablocarpintero.es\/wp-content\/uploads\/2023\/11\/Gaita-de-boto-Bestue-Robres-Pablo-Carpintero-1320x604.jpg 1320w, https:\/\/pablocarpintero.es\/wp-content\/uploads\/2023\/11\/Gaita-de-boto-Bestue-Robres-Pablo-Carpintero.jpg 1592w\" sizes=\"(max-width: 1030px) 100vw, 1030px\" \/><\/div><\/div><\/div><br \/>\n<div  class='hr av-1kmci-d14686bd6a491b5c77fb23a78a63a9ca hr-default  avia-builder-el-5  el_after_av_image  el_before_av_textblock'><span class='hr-inner'><span class=\"hr-inner-style\"><\/span><\/span><\/div><br \/>\n<section  class='av_textblock_section av-lpkza8k9-dcdab4b0576cdaa3230f8555f7f72669'   itemscope=\"itemscope\" itemtype=\"https:\/\/schema.org\/CreativeWork\" ><div class='avia_textblock'  itemprop=\"text\" ><p>En el clar\u00edn de Robres las \u00fanicas pitas que equilibraron los principales grados y no produjeron ning\u00fan problema, fueron aquellas fabricadas con ca\u00f1as labradas en forma de teja y con el tudel hecho con la misma ca\u00f1a, o sea, del tipo oriental, frecuentes en las xeremies mallorquinas y sacs de gemecs catalanes. Con ellas, su t\u00f3nica quedo en Sib con un hermoso timbre redondo y nasal.<\/p>\n<p>Nos llama la atenci\u00f3n que ambas gaitas de boto sigan el mismo patr\u00f3n que las del noroeste en cuanto a relaci\u00f3n con el paisaje: las gaitas de zonas monta\u00f1osas, como la de Bestu\u00e9, muestran los interiores de los clarines casi rectos, t\u00f3nicas agudas con timbres brillantes y pajuelas peque\u00f1as, mientras que las gaitas de zonas planas, como la de Robres, tienen conos internos muy escalonados, t\u00f3nicas graves y timbres muy nasales y redondos.<\/p>\n<p>Despu\u00e9s de cuatro a\u00f1os de trabajo, es muy posible que el sonido que pod\u00e9is escuchar en este<span class=\"Apple-converted-space\">\u00a0 <\/span>v\u00eddeo se aproxime bastante al timbre y escala originales de las gaitas de boto aragonesas del siglo XVII.<\/p>\n<\/div><\/section><br \/>\n<div  class='hr av-ypm2-18e7378105114e947c8c53c894787025 hr-default  avia-builder-el-7  el_after_av_textblock  el_before_av_video'><span class='hr-inner'><span class=\"hr-inner-style\"><\/span><\/span><\/div><br \/>\n<div  class='avia-video av-lpkzbxb4-8e05282268ef8fdad39e9128ef2ad63e avia-video-16-9 av-no-preview-image avia-video-load-always av-lazyload-immediate av-lazyload-video-embed'  itemprop=\"video\" itemtype=\"https:\/\/schema.org\/VideoObject\"  data-original_url='https:\/\/www.youtube.com\/watch?v=WzM2bIf-hOY&t=16s'><script type='text\/html' class='av-video-tmpl'><div class='avia-iframe-wrap'><iframe loading=\"lazy\" title=\"Proceso de reproducci\u00f3n y dataci\u00f3n de las gaitas de boto de Robres y Bestu\u00e9\" width=\"1500\" height=\"844\" src=\"https:\/\/www.youtube.com\/embed\/WzM2bIf-hOY?start=16&feature=oembed&autoplay=0&loop=0&controls=1&mute=0\" frameborder=\"0\" allow=\"accelerometer; autoplay; clipboard-write; encrypted-media; gyroscope; picture-in-picture; web-share\" referrerpolicy=\"strict-origin-when-cross-origin\" allowfullscreen><\/iframe><\/div><\/script><div class='av-click-to-play-overlay'><div class=\"avia_playpause_icon\"><\/div><\/div><\/div><br \/>\n<div  class='hr av-av_hr-91d7ccd583a503147498e120fee2ff9b hr-default  avia-builder-el-9  el_after_av_video  el_before_av_textblock'><span class='hr-inner'><span class=\"hr-inner-style\"><\/span><\/span><\/div><br \/>\n<section  class='av_textblock_section av-m77z29v5-3811453ff00abd7d632f0e37daaf6874'   itemscope=\"itemscope\" itemtype=\"https:\/\/schema.org\/CreativeWork\" ><div class='avia_textblock'  itemprop=\"text\" ><p>Ahora, en febrero de 2025, por fin hemos cerrado un camino: hemos conseguido, utilizando las mismas pitas y exactamente el mismo cono interno y dimensiones que el clar\u00edn original de Bestu\u00e9, una escala en Do con todos los cromatismos necesarios. Lo que tenemos ahora es el mismo timbre y potencia sonora de este maravilloso clar\u00edn, pero con una escala crom\u00e1tica y temperada en Do. Una vez m\u00e1s se demuestra que no es necesario recurrir a otras tradiciones para lograr este resultado, lo que se necesita es la buena voluntad y el trabajo de todos los que trabajamos en este proyecto, as\u00ed que gracias a todas y todos los que de alguna manera hab\u00e9is colaborado para lograrlo, espero que sea de utilidad para vuestra maravillosa tradici\u00f3n, que al final, nos pertenece a todos. Pod\u00e9is ver el resultado en este v\u00eddeo.<\/p>\n<\/div><\/section><br \/>\n<div  class='avia-video av-m77z41ls-4f4477c1bcee1f910cae5d913a242e62 avia-video-16-9 av-no-preview-image avia-video-load-always av-lazyload-immediate av-lazyload-video-embed'  itemprop=\"video\" itemtype=\"https:\/\/schema.org\/VideoObject\"  data-original_url='https:\/\/www.youtube.com\/watch?v=hy_trt7arX4'><script type='text\/html' class='av-video-tmpl'><div class='avia-iframe-wrap'><iframe loading=\"lazy\" title=\"Clari\u0301n de Bestue\u0301 en Do y croma\u0301tico\" width=\"1500\" height=\"844\" src=\"https:\/\/www.youtube.com\/embed\/hy_trt7arX4?feature=oembed&autoplay=0&loop=0&controls=1&mute=0\" frameborder=\"0\" allow=\"accelerometer; autoplay; clipboard-write; encrypted-media; gyroscope; picture-in-picture; web-share\" referrerpolicy=\"strict-origin-when-cross-origin\" allowfullscreen><\/iframe><\/div><\/script><div class='av-click-to-play-overlay'><div class=\"avia_playpause_icon\"><\/div><\/div><\/div><br \/>\n<div  class='avia-product-slider-container av-kv84zn18-3f63923d1a58f1753b3741e71367cb85 template-shop avia-content-slider avia-content-grid-active shop_columns_3  avia-builder-el-12  el_after_av_video  avia-builder-el-last  avia-content-slider-odd  avia-builder-el-12  el_after_av_video  avia-builder-el-last  av-slideshow-ui av-slider-hover-pause av-slideshow-manual av-loop-once av-loop-manual-endless avia-product-slider1' data-slideshow-options=\"{&quot;animation&quot;:&quot;fade&quot;,&quot;autoplay&quot;:false,&quot;loop_autoplay&quot;:&quot;once&quot;,&quot;interval&quot;:5,&quot;loop_manual&quot;:&quot;manual-endless&quot;,&quot;autoplay_stopper&quot;:false,&quot;noNavigation&quot;:false,&quot;bg_slider&quot;:false,&quot;keep_padding&quot;:false,&quot;hoverpause&quot;:true,&quot;show_slide_delay&quot;:0}\"><div class=\"product-sorting\"><ul class=\"sort-param sort-param-order\"><li><span class='currently-selected'>Ordenar por <strong>Por defecto<\/strong><\/span><ul><li class=\"current-param\"><a href='?avia_extended_shop_select=yes&product_order=default' rel=\"nofollow\"><span class='avia-bullet'><\/span>Por defecto<\/a><\/li><li><a href='?avia_extended_shop_select=yes&product_order=menu_order' rel=\"nofollow\"><span class='avia-bullet'><\/span>Personalizado<\/a><\/li><li><a href='?avia_extended_shop_select=yes&product_order=title' rel=\"nofollow\"><span class='avia-bullet'><\/span>Nombre<\/a><\/li><li><a href='?avia_extended_shop_select=yes&product_order=price' rel=\"nofollow\"><span class='avia-bullet'><\/span>Precio<\/a><\/li><li><a href='?avia_extended_shop_select=yes&product_order=date' rel=\"nofollow\"><span class='avia-bullet'><\/span>Fecha<\/a><\/li><li><a href='?avia_extended_shop_select=yes&product_order=popularity' rel=\"nofollow\"><span class='avia-bullet'><\/span>Popularity (sales)<\/a><\/li><li><a href='?avia_extended_shop_select=yes&product_order=rating' rel=\"nofollow\"><span class='avia-bullet'><\/span>Average rating<\/a><\/li><li><a href='?avia_extended_shop_select=yes&product_order=relevance' rel=\"nofollow\"><span class='avia-bullet'><\/span>Relevance<\/a><\/li><li><a href='?avia_extended_shop_select=yes&product_order=rand' rel=\"nofollow\"><span class='avia-bullet'><\/span>Aleatorio<\/a><\/li><li><a href='?avia_extended_shop_select=yes&product_order=id' rel=\"nofollow\"><span class='avia-bullet'><\/span>Product ID<\/a><\/li><\/ul><\/li><\/ul><ul class='sort-param sort-param-count'><li><span class='currently-selected'>Mostrar <strong>9 Art\u00edculos por p\u00e1gina <\/strong><\/span><ul><li class=\"current-param\"><a href='?paged=1&avia_extended_shop_select=yes&product_count=9' rel=\"nofollow\">\t\t<span class='avia-bullet'><\/span>9 Art\u00edculos por p\u00e1gina<\/a><\/li><li><a href='?paged=1&avia_extended_shop_select=yes&product_count=18' rel=\"nofollow\">\t<span class='avia-bullet'><\/span>18 Art\u00edculos por p\u00e1gina<\/a><\/li><li><a href='?paged=1&avia_extended_shop_select=yes&product_count=27' rel=\"nofollow\">\t<span class='avia-bullet'><\/span>27 Art\u00edculos por p\u00e1gina<\/a><\/li><\/ul><\/li><\/ul><\/div><div class='avia-content-slider-inner'><ul class=\"products\"><li class=\"product type-product post-2707 status-publish first instock product_cat-replicas-de-gaitas-aragonesas has-post-thumbnail taxable shipping-taxable product-type-simple\">\n\t<div class='inner_product main_color wrapped_style noLightbox  av-product-class-'><a href=\"https:\/\/pablocarpintero.es\/es\/producto\/clarin-de-bestue-en-do-cromatico\/\" class=\"woocommerce-LoopProduct-link woocommerce-loop-product__link\"><div class=\"thumbnail_container\"><img loading=\"lazy\" decoding=\"async\" width=\"300\" height=\"300\" src=\"https:\/\/pablocarpintero.es\/wp-content\/uploads\/2026\/01\/Clarin-bestue-cromatico-pablo-Carpintero-300x300.jpg\" class=\"wp-image-2708 avia-img-lazy-loading-2708 attachment-woocommerce_thumbnail size-woocommerce_thumbnail wp-post-image\" alt=\"\" srcset=\"https:\/\/pablocarpintero.es\/wp-content\/uploads\/2026\/01\/Clarin-bestue-cromatico-pablo-Carpintero-300x300.jpg 300w, https:\/\/pablocarpintero.es\/wp-content\/uploads\/2026\/01\/Clarin-bestue-cromatico-pablo-Carpintero-80x80.jpg 80w, https:\/\/pablocarpintero.es\/wp-content\/uploads\/2026\/01\/Clarin-bestue-cromatico-pablo-Carpintero-36x36.jpg 36w, https:\/\/pablocarpintero.es\/wp-content\/uploads\/2026\/01\/Clarin-bestue-cromatico-pablo-Carpintero-180x180.jpg 180w, https:\/\/pablocarpintero.es\/wp-content\/uploads\/2026\/01\/Clarin-bestue-cromatico-pablo-Carpintero-120x120.jpg 120w, https:\/\/pablocarpintero.es\/wp-content\/uploads\/2026\/01\/Clarin-bestue-cromatico-pablo-Carpintero-450x450.jpg 450w, https:\/\/pablocarpintero.es\/wp-content\/uploads\/2026\/01\/Clarin-bestue-cromatico-pablo-Carpintero-100x100.jpg 100w\" sizes=\"auto, (max-width: 300px) 100vw, 300px\" \/><span class=\"cart-loading\"><\/span><\/div><div class='inner_product_header'><div class='avia-arrow'><\/div><div class='inner_product_header_table'><div class='inner_product_header_cell'><h2 class=\"woocommerce-loop-product__title\">Clar\u00edn de Bestu\u00e9 en Do crom\u00e1tico<\/h2>\n<\/div><\/div><\/div><\/a><div class='avia_cart_buttons'><a href=\"https:\/\/pablocarpintero.es\/es\/producto\/clarin-de-bestue-en-do-cromatico\/\" aria-describedby=\"woocommerce_loop_add_to_cart_link_describedby_2707\" data-quantity=\"1\" class=\"button product_type_simple\" data-product_id=\"2707\" data-product_sku=\"\" aria-label=\"Lee m\u00e1s sobre \u201cClar\u00edn de Bestu\u00e9 en Do crom\u00e1tico\u201d\" rel=\"nofollow\" data-success_message=\"\" data-no-translation-aria-label=\"\"><span aria-hidden='true' data-av_icon='\ue859' data-av_iconfont='entypo-fontello'><\/span> Leer m\u00e1s<\/a>\t<span id=\"woocommerce_loop_add_to_cart_link_describedby_2707\" class=\"screen-reader-text\">\n\t\t\t<\/span>\n<a class=\"button show_details_button\" href=\"https:\/\/pablocarpintero.es\/es\/producto\/clarin-de-bestue-en-do-cromatico\/\"><span aria-hidden='true' data-av_icon='\ue84b' data-av_iconfont='entypo-fontello'><\/span>  Mostrar detalles<\/a> <span class=\"button-mini-delimiter\"><\/span><\/div><\/div><\/li>\n<li class=\"product type-product post-478 status-publish instock product_cat-gaitas-de-fol product_cat-instrumentos-musicales product_cat-replicas-de-gaitas-aragonesas product_cat-replicas-de-gaitas-de-fol-antigas has-post-thumbnail taxable shipping-taxable product-type-simple\">\n\t<div class='inner_product main_color wrapped_style noLightbox  av-product-class-'><a href=\"https:\/\/pablocarpintero.es\/es\/producto\/gaita-de-boto-de-bestue\/\" class=\"woocommerce-LoopProduct-link woocommerce-loop-product__link\"><div class=\"thumbnail_container\"><img decoding=\"async\" width=\"300\" height=\"300\" src=\"https:\/\/pablocarpintero.es\/wp-content\/uploads\/2021\/10\/DSC_5789-300x300.jpg\" class=\"wp-image-923 avia-img-lazy-loading-not-923 attachment-woocommerce_thumbnail size-woocommerce_thumbnail wp-post-image\" alt=\"\" srcset=\"https:\/\/pablocarpintero.es\/wp-content\/uploads\/2021\/10\/DSC_5789-300x300.jpg 300w, https:\/\/pablocarpintero.es\/wp-content\/uploads\/2021\/10\/DSC_5789-100x100.jpg 100w, https:\/\/pablocarpintero.es\/wp-content\/uploads\/2021\/10\/DSC_5789-80x80.jpg 80w, https:\/\/pablocarpintero.es\/wp-content\/uploads\/2021\/10\/DSC_5789-36x36.jpg 36w, https:\/\/pablocarpintero.es\/wp-content\/uploads\/2021\/10\/DSC_5789-180x180.jpg 180w\" sizes=\"(max-width: 300px) 100vw, 300px\" \/><span class=\"cart-loading\"><\/span><\/div><div class='inner_product_header'><div class='avia-arrow'><\/div><div class='inner_product_header_table'><div class='inner_product_header_cell'><h2 class=\"woocommerce-loop-product__title\">Gaita de boto de Bestu\u00e9 (s. XVII)<\/h2>\n<\/div><\/div><\/div><\/a><div class='avia_cart_buttons'><a href=\"https:\/\/pablocarpintero.es\/es\/producto\/gaita-de-boto-de-bestue\/\" aria-describedby=\"woocommerce_loop_add_to_cart_link_describedby_478\" data-quantity=\"1\" class=\"button product_type_simple\" data-product_id=\"478\" data-product_sku=\"\" aria-label=\"Lee m\u00e1s sobre \u201cGaita de boto de Bestu\u00e9 (s. XVII)\u201d\" rel=\"nofollow\" data-success_message=\"\" data-no-translation-aria-label=\"\"><span aria-hidden='true' data-av_icon='\ue859' data-av_iconfont='entypo-fontello'><\/span> Leer m\u00e1s<\/a>\t<span id=\"woocommerce_loop_add_to_cart_link_describedby_478\" class=\"screen-reader-text\">\n\t\t\t<\/span>\n<a class=\"button show_details_button\" href=\"https:\/\/pablocarpintero.es\/es\/producto\/gaita-de-boto-de-bestue\/\"><span aria-hidden='true' data-av_icon='\ue84b' data-av_iconfont='entypo-fontello'><\/span>  Mostrar detalles<\/a> <span class=\"button-mini-delimiter\"><\/span><\/div><\/div><\/li>\n<li class=\"product type-product post-479 status-publish last instock product_cat-gaitas-de-fol product_cat-instrumentos-musicales product_cat-replicas-de-gaitas-aragonesas product_cat-replicas-de-gaitas-de-fol-antigas has-post-thumbnail taxable shipping-taxable product-type-simple\">\n\t<div class='inner_product main_color wrapped_style noLightbox  av-product-class-'><a href=\"https:\/\/pablocarpintero.es\/es\/producto\/gaita-de-boto-de-robres\/\" class=\"woocommerce-LoopProduct-link woocommerce-loop-product__link\"><div class=\"thumbnail_container\"><img loading=\"lazy\" decoding=\"async\" width=\"300\" height=\"300\" src=\"https:\/\/pablocarpintero.es\/wp-content\/uploads\/2021\/10\/Gaita-de-boto-de-Robres-Pablo-Carpintero-copia-300x300.jpg\" class=\"wp-image-2299 avia-img-lazy-loading-2299 attachment-woocommerce_thumbnail size-woocommerce_thumbnail wp-post-image\" alt=\"\" srcset=\"https:\/\/pablocarpintero.es\/wp-content\/uploads\/2021\/10\/Gaita-de-boto-de-Robres-Pablo-Carpintero-copia-300x300.jpg 300w, https:\/\/pablocarpintero.es\/wp-content\/uploads\/2021\/10\/Gaita-de-boto-de-Robres-Pablo-Carpintero-copia-100x100.jpg 100w, https:\/\/pablocarpintero.es\/wp-content\/uploads\/2021\/10\/Gaita-de-boto-de-Robres-Pablo-Carpintero-copia-80x80.jpg 80w, https:\/\/pablocarpintero.es\/wp-content\/uploads\/2021\/10\/Gaita-de-boto-de-Robres-Pablo-Carpintero-copia-36x36.jpg 36w, https:\/\/pablocarpintero.es\/wp-content\/uploads\/2021\/10\/Gaita-de-boto-de-Robres-Pablo-Carpintero-copia-180x180.jpg 180w, https:\/\/pablocarpintero.es\/wp-content\/uploads\/2021\/10\/Gaita-de-boto-de-Robres-Pablo-Carpintero-copia-120x120.jpg 120w\" sizes=\"auto, (max-width: 300px) 100vw, 300px\" \/><span class=\"cart-loading\"><\/span><\/div><div class='inner_product_header'><div class='avia-arrow'><\/div><div class='inner_product_header_table'><div class='inner_product_header_cell'><h2 class=\"woocommerce-loop-product__title\">Gaita de boto de Robres<\/h2>\n<\/div><\/div><\/div><\/a><div class='avia_cart_buttons'><a href=\"https:\/\/pablocarpintero.es\/es\/producto\/gaita-de-boto-de-robres\/\" aria-describedby=\"woocommerce_loop_add_to_cart_link_describedby_479\" data-quantity=\"1\" class=\"button product_type_simple\" data-product_id=\"479\" data-product_sku=\"\" aria-label=\"Lee m\u00e1s sobre \u201cGaita de boto de Robres\u201d\" rel=\"nofollow\" data-success_message=\"\" data-no-translation-aria-label=\"\"><span aria-hidden='true' data-av_icon='\ue859' data-av_iconfont='entypo-fontello'><\/span> Leer m\u00e1s<\/a>\t<span id=\"woocommerce_loop_add_to_cart_link_describedby_479\" class=\"screen-reader-text\">\n\t\t\t<\/span>\n<a class=\"button show_details_button\" href=\"https:\/\/pablocarpintero.es\/es\/producto\/gaita-de-boto-de-robres\/\"><span aria-hidden='true' data-av_icon='\ue84b' data-av_iconfont='entypo-fontello'><\/span>  Mostrar detalles<\/a> <span class=\"button-mini-delimiter\"><\/span><\/div><\/div><\/li>\n<\/ul><\/div><\/div><div class=\"clear\"><\/div><\/p><\/div>","protected":false},"excerpt":{"rendered":"","protected":false},"author":1,"featured_media":0,"parent":73,"menu_order":7,"comment_status":"closed","ping_status":"closed","template":"","meta":{"give_campaign_id":0,"_joinchat":[],"footnotes":""},"class_list":["post-98","page","type-page","status-publish","hentry"],"yoast_head":"<!-- This site is optimized with the Yoast SEO plugin v27.2 - https:\/\/yoast.com\/product\/yoast-seo-wordpress\/ -->\n<title>R\u00e9plicas de gaitas aragonesas - Pablo Carpintero<\/title>\n<meta name=\"robots\" content=\"index, follow, max-snippet:-1, max-image-preview:large, max-video-preview:-1\" \/>\n<link rel=\"canonical\" href=\"https:\/\/pablocarpintero.es\/es\/instrumentos-musicais\/gaitas-de-fol\/replicas-de-gaitas-de-fol-antigas\/replicas-de-gaitas-aragonesas\/\" \/>\n<meta property=\"og:locale\" content=\"es_ES\" \/>\n<meta property=\"og:type\" content=\"article\" \/>\n<meta property=\"og:title\" content=\"R\u00e9plicas de gaitas aragonesas - Pablo Carpintero\" \/>\n<meta property=\"og:url\" content=\"https:\/\/pablocarpintero.es\/es\/instrumentos-musicais\/gaitas-de-fol\/replicas-de-gaitas-de-fol-antigas\/replicas-de-gaitas-aragonesas\/\" \/>\n<meta property=\"og:site_name\" content=\"Pablo Carpintero\" \/>\n<meta property=\"article:modified_time\" content=\"2025-02-16T18:42:22+00:00\" \/>\n<meta name=\"twitter:card\" content=\"summary_large_image\" \/>\n<meta name=\"twitter:label1\" content=\"Tiempo de lectura\" \/>\n\t<meta name=\"twitter:data1\" content=\"5 minutos\" \/>\n<script type=\"application\/ld+json\" class=\"yoast-schema-graph\">{\"@context\":\"https:\/\/schema.org\",\"@graph\":[{\"@type\":\"WebPage\",\"@id\":\"https:\/\/pablocarpintero.es\/instrumentos-musicais\/gaitas-de-fol\/replicas-de-gaitas-de-fol-antigas\/replicas-de-gaitas-aragonesas\/\",\"url\":\"https:\/\/pablocarpintero.es\/instrumentos-musicais\/gaitas-de-fol\/replicas-de-gaitas-de-fol-antigas\/replicas-de-gaitas-aragonesas\/\",\"name\":\"R\u00e9plicas de gaitas aragonesas - Pablo Carpintero\",\"isPartOf\":{\"@id\":\"https:\/\/pablocarpintero.es\/#website\"},\"datePublished\":\"2021-09-29T11:25:20+00:00\",\"dateModified\":\"2025-02-16T18:42:22+00:00\",\"breadcrumb\":{\"@id\":\"https:\/\/pablocarpintero.es\/instrumentos-musicais\/gaitas-de-fol\/replicas-de-gaitas-de-fol-antigas\/replicas-de-gaitas-aragonesas\/#breadcrumb\"},\"inLanguage\":\"es\",\"potentialAction\":[{\"@type\":\"ReadAction\",\"target\":[\"https:\/\/pablocarpintero.es\/instrumentos-musicais\/gaitas-de-fol\/replicas-de-gaitas-de-fol-antigas\/replicas-de-gaitas-aragonesas\/\"]}]},{\"@type\":\"BreadcrumbList\",\"@id\":\"https:\/\/pablocarpintero.es\/instrumentos-musicais\/gaitas-de-fol\/replicas-de-gaitas-de-fol-antigas\/replicas-de-gaitas-aragonesas\/#breadcrumb\",\"itemListElement\":[{\"@type\":\"ListItem\",\"position\":1,\"name\":\"Portada\",\"item\":\"https:\/\/pablocarpintero.es\/inicio\/\"},{\"@type\":\"ListItem\",\"position\":2,\"name\":\"Instrumentos musicais\",\"item\":\"https:\/\/pablocarpintero.es\/instrumentos-musicais\/\"},{\"@type\":\"ListItem\",\"position\":3,\"name\":\"Gaitas de fol\",\"item\":\"https:\/\/pablocarpintero.es\/instrumentos-musicais\/gaitas-de-fol\/\"},{\"@type\":\"ListItem\",\"position\":4,\"name\":\"R\u00e9plicas de gaitas de fol antigas\",\"item\":\"https:\/\/pablocarpintero.es\/instrumentos-musicais\/gaitas-de-fol\/replicas-de-gaitas-de-fol-antigas\/\"},{\"@type\":\"ListItem\",\"position\":5,\"name\":\"R\u00e9plicas de gaitas aragonesas\"}]},{\"@type\":\"WebSite\",\"@id\":\"https:\/\/pablocarpintero.es\/#website\",\"url\":\"https:\/\/pablocarpintero.es\/\",\"name\":\"Pablo Carpintero\",\"description\":\"Otro sitio realizado con WordPress\",\"potentialAction\":[{\"@type\":\"SearchAction\",\"target\":{\"@type\":\"EntryPoint\",\"urlTemplate\":\"https:\/\/pablocarpintero.es\/?s={search_term_string}\"},\"query-input\":{\"@type\":\"PropertyValueSpecification\",\"valueRequired\":true,\"valueName\":\"search_term_string\"}}],\"inLanguage\":\"es\"}]}<\/script>\n<!-- \/ Yoast SEO plugin. -->","yoast_head_json":{"title":"R\u00e9plicas de gaitas aragonesas - Pablo Carpintero","robots":{"index":"index","follow":"follow","max-snippet":"max-snippet:-1","max-image-preview":"max-image-preview:large","max-video-preview":"max-video-preview:-1"},"canonical":"https:\/\/pablocarpintero.es\/es\/instrumentos-musicais\/gaitas-de-fol\/replicas-de-gaitas-de-fol-antigas\/replicas-de-gaitas-aragonesas\/","og_locale":"es_ES","og_type":"article","og_title":"R\u00e9plicas de gaitas aragonesas - Pablo Carpintero","og_url":"https:\/\/pablocarpintero.es\/es\/instrumentos-musicais\/gaitas-de-fol\/replicas-de-gaitas-de-fol-antigas\/replicas-de-gaitas-aragonesas\/","og_site_name":"Pablo Carpintero","article_modified_time":"2025-02-16T18:42:22+00:00","twitter_card":"summary_large_image","twitter_misc":{"Tiempo de lectura":"5 minutos"},"schema":{"@context":"https:\/\/schema.org","@graph":[{"@type":"WebPage","@id":"https:\/\/pablocarpintero.es\/instrumentos-musicais\/gaitas-de-fol\/replicas-de-gaitas-de-fol-antigas\/replicas-de-gaitas-aragonesas\/","url":"https:\/\/pablocarpintero.es\/instrumentos-musicais\/gaitas-de-fol\/replicas-de-gaitas-de-fol-antigas\/replicas-de-gaitas-aragonesas\/","name":"R\u00e9plicas de gaitas aragonesas - Pablo Carpintero","isPartOf":{"@id":"https:\/\/pablocarpintero.es\/#website"},"datePublished":"2021-09-29T11:25:20+00:00","dateModified":"2025-02-16T18:42:22+00:00","breadcrumb":{"@id":"https:\/\/pablocarpintero.es\/instrumentos-musicais\/gaitas-de-fol\/replicas-de-gaitas-de-fol-antigas\/replicas-de-gaitas-aragonesas\/#breadcrumb"},"inLanguage":"es","potentialAction":[{"@type":"ReadAction","target":["https:\/\/pablocarpintero.es\/instrumentos-musicais\/gaitas-de-fol\/replicas-de-gaitas-de-fol-antigas\/replicas-de-gaitas-aragonesas\/"]}]},{"@type":"BreadcrumbList","@id":"https:\/\/pablocarpintero.es\/instrumentos-musicais\/gaitas-de-fol\/replicas-de-gaitas-de-fol-antigas\/replicas-de-gaitas-aragonesas\/#breadcrumb","itemListElement":[{"@type":"ListItem","position":1,"name":"Portada","item":"https:\/\/pablocarpintero.es\/inicio\/"},{"@type":"ListItem","position":2,"name":"Instrumentos musicais","item":"https:\/\/pablocarpintero.es\/instrumentos-musicais\/"},{"@type":"ListItem","position":3,"name":"Gaitas de fol","item":"https:\/\/pablocarpintero.es\/instrumentos-musicais\/gaitas-de-fol\/"},{"@type":"ListItem","position":4,"name":"R\u00e9plicas de gaitas de fol antigas","item":"https:\/\/pablocarpintero.es\/instrumentos-musicais\/gaitas-de-fol\/replicas-de-gaitas-de-fol-antigas\/"},{"@type":"ListItem","position":5,"name":"R\u00e9plicas de gaitas aragonesas"}]},{"@type":"WebSite","@id":"https:\/\/pablocarpintero.es\/#website","url":"https:\/\/pablocarpintero.es\/","name":"Pablo Carpintero","description":"Otro sitio realizado con WordPress","potentialAction":[{"@type":"SearchAction","target":{"@type":"EntryPoint","urlTemplate":"https:\/\/pablocarpintero.es\/?s={search_term_string}"},"query-input":{"@type":"PropertyValueSpecification","valueRequired":true,"valueName":"search_term_string"}}],"inLanguage":"es"}]}},"campaignId":"","_links":{"self":[{"href":"https:\/\/pablocarpintero.es\/es\/wp-json\/wp\/v2\/pages\/98","targetHints":{"allow":["GET"]}}],"collection":[{"href":"https:\/\/pablocarpintero.es\/es\/wp-json\/wp\/v2\/pages"}],"about":[{"href":"https:\/\/pablocarpintero.es\/es\/wp-json\/wp\/v2\/types\/page"}],"author":[{"embeddable":true,"href":"https:\/\/pablocarpintero.es\/es\/wp-json\/wp\/v2\/users\/1"}],"replies":[{"embeddable":true,"href":"https:\/\/pablocarpintero.es\/es\/wp-json\/wp\/v2\/comments?post=98"}],"version-history":[{"count":5,"href":"https:\/\/pablocarpintero.es\/es\/wp-json\/wp\/v2\/pages\/98\/revisions"}],"predecessor-version":[{"id":2600,"href":"https:\/\/pablocarpintero.es\/es\/wp-json\/wp\/v2\/pages\/98\/revisions\/2600"}],"up":[{"embeddable":true,"href":"https:\/\/pablocarpintero.es\/es\/wp-json\/wp\/v2\/pages\/73"}],"wp:attachment":[{"href":"https:\/\/pablocarpintero.es\/es\/wp-json\/wp\/v2\/media?parent=98"}],"curies":[{"name":"wp","href":"https:\/\/api.w.org\/{rel}","templated":true}]}}