{"id":1109,"date":"2021-11-13T08:24:27","date_gmt":"2021-11-13T08:24:27","guid":{"rendered":"https:\/\/pablocarpintero.es\/?post_type=product&#038;p=1109"},"modified":"2021-12-04T08:49:37","modified_gmt":"2021-12-04T08:49:37","slug":"ferrenas-redondas-2","status":"publish","type":"product","link":"https:\/\/pablocarpintero.es\/es\/producto\/ferrenas-redondas-2\/","title":{"rendered":"Sonajas redondas"},"content":{"rendered":"<p>Son instrumentos parecidos a panderetas sin piel que se utilizaron hasta principios del siglo XX para acompa\u00f1ar a los panderos o tambi\u00e9n en las danzas rituales. Las hacemos en diferentes tama\u00f1os. Son siempre policromadas y decoradas con cintas de colores. Las hemos replicado a partir de las que aparecen en un relieve del siglo XVII del Museo Diocesano de Tui y de una copia conservada de la danza de espadas de Mar\u00edn que nos trajeron nuestros amigos del grupo Picu\u00ed\u00f1a de Mar\u00edn.<\/p>\n<p><a href=\"http:\/\/www.consellodacultura.gal\/asg\/instrumentos\/os-idiofonos\/ferrenas-ferrinas\/\">Aqu\u00ed<\/a> puedes aprender m\u00e1s sobre este instrumento musical.<\/p>\n<p>&nbsp;<\/p>\n<p>En este v\u00eddeo escuchar\u00e1s como suenan las sonajas junto con un pandero:<\/p>\n<p>&nbsp;<\/p>\n<div  class='avia-video av-8lb45-284f3f90169e8664e75f8dd7f4d3c712 avia-video-16-9 av-no-preview-image avia-video-load-always av-lazyload-immediate av-lazyload-video-embed'  itemprop=\"video\" itemtype=\"https:\/\/schema.org\/VideoObject\"  data-original_url='https:\/\/www.youtube.com\/watch?v=OYRQ332IFbg&amp;t=343s'><script type='text\/html' class='av-video-tmpl'><div class='avia-iframe-wrap'><iframe loading=\"lazy\" title=\"MUSICA E EVOLUCI\u00d3N- Galego- Rosa S\u00e1nchez e Pablo Carpintero.\" width=\"1500\" height=\"844\" src=\"https:\/\/www.youtube.com\/embed\/OYRQ332IFbg?start=343&feature=oembed&autoplay=0&loop=0&controls=1&mute=0\" frameborder=\"0\" allow=\"accelerometer; autoplay; clipboard-write; encrypted-media; gyroscope; picture-in-picture\" allowfullscreen><\/iframe><\/div><\/script><div class='av-click-to-play-overlay'><div class=\"avia_playpause_icon\"><\/div><\/div><\/div>\n<p>&nbsp;<\/p>\n<p>En este concierto tambi\u00e9n lo puedes escuchar:<\/p>\n<p>&nbsp;<\/p>\n<div  class='avia-video av-20imc5-ba2f91cc7f450343a29a7cbba6a9451f avia-video-16-9 av-no-preview-image avia-video-load-always av-lazyload-immediate av-lazyload-video-embed'  itemprop=\"video\" itemtype=\"https:\/\/schema.org\/VideoObject\"  data-original_url='https:\/\/www.youtube.com\/watch?v=Gy6iG43Qit0&amp;t=17s'><script type='text\/html' class='av-video-tmpl'><div class='avia-iframe-wrap'><iframe loading=\"lazy\" title=\"MUSICA E EVOLUCI\u00d3N-Castellano- Rosa S\u00e1nchez y Pablo Carpintero.\" width=\"1500\" height=\"844\" src=\"https:\/\/www.youtube.com\/embed\/Gy6iG43Qit0?start=17&feature=oembed&autoplay=0&loop=0&controls=1&mute=0\" frameborder=\"0\" allow=\"accelerometer; autoplay; clipboard-write; encrypted-media; gyroscope; picture-in-picture\" allowfullscreen><\/iframe><\/div><\/script><div class='av-click-to-play-overlay'><div class=\"avia_playpause_icon\"><\/div><\/div><\/div>\n<p>&nbsp;<\/p>\n<p>&nbsp;<\/p>","protected":false},"excerpt":{"rendered":"<p>Son instrumentos semellantes a pandeiretas sen pel que se empregaban ata principios do s\u00e9culo XX para acompa\u00f1ar aos pandeiros ou tam\u00e9n nas danzas rituais. Fabric\u00e1molas en diferentes tama\u00f1os. Son sempre policromadas e ornamentadas con fitas de cores. Replicadas en base \u00e1s que aparecen nun relevo do s\u00e9culo XVII do Museo Diocesano de Tui e a [&hellip;]<\/p>\n","protected":false},"featured_media":1111,"comment_status":"open","ping_status":"closed","template":"","meta":{"give_campaign_id":0,"_joinchat":[]},"product_brand":[],"product_cat":[47,18],"product_tag":[],"class_list":{"0":"post-1109","1":"product","2":"type-product","3":"status-publish","4":"has-post-thumbnail","6":"product_cat-ferrenas","7":"product_cat-instrumentos-musicales","9":"first","10":"instock","11":"taxable","12":"shipping-taxable","13":"purchasable","14":"product-type-simple"},"yoast_head":"<!-- This site is optimized with the Yoast SEO plugin v27.2 - https:\/\/yoast.com\/product\/yoast-seo-wordpress\/ -->\n<title>Ferre\u00f1as redondas - Pablo Carpintero<\/title>\n<meta name=\"robots\" content=\"index, follow, max-snippet:-1, max-image-preview:large, max-video-preview:-1\" \/>\n<link rel=\"canonical\" href=\"https:\/\/pablocarpintero.es\/es\/producto\/ferrenas-redondas-2\/\" \/>\n<meta property=\"og:locale\" content=\"es_ES\" \/>\n<meta property=\"og:type\" content=\"article\" \/>\n<meta property=\"og:title\" content=\"Ferre\u00f1as redondas - Pablo Carpintero\" \/>\n<meta property=\"og:description\" content=\"Son instrumentos semellantes a pandeiretas sen pel que se empregaban ata principios do s\u00e9culo XX para acompa\u00f1ar aos pandeiros ou tam\u00e9n nas danzas rituais. Fabric\u00e1molas en diferentes tama\u00f1os. Son sempre policromadas e ornamentadas con fitas de cores. Replicadas en base \u00e1s que aparecen nun relevo do s\u00e9culo XVII do Museo Diocesano de Tui e a [&hellip;]\" \/>\n<meta property=\"og:url\" content=\"https:\/\/pablocarpintero.es\/es\/producto\/ferrenas-redondas-2\/\" \/>\n<meta property=\"og:site_name\" content=\"Pablo Carpintero\" \/>\n<meta property=\"article:modified_time\" content=\"2021-12-04T08:49:37+00:00\" \/>\n<meta property=\"og:image\" content=\"https:\/\/pablocarpintero.es\/wp-content\/uploads\/2021\/11\/Ferrenas-Pablo-carpintero.jpg\" \/>\n\t<meta property=\"og:image:width\" content=\"1687\" \/>\n\t<meta property=\"og:image:height\" content=\"1631\" \/>\n\t<meta property=\"og:image:type\" content=\"image\/jpeg\" \/>\n<meta name=\"twitter:card\" content=\"summary_large_image\" \/>\n<meta name=\"twitter:label1\" content=\"Tiempo de lectura\" \/>\n\t<meta name=\"twitter:data1\" content=\"1 minuto\" \/>\n<script type=\"application\/ld+json\" class=\"yoast-schema-graph\">{\"@context\":\"https:\/\/schema.org\",\"@graph\":[{\"@type\":\"WebPage\",\"@id\":\"https:\/\/pablocarpintero.es\/producto\/ferrenas-redondas-2\/\",\"url\":\"https:\/\/pablocarpintero.es\/producto\/ferrenas-redondas-2\/\",\"name\":\"Ferre\u00f1as redondas - Pablo Carpintero\",\"isPartOf\":{\"@id\":\"https:\/\/pablocarpintero.es\/#website\"},\"primaryImageOfPage\":{\"@id\":\"https:\/\/pablocarpintero.es\/producto\/ferrenas-redondas-2\/#primaryimage\"},\"image\":{\"@id\":\"https:\/\/pablocarpintero.es\/producto\/ferrenas-redondas-2\/#primaryimage\"},\"thumbnailUrl\":\"https:\/\/pablocarpintero.es\/wp-content\/uploads\/2021\/11\/Ferrenas-Pablo-carpintero.jpg\",\"datePublished\":\"2021-11-13T08:24:27+00:00\",\"dateModified\":\"2021-12-04T08:49:37+00:00\",\"breadcrumb\":{\"@id\":\"https:\/\/pablocarpintero.es\/producto\/ferrenas-redondas-2\/#breadcrumb\"},\"inLanguage\":\"es\",\"potentialAction\":[{\"@type\":\"ReadAction\",\"target\":[\"https:\/\/pablocarpintero.es\/producto\/ferrenas-redondas-2\/\"]}]},{\"@type\":\"ImageObject\",\"inLanguage\":\"es\",\"@id\":\"https:\/\/pablocarpintero.es\/producto\/ferrenas-redondas-2\/#primaryimage\",\"url\":\"https:\/\/pablocarpintero.es\/wp-content\/uploads\/2021\/11\/Ferrenas-Pablo-carpintero.jpg\",\"contentUrl\":\"https:\/\/pablocarpintero.es\/wp-content\/uploads\/2021\/11\/Ferrenas-Pablo-carpintero.jpg\",\"width\":1687,\"height\":1631},{\"@type\":\"BreadcrumbList\",\"@id\":\"https:\/\/pablocarpintero.es\/producto\/ferrenas-redondas-2\/#breadcrumb\",\"itemListElement\":[{\"@type\":\"ListItem\",\"position\":1,\"name\":\"Portada\",\"item\":\"https:\/\/pablocarpintero.es\/inicio\/\"},{\"@type\":\"ListItem\",\"position\":2,\"name\":\"Tienda\",\"item\":\"https:\/\/pablocarpintero.es\/tienda\/\"},{\"@type\":\"ListItem\",\"position\":3,\"name\":\"Ferre\u00f1as redondas\"}]},{\"@type\":\"WebSite\",\"@id\":\"https:\/\/pablocarpintero.es\/#website\",\"url\":\"https:\/\/pablocarpintero.es\/\",\"name\":\"Pablo Carpintero\",\"description\":\"Otro sitio realizado con WordPress\",\"potentialAction\":[{\"@type\":\"SearchAction\",\"target\":{\"@type\":\"EntryPoint\",\"urlTemplate\":\"https:\/\/pablocarpintero.es\/?s={search_term_string}\"},\"query-input\":{\"@type\":\"PropertyValueSpecification\",\"valueRequired\":true,\"valueName\":\"search_term_string\"}}],\"inLanguage\":\"es\"}]}<\/script>\n<!-- \/ Yoast SEO plugin. -->","yoast_head_json":{"title":"Ferre\u00f1as redondas - Pablo Carpintero","robots":{"index":"index","follow":"follow","max-snippet":"max-snippet:-1","max-image-preview":"max-image-preview:large","max-video-preview":"max-video-preview:-1"},"canonical":"https:\/\/pablocarpintero.es\/es\/producto\/ferrenas-redondas-2\/","og_locale":"es_ES","og_type":"article","og_title":"Ferre\u00f1as redondas - Pablo Carpintero","og_description":"Son instrumentos semellantes a pandeiretas sen pel que se empregaban ata principios do s\u00e9culo XX para acompa\u00f1ar aos pandeiros ou tam\u00e9n nas danzas rituais. Fabric\u00e1molas en diferentes tama\u00f1os. Son sempre policromadas e ornamentadas con fitas de cores. Replicadas en base \u00e1s que aparecen nun relevo do s\u00e9culo XVII do Museo Diocesano de Tui e a [&hellip;]","og_url":"https:\/\/pablocarpintero.es\/es\/producto\/ferrenas-redondas-2\/","og_site_name":"Pablo Carpintero","article_modified_time":"2021-12-04T08:49:37+00:00","og_image":[{"width":1687,"height":1631,"url":"https:\/\/pablocarpintero.es\/wp-content\/uploads\/2021\/11\/Ferrenas-Pablo-carpintero.jpg","type":"image\/jpeg"}],"twitter_card":"summary_large_image","twitter_misc":{"Tiempo de lectura":"1 minuto"},"schema":{"@context":"https:\/\/schema.org","@graph":[{"@type":"WebPage","@id":"https:\/\/pablocarpintero.es\/producto\/ferrenas-redondas-2\/","url":"https:\/\/pablocarpintero.es\/producto\/ferrenas-redondas-2\/","name":"Ferre\u00f1as redondas - Pablo Carpintero","isPartOf":{"@id":"https:\/\/pablocarpintero.es\/#website"},"primaryImageOfPage":{"@id":"https:\/\/pablocarpintero.es\/producto\/ferrenas-redondas-2\/#primaryimage"},"image":{"@id":"https:\/\/pablocarpintero.es\/producto\/ferrenas-redondas-2\/#primaryimage"},"thumbnailUrl":"https:\/\/pablocarpintero.es\/wp-content\/uploads\/2021\/11\/Ferrenas-Pablo-carpintero.jpg","datePublished":"2021-11-13T08:24:27+00:00","dateModified":"2021-12-04T08:49:37+00:00","breadcrumb":{"@id":"https:\/\/pablocarpintero.es\/producto\/ferrenas-redondas-2\/#breadcrumb"},"inLanguage":"es","potentialAction":[{"@type":"ReadAction","target":["https:\/\/pablocarpintero.es\/producto\/ferrenas-redondas-2\/"]}]},{"@type":"ImageObject","inLanguage":"es","@id":"https:\/\/pablocarpintero.es\/producto\/ferrenas-redondas-2\/#primaryimage","url":"https:\/\/pablocarpintero.es\/wp-content\/uploads\/2021\/11\/Ferrenas-Pablo-carpintero.jpg","contentUrl":"https:\/\/pablocarpintero.es\/wp-content\/uploads\/2021\/11\/Ferrenas-Pablo-carpintero.jpg","width":1687,"height":1631},{"@type":"BreadcrumbList","@id":"https:\/\/pablocarpintero.es\/producto\/ferrenas-redondas-2\/#breadcrumb","itemListElement":[{"@type":"ListItem","position":1,"name":"Portada","item":"https:\/\/pablocarpintero.es\/inicio\/"},{"@type":"ListItem","position":2,"name":"Tienda","item":"https:\/\/pablocarpintero.es\/tienda\/"},{"@type":"ListItem","position":3,"name":"Ferre\u00f1as redondas"}]},{"@type":"WebSite","@id":"https:\/\/pablocarpintero.es\/#website","url":"https:\/\/pablocarpintero.es\/","name":"Pablo Carpintero","description":"Otro sitio realizado con WordPress","potentialAction":[{"@type":"SearchAction","target":{"@type":"EntryPoint","urlTemplate":"https:\/\/pablocarpintero.es\/?s={search_term_string}"},"query-input":{"@type":"PropertyValueSpecification","valueRequired":true,"valueName":"search_term_string"}}],"inLanguage":"es"}]}},"_links":{"self":[{"href":"https:\/\/pablocarpintero.es\/es\/wp-json\/wp\/v2\/product\/1109","targetHints":{"allow":["GET"]}}],"collection":[{"href":"https:\/\/pablocarpintero.es\/es\/wp-json\/wp\/v2\/product"}],"about":[{"href":"https:\/\/pablocarpintero.es\/es\/wp-json\/wp\/v2\/types\/product"}],"replies":[{"embeddable":true,"href":"https:\/\/pablocarpintero.es\/es\/wp-json\/wp\/v2\/comments?post=1109"}],"wp:featuredmedia":[{"embeddable":true,"href":"https:\/\/pablocarpintero.es\/es\/wp-json\/wp\/v2\/media\/1111"}],"wp:attachment":[{"href":"https:\/\/pablocarpintero.es\/es\/wp-json\/wp\/v2\/media?parent=1109"}],"wp:term":[{"taxonomy":"product_brand","embeddable":true,"href":"https:\/\/pablocarpintero.es\/es\/wp-json\/wp\/v2\/product_brand?post=1109"},{"taxonomy":"product_cat","embeddable":true,"href":"https:\/\/pablocarpintero.es\/es\/wp-json\/wp\/v2\/product_cat?post=1109"},{"taxonomy":"product_tag","embeddable":true,"href":"https:\/\/pablocarpintero.es\/es\/wp-json\/wp\/v2\/product_tag?post=1109"}],"curies":[{"name":"wp","href":"https:\/\/api.w.org\/{rel}","templated":true}]}}