{"id":386,"date":"2021-10-16T14:13:47","date_gmt":"2021-10-16T14:13:47","guid":{"rendered":"https:\/\/pablocarpintero.es\/?post_type=product&#038;p=386"},"modified":"2022-09-22T05:43:00","modified_gmt":"2022-09-22T05:43:00","slug":"gaita-grileira-de-catro-voces-de-antonio-do-castro-de-vilarino-sobrado-dos-monxes","status":"publish","type":"product","link":"https:\/\/pablocarpintero.es\/es\/producto\/gaita-grileira-de-catro-voces-de-antonio-do-castro-de-vilarino-sobrado-dos-monxes\/","title":{"rendered":"Gaita grillera de cuatro voces de Antonio do Castro de Vilari\u00f1o (Sobrado dos Monxes)"},"content":{"rendered":"<p class=\"p1\">Antonio Garc\u00eda de Castro de Vilari\u00f1o (Sobrado dos Monxes) fue un excelente constructor y el \u00fanico caso que conocemos de artesano no gaitero que fabric\u00f3 maravillosas gaitas de fuelle. Esta circunstancia tiene una explicaci\u00f3n: a Antonio le probaba las gaitas Manuel Lago S\u00e1nchez, de Casa Nueva (Carelle, Sobrado dos Monxes), uno de los mejores gaiteros que hemos conocido. Sus gaitas alcanzaron una enorme fama en las comarcas de Arz\u00faa y Terra de Melide. Nosotros pudimos comprar una de ellas hace ya muchos a\u00f1os y os ofrecemos su r\u00e9plica. Se trata de una gaita t\u00edpica de estas comarcas, una gaita de cuatro voces, con la ronquilla y el grilleiro saliendo de un \"galleto\", o sea de un asiento doble. Tiene un sonido fenomenal y muy bien equilibrado. El puntero tiene la t\u00f3nica cerca del Mib y toca con una escala en modo de Do con la sensible algo baja. Est\u00e1 dise\u00f1ado para tocar con la digitaci\u00f3n propia de esta zona, o sea, cerrada. Este es uno de los punteros m\u00e1s \u00e1giles que hemos probado, emite las notas con una rapidez y brillo inusitados, tiene un sonido muy potente y penetrante y requintea muy bien. Usa pajuelas como las originales de esta zona: fabricadas con la parte exterior y dura de la ca\u00f1a, peque\u00f1as, triangulares y con yugo met\u00e1lico.<span class=\"Apple-converted-space\">\u00a0<\/span><\/p>\n<p>A continuaci\u00f3n se muestran algunos videos de diferentes melod\u00edas interpretadas con la r\u00e9plica de esta gaita de cuatro voces. En este se puede escuchar la mui\u00f1eira de Chantada, porque como ya hemos comentado, es posible obtener con ella una escala crom\u00e1tica.<\/p>\n<p>&nbsp;<\/p>\n<div  class='avia-video av-rmb1u-4c0c2ee4ca1dfa8025cf6be236261db0 avia-video-16-9 av-no-preview-image avia-video-load-always av-lazyload-immediate av-lazyload-video-embed'  itemprop=\"video\" itemtype=\"https:\/\/schema.org\/VideoObject\"  data-original_url='https:\/\/www.youtube.com\/watch?v=rVgBAiqzp7E'><script type='text\/html' class='av-video-tmpl'><div class='avia-iframe-wrap'><iframe loading=\"lazy\" title=\"Replica de gaita de catro voces\" width=\"1500\" height=\"844\" src=\"https:\/\/www.youtube.com\/embed\/rVgBAiqzp7E?feature=oembed&autoplay=0&loop=0&controls=1&mute=0\" frameborder=\"0\" allow=\"accelerometer; autoplay; clipboard-write; encrypted-media; gyroscope; picture-in-picture\" allowfullscreen><\/iframe><\/div><\/script><div class='av-click-to-play-overlay'><div class=\"avia_playpause_icon\"><\/div><\/div><\/div>\n<p>&nbsp;<\/p>\n<p>Aqu\u00ed pod\u00e9is escuchar una de las jotas que tocaba Manuel Lago<\/p>\n<p>&nbsp;<\/p>\n<div  class='avia-video av-24xl6-79df89f16a58e4a5466e0a571cd435ab avia-video-16-9 av-no-preview-image avia-video-load-always av-lazyload-immediate av-lazyload-video-embed'  itemprop=\"video\" itemtype=\"https:\/\/schema.org\/VideoObject\"  data-original_url='https:\/\/www.youtube.com\/watch?v=GDgvrD7WHfc'><script type='text\/html' class='av-video-tmpl'><div class='avia-iframe-wrap'><iframe loading=\"lazy\" title=\"Xota de Manuel Lago, gaiteiro de Carelle con r\u00e9plica de gaita de catro voces\" width=\"1500\" height=\"844\" src=\"https:\/\/www.youtube.com\/embed\/GDgvrD7WHfc?feature=oembed&autoplay=0&loop=0&controls=1&mute=0\" frameborder=\"0\" allow=\"accelerometer; autoplay; clipboard-write; encrypted-media; gyroscope; picture-in-picture\" allowfullscreen><\/iframe><\/div><\/script><div class='av-click-to-play-overlay'><div class=\"avia_playpause_icon\"><\/div><\/div><\/div>\n<p>&nbsp;<\/p>\n<p>Esta \u00e9 unha das s\u00faas mui\u00f1eiras.<\/p>\n<p>&nbsp;<\/p>\n<div  class='avia-video av-hkcyi-827f544b0031394c68ad635fcfb8bf60 avia-video-16-9 av-no-preview-image avia-video-load-always av-lazyload-immediate av-lazyload-video-embed'  itemprop=\"video\" itemtype=\"https:\/\/schema.org\/VideoObject\"  data-original_url='https:\/\/www.youtube.com\/watch?v=JsAEXv8gHKw'><script type='text\/html' class='av-video-tmpl'><div class='avia-iframe-wrap'><iframe loading=\"lazy\" title=\"Mui\u00f1eira de Manuel Lago con r\u00e9plica de gaita de catro voces\" width=\"1500\" height=\"844\" src=\"https:\/\/www.youtube.com\/embed\/JsAEXv8gHKw?feature=oembed&autoplay=0&loop=0&controls=1&mute=0\" frameborder=\"0\" allow=\"accelerometer; autoplay; clipboard-write; encrypted-media; gyroscope; picture-in-picture\" allowfullscreen><\/iframe><\/div><\/script><div class='av-click-to-play-overlay'><div class=\"avia_playpause_icon\"><\/div><\/div><\/div>\n<p>&nbsp;<\/p>\n<p>Por \u00faltimo, unha mui\u00f1eira recollida a Andr\u00e9s Rodr\u00edguez das Corredoiras (Vilamaior, A Coru\u00f1a), que foi un fant\u00e1stico gaiteiro, un dos nosos mestres m\u00e1is queridos e un estupendo amigo co que percorrimos toda a comarca de Ordes.<\/p>\n<p>&nbsp;<\/p>\n<div  class='avia-video av-8r0kq-b164165d611a80b6439dc3cb391ea8c4 avia-video-16-9 av-no-preview-image avia-video-load-always av-lazyload-immediate av-lazyload-video-embed'  itemprop=\"video\" itemtype=\"https:\/\/schema.org\/VideoObject\"  data-original_url='https:\/\/www.youtube.com\/watch?v=T1e0M2Xk7x8'><script type='text\/html' class='av-video-tmpl'><div class='avia-iframe-wrap'><iframe loading=\"lazy\" title=\"Mui\u00f1eira de Andr\u00e9s de Vilamaior con gaita de catro voces\" width=\"1500\" height=\"844\" src=\"https:\/\/www.youtube.com\/embed\/T1e0M2Xk7x8?feature=oembed&autoplay=0&loop=0&controls=1&mute=0\" frameborder=\"0\" allow=\"accelerometer; autoplay; clipboard-write; encrypted-media; gyroscope; picture-in-picture\" allowfullscreen><\/iframe><\/div><\/script><div class='av-click-to-play-overlay'><div class=\"avia_playpause_icon\"><\/div><\/div><\/div>\n<p>&nbsp;<\/p>\n<p>&nbsp;<\/p>\n<p class=\"p1\"><strong>Compra por encargo<\/strong><\/p>\n<p class=\"p1\">Debido a las caracter\u00edsticas de las gaitas de fuelle antiguas, estas no tienen un precio fijo asignado, que depender\u00e1 del tipo de madera y de otras caracter\u00edsticas est\u00e9ticas que puedes escoger como anillados en diferentes materiales, flecos o ribeteados de los vestidos. Todas las r\u00e9plicas de gaitas de fuelle tienen una demora que depende de nuestra lista de espera. Consulta con nosotros para saber m\u00e1s.<\/p>\n<div  class='avia-button-wrap av-7w2e1-2cfff7366207172118f91cc6d7012c90-wrap avia-button-center  avia-builder-el-4  el_after_av_video  avia-builder-el-last'><a href='https:\/\/pablocarpintero.es\/es\/contactar\/'  class='avia-button av-7w2e1-2cfff7366207172118f91cc6d7012c90 avia-icon_select-yes-left-icon avia-size-small avia-position-center avia-color-theme-color'  ><span class='avia_button_icon avia_button_icon_left' aria-hidden='true' data-av_icon='\ue81f' data-av_iconfont='entypo-fontello'><\/span><span class='avia_iconbox_title' >Solicita informaci\u00f3n de precios<\/span><\/a><\/div>","protected":false},"excerpt":{"rendered":"<p>Antonio Garc\u00eda do Castro de Vilari\u00f1o (Sobrado dos Monxes) foi un excelente constructor e o \u00fanico caso que co\u00f1ecemos de artes\u00e1n non gaiteiro que fabricou marabillosas gaitas de fol. Esta circunstancia ten unha explicaci\u00f3n: a Antonio prob\u00e1balle as gaitas Manuel Lago S\u00e1nchez, de Casa Nova (Carelle, Sobrado dos Monxes), un dos mellores gaiteiros que temos [&hellip;]<\/p>\n","protected":false},"featured_media":649,"comment_status":"open","ping_status":"closed","template":"","meta":{"give_campaign_id":0,"_joinchat":[]},"product_brand":[],"product_cat":[20,18,21,24],"product_tag":[],"class_list":{"0":"post-386","1":"product","2":"type-product","3":"status-publish","4":"has-post-thumbnail","6":"product_cat-gaitas-de-fol","7":"product_cat-instrumentos-musicales","8":"product_cat-replicas-de-gaitas-de-fol-antigas","9":"product_cat-replicas-de-gaitas-galegas","11":"first","12":"instock","13":"taxable","14":"shipping-taxable","15":"product-type-simple"},"yoast_head":"<!-- This site is optimized with the Yoast SEO plugin v27.2 - https:\/\/yoast.com\/product\/yoast-seo-wordpress\/ -->\n<title>Gaita grileira de catro voces de Antonio do Castro de Vilari\u00f1o (Sobrado dos Monxes) - Pablo Carpintero<\/title>\n<meta name=\"robots\" content=\"index, follow, max-snippet:-1, max-image-preview:large, max-video-preview:-1\" \/>\n<link rel=\"canonical\" href=\"https:\/\/pablocarpintero.es\/es\/producto\/gaita-grileira-de-catro-voces-de-antonio-do-castro-de-vilarino-sobrado-dos-monxes\/\" \/>\n<meta property=\"og:locale\" content=\"es_ES\" \/>\n<meta property=\"og:type\" content=\"article\" \/>\n<meta property=\"og:title\" content=\"Gaita grileira de catro voces de Antonio do Castro de Vilari\u00f1o (Sobrado dos Monxes) - Pablo Carpintero\" \/>\n<meta property=\"og:description\" content=\"Antonio Garc\u00eda do Castro de Vilari\u00f1o (Sobrado dos Monxes) foi un excelente constructor e o \u00fanico caso que co\u00f1ecemos de artes\u00e1n non gaiteiro que fabricou marabillosas gaitas de fol. Esta circunstancia ten unha explicaci\u00f3n: a Antonio prob\u00e1balle as gaitas Manuel Lago S\u00e1nchez, de Casa Nova (Carelle, Sobrado dos Monxes), un dos mellores gaiteiros que temos [&hellip;]\" \/>\n<meta property=\"og:url\" content=\"https:\/\/pablocarpintero.es\/es\/producto\/gaita-grileira-de-catro-voces-de-antonio-do-castro-de-vilarino-sobrado-dos-monxes\/\" \/>\n<meta property=\"og:site_name\" content=\"Pablo Carpintero\" \/>\n<meta property=\"article:modified_time\" content=\"2022-09-22T05:43:00+00:00\" \/>\n<meta property=\"og:image\" content=\"https:\/\/pablocarpintero.es\/wp-content\/uploads\/2021\/10\/L_004603.jpg\" \/>\n\t<meta property=\"og:image:width\" content=\"984\" \/>\n\t<meta property=\"og:image:height\" content=\"837\" \/>\n\t<meta property=\"og:image:type\" content=\"image\/jpeg\" \/>\n<meta name=\"twitter:card\" content=\"summary_large_image\" \/>\n<meta name=\"twitter:label1\" content=\"Tiempo de lectura\" \/>\n\t<meta name=\"twitter:data1\" content=\"4 minutos\" \/>\n<script type=\"application\/ld+json\" class=\"yoast-schema-graph\">{\"@context\":\"https:\/\/schema.org\",\"@graph\":[{\"@type\":\"WebPage\",\"@id\":\"https:\/\/pablocarpintero.es\/producto\/gaita-grileira-de-catro-voces-de-antonio-do-castro-de-vilarino-sobrado-dos-monxes\/\",\"url\":\"https:\/\/pablocarpintero.es\/producto\/gaita-grileira-de-catro-voces-de-antonio-do-castro-de-vilarino-sobrado-dos-monxes\/\",\"name\":\"Gaita grileira de catro voces de Antonio do Castro de Vilari\u00f1o (Sobrado dos Monxes) - Pablo Carpintero\",\"isPartOf\":{\"@id\":\"https:\/\/pablocarpintero.es\/#website\"},\"primaryImageOfPage\":{\"@id\":\"https:\/\/pablocarpintero.es\/producto\/gaita-grileira-de-catro-voces-de-antonio-do-castro-de-vilarino-sobrado-dos-monxes\/#primaryimage\"},\"image\":{\"@id\":\"https:\/\/pablocarpintero.es\/producto\/gaita-grileira-de-catro-voces-de-antonio-do-castro-de-vilarino-sobrado-dos-monxes\/#primaryimage\"},\"thumbnailUrl\":\"https:\/\/pablocarpintero.es\/wp-content\/uploads\/2021\/10\/L_004603.jpg\",\"datePublished\":\"2021-10-16T14:13:47+00:00\",\"dateModified\":\"2022-09-22T05:43:00+00:00\",\"breadcrumb\":{\"@id\":\"https:\/\/pablocarpintero.es\/producto\/gaita-grileira-de-catro-voces-de-antonio-do-castro-de-vilarino-sobrado-dos-monxes\/#breadcrumb\"},\"inLanguage\":\"es\",\"potentialAction\":[{\"@type\":\"ReadAction\",\"target\":[\"https:\/\/pablocarpintero.es\/producto\/gaita-grileira-de-catro-voces-de-antonio-do-castro-de-vilarino-sobrado-dos-monxes\/\"]}]},{\"@type\":\"ImageObject\",\"inLanguage\":\"es\",\"@id\":\"https:\/\/pablocarpintero.es\/producto\/gaita-grileira-de-catro-voces-de-antonio-do-castro-de-vilarino-sobrado-dos-monxes\/#primaryimage\",\"url\":\"https:\/\/pablocarpintero.es\/wp-content\/uploads\/2021\/10\/L_004603.jpg\",\"contentUrl\":\"https:\/\/pablocarpintero.es\/wp-content\/uploads\/2021\/10\/L_004603.jpg\",\"width\":984,\"height\":837},{\"@type\":\"BreadcrumbList\",\"@id\":\"https:\/\/pablocarpintero.es\/producto\/gaita-grileira-de-catro-voces-de-antonio-do-castro-de-vilarino-sobrado-dos-monxes\/#breadcrumb\",\"itemListElement\":[{\"@type\":\"ListItem\",\"position\":1,\"name\":\"Portada\",\"item\":\"https:\/\/pablocarpintero.es\/inicio\/\"},{\"@type\":\"ListItem\",\"position\":2,\"name\":\"Tienda\",\"item\":\"https:\/\/pablocarpintero.es\/tienda\/\"},{\"@type\":\"ListItem\",\"position\":3,\"name\":\"Gaita grileira de catro voces de Antonio do Castro de Vilari\u00f1o (Sobrado dos Monxes)\"}]},{\"@type\":\"WebSite\",\"@id\":\"https:\/\/pablocarpintero.es\/#website\",\"url\":\"https:\/\/pablocarpintero.es\/\",\"name\":\"Pablo Carpintero\",\"description\":\"Otro sitio realizado con WordPress\",\"potentialAction\":[{\"@type\":\"SearchAction\",\"target\":{\"@type\":\"EntryPoint\",\"urlTemplate\":\"https:\/\/pablocarpintero.es\/?s={search_term_string}\"},\"query-input\":{\"@type\":\"PropertyValueSpecification\",\"valueRequired\":true,\"valueName\":\"search_term_string\"}}],\"inLanguage\":\"es\"}]}<\/script>\n<!-- \/ Yoast SEO plugin. -->","yoast_head_json":{"title":"Gaita grileira de catro voces de Antonio do Castro de Vilari\u00f1o (Sobrado dos Monxes) - Pablo Carpintero","robots":{"index":"index","follow":"follow","max-snippet":"max-snippet:-1","max-image-preview":"max-image-preview:large","max-video-preview":"max-video-preview:-1"},"canonical":"https:\/\/pablocarpintero.es\/es\/producto\/gaita-grileira-de-catro-voces-de-antonio-do-castro-de-vilarino-sobrado-dos-monxes\/","og_locale":"es_ES","og_type":"article","og_title":"Gaita grileira de catro voces de Antonio do Castro de Vilari\u00f1o (Sobrado dos Monxes) - Pablo Carpintero","og_description":"Antonio Garc\u00eda do Castro de Vilari\u00f1o (Sobrado dos Monxes) foi un excelente constructor e o \u00fanico caso que co\u00f1ecemos de artes\u00e1n non gaiteiro que fabricou marabillosas gaitas de fol. Esta circunstancia ten unha explicaci\u00f3n: a Antonio prob\u00e1balle as gaitas Manuel Lago S\u00e1nchez, de Casa Nova (Carelle, Sobrado dos Monxes), un dos mellores gaiteiros que temos [&hellip;]","og_url":"https:\/\/pablocarpintero.es\/es\/producto\/gaita-grileira-de-catro-voces-de-antonio-do-castro-de-vilarino-sobrado-dos-monxes\/","og_site_name":"Pablo Carpintero","article_modified_time":"2022-09-22T05:43:00+00:00","og_image":[{"width":984,"height":837,"url":"https:\/\/pablocarpintero.es\/wp-content\/uploads\/2021\/10\/L_004603.jpg","type":"image\/jpeg"}],"twitter_card":"summary_large_image","twitter_misc":{"Tiempo de lectura":"4 minutos"},"schema":{"@context":"https:\/\/schema.org","@graph":[{"@type":"WebPage","@id":"https:\/\/pablocarpintero.es\/producto\/gaita-grileira-de-catro-voces-de-antonio-do-castro-de-vilarino-sobrado-dos-monxes\/","url":"https:\/\/pablocarpintero.es\/producto\/gaita-grileira-de-catro-voces-de-antonio-do-castro-de-vilarino-sobrado-dos-monxes\/","name":"Gaita grileira de catro voces de Antonio do Castro de Vilari\u00f1o (Sobrado dos Monxes) - Pablo Carpintero","isPartOf":{"@id":"https:\/\/pablocarpintero.es\/#website"},"primaryImageOfPage":{"@id":"https:\/\/pablocarpintero.es\/producto\/gaita-grileira-de-catro-voces-de-antonio-do-castro-de-vilarino-sobrado-dos-monxes\/#primaryimage"},"image":{"@id":"https:\/\/pablocarpintero.es\/producto\/gaita-grileira-de-catro-voces-de-antonio-do-castro-de-vilarino-sobrado-dos-monxes\/#primaryimage"},"thumbnailUrl":"https:\/\/pablocarpintero.es\/wp-content\/uploads\/2021\/10\/L_004603.jpg","datePublished":"2021-10-16T14:13:47+00:00","dateModified":"2022-09-22T05:43:00+00:00","breadcrumb":{"@id":"https:\/\/pablocarpintero.es\/producto\/gaita-grileira-de-catro-voces-de-antonio-do-castro-de-vilarino-sobrado-dos-monxes\/#breadcrumb"},"inLanguage":"es","potentialAction":[{"@type":"ReadAction","target":["https:\/\/pablocarpintero.es\/producto\/gaita-grileira-de-catro-voces-de-antonio-do-castro-de-vilarino-sobrado-dos-monxes\/"]}]},{"@type":"ImageObject","inLanguage":"es","@id":"https:\/\/pablocarpintero.es\/producto\/gaita-grileira-de-catro-voces-de-antonio-do-castro-de-vilarino-sobrado-dos-monxes\/#primaryimage","url":"https:\/\/pablocarpintero.es\/wp-content\/uploads\/2021\/10\/L_004603.jpg","contentUrl":"https:\/\/pablocarpintero.es\/wp-content\/uploads\/2021\/10\/L_004603.jpg","width":984,"height":837},{"@type":"BreadcrumbList","@id":"https:\/\/pablocarpintero.es\/producto\/gaita-grileira-de-catro-voces-de-antonio-do-castro-de-vilarino-sobrado-dos-monxes\/#breadcrumb","itemListElement":[{"@type":"ListItem","position":1,"name":"Portada","item":"https:\/\/pablocarpintero.es\/inicio\/"},{"@type":"ListItem","position":2,"name":"Tienda","item":"https:\/\/pablocarpintero.es\/tienda\/"},{"@type":"ListItem","position":3,"name":"Gaita grileira de catro voces de Antonio do Castro de Vilari\u00f1o (Sobrado dos Monxes)"}]},{"@type":"WebSite","@id":"https:\/\/pablocarpintero.es\/#website","url":"https:\/\/pablocarpintero.es\/","name":"Pablo Carpintero","description":"Otro sitio realizado con WordPress","potentialAction":[{"@type":"SearchAction","target":{"@type":"EntryPoint","urlTemplate":"https:\/\/pablocarpintero.es\/?s={search_term_string}"},"query-input":{"@type":"PropertyValueSpecification","valueRequired":true,"valueName":"search_term_string"}}],"inLanguage":"es"}]}},"_links":{"self":[{"href":"https:\/\/pablocarpintero.es\/es\/wp-json\/wp\/v2\/product\/386","targetHints":{"allow":["GET"]}}],"collection":[{"href":"https:\/\/pablocarpintero.es\/es\/wp-json\/wp\/v2\/product"}],"about":[{"href":"https:\/\/pablocarpintero.es\/es\/wp-json\/wp\/v2\/types\/product"}],"replies":[{"embeddable":true,"href":"https:\/\/pablocarpintero.es\/es\/wp-json\/wp\/v2\/comments?post=386"}],"wp:featuredmedia":[{"embeddable":true,"href":"https:\/\/pablocarpintero.es\/es\/wp-json\/wp\/v2\/media\/649"}],"wp:attachment":[{"href":"https:\/\/pablocarpintero.es\/es\/wp-json\/wp\/v2\/media?parent=386"}],"wp:term":[{"taxonomy":"product_brand","embeddable":true,"href":"https:\/\/pablocarpintero.es\/es\/wp-json\/wp\/v2\/product_brand?post=386"},{"taxonomy":"product_cat","embeddable":true,"href":"https:\/\/pablocarpintero.es\/es\/wp-json\/wp\/v2\/product_cat?post=386"},{"taxonomy":"product_tag","embeddable":true,"href":"https:\/\/pablocarpintero.es\/es\/wp-json\/wp\/v2\/product_tag?post=386"}],"curies":[{"name":"wp","href":"https:\/\/api.w.org\/{rel}","templated":true}]}}