{"id":387,"date":"2021-10-16T14:14:10","date_gmt":"2021-10-16T14:14:10","guid":{"rendered":"https:\/\/pablocarpintero.es\/?post_type=product&#038;p=387"},"modified":"2021-11-04T06:29:01","modified_gmt":"2021-11-04T06:29:01","slug":"gaita-redonda-de-catro-voces-de-antonio-do-castro-de-vilarino-sobrado-dos-monxes","status":"publish","type":"product","link":"https:\/\/pablocarpintero.es\/es\/producto\/gaita-redonda-de-catro-voces-de-antonio-do-castro-de-vilarino-sobrado-dos-monxes\/","title":{"rendered":"Gaita redonda de cuatro voces de Antonio do Castro de Vilari\u00f1o (Sobrado dos Monxes)"},"content":{"rendered":"<p class=\"p1\">Antonio Garc\u00eda del Castro de Vilari\u00f1o (Sobrado dos Monxes) fue un excelente constructor y el \u00fanico caso que conocemos de artesano no gaitero que fabric\u00f3 maravillosas gaitas de fuelle. Esta circunstancia tiene una explicaci\u00f3n: a Antonio le probaba las gaitas Manuel Lago S\u00e1nchez, de Casa Nova (Carelle, Sobrado dos Monxes), uno de los mejores gaiteros que hemos conocido. Sus gaitas alcanzaron una enorme fama en las comarcas de Arz\u00faa y Terra de Melide. Nosotros pudimos comprar una de ellas hace ya muchos a\u00f1os y os ofrecemos su r\u00e9plica. Se trata de una gaita t\u00edpica de estas comarcas, una gaita de cuatro voces, con la ronquilla y el grilleiro saliendo de un \"galleto\", o sea de un asiento doble. Tiene un sonido fenomenal y muy bien equilibrado. El puntero tiene la t\u00f3nica cerca del Do y toca con una escala en modo de Do con la sensible algo baja. Est\u00e1 dise\u00f1ado para tocar con la digitaci\u00f3n propia de esta zona, o sea, cerrada. Su puntero es \u00e1gil y tiene un sonido muy potente. Usa pajuelas como las originales de esta zona: fabricadas con la parte exterior y dura de la ca\u00f1a, peque\u00f1as, triangulares y con yugo met\u00e1lico.<\/p>\n<p class=\"p1\"><span class=\"Apple-converted-space\">\u00a0<\/span><\/p>\n<p class=\"p1\"><strong>Compra por encargo<\/strong><\/p>\n<p class=\"p1\">Debido a las caracter\u00edsticas de las gaitas de fuelle antiguas, estas no tienen un precio fijo asignado, que depender\u00e1 del tipo de madera y de otras caracter\u00edsticas est\u00e9ticas que puedes escoger como anillados en diferentes materiales, flecos o ribeteados de los vestidos. Todas las r\u00e9plicas de gaitas de fuelle tienen una demora que depende de nuestra lista de espera. Consulta con nosotros para saber m\u00e1s.<\/p>\n<div  class='avia-button-wrap av-7w2e1-2cfff7366207172118f91cc6d7012c90-wrap avia-button-center  avia-builder-el-0  avia-builder-el-no-sibling'><a href='https:\/\/pablocarpintero.es\/es\/contactar\/'  class='avia-button av-7w2e1-2cfff7366207172118f91cc6d7012c90 avia-icon_select-yes-left-icon avia-size-small avia-position-center avia-color-theme-color'  ><span class='avia_button_icon avia_button_icon_left' aria-hidden='true' data-av_icon='\ue81f' data-av_iconfont='entypo-fontello'><\/span><span class='avia_iconbox_title' >Solicita informaci\u00f3n de precios<\/span><\/a><\/div>","protected":false},"excerpt":{"rendered":"<p>Antonio Garc\u00eda do Castro de Vilari\u00f1o (Sobrado dos Monxes) foi un excelente constructor e o \u00fanico caso que co\u00f1ecemos de artes\u00e1n non gaiteiro que fabricou marabillosas gaitas de fol. Esta circunstancia ten unha explicaci\u00f3n: a Antonio prob\u00e1balle as gaitas Manuel Lago S\u00e1nchez, de Casa Nova (Carelle, Sobrado dos Monxes), un dos mellores gaiteiros que temos [&hellip;]<\/p>\n","protected":false},"featured_media":718,"comment_status":"open","ping_status":"closed","template":"","meta":{"give_campaign_id":0,"_joinchat":[]},"product_brand":[],"product_cat":[20,18,21,24],"product_tag":[],"class_list":{"0":"post-387","1":"product","2":"type-product","3":"status-publish","4":"has-post-thumbnail","6":"product_cat-gaitas-de-fol","7":"product_cat-instrumentos-musicales","8":"product_cat-replicas-de-gaitas-de-fol-antigas","9":"product_cat-replicas-de-gaitas-galegas","11":"first","12":"instock","13":"taxable","14":"shipping-taxable","15":"product-type-simple"},"yoast_head":"<!-- This site is optimized with the Yoast SEO plugin v27.2 - https:\/\/yoast.com\/product\/yoast-seo-wordpress\/ -->\n<title>Gaita redonda de catro voces de Antonio do Castro de Vilari\u00f1o (Sobrado dos Monxes) - Pablo Carpintero<\/title>\n<meta name=\"robots\" content=\"index, follow, max-snippet:-1, max-image-preview:large, max-video-preview:-1\" \/>\n<link rel=\"canonical\" href=\"https:\/\/pablocarpintero.es\/es\/producto\/gaita-redonda-de-catro-voces-de-antonio-do-castro-de-vilarino-sobrado-dos-monxes\/\" \/>\n<meta property=\"og:locale\" content=\"es_ES\" \/>\n<meta property=\"og:type\" content=\"article\" \/>\n<meta property=\"og:title\" content=\"Gaita redonda de catro voces de Antonio do Castro de Vilari\u00f1o (Sobrado dos Monxes) - Pablo Carpintero\" \/>\n<meta property=\"og:description\" content=\"Antonio Garc\u00eda do Castro de Vilari\u00f1o (Sobrado dos Monxes) foi un excelente constructor e o \u00fanico caso que co\u00f1ecemos de artes\u00e1n non gaiteiro que fabricou marabillosas gaitas de fol. Esta circunstancia ten unha explicaci\u00f3n: a Antonio prob\u00e1balle as gaitas Manuel Lago S\u00e1nchez, de Casa Nova (Carelle, Sobrado dos Monxes), un dos mellores gaiteiros que temos [&hellip;]\" \/>\n<meta property=\"og:url\" content=\"https:\/\/pablocarpintero.es\/es\/producto\/gaita-redonda-de-catro-voces-de-antonio-do-castro-de-vilarino-sobrado-dos-monxes\/\" \/>\n<meta property=\"og:site_name\" content=\"Pablo Carpintero\" \/>\n<meta property=\"article:modified_time\" content=\"2021-11-04T06:29:01+00:00\" \/>\n<meta property=\"og:image\" content=\"https:\/\/pablocarpintero.es\/wp-content\/uploads\/2021\/10\/Gaita-de-catro-voces-Pablo-carpintero.jpg\" \/>\n\t<meta property=\"og:image:width\" content=\"2005\" \/>\n\t<meta property=\"og:image:height\" content=\"1339\" \/>\n\t<meta property=\"og:image:type\" content=\"image\/jpeg\" \/>\n<meta name=\"twitter:card\" content=\"summary_large_image\" \/>\n<meta name=\"twitter:label1\" content=\"Tiempo de lectura\" \/>\n\t<meta name=\"twitter:data1\" content=\"2 minutos\" \/>\n<script type=\"application\/ld+json\" class=\"yoast-schema-graph\">{\"@context\":\"https:\/\/schema.org\",\"@graph\":[{\"@type\":\"WebPage\",\"@id\":\"https:\/\/pablocarpintero.es\/producto\/gaita-redonda-de-catro-voces-de-antonio-do-castro-de-vilarino-sobrado-dos-monxes\/\",\"url\":\"https:\/\/pablocarpintero.es\/producto\/gaita-redonda-de-catro-voces-de-antonio-do-castro-de-vilarino-sobrado-dos-monxes\/\",\"name\":\"Gaita redonda de catro voces de Antonio do Castro de Vilari\u00f1o (Sobrado dos Monxes) - Pablo Carpintero\",\"isPartOf\":{\"@id\":\"https:\/\/pablocarpintero.es\/#website\"},\"primaryImageOfPage\":{\"@id\":\"https:\/\/pablocarpintero.es\/producto\/gaita-redonda-de-catro-voces-de-antonio-do-castro-de-vilarino-sobrado-dos-monxes\/#primaryimage\"},\"image\":{\"@id\":\"https:\/\/pablocarpintero.es\/producto\/gaita-redonda-de-catro-voces-de-antonio-do-castro-de-vilarino-sobrado-dos-monxes\/#primaryimage\"},\"thumbnailUrl\":\"https:\/\/pablocarpintero.es\/wp-content\/uploads\/2021\/10\/Gaita-de-catro-voces-Pablo-carpintero.jpg\",\"datePublished\":\"2021-10-16T14:14:10+00:00\",\"dateModified\":\"2021-11-04T06:29:01+00:00\",\"breadcrumb\":{\"@id\":\"https:\/\/pablocarpintero.es\/producto\/gaita-redonda-de-catro-voces-de-antonio-do-castro-de-vilarino-sobrado-dos-monxes\/#breadcrumb\"},\"inLanguage\":\"es\",\"potentialAction\":[{\"@type\":\"ReadAction\",\"target\":[\"https:\/\/pablocarpintero.es\/producto\/gaita-redonda-de-catro-voces-de-antonio-do-castro-de-vilarino-sobrado-dos-monxes\/\"]}]},{\"@type\":\"ImageObject\",\"inLanguage\":\"es\",\"@id\":\"https:\/\/pablocarpintero.es\/producto\/gaita-redonda-de-catro-voces-de-antonio-do-castro-de-vilarino-sobrado-dos-monxes\/#primaryimage\",\"url\":\"https:\/\/pablocarpintero.es\/wp-content\/uploads\/2021\/10\/Gaita-de-catro-voces-Pablo-carpintero.jpg\",\"contentUrl\":\"https:\/\/pablocarpintero.es\/wp-content\/uploads\/2021\/10\/Gaita-de-catro-voces-Pablo-carpintero.jpg\",\"width\":2005,\"height\":1339},{\"@type\":\"BreadcrumbList\",\"@id\":\"https:\/\/pablocarpintero.es\/producto\/gaita-redonda-de-catro-voces-de-antonio-do-castro-de-vilarino-sobrado-dos-monxes\/#breadcrumb\",\"itemListElement\":[{\"@type\":\"ListItem\",\"position\":1,\"name\":\"Portada\",\"item\":\"https:\/\/pablocarpintero.es\/inicio\/\"},{\"@type\":\"ListItem\",\"position\":2,\"name\":\"Tienda\",\"item\":\"https:\/\/pablocarpintero.es\/tienda\/\"},{\"@type\":\"ListItem\",\"position\":3,\"name\":\"Gaita redonda de catro voces de Antonio do Castro de Vilari\u00f1o (Sobrado dos Monxes)\"}]},{\"@type\":\"WebSite\",\"@id\":\"https:\/\/pablocarpintero.es\/#website\",\"url\":\"https:\/\/pablocarpintero.es\/\",\"name\":\"Pablo Carpintero\",\"description\":\"Otro sitio realizado con WordPress\",\"potentialAction\":[{\"@type\":\"SearchAction\",\"target\":{\"@type\":\"EntryPoint\",\"urlTemplate\":\"https:\/\/pablocarpintero.es\/?s={search_term_string}\"},\"query-input\":{\"@type\":\"PropertyValueSpecification\",\"valueRequired\":true,\"valueName\":\"search_term_string\"}}],\"inLanguage\":\"es\"}]}<\/script>\n<!-- \/ Yoast SEO plugin. -->","yoast_head_json":{"title":"Gaita redonda de catro voces de Antonio do Castro de Vilari\u00f1o (Sobrado dos Monxes) - Pablo Carpintero","robots":{"index":"index","follow":"follow","max-snippet":"max-snippet:-1","max-image-preview":"max-image-preview:large","max-video-preview":"max-video-preview:-1"},"canonical":"https:\/\/pablocarpintero.es\/es\/producto\/gaita-redonda-de-catro-voces-de-antonio-do-castro-de-vilarino-sobrado-dos-monxes\/","og_locale":"es_ES","og_type":"article","og_title":"Gaita redonda de catro voces de Antonio do Castro de Vilari\u00f1o (Sobrado dos Monxes) - Pablo Carpintero","og_description":"Antonio Garc\u00eda do Castro de Vilari\u00f1o (Sobrado dos Monxes) foi un excelente constructor e o \u00fanico caso que co\u00f1ecemos de artes\u00e1n non gaiteiro que fabricou marabillosas gaitas de fol. Esta circunstancia ten unha explicaci\u00f3n: a Antonio prob\u00e1balle as gaitas Manuel Lago S\u00e1nchez, de Casa Nova (Carelle, Sobrado dos Monxes), un dos mellores gaiteiros que temos [&hellip;]","og_url":"https:\/\/pablocarpintero.es\/es\/producto\/gaita-redonda-de-catro-voces-de-antonio-do-castro-de-vilarino-sobrado-dos-monxes\/","og_site_name":"Pablo Carpintero","article_modified_time":"2021-11-04T06:29:01+00:00","og_image":[{"width":2005,"height":1339,"url":"https:\/\/pablocarpintero.es\/wp-content\/uploads\/2021\/10\/Gaita-de-catro-voces-Pablo-carpintero.jpg","type":"image\/jpeg"}],"twitter_card":"summary_large_image","twitter_misc":{"Tiempo de lectura":"2 minutos"},"schema":{"@context":"https:\/\/schema.org","@graph":[{"@type":"WebPage","@id":"https:\/\/pablocarpintero.es\/producto\/gaita-redonda-de-catro-voces-de-antonio-do-castro-de-vilarino-sobrado-dos-monxes\/","url":"https:\/\/pablocarpintero.es\/producto\/gaita-redonda-de-catro-voces-de-antonio-do-castro-de-vilarino-sobrado-dos-monxes\/","name":"Gaita redonda de catro voces de Antonio do Castro de Vilari\u00f1o (Sobrado dos Monxes) - Pablo Carpintero","isPartOf":{"@id":"https:\/\/pablocarpintero.es\/#website"},"primaryImageOfPage":{"@id":"https:\/\/pablocarpintero.es\/producto\/gaita-redonda-de-catro-voces-de-antonio-do-castro-de-vilarino-sobrado-dos-monxes\/#primaryimage"},"image":{"@id":"https:\/\/pablocarpintero.es\/producto\/gaita-redonda-de-catro-voces-de-antonio-do-castro-de-vilarino-sobrado-dos-monxes\/#primaryimage"},"thumbnailUrl":"https:\/\/pablocarpintero.es\/wp-content\/uploads\/2021\/10\/Gaita-de-catro-voces-Pablo-carpintero.jpg","datePublished":"2021-10-16T14:14:10+00:00","dateModified":"2021-11-04T06:29:01+00:00","breadcrumb":{"@id":"https:\/\/pablocarpintero.es\/producto\/gaita-redonda-de-catro-voces-de-antonio-do-castro-de-vilarino-sobrado-dos-monxes\/#breadcrumb"},"inLanguage":"es","potentialAction":[{"@type":"ReadAction","target":["https:\/\/pablocarpintero.es\/producto\/gaita-redonda-de-catro-voces-de-antonio-do-castro-de-vilarino-sobrado-dos-monxes\/"]}]},{"@type":"ImageObject","inLanguage":"es","@id":"https:\/\/pablocarpintero.es\/producto\/gaita-redonda-de-catro-voces-de-antonio-do-castro-de-vilarino-sobrado-dos-monxes\/#primaryimage","url":"https:\/\/pablocarpintero.es\/wp-content\/uploads\/2021\/10\/Gaita-de-catro-voces-Pablo-carpintero.jpg","contentUrl":"https:\/\/pablocarpintero.es\/wp-content\/uploads\/2021\/10\/Gaita-de-catro-voces-Pablo-carpintero.jpg","width":2005,"height":1339},{"@type":"BreadcrumbList","@id":"https:\/\/pablocarpintero.es\/producto\/gaita-redonda-de-catro-voces-de-antonio-do-castro-de-vilarino-sobrado-dos-monxes\/#breadcrumb","itemListElement":[{"@type":"ListItem","position":1,"name":"Portada","item":"https:\/\/pablocarpintero.es\/inicio\/"},{"@type":"ListItem","position":2,"name":"Tienda","item":"https:\/\/pablocarpintero.es\/tienda\/"},{"@type":"ListItem","position":3,"name":"Gaita redonda de catro voces de Antonio do Castro de Vilari\u00f1o (Sobrado dos Monxes)"}]},{"@type":"WebSite","@id":"https:\/\/pablocarpintero.es\/#website","url":"https:\/\/pablocarpintero.es\/","name":"Pablo Carpintero","description":"Otro sitio realizado con WordPress","potentialAction":[{"@type":"SearchAction","target":{"@type":"EntryPoint","urlTemplate":"https:\/\/pablocarpintero.es\/?s={search_term_string}"},"query-input":{"@type":"PropertyValueSpecification","valueRequired":true,"valueName":"search_term_string"}}],"inLanguage":"es"}]}},"_links":{"self":[{"href":"https:\/\/pablocarpintero.es\/es\/wp-json\/wp\/v2\/product\/387","targetHints":{"allow":["GET"]}}],"collection":[{"href":"https:\/\/pablocarpintero.es\/es\/wp-json\/wp\/v2\/product"}],"about":[{"href":"https:\/\/pablocarpintero.es\/es\/wp-json\/wp\/v2\/types\/product"}],"replies":[{"embeddable":true,"href":"https:\/\/pablocarpintero.es\/es\/wp-json\/wp\/v2\/comments?post=387"}],"wp:featuredmedia":[{"embeddable":true,"href":"https:\/\/pablocarpintero.es\/es\/wp-json\/wp\/v2\/media\/718"}],"wp:attachment":[{"href":"https:\/\/pablocarpintero.es\/es\/wp-json\/wp\/v2\/media?parent=387"}],"wp:term":[{"taxonomy":"product_brand","embeddable":true,"href":"https:\/\/pablocarpintero.es\/es\/wp-json\/wp\/v2\/product_brand?post=387"},{"taxonomy":"product_cat","embeddable":true,"href":"https:\/\/pablocarpintero.es\/es\/wp-json\/wp\/v2\/product_cat?post=387"},{"taxonomy":"product_tag","embeddable":true,"href":"https:\/\/pablocarpintero.es\/es\/wp-json\/wp\/v2\/product_tag?post=387"}],"curies":[{"name":"wp","href":"https:\/\/api.w.org\/{rel}","templated":true}]}}