{"id":461,"date":"2021-10-23T16:42:21","date_gmt":"2021-10-23T16:42:21","guid":{"rendered":"https:\/\/pablocarpintero.es\/?post_type=product&#038;p=461"},"modified":"2021-11-13T18:47:48","modified_gmt":"2021-11-13T18:47:48","slug":"gaita-de-fermin-do-campo-grandas-de-salime-asturias","status":"publish","type":"product","link":"https:\/\/pablocarpintero.es\/es\/producto\/gaita-de-fermin-do-campo-grandas-de-salime-asturias\/","title":{"rendered":"Gaita de Ferm\u00edn do Campo (Grandas de Salime, Asturias)"},"content":{"rendered":"<p class=\"p1\">Ferm\u00edn do Campo de Grandas de Salime fue constructor y gaitero, adem\u00e1s de muchas otras cosas, pues era un hombre de grandes habilidades. Sus gaitas tuvieron mucha fama y fueron empleadas en toda la zona Eo-naviega, siendo un perfecto ejemplo de esta particular y hermosa tipolog\u00eda. Ferm\u00edn construy\u00f3 punteros en modo de Sol, es decir, con subt\u00f3nicas abajo y arriba, pero tambi\u00e9n en modo de Do, todos los que hemos conseguido documentar tienen las t\u00f3nicas pr\u00e1cticamente en altura de Do.<\/p>\n<p class=\"p1\">Esta gaita es un hermoso ejemplo de la m\u00e1xima que reza que los buenos gaiteros fueron los grandes constructores de gaitas, es una de las mejores gaitas que hemos replicado, el puntero es relativamente \u00e1gil, f\u00e1cil de tocar, muy estable y requintea muy bien, admite cualquier digitaci\u00f3n cerrada, por lo que es muy vers\u00e1til, aunque no se puede tocar en abierto.<span class=\"Apple-converted-space\">\u00a0<\/span><\/p>\n<p>&nbsp;<\/p>\n<div  class='avia-video av-flcot-96087d7c3f15803a149b95818b89913d avia-video-16-9 av-no-preview-image avia-video-load-always av-lazyload-immediate av-lazyload-video-embed'  itemprop=\"video\" itemtype=\"https:\/\/schema.org\/VideoObject\"  data-original_url='https:\/\/www.youtube.com\/watch?v=rCiPpKcENIQ&amp;t=5s'><script type='text\/html' class='av-video-tmpl'><div class='avia-iframe-wrap'><iframe loading=\"lazy\" title=\"Gaita de Ferm\u00edn do Campo Mui\u00f1eira de Jos\u00e9 da Legoa\" width=\"1500\" height=\"844\" src=\"https:\/\/www.youtube.com\/embed\/rCiPpKcENIQ?start=5&feature=oembed&autoplay=0&loop=0&controls=1&mute=0\" frameborder=\"0\" allow=\"accelerometer; autoplay; clipboard-write; encrypted-media; gyroscope; picture-in-picture\" allowfullscreen><\/iframe><\/div><\/script><div class='av-click-to-play-overlay'><div class=\"avia_playpause_icon\"><\/div><\/div><\/div>\n<p>&nbsp;<\/p>\n<div  class='avia-video av-kx5s5-b8dcdef04e13df362a75caba65737c69 avia-video-16-9 av-no-preview-image avia-video-load-always av-lazyload-immediate av-lazyload-video-embed'  itemprop=\"video\" itemtype=\"https:\/\/schema.org\/VideoObject\"  data-original_url='https:\/\/www.youtube.com\/watch?v=66885yPt_ug'><script type='text\/html' class='av-video-tmpl'><div class='avia-iframe-wrap'><iframe loading=\"lazy\" title=\"Gaita Eonaviega de Ferm\u00edn de Grandas de Salime-Escala orixinal\" width=\"1500\" height=\"844\" src=\"https:\/\/www.youtube.com\/embed\/66885yPt_ug?feature=oembed&autoplay=0&loop=0&controls=1&mute=0\" frameborder=\"0\" allow=\"accelerometer; autoplay; clipboard-write; encrypted-media; gyroscope; picture-in-picture\" allowfullscreen><\/iframe><\/div><\/script><div class='av-click-to-play-overlay'><div class=\"avia_playpause_icon\"><\/div><\/div><\/div>\n<p>&nbsp;<\/p>\n<p>Con ella tambi\u00e9n se pueden hacer los caracter\u00edsticos silencios verdaderos que se usan en esta zona:<\/p>\n<p>&nbsp;<\/p>\n<div  class='avia-video av-88fnh-bd60971700181c59481f8015af300ac3 avia-video-16-9 av-no-preview-image avia-video-load-always av-lazyload-immediate av-lazyload-video-embed'  itemprop=\"video\" itemtype=\"https:\/\/schema.org\/VideoObject\"  data-original_url='https:\/\/www.youtube.com\/watch?v=Sep7f1cArG0&amp;t=4s'><script type='text\/html' class='av-video-tmpl'><div class='avia-iframe-wrap'><iframe loading=\"lazy\" title=\"Gaita de Ferm\u00edn do Campo, xota de Jos\u00e9 Marentes\" width=\"1500\" height=\"844\" src=\"https:\/\/www.youtube.com\/embed\/Sep7f1cArG0?start=4&feature=oembed&autoplay=0&loop=0&controls=1&mute=0\" frameborder=\"0\" allow=\"accelerometer; autoplay; clipboard-write; encrypted-media; gyroscope; picture-in-picture\" allowfullscreen><\/iframe><\/div><\/script><div class='av-click-to-play-overlay'><div class=\"avia_playpause_icon\"><\/div><\/div><\/div>\n<p>&nbsp;<\/p>\n<p>Facendo lixeiras variaci\u00f3ns na colocaci\u00f3n dos furados, conseguimos manter o seu timbre orixinal e acadar unha escala temperada e crom\u00e1tica en Do como podes ver nestes v\u00eddeos.<\/p>\n<div  class='avia-video av-h1i05-a28feded393bf7c2fa69b7600d8f0343 avia-video-16-9 av-no-preview-image avia-video-load-always av-lazyload-immediate av-lazyload-video-embed'  itemprop=\"video\" itemtype=\"https:\/\/schema.org\/VideoObject\"  data-original_url='https:\/\/www.youtube.com\/watch?v=FZMtTLB1utA'><script type='text\/html' class='av-video-tmpl'><div class='avia-iframe-wrap'><iframe loading=\"lazy\" title=\"Gaita Eonaviega de Ferm\u00edn de Grandas de Salime-Escala temperada en maior\" width=\"1500\" height=\"844\" src=\"https:\/\/www.youtube.com\/embed\/FZMtTLB1utA?feature=oembed&autoplay=0&loop=0&controls=1&mute=0\" frameborder=\"0\" allow=\"accelerometer; autoplay; clipboard-write; encrypted-media; gyroscope; picture-in-picture\" allowfullscreen><\/iframe><\/div><\/script><div class='av-click-to-play-overlay'><div class=\"avia_playpause_icon\"><\/div><\/div><\/div>\n<div  class='avia-video av-6x2el-9eee19b2c27916d985f1a1bf60337baa avia-video-16-9 av-no-preview-image avia-video-load-always av-lazyload-immediate av-lazyload-video-embed'  itemprop=\"video\" itemtype=\"https:\/\/schema.org\/VideoObject\"  data-original_url='https:\/\/www.youtube.com\/watch?v=Qr8K7AnwH-w'><script type='text\/html' class='av-video-tmpl'><div class='avia-iframe-wrap'><iframe loading=\"lazy\" title=\"Gaita Eonaviega de Ferm\u00edn de Grandas de Salime-Escala temperada en menor\" width=\"1500\" height=\"844\" src=\"https:\/\/www.youtube.com\/embed\/Qr8K7AnwH-w?feature=oembed&autoplay=0&loop=0&controls=1&mute=0\" frameborder=\"0\" allow=\"accelerometer; autoplay; clipboard-write; encrypted-media; gyroscope; picture-in-picture\" allowfullscreen><\/iframe><\/div><\/script><div class='av-click-to-play-overlay'><div class=\"avia_playpause_icon\"><\/div><\/div><\/div>\n<p>&nbsp;<\/p>\n<p>&nbsp;<\/p>\n<p class=\"p1\"><b>Compra por encargo<\/b><\/p>\n<p class=\"p1\">Debido a las caracter\u00edsticas de las gaitas de fuelle antiguas, estas no tienen un precio fijo asignado, que depender\u00e1 del tipo de madera y de otras caracter\u00edsticas est\u00e9ticas que puedes escoger como anillados en diferentes materiales, flecos o ribeteados de los vestidos. Todas las r\u00e9plicas de gaitas de fuelle tienen una demora que depende de nuestra lista de espera. Consulta con nosotros para saber m\u00e1s.<\/p>\n<p class=\"p1\"><div  class='avia-button-wrap av-7w2e1-2cfff7366207172118f91cc6d7012c90-wrap avia-button-center  avia-builder-el-5  el_after_av_video  avia-builder-el-last'><a href='https:\/\/pablocarpintero.es\/es\/contactar\/'  class='avia-button av-7w2e1-2cfff7366207172118f91cc6d7012c90 avia-icon_select-yes-left-icon avia-size-small avia-position-center avia-color-theme-color'  ><span class='avia_button_icon avia_button_icon_left' aria-hidden='true' data-av_icon='\ue81f' data-av_iconfont='entypo-fontello'><\/span><span class='avia_iconbox_title' >Solicita informaci\u00f3n de precios<\/span><\/a><\/div><\/p>","protected":false},"excerpt":{"rendered":"<p>Ferm\u00edn do Campo de Grandas de Salime foi construtor e gaiteiro, ademais de moitas outras cousas, pois era un home de grandes habilidades. As s\u00faas gaitas tiveron moita sona e foron empregadas en toda a zona Eo-naviega, sendo un perfecto exemplo desta particular e fermosa tipolox\u00eda. Ferm\u00edn constru\u00eda punteiros en modo de Sol, ou sexa [&hellip;]<\/p>\n","protected":false},"featured_media":920,"comment_status":"open","ping_status":"closed","template":"","meta":{"give_campaign_id":0,"_joinchat":[]},"product_brand":[],"product_cat":[20,18,21,23],"product_tag":[],"class_list":{"0":"post-461","1":"product","2":"type-product","3":"status-publish","4":"has-post-thumbnail","6":"product_cat-gaitas-de-fol","7":"product_cat-instrumentos-musicales","8":"product_cat-replicas-de-gaitas-de-fol-antigas","9":"product_cat-replicas-de-gaitas-eo-naviegas","11":"first","12":"instock","13":"taxable","14":"shipping-taxable","15":"product-type-simple"},"yoast_head":"<!-- This site is optimized with the Yoast SEO plugin v27.2 - https:\/\/yoast.com\/product\/yoast-seo-wordpress\/ -->\n<title>Gaita de Ferm\u00edn do Campo (Grandas de Salime, Asturias) - Pablo Carpintero<\/title>\n<meta name=\"robots\" content=\"index, follow, max-snippet:-1, max-image-preview:large, max-video-preview:-1\" \/>\n<link rel=\"canonical\" href=\"https:\/\/pablocarpintero.es\/es\/producto\/gaita-de-fermin-do-campo-grandas-de-salime-asturias\/\" \/>\n<meta property=\"og:locale\" content=\"es_ES\" \/>\n<meta property=\"og:type\" content=\"article\" \/>\n<meta property=\"og:title\" content=\"Gaita de Ferm\u00edn do Campo (Grandas de Salime, Asturias) - Pablo Carpintero\" \/>\n<meta property=\"og:description\" content=\"Ferm\u00edn do Campo de Grandas de Salime foi construtor e gaiteiro, ademais de moitas outras cousas, pois era un home de grandes habilidades. As s\u00faas gaitas tiveron moita sona e foron empregadas en toda a zona Eo-naviega, sendo un perfecto exemplo desta particular e fermosa tipolox\u00eda. Ferm\u00edn constru\u00eda punteiros en modo de Sol, ou sexa [&hellip;]\" \/>\n<meta property=\"og:url\" content=\"https:\/\/pablocarpintero.es\/es\/producto\/gaita-de-fermin-do-campo-grandas-de-salime-asturias\/\" \/>\n<meta property=\"og:site_name\" content=\"Pablo Carpintero\" \/>\n<meta property=\"article:modified_time\" content=\"2021-11-13T18:47:48+00:00\" \/>\n<meta property=\"og:image\" content=\"https:\/\/pablocarpintero.es\/wp-content\/uploads\/2021\/10\/DSC_5764.jpg\" \/>\n\t<meta property=\"og:image:width\" content=\"2005\" \/>\n\t<meta property=\"og:image:height\" content=\"1339\" \/>\n\t<meta property=\"og:image:type\" content=\"image\/jpeg\" \/>\n<meta name=\"twitter:card\" content=\"summary_large_image\" \/>\n<meta name=\"twitter:label1\" content=\"Tiempo de lectura\" \/>\n\t<meta name=\"twitter:data1\" content=\"4 minutos\" \/>\n<script type=\"application\/ld+json\" class=\"yoast-schema-graph\">{\"@context\":\"https:\/\/schema.org\",\"@graph\":[{\"@type\":\"WebPage\",\"@id\":\"https:\/\/pablocarpintero.es\/producto\/gaita-de-fermin-do-campo-grandas-de-salime-asturias\/\",\"url\":\"https:\/\/pablocarpintero.es\/producto\/gaita-de-fermin-do-campo-grandas-de-salime-asturias\/\",\"name\":\"Gaita de Ferm\u00edn do Campo (Grandas de Salime, Asturias) - Pablo Carpintero\",\"isPartOf\":{\"@id\":\"https:\/\/pablocarpintero.es\/#website\"},\"primaryImageOfPage\":{\"@id\":\"https:\/\/pablocarpintero.es\/producto\/gaita-de-fermin-do-campo-grandas-de-salime-asturias\/#primaryimage\"},\"image\":{\"@id\":\"https:\/\/pablocarpintero.es\/producto\/gaita-de-fermin-do-campo-grandas-de-salime-asturias\/#primaryimage\"},\"thumbnailUrl\":\"https:\/\/pablocarpintero.es\/wp-content\/uploads\/2021\/10\/DSC_5764.jpg\",\"datePublished\":\"2021-10-23T16:42:21+00:00\",\"dateModified\":\"2021-11-13T18:47:48+00:00\",\"breadcrumb\":{\"@id\":\"https:\/\/pablocarpintero.es\/producto\/gaita-de-fermin-do-campo-grandas-de-salime-asturias\/#breadcrumb\"},\"inLanguage\":\"es\",\"potentialAction\":[{\"@type\":\"ReadAction\",\"target\":[\"https:\/\/pablocarpintero.es\/producto\/gaita-de-fermin-do-campo-grandas-de-salime-asturias\/\"]}]},{\"@type\":\"ImageObject\",\"inLanguage\":\"es\",\"@id\":\"https:\/\/pablocarpintero.es\/producto\/gaita-de-fermin-do-campo-grandas-de-salime-asturias\/#primaryimage\",\"url\":\"https:\/\/pablocarpintero.es\/wp-content\/uploads\/2021\/10\/DSC_5764.jpg\",\"contentUrl\":\"https:\/\/pablocarpintero.es\/wp-content\/uploads\/2021\/10\/DSC_5764.jpg\",\"width\":2005,\"height\":1339},{\"@type\":\"BreadcrumbList\",\"@id\":\"https:\/\/pablocarpintero.es\/producto\/gaita-de-fermin-do-campo-grandas-de-salime-asturias\/#breadcrumb\",\"itemListElement\":[{\"@type\":\"ListItem\",\"position\":1,\"name\":\"Portada\",\"item\":\"https:\/\/pablocarpintero.es\/inicio\/\"},{\"@type\":\"ListItem\",\"position\":2,\"name\":\"Tienda\",\"item\":\"https:\/\/pablocarpintero.es\/tienda\/\"},{\"@type\":\"ListItem\",\"position\":3,\"name\":\"Gaita de Ferm\u00edn do Campo (Grandas de Salime, Asturias)\"}]},{\"@type\":\"WebSite\",\"@id\":\"https:\/\/pablocarpintero.es\/#website\",\"url\":\"https:\/\/pablocarpintero.es\/\",\"name\":\"Pablo Carpintero\",\"description\":\"Otro sitio realizado con WordPress\",\"potentialAction\":[{\"@type\":\"SearchAction\",\"target\":{\"@type\":\"EntryPoint\",\"urlTemplate\":\"https:\/\/pablocarpintero.es\/?s={search_term_string}\"},\"query-input\":{\"@type\":\"PropertyValueSpecification\",\"valueRequired\":true,\"valueName\":\"search_term_string\"}}],\"inLanguage\":\"es\"}]}<\/script>\n<!-- \/ Yoast SEO plugin. -->","yoast_head_json":{"title":"Gaita de Ferm\u00edn do Campo (Grandas de Salime, Asturias) - Pablo Carpintero","robots":{"index":"index","follow":"follow","max-snippet":"max-snippet:-1","max-image-preview":"max-image-preview:large","max-video-preview":"max-video-preview:-1"},"canonical":"https:\/\/pablocarpintero.es\/es\/producto\/gaita-de-fermin-do-campo-grandas-de-salime-asturias\/","og_locale":"es_ES","og_type":"article","og_title":"Gaita de Ferm\u00edn do Campo (Grandas de Salime, Asturias) - Pablo Carpintero","og_description":"Ferm\u00edn do Campo de Grandas de Salime foi construtor e gaiteiro, ademais de moitas outras cousas, pois era un home de grandes habilidades. As s\u00faas gaitas tiveron moita sona e foron empregadas en toda a zona Eo-naviega, sendo un perfecto exemplo desta particular e fermosa tipolox\u00eda. Ferm\u00edn constru\u00eda punteiros en modo de Sol, ou sexa [&hellip;]","og_url":"https:\/\/pablocarpintero.es\/es\/producto\/gaita-de-fermin-do-campo-grandas-de-salime-asturias\/","og_site_name":"Pablo Carpintero","article_modified_time":"2021-11-13T18:47:48+00:00","og_image":[{"width":2005,"height":1339,"url":"https:\/\/pablocarpintero.es\/wp-content\/uploads\/2021\/10\/DSC_5764.jpg","type":"image\/jpeg"}],"twitter_card":"summary_large_image","twitter_misc":{"Tiempo de lectura":"4 minutos"},"schema":{"@context":"https:\/\/schema.org","@graph":[{"@type":"WebPage","@id":"https:\/\/pablocarpintero.es\/producto\/gaita-de-fermin-do-campo-grandas-de-salime-asturias\/","url":"https:\/\/pablocarpintero.es\/producto\/gaita-de-fermin-do-campo-grandas-de-salime-asturias\/","name":"Gaita de Ferm\u00edn do Campo (Grandas de Salime, Asturias) - Pablo Carpintero","isPartOf":{"@id":"https:\/\/pablocarpintero.es\/#website"},"primaryImageOfPage":{"@id":"https:\/\/pablocarpintero.es\/producto\/gaita-de-fermin-do-campo-grandas-de-salime-asturias\/#primaryimage"},"image":{"@id":"https:\/\/pablocarpintero.es\/producto\/gaita-de-fermin-do-campo-grandas-de-salime-asturias\/#primaryimage"},"thumbnailUrl":"https:\/\/pablocarpintero.es\/wp-content\/uploads\/2021\/10\/DSC_5764.jpg","datePublished":"2021-10-23T16:42:21+00:00","dateModified":"2021-11-13T18:47:48+00:00","breadcrumb":{"@id":"https:\/\/pablocarpintero.es\/producto\/gaita-de-fermin-do-campo-grandas-de-salime-asturias\/#breadcrumb"},"inLanguage":"es","potentialAction":[{"@type":"ReadAction","target":["https:\/\/pablocarpintero.es\/producto\/gaita-de-fermin-do-campo-grandas-de-salime-asturias\/"]}]},{"@type":"ImageObject","inLanguage":"es","@id":"https:\/\/pablocarpintero.es\/producto\/gaita-de-fermin-do-campo-grandas-de-salime-asturias\/#primaryimage","url":"https:\/\/pablocarpintero.es\/wp-content\/uploads\/2021\/10\/DSC_5764.jpg","contentUrl":"https:\/\/pablocarpintero.es\/wp-content\/uploads\/2021\/10\/DSC_5764.jpg","width":2005,"height":1339},{"@type":"BreadcrumbList","@id":"https:\/\/pablocarpintero.es\/producto\/gaita-de-fermin-do-campo-grandas-de-salime-asturias\/#breadcrumb","itemListElement":[{"@type":"ListItem","position":1,"name":"Portada","item":"https:\/\/pablocarpintero.es\/inicio\/"},{"@type":"ListItem","position":2,"name":"Tienda","item":"https:\/\/pablocarpintero.es\/tienda\/"},{"@type":"ListItem","position":3,"name":"Gaita de Ferm\u00edn do Campo (Grandas de Salime, Asturias)"}]},{"@type":"WebSite","@id":"https:\/\/pablocarpintero.es\/#website","url":"https:\/\/pablocarpintero.es\/","name":"Pablo Carpintero","description":"Otro sitio realizado con WordPress","potentialAction":[{"@type":"SearchAction","target":{"@type":"EntryPoint","urlTemplate":"https:\/\/pablocarpintero.es\/?s={search_term_string}"},"query-input":{"@type":"PropertyValueSpecification","valueRequired":true,"valueName":"search_term_string"}}],"inLanguage":"es"}]}},"_links":{"self":[{"href":"https:\/\/pablocarpintero.es\/es\/wp-json\/wp\/v2\/product\/461","targetHints":{"allow":["GET"]}}],"collection":[{"href":"https:\/\/pablocarpintero.es\/es\/wp-json\/wp\/v2\/product"}],"about":[{"href":"https:\/\/pablocarpintero.es\/es\/wp-json\/wp\/v2\/types\/product"}],"replies":[{"embeddable":true,"href":"https:\/\/pablocarpintero.es\/es\/wp-json\/wp\/v2\/comments?post=461"}],"wp:featuredmedia":[{"embeddable":true,"href":"https:\/\/pablocarpintero.es\/es\/wp-json\/wp\/v2\/media\/920"}],"wp:attachment":[{"href":"https:\/\/pablocarpintero.es\/es\/wp-json\/wp\/v2\/media?parent=461"}],"wp:term":[{"taxonomy":"product_brand","embeddable":true,"href":"https:\/\/pablocarpintero.es\/es\/wp-json\/wp\/v2\/product_brand?post=461"},{"taxonomy":"product_cat","embeddable":true,"href":"https:\/\/pablocarpintero.es\/es\/wp-json\/wp\/v2\/product_cat?post=461"},{"taxonomy":"product_tag","embeddable":true,"href":"https:\/\/pablocarpintero.es\/es\/wp-json\/wp\/v2\/product_tag?post=461"}],"curies":[{"name":"wp","href":"https:\/\/api.w.org\/{rel}","templated":true}]}}