{"id":473,"date":"2021-10-23T16:59:52","date_gmt":"2021-10-23T16:59:52","guid":{"rendered":"https:\/\/pablocarpintero.es\/?post_type=product&#038;p=473"},"modified":"2021-11-05T05:47:09","modified_gmt":"2021-11-05T05:47:09","slug":"gaita-de-ifanes-miranda","status":"publish","type":"product","link":"https:\/\/pablocarpintero.es\/es\/producto\/gaita-de-ifanes-miranda\/","title":{"rendered":"Gaita de Ifanes (Miranda)"},"content":{"rendered":"<p class=\"p1\">En el Museu da M\u00fasica Portuguesa Casa Verdades Faria en Estoril se conserva una hermosa gaita mirandesa, tallada y policromada. Entre las tallas incisas de su puntero aparece la inscripci\u00f3n \u201cRodrigo 1948\u201d por cuanto, es muy posible que fuera el artesano Rodrigo dos Anjos Fernandes quien haya construido este hermoso instrumento. Posee una escala propiamente mirandesa, es decir, un modo portugu\u00e9s en el que el tercero grado y la sensible quedan bastante bajos, estando el resto de la escala muy pr\u00f3xima a las alturas que fija el temperamento igual. La t\u00f3nica est\u00e1 cerca del Si natural. Se trata de una gaita de muy buen sonido, con un ronc\u00f3n potente y un puntero \u00e1gil y de buena potencia gracias al uso de pajuelas tradicionales mirandesas, fabricadas con la parte interior y blanda de la ca\u00f1a.<\/p>\n<p>&nbsp;<\/p>\n<p>Aqu\u00ed pod\u00e9is escuchar algunas melod\u00edas tradicionales mirandesas interpretadas con una r\u00e9plica de este instrumento: el Pingacho, una marcha grabada al gaitero Jose Jo\u00e3o Gon\u00e7alves de Pala\u00e7oulo y una mui\u00f1eira que Ernesto Veiga de Oliveira grab\u00f3 en Vinhais.<\/p>\n<p>&nbsp;<\/p>\n<div  class='avia-video av-ld7q1-bd38425cd59fa29d996b6c6a643df21a avia-video-16-9 av-no-preview-image avia-video-load-always av-lazyload-immediate av-lazyload-video-embed'  itemprop=\"video\" itemtype=\"https:\/\/schema.org\/VideoObject\"  data-original_url='https:\/\/www.youtube.com\/watch?v=4Oh1XbCllj4'><script type='text\/html' class='av-video-tmpl'><div class='avia-iframe-wrap'><iframe loading=\"lazy\" title=\"Pingacho Gaita de Ifanes\" width=\"1500\" height=\"844\" src=\"https:\/\/www.youtube.com\/embed\/4Oh1XbCllj4?feature=oembed&autoplay=0&loop=0&controls=1&mute=0\" frameborder=\"0\" allow=\"accelerometer; autoplay; clipboard-write; encrypted-media; gyroscope; picture-in-picture\" allowfullscreen><\/iframe><\/div><\/script><div class='av-click-to-play-overlay'><div class=\"avia_playpause_icon\"><\/div><\/div><\/div>\n<p>&nbsp;<\/p>\n<div  class='avia-video av-1kj35-8e83e59f626fb7ecc3269525ab209370 avia-video-16-9 av-no-preview-image avia-video-load-always av-lazyload-immediate av-lazyload-video-embed'  itemprop=\"video\" itemtype=\"https:\/\/schema.org\/VideoObject\"  data-original_url='https:\/\/www.youtube.com\/watch?v=4aCF5NGRCew'><script type='text\/html' class='av-video-tmpl'><div class='avia-iframe-wrap'><iframe loading=\"lazy\" title=\"Marcha de Pala\u00e7oulo com  r\u00e9plica da Gaita de foles de Ifanes\" width=\"1500\" height=\"844\" src=\"https:\/\/www.youtube.com\/embed\/4aCF5NGRCew?feature=oembed&autoplay=0&loop=0&controls=1&mute=0\" frameborder=\"0\" allow=\"accelerometer; autoplay; clipboard-write; encrypted-media; gyroscope; picture-in-picture\" allowfullscreen><\/iframe><\/div><\/script><div class='av-click-to-play-overlay'><div class=\"avia_playpause_icon\"><\/div><\/div><\/div>\n<p>&nbsp;<\/p>\n<div  class='avia-video av-aed7t-8fbf5c4ab8bb040fbea8c231b4f2ab8a avia-video-16-9 av-no-preview-image avia-video-load-always av-lazyload-immediate av-lazyload-video-embed'  itemprop=\"video\" itemtype=\"https:\/\/schema.org\/VideoObject\"  data-original_url='https:\/\/www.youtube.com\/watch?v=UeMD6s-qLI8'><script type='text\/html' class='av-video-tmpl'><div class='avia-iframe-wrap'><iframe loading=\"lazy\" title=\"Muin\u0303eira (com r\u00e9plica da Gaita de foles de Ifanes)\" width=\"1500\" height=\"844\" src=\"https:\/\/www.youtube.com\/embed\/UeMD6s-qLI8?feature=oembed&autoplay=0&loop=0&controls=1&mute=0\" frameborder=\"0\" allow=\"accelerometer; autoplay; clipboard-write; encrypted-media; gyroscope; picture-in-picture\" allowfullscreen><\/iframe><\/div><\/script><div class='av-click-to-play-overlay'><div class=\"avia_playpause_icon\"><\/div><\/div><\/div>\n<p>&nbsp;<\/p>\n<p>&nbsp;<\/p>\n<p class=\"p1\"><strong>Compra por encargo<\/strong><\/p>\n<p class=\"p1\">Debido a las caracter\u00edsticas de las gaitas de fuelle antiguas, estas no tienen un precio fijo asignado, que depender\u00e1 del tipo de madera y de otras caracter\u00edsticas est\u00e9ticas que puedes escoger como anillados en diferentes materiales, flecos o ribeteados de los vestidos. Todas las r\u00e9plicas de gaitas de fuelle tienen una demora que depende de nuestra lista de espera. Consulta con nosotros para saber m\u00e1s.<\/p>\n<div  class='avia-button-wrap av-7w2e1-2cfff7366207172118f91cc6d7012c90-wrap avia-button-center  avia-builder-el-3  el_after_av_video  avia-builder-el-last'><a href='https:\/\/pablocarpintero.es\/es\/contactar\/'  class='avia-button av-7w2e1-2cfff7366207172118f91cc6d7012c90 avia-icon_select-yes-left-icon avia-size-small avia-position-center avia-color-theme-color'  ><span class='avia_button_icon avia_button_icon_left' aria-hidden='true' data-av_icon='\ue81f' data-av_iconfont='entypo-fontello'><\/span><span class='avia_iconbox_title' >Solicita informaci\u00f3n de precios<\/span><\/a><\/div>","protected":false},"excerpt":{"rendered":"<p>No Museu da M\u00fasica Portuguesa Casa Verdades Faria en Estoril cons\u00e9rvase unha fermosa gaita mirandesa, tallada e policromada. Entre as tallas incisas do seu punteiro aparece a inscrici\u00f3n \u201cRodrigo 1948\u201d por canto \u00e9 moi posible que fose o artes\u00e1n Rodrigo dos Anjos Fernandes quen fixera este fermoso instrumento. Pos\u00fae unha escala propiamente Mirandesa, \u00e9 dicir, [&hellip;]<\/p>\n","protected":false},"featured_media":745,"comment_status":"open","ping_status":"closed","template":"","meta":{"give_campaign_id":0,"_joinchat":[]},"product_brand":[],"product_cat":[20,18,21,25],"product_tag":[],"class_list":{"0":"post-473","1":"product","2":"type-product","3":"status-publish","4":"has-post-thumbnail","6":"product_cat-gaitas-de-fol","7":"product_cat-instrumentos-musicales","8":"product_cat-replicas-de-gaitas-de-fol-antigas","9":"product_cat-replicas-de-gaitas-portuguesas","11":"first","12":"instock","13":"taxable","14":"shipping-taxable","15":"product-type-simple"},"yoast_head":"<!-- This site is optimized with the Yoast SEO plugin v27.2 - https:\/\/yoast.com\/product\/yoast-seo-wordpress\/ -->\n<title>Gaita de Ifanes (Miranda) - Pablo Carpintero<\/title>\n<meta name=\"robots\" content=\"index, follow, max-snippet:-1, max-image-preview:large, max-video-preview:-1\" \/>\n<link rel=\"canonical\" href=\"https:\/\/pablocarpintero.es\/es\/producto\/gaita-de-ifanes-miranda\/\" \/>\n<meta property=\"og:locale\" content=\"es_ES\" \/>\n<meta property=\"og:type\" content=\"article\" \/>\n<meta property=\"og:title\" content=\"Gaita de Ifanes (Miranda) - Pablo Carpintero\" \/>\n<meta property=\"og:description\" content=\"No Museu da M\u00fasica Portuguesa Casa Verdades Faria en Estoril cons\u00e9rvase unha fermosa gaita mirandesa, tallada e policromada. Entre as tallas incisas do seu punteiro aparece a inscrici\u00f3n \u201cRodrigo 1948\u201d por canto \u00e9 moi posible que fose o artes\u00e1n Rodrigo dos Anjos Fernandes quen fixera este fermoso instrumento. Pos\u00fae unha escala propiamente Mirandesa, \u00e9 dicir, [&hellip;]\" \/>\n<meta property=\"og:url\" content=\"https:\/\/pablocarpintero.es\/es\/producto\/gaita-de-ifanes-miranda\/\" \/>\n<meta property=\"og:site_name\" content=\"Pablo Carpintero\" \/>\n<meta property=\"article:modified_time\" content=\"2021-11-05T05:47:09+00:00\" \/>\n<meta property=\"og:image\" content=\"https:\/\/pablocarpintero.es\/wp-content\/uploads\/2021\/10\/Gaita-Mirandesa-de-Ifanes-policromada-e-tallada-Pablo-Carpintero.jpg\" \/>\n\t<meta property=\"og:image:width\" content=\"2144\" \/>\n\t<meta property=\"og:image:height\" content=\"1424\" \/>\n\t<meta property=\"og:image:type\" content=\"image\/jpeg\" \/>\n<meta name=\"twitter:card\" content=\"summary_large_image\" \/>\n<meta name=\"twitter:label1\" content=\"Tiempo de lectura\" \/>\n\t<meta name=\"twitter:data1\" content=\"3 minutos\" \/>\n<script type=\"application\/ld+json\" class=\"yoast-schema-graph\">{\"@context\":\"https:\/\/schema.org\",\"@graph\":[{\"@type\":\"WebPage\",\"@id\":\"https:\/\/pablocarpintero.es\/producto\/gaita-de-ifanes-miranda\/\",\"url\":\"https:\/\/pablocarpintero.es\/producto\/gaita-de-ifanes-miranda\/\",\"name\":\"Gaita de Ifanes (Miranda) - Pablo Carpintero\",\"isPartOf\":{\"@id\":\"https:\/\/pablocarpintero.es\/#website\"},\"primaryImageOfPage\":{\"@id\":\"https:\/\/pablocarpintero.es\/producto\/gaita-de-ifanes-miranda\/#primaryimage\"},\"image\":{\"@id\":\"https:\/\/pablocarpintero.es\/producto\/gaita-de-ifanes-miranda\/#primaryimage\"},\"thumbnailUrl\":\"https:\/\/pablocarpintero.es\/wp-content\/uploads\/2021\/10\/Gaita-Mirandesa-de-Ifanes-policromada-e-tallada-Pablo-Carpintero.jpg\",\"datePublished\":\"2021-10-23T16:59:52+00:00\",\"dateModified\":\"2021-11-05T05:47:09+00:00\",\"breadcrumb\":{\"@id\":\"https:\/\/pablocarpintero.es\/producto\/gaita-de-ifanes-miranda\/#breadcrumb\"},\"inLanguage\":\"es\",\"potentialAction\":[{\"@type\":\"ReadAction\",\"target\":[\"https:\/\/pablocarpintero.es\/producto\/gaita-de-ifanes-miranda\/\"]}]},{\"@type\":\"ImageObject\",\"inLanguage\":\"es\",\"@id\":\"https:\/\/pablocarpintero.es\/producto\/gaita-de-ifanes-miranda\/#primaryimage\",\"url\":\"https:\/\/pablocarpintero.es\/wp-content\/uploads\/2021\/10\/Gaita-Mirandesa-de-Ifanes-policromada-e-tallada-Pablo-Carpintero.jpg\",\"contentUrl\":\"https:\/\/pablocarpintero.es\/wp-content\/uploads\/2021\/10\/Gaita-Mirandesa-de-Ifanes-policromada-e-tallada-Pablo-Carpintero.jpg\",\"width\":2144,\"height\":1424},{\"@type\":\"BreadcrumbList\",\"@id\":\"https:\/\/pablocarpintero.es\/producto\/gaita-de-ifanes-miranda\/#breadcrumb\",\"itemListElement\":[{\"@type\":\"ListItem\",\"position\":1,\"name\":\"Portada\",\"item\":\"https:\/\/pablocarpintero.es\/inicio\/\"},{\"@type\":\"ListItem\",\"position\":2,\"name\":\"Tienda\",\"item\":\"https:\/\/pablocarpintero.es\/tienda\/\"},{\"@type\":\"ListItem\",\"position\":3,\"name\":\"Gaita de Ifanes (Miranda)\"}]},{\"@type\":\"WebSite\",\"@id\":\"https:\/\/pablocarpintero.es\/#website\",\"url\":\"https:\/\/pablocarpintero.es\/\",\"name\":\"Pablo Carpintero\",\"description\":\"Otro sitio realizado con WordPress\",\"potentialAction\":[{\"@type\":\"SearchAction\",\"target\":{\"@type\":\"EntryPoint\",\"urlTemplate\":\"https:\/\/pablocarpintero.es\/?s={search_term_string}\"},\"query-input\":{\"@type\":\"PropertyValueSpecification\",\"valueRequired\":true,\"valueName\":\"search_term_string\"}}],\"inLanguage\":\"es\"}]}<\/script>\n<!-- \/ Yoast SEO plugin. -->","yoast_head_json":{"title":"Gaita de Ifanes (Miranda) - Pablo Carpintero","robots":{"index":"index","follow":"follow","max-snippet":"max-snippet:-1","max-image-preview":"max-image-preview:large","max-video-preview":"max-video-preview:-1"},"canonical":"https:\/\/pablocarpintero.es\/es\/producto\/gaita-de-ifanes-miranda\/","og_locale":"es_ES","og_type":"article","og_title":"Gaita de Ifanes (Miranda) - Pablo Carpintero","og_description":"No Museu da M\u00fasica Portuguesa Casa Verdades Faria en Estoril cons\u00e9rvase unha fermosa gaita mirandesa, tallada e policromada. Entre as tallas incisas do seu punteiro aparece a inscrici\u00f3n \u201cRodrigo 1948\u201d por canto \u00e9 moi posible que fose o artes\u00e1n Rodrigo dos Anjos Fernandes quen fixera este fermoso instrumento. Pos\u00fae unha escala propiamente Mirandesa, \u00e9 dicir, [&hellip;]","og_url":"https:\/\/pablocarpintero.es\/es\/producto\/gaita-de-ifanes-miranda\/","og_site_name":"Pablo Carpintero","article_modified_time":"2021-11-05T05:47:09+00:00","og_image":[{"width":2144,"height":1424,"url":"https:\/\/pablocarpintero.es\/wp-content\/uploads\/2021\/10\/Gaita-Mirandesa-de-Ifanes-policromada-e-tallada-Pablo-Carpintero.jpg","type":"image\/jpeg"}],"twitter_card":"summary_large_image","twitter_misc":{"Tiempo de lectura":"3 minutos"},"schema":{"@context":"https:\/\/schema.org","@graph":[{"@type":"WebPage","@id":"https:\/\/pablocarpintero.es\/producto\/gaita-de-ifanes-miranda\/","url":"https:\/\/pablocarpintero.es\/producto\/gaita-de-ifanes-miranda\/","name":"Gaita de Ifanes (Miranda) - Pablo Carpintero","isPartOf":{"@id":"https:\/\/pablocarpintero.es\/#website"},"primaryImageOfPage":{"@id":"https:\/\/pablocarpintero.es\/producto\/gaita-de-ifanes-miranda\/#primaryimage"},"image":{"@id":"https:\/\/pablocarpintero.es\/producto\/gaita-de-ifanes-miranda\/#primaryimage"},"thumbnailUrl":"https:\/\/pablocarpintero.es\/wp-content\/uploads\/2021\/10\/Gaita-Mirandesa-de-Ifanes-policromada-e-tallada-Pablo-Carpintero.jpg","datePublished":"2021-10-23T16:59:52+00:00","dateModified":"2021-11-05T05:47:09+00:00","breadcrumb":{"@id":"https:\/\/pablocarpintero.es\/producto\/gaita-de-ifanes-miranda\/#breadcrumb"},"inLanguage":"es","potentialAction":[{"@type":"ReadAction","target":["https:\/\/pablocarpintero.es\/producto\/gaita-de-ifanes-miranda\/"]}]},{"@type":"ImageObject","inLanguage":"es","@id":"https:\/\/pablocarpintero.es\/producto\/gaita-de-ifanes-miranda\/#primaryimage","url":"https:\/\/pablocarpintero.es\/wp-content\/uploads\/2021\/10\/Gaita-Mirandesa-de-Ifanes-policromada-e-tallada-Pablo-Carpintero.jpg","contentUrl":"https:\/\/pablocarpintero.es\/wp-content\/uploads\/2021\/10\/Gaita-Mirandesa-de-Ifanes-policromada-e-tallada-Pablo-Carpintero.jpg","width":2144,"height":1424},{"@type":"BreadcrumbList","@id":"https:\/\/pablocarpintero.es\/producto\/gaita-de-ifanes-miranda\/#breadcrumb","itemListElement":[{"@type":"ListItem","position":1,"name":"Portada","item":"https:\/\/pablocarpintero.es\/inicio\/"},{"@type":"ListItem","position":2,"name":"Tienda","item":"https:\/\/pablocarpintero.es\/tienda\/"},{"@type":"ListItem","position":3,"name":"Gaita de Ifanes (Miranda)"}]},{"@type":"WebSite","@id":"https:\/\/pablocarpintero.es\/#website","url":"https:\/\/pablocarpintero.es\/","name":"Pablo Carpintero","description":"Otro sitio realizado con WordPress","potentialAction":[{"@type":"SearchAction","target":{"@type":"EntryPoint","urlTemplate":"https:\/\/pablocarpintero.es\/?s={search_term_string}"},"query-input":{"@type":"PropertyValueSpecification","valueRequired":true,"valueName":"search_term_string"}}],"inLanguage":"es"}]}},"_links":{"self":[{"href":"https:\/\/pablocarpintero.es\/es\/wp-json\/wp\/v2\/product\/473","targetHints":{"allow":["GET"]}}],"collection":[{"href":"https:\/\/pablocarpintero.es\/es\/wp-json\/wp\/v2\/product"}],"about":[{"href":"https:\/\/pablocarpintero.es\/es\/wp-json\/wp\/v2\/types\/product"}],"replies":[{"embeddable":true,"href":"https:\/\/pablocarpintero.es\/es\/wp-json\/wp\/v2\/comments?post=473"}],"wp:featuredmedia":[{"embeddable":true,"href":"https:\/\/pablocarpintero.es\/es\/wp-json\/wp\/v2\/media\/745"}],"wp:attachment":[{"href":"https:\/\/pablocarpintero.es\/es\/wp-json\/wp\/v2\/media?parent=473"}],"wp:term":[{"taxonomy":"product_brand","embeddable":true,"href":"https:\/\/pablocarpintero.es\/es\/wp-json\/wp\/v2\/product_brand?post=473"},{"taxonomy":"product_cat","embeddable":true,"href":"https:\/\/pablocarpintero.es\/es\/wp-json\/wp\/v2\/product_cat?post=473"},{"taxonomy":"product_tag","embeddable":true,"href":"https:\/\/pablocarpintero.es\/es\/wp-json\/wp\/v2\/product_tag?post=473"}],"curies":[{"name":"wp","href":"https:\/\/api.w.org\/{rel}","templated":true}]}}