{"id":510,"date":"2021-10-24T19:51:00","date_gmt":"2021-10-24T19:51:00","guid":{"rendered":"https:\/\/pablocarpintero.es\/?post_type=product&#038;p=510"},"modified":"2025-12-02T08:49:54","modified_gmt":"2025-12-02T08:49:54","slug":"gaita-de-fol-da-cantiga-260","status":"publish","type":"product","link":"https:\/\/pablocarpintero.es\/es\/producto\/gaita-de-fol-da-cantiga-260\/","title":{"rendered":"Gaita de fuelle de la Cantiga 260"},"content":{"rendered":"<section  class='av_textblock_section av-le0bexdn-779227ac0bd88c59b67dd8d80a8b9ea1'   itemscope=\"itemscope\" itemtype=\"https:\/\/schema.org\/CreativeWork\" ><div class='avia_textblock'  itemprop=\"text\" ><p class=\"p1\">Interpretaci\u00f3n de la gaita representada en la Cantiga 260 del C\u00f3dice de los M\u00fasicos (c. 1298) a partir de su an\u00e1lisis cient\u00edfico. Se utilizaron sistemas de construcci\u00f3n tradicionales y el pall\u00f3n est\u00e1 hecho de sa\u00faco, ya que los \u00faltimos estudios parecen indicar que no hab\u00eda ca\u00f1a en Galicia en aquella \u00e9poca. Boj con vestido de tela y fuelle de goretex. Puntero de ca\u00f1a simple con resonador de madera tallado a mano. Posibilidad de fabricarla con diferentes t\u00f3nicas usando tubos mel\u00f3dicos intercambiables y ca\u00f1as sint\u00e9ticas para mayor estabilidad de la afinaci\u00f3n. El asiento est\u00e1 tallado a mano con forma de cabeza de rey, obra de Ilex Talla (Santiago de Compostela).<span class=\"Apple-converted-space\">\u00a0<\/span><\/p>\n<\/div><\/section>\n\n<style type=\"text\/css\" data-created_by=\"avia_inline_auto\" id=\"style-css-av-le0bm1o8-ada63a2f6a7e1b6faf8cd3ba16ad7740\">\n.avia-image-container.av-le0bm1o8-ada63a2f6a7e1b6faf8cd3ba16ad7740 img.avia_image{\nbox-shadow:none;\n}\n.avia-image-container.av-le0bm1o8-ada63a2f6a7e1b6faf8cd3ba16ad7740 .av-image-caption-overlay-center{\ncolor:#ffffff;\n}\n<\/style>\n<div  class='avia-image-container av-le0bm1o8-ada63a2f6a7e1b6faf8cd3ba16ad7740 av-styling- avia-align-center  avia-builder-el-1  el_after_av_textblock  el_before_av_gallery'   itemprop=\"image\" itemscope=\"itemscope\" itemtype=\"https:\/\/schema.org\/ImageObject\" ><div class=\"avia-image-container-inner\"><div class=\"avia-image-overlay-wrap\"><img decoding=\"async\" class='wp-image-888 avia-img-lazy-loading-not-888 avia_image' src=\"https:\/\/pablocarpintero.es\/wp-content\/uploads\/2021\/10\/260-gaita-de-corno-recortada-266x300.jpg\" alt='' title='260 gaita de corno recortada'  height=\"300\" width=\"266\"  itemprop=\"thumbnailUrl\" srcset=\"https:\/\/pablocarpintero.es\/wp-content\/uploads\/2021\/10\/260-gaita-de-corno-recortada-266x300.jpg 266w, https:\/\/pablocarpintero.es\/wp-content\/uploads\/2021\/10\/260-gaita-de-corno-recortada-600x677.jpg 600w, https:\/\/pablocarpintero.es\/wp-content\/uploads\/2021\/10\/260-gaita-de-corno-recortada-913x1030.jpg 913w, https:\/\/pablocarpintero.es\/wp-content\/uploads\/2021\/10\/260-gaita-de-corno-recortada-768x866.jpg 768w, https:\/\/pablocarpintero.es\/wp-content\/uploads\/2021\/10\/260-gaita-de-corno-recortada-11x12.jpg 11w, https:\/\/pablocarpintero.es\/wp-content\/uploads\/2021\/10\/260-gaita-de-corno-recortada-625x705.jpg 625w, https:\/\/pablocarpintero.es\/wp-content\/uploads\/2021\/10\/260-gaita-de-corno-recortada.jpg 1058w\" sizes=\"(max-width: 266px) 100vw, 266px\" \/><\/div><\/div><\/div>\n\n<style type=\"text\/css\" data-created_by=\"avia_inline_auto\" id=\"style-css-av-le0bvv0b-7b1e60dd6de55b46ab3d109c11cb7594\">\n#top .avia-gallery.av-le0bvv0b-7b1e60dd6de55b46ab3d109c11cb7594 .avia-gallery-thumb a{\nwidth:20%;\n}\n<\/style>\n<div  class='avia-gallery av-le0bvv0b-7b1e60dd6de55b46ab3d109c11cb7594 avia_animate_when_visible  avia-builder-el-2  el_after_av_image  el_before_av_textblock  avia_lazyload avia-gallery-animate avia-gallery-1'  itemprop=\"image\" itemscope=\"itemscope\" itemtype=\"https:\/\/schema.org\/ImageObject\" ><meta itemprop=\"contentURL\" content=\"https:\/\/pablocarpintero.es\/es\/producto\/gaita-de-fol-da-cantiga-260\/\"><div class='avia-gallery-thumb'><a href=\"https:\/\/pablocarpintero.es\/wp-content\/uploads\/2021\/10\/Gaita-Cantiga-260-Pablo-carpintero-5-1030x757.jpg\" data-srcset=\"https:\/\/pablocarpintero.es\/wp-content\/uploads\/2021\/10\/Gaita-Cantiga-260-Pablo-carpintero-5-1030x757.jpg 1030w, https:\/\/pablocarpintero.es\/wp-content\/uploads\/2021\/10\/Gaita-Cantiga-260-Pablo-carpintero-5-600x441.jpg 600w, https:\/\/pablocarpintero.es\/wp-content\/uploads\/2021\/10\/Gaita-Cantiga-260-Pablo-carpintero-5-300x221.jpg 300w, https:\/\/pablocarpintero.es\/wp-content\/uploads\/2021\/10\/Gaita-Cantiga-260-Pablo-carpintero-5-768x565.jpg 768w, https:\/\/pablocarpintero.es\/wp-content\/uploads\/2021\/10\/Gaita-Cantiga-260-Pablo-carpintero-5-16x12.jpg 16w, https:\/\/pablocarpintero.es\/wp-content\/uploads\/2021\/10\/Gaita-Cantiga-260-Pablo-carpintero-5-705x518.jpg 705w, https:\/\/pablocarpintero.es\/wp-content\/uploads\/2021\/10\/Gaita-Cantiga-260-Pablo-carpintero-5-450x331.jpg 450w, https:\/\/pablocarpintero.es\/wp-content\/uploads\/2021\/10\/Gaita-Cantiga-260-Pablo-carpintero-5.jpg 1277w\" data-sizes=\"(max-width: 1030px) 100vw, 1030px\" data-rel='gallery-1' data-prev-img='https:\/\/pablocarpintero.es\/wp-content\/uploads\/2021\/10\/Gaita-Cantiga-260-Pablo-carpintero-5-495x400.jpg' class='first_thumb lightbox' data-onclick='1' title='Gaita Cantiga 260 Pablo carpintero 5'  itemprop=\"thumbnailUrl\"  ><img decoding=\"async\" class=\"wp-image-2201 avia-img-lazy-loading-not-2201\"   src=\"https:\/\/pablocarpintero.es\/wp-content\/uploads\/2021\/10\/Gaita-Cantiga-260-Pablo-carpintero-5-495x400.jpg\" width=\"495\" height=\"400\"  title='Gaita Cantiga 260 Pablo carpintero 5' alt='' srcset=\"https:\/\/pablocarpintero.es\/wp-content\/uploads\/2021\/10\/Gaita-Cantiga-260-Pablo-carpintero-5-495x400.jpg 495w, https:\/\/pablocarpintero.es\/wp-content\/uploads\/2021\/10\/Gaita-Cantiga-260-Pablo-carpintero-5-16x12.jpg 16w, https:\/\/pablocarpintero.es\/wp-content\/uploads\/2021\/10\/Gaita-Cantiga-260-Pablo-carpintero-5-845x684.jpg 845w\" sizes=\"(max-width: 495px) 100vw, 495px\" \/><div class='big-prev-fake'><img loading=\"lazy\" decoding=\"async\" class=\"wp-image-2201 avia-img-lazy-loading-2201\"  width=\"495\" height=\"400\" src=\"https:\/\/pablocarpintero.es\/wp-content\/uploads\/2021\/10\/Gaita-Cantiga-260-Pablo-carpintero-5-495x400.jpg\" title='Gaita Cantiga 260 Pablo carpintero 5' alt='' srcset=\"https:\/\/pablocarpintero.es\/wp-content\/uploads\/2021\/10\/Gaita-Cantiga-260-Pablo-carpintero-5-495x400.jpg 495w, https:\/\/pablocarpintero.es\/wp-content\/uploads\/2021\/10\/Gaita-Cantiga-260-Pablo-carpintero-5-16x12.jpg 16w, https:\/\/pablocarpintero.es\/wp-content\/uploads\/2021\/10\/Gaita-Cantiga-260-Pablo-carpintero-5-845x684.jpg 845w\" sizes=\"auto, (max-width: 495px) 100vw, 495px\" \/><\/div><\/a><a href=\"https:\/\/pablocarpintero.es\/wp-content\/uploads\/2021\/10\/Gaita-Cantiga-260-Pablo-Carpintero-4-664x1030.jpg\" data-srcset=\"https:\/\/pablocarpintero.es\/wp-content\/uploads\/2021\/10\/Gaita-Cantiga-260-Pablo-Carpintero-4-664x1030.jpg 664w, https:\/\/pablocarpintero.es\/wp-content\/uploads\/2021\/10\/Gaita-Cantiga-260-Pablo-Carpintero-4-600x931.jpg 600w, https:\/\/pablocarpintero.es\/wp-content\/uploads\/2021\/10\/Gaita-Cantiga-260-Pablo-Carpintero-4-193x300.jpg 193w, https:\/\/pablocarpintero.es\/wp-content\/uploads\/2021\/10\/Gaita-Cantiga-260-Pablo-Carpintero-4-768x1192.jpg 768w, https:\/\/pablocarpintero.es\/wp-content\/uploads\/2021\/10\/Gaita-Cantiga-260-Pablo-Carpintero-4-8x12.jpg 8w, https:\/\/pablocarpintero.es\/wp-content\/uploads\/2021\/10\/Gaita-Cantiga-260-Pablo-Carpintero-4-454x705.jpg 454w, https:\/\/pablocarpintero.es\/wp-content\/uploads\/2021\/10\/Gaita-Cantiga-260-Pablo-Carpintero-4-450x698.jpg 450w, https:\/\/pablocarpintero.es\/wp-content\/uploads\/2021\/10\/Gaita-Cantiga-260-Pablo-Carpintero-4.jpg 841w\" data-sizes=\"(max-width: 664px) 100vw, 664px\" data-rel='gallery-1' data-prev-img='https:\/\/pablocarpintero.es\/wp-content\/uploads\/2021\/10\/Gaita-Cantiga-260-Pablo-Carpintero-4-495x400.jpg' class='lightbox' data-onclick='2' title='Gaita Cantiga 260 Pablo Carpintero 4'  itemprop=\"thumbnailUrl\"  ><img decoding=\"async\" class=\"wp-image-2200 avia-img-lazy-loading-not-2200\"   src=\"https:\/\/pablocarpintero.es\/wp-content\/uploads\/2021\/10\/Gaita-Cantiga-260-Pablo-Carpintero-4-495x400.jpg\" width=\"495\" height=\"400\"  title='Gaita Cantiga 260 Pablo Carpintero 4' alt='' \/><div class='big-prev-fake'><img loading=\"lazy\" decoding=\"async\" class=\"wp-image-2200 avia-img-lazy-loading-2200\"  width=\"495\" height=\"400\" src=\"https:\/\/pablocarpintero.es\/wp-content\/uploads\/2021\/10\/Gaita-Cantiga-260-Pablo-Carpintero-4-495x400.jpg\" title='Gaita Cantiga 260 Pablo Carpintero 4' alt='' \/><\/div><\/a><a href=\"https:\/\/pablocarpintero.es\/wp-content\/uploads\/2021\/10\/Gaita-Cantiga-260-Pablo-Carpintero-3-1030x950.jpg\" data-srcset=\"https:\/\/pablocarpintero.es\/wp-content\/uploads\/2021\/10\/Gaita-Cantiga-260-Pablo-Carpintero-3-1030x950.jpg 1030w, https:\/\/pablocarpintero.es\/wp-content\/uploads\/2021\/10\/Gaita-Cantiga-260-Pablo-Carpintero-3-600x553.jpg 600w, https:\/\/pablocarpintero.es\/wp-content\/uploads\/2021\/10\/Gaita-Cantiga-260-Pablo-Carpintero-3-300x277.jpg 300w, https:\/\/pablocarpintero.es\/wp-content\/uploads\/2021\/10\/Gaita-Cantiga-260-Pablo-Carpintero-3-768x708.jpg 768w, https:\/\/pablocarpintero.es\/wp-content\/uploads\/2021\/10\/Gaita-Cantiga-260-Pablo-Carpintero-3-13x12.jpg 13w, https:\/\/pablocarpintero.es\/wp-content\/uploads\/2021\/10\/Gaita-Cantiga-260-Pablo-Carpintero-3-705x650.jpg 705w, https:\/\/pablocarpintero.es\/wp-content\/uploads\/2021\/10\/Gaita-Cantiga-260-Pablo-Carpintero-3-450x415.jpg 450w, https:\/\/pablocarpintero.es\/wp-content\/uploads\/2021\/10\/Gaita-Cantiga-260-Pablo-Carpintero-3-1320x1217.jpg 1320w, https:\/\/pablocarpintero.es\/wp-content\/uploads\/2021\/10\/Gaita-Cantiga-260-Pablo-Carpintero-3.jpg 1332w\" data-sizes=\"(max-width: 1030px) 100vw, 1030px\" data-rel='gallery-1' data-prev-img='https:\/\/pablocarpintero.es\/wp-content\/uploads\/2021\/10\/Gaita-Cantiga-260-Pablo-Carpintero-3-495x400.jpg' class='lightbox' data-onclick='3' title='Gaita Cantiga 260 Pablo Carpintero 3'  itemprop=\"thumbnailUrl\"  ><img decoding=\"async\" class=\"wp-image-2199 avia-img-lazy-loading-not-2199\"   src=\"https:\/\/pablocarpintero.es\/wp-content\/uploads\/2021\/10\/Gaita-Cantiga-260-Pablo-Carpintero-3-495x400.jpg\" width=\"495\" height=\"400\"  title='Gaita Cantiga 260 Pablo Carpintero 3' alt='' srcset=\"https:\/\/pablocarpintero.es\/wp-content\/uploads\/2021\/10\/Gaita-Cantiga-260-Pablo-Carpintero-3-495x400.jpg 495w, https:\/\/pablocarpintero.es\/wp-content\/uploads\/2021\/10\/Gaita-Cantiga-260-Pablo-Carpintero-3-13x12.jpg 13w, https:\/\/pablocarpintero.es\/wp-content\/uploads\/2021\/10\/Gaita-Cantiga-260-Pablo-Carpintero-3-845x684.jpg 845w\" sizes=\"(max-width: 495px) 100vw, 495px\" \/><div class='big-prev-fake'><img loading=\"lazy\" decoding=\"async\" class=\"wp-image-2199 avia-img-lazy-loading-2199\"  width=\"495\" height=\"400\" src=\"https:\/\/pablocarpintero.es\/wp-content\/uploads\/2021\/10\/Gaita-Cantiga-260-Pablo-Carpintero-3-495x400.jpg\" title='Gaita Cantiga 260 Pablo Carpintero 3' alt='' srcset=\"https:\/\/pablocarpintero.es\/wp-content\/uploads\/2021\/10\/Gaita-Cantiga-260-Pablo-Carpintero-3-495x400.jpg 495w, https:\/\/pablocarpintero.es\/wp-content\/uploads\/2021\/10\/Gaita-Cantiga-260-Pablo-Carpintero-3-13x12.jpg 13w, https:\/\/pablocarpintero.es\/wp-content\/uploads\/2021\/10\/Gaita-Cantiga-260-Pablo-Carpintero-3-845x684.jpg 845w\" sizes=\"auto, (max-width: 495px) 100vw, 495px\" \/><\/div><\/a><a href=\"https:\/\/pablocarpintero.es\/wp-content\/uploads\/2021\/10\/Gaita-Cantiga-260-Pablo-carpintero-2-735x1030.jpg\" data-srcset=\"https:\/\/pablocarpintero.es\/wp-content\/uploads\/2021\/10\/Gaita-Cantiga-260-Pablo-carpintero-2-735x1030.jpg 735w, https:\/\/pablocarpintero.es\/wp-content\/uploads\/2021\/10\/Gaita-Cantiga-260-Pablo-carpintero-2-600x841.jpg 600w, https:\/\/pablocarpintero.es\/wp-content\/uploads\/2021\/10\/Gaita-Cantiga-260-Pablo-carpintero-2-214x300.jpg 214w, https:\/\/pablocarpintero.es\/wp-content\/uploads\/2021\/10\/Gaita-Cantiga-260-Pablo-carpintero-2-768x1076.jpg 768w, https:\/\/pablocarpintero.es\/wp-content\/uploads\/2021\/10\/Gaita-Cantiga-260-Pablo-carpintero-2-1096x1536.jpg 1096w, https:\/\/pablocarpintero.es\/wp-content\/uploads\/2021\/10\/Gaita-Cantiga-260-Pablo-carpintero-2-9x12.jpg 9w, https:\/\/pablocarpintero.es\/wp-content\/uploads\/2021\/10\/Gaita-Cantiga-260-Pablo-carpintero-2-1071x1500.jpg 1071w, https:\/\/pablocarpintero.es\/wp-content\/uploads\/2021\/10\/Gaita-Cantiga-260-Pablo-carpintero-2-503x705.jpg 503w, https:\/\/pablocarpintero.es\/wp-content\/uploads\/2021\/10\/Gaita-Cantiga-260-Pablo-carpintero-2-450x630.jpg 450w, https:\/\/pablocarpintero.es\/wp-content\/uploads\/2021\/10\/Gaita-Cantiga-260-Pablo-carpintero-2.jpg 1140w\" data-sizes=\"(max-width: 735px) 100vw, 735px\" data-rel='gallery-1' data-prev-img='https:\/\/pablocarpintero.es\/wp-content\/uploads\/2021\/10\/Gaita-Cantiga-260-Pablo-carpintero-2-495x400.jpg' class='lightbox' data-onclick='4' title='Gaita Cantiga 260 Pablo carpintero 2'  itemprop=\"thumbnailUrl\"  ><img decoding=\"async\" class=\"wp-image-2198 avia-img-lazy-loading-not-2198\"   src=\"https:\/\/pablocarpintero.es\/wp-content\/uploads\/2021\/10\/Gaita-Cantiga-260-Pablo-carpintero-2-495x400.jpg\" width=\"495\" height=\"400\"  title='Gaita Cantiga 260 Pablo carpintero 2' alt='' srcset=\"https:\/\/pablocarpintero.es\/wp-content\/uploads\/2021\/10\/Gaita-Cantiga-260-Pablo-carpintero-2-495x400.jpg 495w, https:\/\/pablocarpintero.es\/wp-content\/uploads\/2021\/10\/Gaita-Cantiga-260-Pablo-carpintero-2-845x684.jpg 845w\" sizes=\"(max-width: 495px) 100vw, 495px\" \/><div class='big-prev-fake'><img loading=\"lazy\" decoding=\"async\" class=\"wp-image-2198 avia-img-lazy-loading-2198\"  width=\"495\" height=\"400\" src=\"https:\/\/pablocarpintero.es\/wp-content\/uploads\/2021\/10\/Gaita-Cantiga-260-Pablo-carpintero-2-495x400.jpg\" title='Gaita Cantiga 260 Pablo carpintero 2' alt='' srcset=\"https:\/\/pablocarpintero.es\/wp-content\/uploads\/2021\/10\/Gaita-Cantiga-260-Pablo-carpintero-2-495x400.jpg 495w, https:\/\/pablocarpintero.es\/wp-content\/uploads\/2021\/10\/Gaita-Cantiga-260-Pablo-carpintero-2-845x684.jpg 845w\" sizes=\"auto, (max-width: 495px) 100vw, 495px\" \/><\/div><\/a><a href=\"https:\/\/pablocarpintero.es\/wp-content\/uploads\/2021\/10\/Gaita-Cantiga-260-Pablo-Carpintero-1-460x1030.jpg\" data-srcset=\"https:\/\/pablocarpintero.es\/wp-content\/uploads\/2021\/10\/Gaita-Cantiga-260-Pablo-Carpintero-1-460x1030.jpg 460w, https:\/\/pablocarpintero.es\/wp-content\/uploads\/2021\/10\/Gaita-Cantiga-260-Pablo-Carpintero-1-600x1342.jpg 600w, https:\/\/pablocarpintero.es\/wp-content\/uploads\/2021\/10\/Gaita-Cantiga-260-Pablo-Carpintero-1-134x300.jpg 134w, https:\/\/pablocarpintero.es\/wp-content\/uploads\/2021\/10\/Gaita-Cantiga-260-Pablo-Carpintero-1-768x1718.jpg 768w, https:\/\/pablocarpintero.es\/wp-content\/uploads\/2021\/10\/Gaita-Cantiga-260-Pablo-Carpintero-1-686x1536.jpg 686w, https:\/\/pablocarpintero.es\/wp-content\/uploads\/2021\/10\/Gaita-Cantiga-260-Pablo-Carpintero-1-5x12.jpg 5w, https:\/\/pablocarpintero.es\/wp-content\/uploads\/2021\/10\/Gaita-Cantiga-260-Pablo-Carpintero-1-670x1500.jpg 670w, https:\/\/pablocarpintero.es\/wp-content\/uploads\/2021\/10\/Gaita-Cantiga-260-Pablo-Carpintero-1-315x705.jpg 315w, https:\/\/pablocarpintero.es\/wp-content\/uploads\/2021\/10\/Gaita-Cantiga-260-Pablo-Carpintero-1-446x999.jpg 446w, https:\/\/pablocarpintero.es\/wp-content\/uploads\/2021\/10\/Gaita-Cantiga-260-Pablo-Carpintero-1.jpg 876w\" data-sizes=\"(max-width: 460px) 100vw, 460px\" data-rel='gallery-1' data-prev-img='https:\/\/pablocarpintero.es\/wp-content\/uploads\/2021\/10\/Gaita-Cantiga-260-Pablo-Carpintero-1-495x400.jpg' class='lightbox' data-onclick='5' title='Gaita Cantiga 260 Pablo Carpintero 1'  itemprop=\"thumbnailUrl\"  ><img decoding=\"async\" class=\"wp-image-2197 avia-img-lazy-loading-not-2197\"   src=\"https:\/\/pablocarpintero.es\/wp-content\/uploads\/2021\/10\/Gaita-Cantiga-260-Pablo-Carpintero-1-495x400.jpg\" width=\"495\" height=\"400\"  title='Gaita Cantiga 260 Pablo Carpintero 1' alt='' srcset=\"https:\/\/pablocarpintero.es\/wp-content\/uploads\/2021\/10\/Gaita-Cantiga-260-Pablo-Carpintero-1-495x400.jpg 495w, https:\/\/pablocarpintero.es\/wp-content\/uploads\/2021\/10\/Gaita-Cantiga-260-Pablo-Carpintero-1-845x684.jpg 845w\" sizes=\"(max-width: 495px) 100vw, 495px\" \/><div class='big-prev-fake'><img loading=\"lazy\" decoding=\"async\" class=\"wp-image-2197 avia-img-lazy-loading-2197\"  width=\"495\" height=\"400\" src=\"https:\/\/pablocarpintero.es\/wp-content\/uploads\/2021\/10\/Gaita-Cantiga-260-Pablo-Carpintero-1-495x400.jpg\" title='Gaita Cantiga 260 Pablo Carpintero 1' alt='' srcset=\"https:\/\/pablocarpintero.es\/wp-content\/uploads\/2021\/10\/Gaita-Cantiga-260-Pablo-Carpintero-1-495x400.jpg 495w, https:\/\/pablocarpintero.es\/wp-content\/uploads\/2021\/10\/Gaita-Cantiga-260-Pablo-Carpintero-1-845x684.jpg 845w\" sizes=\"auto, (max-width: 495px) 100vw, 495px\" \/><\/div><\/a><\/div><\/div>\n<section  class='av_textblock_section av-lhfvau4z-d356fbfa8c098626658aa3e2f204e726'   itemscope=\"itemscope\" itemtype=\"https:\/\/schema.org\/CreativeWork\" ><div class='avia_textblock'  itemprop=\"text\" >\n<style type=\"text\/css\" data-created_by=\"avia_inline_auto\" id=\"style-css-av-av_hr-3a876428eececa9d35452247ddb053af\">\n#top .hr.hr-invisible.av-av_hr-3a876428eececa9d35452247ddb053af{\nheight:50px;\n}\n<\/style>\n<div  class='hr av-av_hr-3a876428eececa9d35452247ddb053af hr-invisible  avia-builder-el-4  el_before_av_hr  avia-builder-el-first'><span class='hr-inner'><span class=\"hr-inner-style\"><\/span><\/span><\/div>\n<p>Puedes escuchar el sonido de esta gaita de fuelle en el siguiente v\u00eddeo:<\/p>\n\n<style type=\"text\/css\" data-created_by=\"avia_inline_auto\" id=\"style-css-av-av_hr-3a876428eececa9d35452247ddb053af\">\n#top .hr.hr-invisible.av-av_hr-3a876428eececa9d35452247ddb053af{\nheight:50px;\n}\n<\/style>\n<div  class='hr av-av_hr-3a876428eececa9d35452247ddb053af hr-invisible  avia-builder-el-5  el_after_av_hr  avia-builder-el-last'><span class='hr-inner'><span class=\"hr-inner-style\"><\/span><\/span><\/div>\n<\/div><\/section>\n<div  class='avia-video av-lhfvb7w9-1a06fae84dc502b2d7d7d87c350554a9 avia-video-16-9 av-no-preview-image avia-video-load-always av-lazyload-immediate av-lazyload-video-embed'  itemprop=\"video\" itemtype=\"https:\/\/schema.org\/VideoObject\"  data-original_url='https:\/\/www.youtube.com\/watch?v=l-mwIk2WVSo'><script type='text\/html' class='av-video-tmpl'><div class='avia-iframe-wrap'><iframe loading=\"lazy\" title=\"A Gaita de fol da Cantiga 260 e as n\u00e1caras\" width=\"1500\" height=\"844\" src=\"https:\/\/www.youtube.com\/embed\/l-mwIk2WVSo?feature=oembed&autoplay=0&loop=0&controls=1&mute=0\" frameborder=\"0\" allow=\"accelerometer; autoplay; clipboard-write; encrypted-media; gyroscope; picture-in-picture; web-share\" allowfullscreen><\/iframe><\/div><\/script><div class='av-click-to-play-overlay'><div class=\"avia_playpause_icon\"><\/div><\/div><\/div>","protected":false},"excerpt":{"rendered":"","protected":false},"featured_media":2200,"comment_status":"open","ping_status":"closed","template":"","meta":{"give_campaign_id":0,"_joinchat":[]},"product_brand":[],"product_cat":[20,32,34,18],"product_tag":[],"class_list":{"0":"post-510","1":"product","2":"type-product","3":"status-publish","4":"has-post-thumbnail","6":"product_cat-gaitas-de-fol","7":"product_cat-gaitas-medievais","8":"product_cat-instrumentos-medievais","9":"product_cat-instrumentos-musicales","11":"first","12":"instock","13":"taxable","14":"shipping-taxable","15":"purchasable","16":"product-type-simple"},"yoast_head":"<!-- This site is optimized with the Yoast SEO plugin v27.2 - https:\/\/yoast.com\/product\/yoast-seo-wordpress\/ -->\n<title>Gaita de fol da Cantiga 260 - Pablo Carpintero<\/title>\n<meta name=\"robots\" content=\"index, follow, max-snippet:-1, max-image-preview:large, max-video-preview:-1\" \/>\n<link rel=\"canonical\" href=\"https:\/\/pablocarpintero.es\/es\/producto\/gaita-de-fol-da-cantiga-260\/\" \/>\n<meta property=\"og:locale\" content=\"es_ES\" \/>\n<meta property=\"og:type\" content=\"article\" \/>\n<meta property=\"og:title\" content=\"Gaita de fol da Cantiga 260 - Pablo Carpintero\" \/>\n<meta property=\"og:url\" content=\"https:\/\/pablocarpintero.es\/es\/producto\/gaita-de-fol-da-cantiga-260\/\" \/>\n<meta property=\"og:site_name\" content=\"Pablo Carpintero\" \/>\n<meta property=\"article:modified_time\" content=\"2025-12-02T08:49:54+00:00\" \/>\n<meta property=\"og:image\" content=\"https:\/\/pablocarpintero.es\/wp-content\/uploads\/2021\/10\/Gaita-Cantiga-260-Pablo-Carpintero-4.jpg\" \/>\n\t<meta property=\"og:image:width\" content=\"841\" \/>\n\t<meta property=\"og:image:height\" content=\"1305\" \/>\n\t<meta property=\"og:image:type\" content=\"image\/jpeg\" \/>\n<meta name=\"twitter:card\" content=\"summary_large_image\" \/>\n<meta name=\"twitter:label1\" content=\"Tiempo de lectura\" \/>\n\t<meta name=\"twitter:data1\" content=\"3 minutos\" \/>\n<script type=\"application\/ld+json\" class=\"yoast-schema-graph\">{\"@context\":\"https:\/\/schema.org\",\"@graph\":[{\"@type\":\"WebPage\",\"@id\":\"https:\/\/pablocarpintero.es\/producto\/gaita-de-fol-da-cantiga-260\/\",\"url\":\"https:\/\/pablocarpintero.es\/producto\/gaita-de-fol-da-cantiga-260\/\",\"name\":\"Gaita de fol da Cantiga 260 - Pablo Carpintero\",\"isPartOf\":{\"@id\":\"https:\/\/pablocarpintero.es\/#website\"},\"primaryImageOfPage\":{\"@id\":\"https:\/\/pablocarpintero.es\/producto\/gaita-de-fol-da-cantiga-260\/#primaryimage\"},\"image\":{\"@id\":\"https:\/\/pablocarpintero.es\/producto\/gaita-de-fol-da-cantiga-260\/#primaryimage\"},\"thumbnailUrl\":\"https:\/\/pablocarpintero.es\/wp-content\/uploads\/2021\/10\/Gaita-Cantiga-260-Pablo-Carpintero-4.jpg\",\"datePublished\":\"2021-10-24T19:51:00+00:00\",\"dateModified\":\"2025-12-02T08:49:54+00:00\",\"breadcrumb\":{\"@id\":\"https:\/\/pablocarpintero.es\/producto\/gaita-de-fol-da-cantiga-260\/#breadcrumb\"},\"inLanguage\":\"es\",\"potentialAction\":[{\"@type\":\"ReadAction\",\"target\":[\"https:\/\/pablocarpintero.es\/producto\/gaita-de-fol-da-cantiga-260\/\"]}]},{\"@type\":\"ImageObject\",\"inLanguage\":\"es\",\"@id\":\"https:\/\/pablocarpintero.es\/producto\/gaita-de-fol-da-cantiga-260\/#primaryimage\",\"url\":\"https:\/\/pablocarpintero.es\/wp-content\/uploads\/2021\/10\/Gaita-Cantiga-260-Pablo-Carpintero-4.jpg\",\"contentUrl\":\"https:\/\/pablocarpintero.es\/wp-content\/uploads\/2021\/10\/Gaita-Cantiga-260-Pablo-Carpintero-4.jpg\",\"width\":841,\"height\":1305},{\"@type\":\"BreadcrumbList\",\"@id\":\"https:\/\/pablocarpintero.es\/producto\/gaita-de-fol-da-cantiga-260\/#breadcrumb\",\"itemListElement\":[{\"@type\":\"ListItem\",\"position\":1,\"name\":\"Portada\",\"item\":\"https:\/\/pablocarpintero.es\/inicio\/\"},{\"@type\":\"ListItem\",\"position\":2,\"name\":\"Tienda\",\"item\":\"https:\/\/pablocarpintero.es\/tienda\/\"},{\"@type\":\"ListItem\",\"position\":3,\"name\":\"Gaita de fol da Cantiga 260\"}]},{\"@type\":\"WebSite\",\"@id\":\"https:\/\/pablocarpintero.es\/#website\",\"url\":\"https:\/\/pablocarpintero.es\/\",\"name\":\"Pablo Carpintero\",\"description\":\"Otro sitio realizado con WordPress\",\"potentialAction\":[{\"@type\":\"SearchAction\",\"target\":{\"@type\":\"EntryPoint\",\"urlTemplate\":\"https:\/\/pablocarpintero.es\/?s={search_term_string}\"},\"query-input\":{\"@type\":\"PropertyValueSpecification\",\"valueRequired\":true,\"valueName\":\"search_term_string\"}}],\"inLanguage\":\"es\"}]}<\/script>\n<!-- \/ Yoast SEO plugin. -->","yoast_head_json":{"title":"Gaita de fol da Cantiga 260 - Pablo Carpintero","robots":{"index":"index","follow":"follow","max-snippet":"max-snippet:-1","max-image-preview":"max-image-preview:large","max-video-preview":"max-video-preview:-1"},"canonical":"https:\/\/pablocarpintero.es\/es\/producto\/gaita-de-fol-da-cantiga-260\/","og_locale":"es_ES","og_type":"article","og_title":"Gaita de fol da Cantiga 260 - Pablo Carpintero","og_url":"https:\/\/pablocarpintero.es\/es\/producto\/gaita-de-fol-da-cantiga-260\/","og_site_name":"Pablo Carpintero","article_modified_time":"2025-12-02T08:49:54+00:00","og_image":[{"width":841,"height":1305,"url":"https:\/\/pablocarpintero.es\/wp-content\/uploads\/2021\/10\/Gaita-Cantiga-260-Pablo-Carpintero-4.jpg","type":"image\/jpeg"}],"twitter_card":"summary_large_image","twitter_misc":{"Tiempo de lectura":"3 minutos"},"schema":{"@context":"https:\/\/schema.org","@graph":[{"@type":"WebPage","@id":"https:\/\/pablocarpintero.es\/producto\/gaita-de-fol-da-cantiga-260\/","url":"https:\/\/pablocarpintero.es\/producto\/gaita-de-fol-da-cantiga-260\/","name":"Gaita de fol da Cantiga 260 - Pablo Carpintero","isPartOf":{"@id":"https:\/\/pablocarpintero.es\/#website"},"primaryImageOfPage":{"@id":"https:\/\/pablocarpintero.es\/producto\/gaita-de-fol-da-cantiga-260\/#primaryimage"},"image":{"@id":"https:\/\/pablocarpintero.es\/producto\/gaita-de-fol-da-cantiga-260\/#primaryimage"},"thumbnailUrl":"https:\/\/pablocarpintero.es\/wp-content\/uploads\/2021\/10\/Gaita-Cantiga-260-Pablo-Carpintero-4.jpg","datePublished":"2021-10-24T19:51:00+00:00","dateModified":"2025-12-02T08:49:54+00:00","breadcrumb":{"@id":"https:\/\/pablocarpintero.es\/producto\/gaita-de-fol-da-cantiga-260\/#breadcrumb"},"inLanguage":"es","potentialAction":[{"@type":"ReadAction","target":["https:\/\/pablocarpintero.es\/producto\/gaita-de-fol-da-cantiga-260\/"]}]},{"@type":"ImageObject","inLanguage":"es","@id":"https:\/\/pablocarpintero.es\/producto\/gaita-de-fol-da-cantiga-260\/#primaryimage","url":"https:\/\/pablocarpintero.es\/wp-content\/uploads\/2021\/10\/Gaita-Cantiga-260-Pablo-Carpintero-4.jpg","contentUrl":"https:\/\/pablocarpintero.es\/wp-content\/uploads\/2021\/10\/Gaita-Cantiga-260-Pablo-Carpintero-4.jpg","width":841,"height":1305},{"@type":"BreadcrumbList","@id":"https:\/\/pablocarpintero.es\/producto\/gaita-de-fol-da-cantiga-260\/#breadcrumb","itemListElement":[{"@type":"ListItem","position":1,"name":"Portada","item":"https:\/\/pablocarpintero.es\/inicio\/"},{"@type":"ListItem","position":2,"name":"Tienda","item":"https:\/\/pablocarpintero.es\/tienda\/"},{"@type":"ListItem","position":3,"name":"Gaita de fol da Cantiga 260"}]},{"@type":"WebSite","@id":"https:\/\/pablocarpintero.es\/#website","url":"https:\/\/pablocarpintero.es\/","name":"Pablo Carpintero","description":"Otro sitio realizado con WordPress","potentialAction":[{"@type":"SearchAction","target":{"@type":"EntryPoint","urlTemplate":"https:\/\/pablocarpintero.es\/?s={search_term_string}"},"query-input":{"@type":"PropertyValueSpecification","valueRequired":true,"valueName":"search_term_string"}}],"inLanguage":"es"}]}},"_links":{"self":[{"href":"https:\/\/pablocarpintero.es\/es\/wp-json\/wp\/v2\/product\/510","targetHints":{"allow":["GET"]}}],"collection":[{"href":"https:\/\/pablocarpintero.es\/es\/wp-json\/wp\/v2\/product"}],"about":[{"href":"https:\/\/pablocarpintero.es\/es\/wp-json\/wp\/v2\/types\/product"}],"replies":[{"embeddable":true,"href":"https:\/\/pablocarpintero.es\/es\/wp-json\/wp\/v2\/comments?post=510"}],"wp:featuredmedia":[{"embeddable":true,"href":"https:\/\/pablocarpintero.es\/es\/wp-json\/wp\/v2\/media\/2200"}],"wp:attachment":[{"href":"https:\/\/pablocarpintero.es\/es\/wp-json\/wp\/v2\/media?parent=510"}],"wp:term":[{"taxonomy":"product_brand","embeddable":true,"href":"https:\/\/pablocarpintero.es\/es\/wp-json\/wp\/v2\/product_brand?post=510"},{"taxonomy":"product_cat","embeddable":true,"href":"https:\/\/pablocarpintero.es\/es\/wp-json\/wp\/v2\/product_cat?post=510"},{"taxonomy":"product_tag","embeddable":true,"href":"https:\/\/pablocarpintero.es\/es\/wp-json\/wp\/v2\/product_tag?post=510"}],"curies":[{"name":"wp","href":"https:\/\/api.w.org\/{rel}","templated":true}]}}