{"id":543,"date":"2021-10-24T20:56:44","date_gmt":"2021-10-24T20:56:44","guid":{"rendered":"https:\/\/pablocarpintero.es\/?post_type=product&#038;p=543"},"modified":"2026-04-05T06:48:54","modified_gmt":"2026-04-05T06:48:54","slug":"requinta-dos-barreiros-de-albin","status":"publish","type":"product","link":"https:\/\/pablocarpintero.es\/es\/producto\/requinta-dos-barreiros-de-albin\/","title":{"rendered":"Requinta de Os Barreiros de Alb\u00edn"},"content":{"rendered":"<p>Un hermoso instrumento que toc\u00f3 en el grupo \u201cOs Barreiros de Alb\u00edn\u201d del ayuntamiento de Vila de Cruces. Sin duda una de las requintas m\u00e1s bonitas salidas del taller de Riob\u00f3. Est\u00e1 afinada en Fa#, es decir, dise\u00f1ada para tocar con gaitas en Si natural.<\/p>","protected":false},"excerpt":{"rendered":"<p>Un hermoso instrumento que toc\u00f3 en el grupo \u201cOs Barreiros de Alb\u00edn\u201d del ayuntamiento de Vila de Cruces. Sin duda una de las requintas m\u00e1s bonitas salidas del taller de Riob\u00f3. Est\u00e1 afinada en Fa#, es decir, dise\u00f1ada para tocar con gaitas en Si natural.<\/p>","protected":false},"featured_media":913,"comment_status":"open","ping_status":"closed","template":"","meta":{"give_campaign_id":0,"_joinchat":[]},"product_brand":[],"product_cat":[36,18],"product_tag":[],"class_list":{"0":"post-543","1":"product","2":"type-product","3":"status-publish","4":"has-post-thumbnail","6":"product_cat-frautas-pinfanos-e-requintas","7":"product_cat-instrumentos-musicales","9":"first","10":"instock","11":"taxable","12":"shipping-taxable","13":"purchasable","14":"product-type-simple"},"yoast_head":"<!-- This site is optimized with the Yoast SEO plugin v27.2 - https:\/\/yoast.com\/product\/yoast-seo-wordpress\/ -->\n<title>Requinta dos Barreiros de Alb\u00edn - Pablo Carpintero<\/title>\n<meta name=\"robots\" content=\"index, follow, max-snippet:-1, max-image-preview:large, max-video-preview:-1\" \/>\n<link rel=\"canonical\" href=\"https:\/\/pablocarpintero.es\/es\/producto\/requinta-dos-barreiros-de-albin\/\" \/>\n<meta property=\"og:locale\" content=\"es_ES\" \/>\n<meta property=\"og:type\" content=\"article\" \/>\n<meta property=\"og:title\" content=\"Requinta dos Barreiros de Alb\u00edn - Pablo Carpintero\" \/>\n<meta property=\"og:description\" content=\"Un fant\u00e1stico instrumento que tocou no grupo \u201cOs Barreiros de Alb\u00edn\u201d do Concello de Vila de Cruces. Sen d\u00fabida unha das m\u00e1is fermosas requintas sa\u00eddas do obradoiro de Riob\u00f3. Est\u00e1 afinada en Fa#, ou sexa, dese\u00f1ada para tocar con gaitas en Si natural.\" \/>\n<meta property=\"og:url\" content=\"https:\/\/pablocarpintero.es\/es\/producto\/requinta-dos-barreiros-de-albin\/\" \/>\n<meta property=\"og:site_name\" content=\"Pablo Carpintero\" \/>\n<meta property=\"article:modified_time\" content=\"2026-04-05T06:48:54+00:00\" \/>\n<meta property=\"og:image\" content=\"https:\/\/pablocarpintero.es\/wp-content\/uploads\/2021\/10\/Requinta-Pablo-carpintero-4.jpg\" \/>\n\t<meta property=\"og:image:width\" content=\"1979\" \/>\n\t<meta property=\"og:image:height\" content=\"1302\" \/>\n\t<meta property=\"og:image:type\" content=\"image\/jpeg\" \/>\n<meta name=\"twitter:card\" content=\"summary_large_image\" \/>\n<meta name=\"twitter:label1\" content=\"Tiempo de lectura\" \/>\n\t<meta name=\"twitter:data1\" content=\"1 minuto\" \/>\n<script type=\"application\/ld+json\" class=\"yoast-schema-graph\">{\"@context\":\"https:\/\/schema.org\",\"@graph\":[{\"@type\":\"WebPage\",\"@id\":\"https:\/\/pablocarpintero.es\/producto\/requinta-dos-barreiros-de-albin\/\",\"url\":\"https:\/\/pablocarpintero.es\/producto\/requinta-dos-barreiros-de-albin\/\",\"name\":\"Requinta dos Barreiros de Alb\u00edn - Pablo Carpintero\",\"isPartOf\":{\"@id\":\"https:\/\/pablocarpintero.es\/#website\"},\"primaryImageOfPage\":{\"@id\":\"https:\/\/pablocarpintero.es\/producto\/requinta-dos-barreiros-de-albin\/#primaryimage\"},\"image\":{\"@id\":\"https:\/\/pablocarpintero.es\/producto\/requinta-dos-barreiros-de-albin\/#primaryimage\"},\"thumbnailUrl\":\"https:\/\/pablocarpintero.es\/wp-content\/uploads\/2021\/10\/Requinta-Pablo-carpintero-4.jpg\",\"datePublished\":\"2021-10-24T20:56:44+00:00\",\"dateModified\":\"2026-04-05T06:48:54+00:00\",\"breadcrumb\":{\"@id\":\"https:\/\/pablocarpintero.es\/producto\/requinta-dos-barreiros-de-albin\/#breadcrumb\"},\"inLanguage\":\"es\",\"potentialAction\":[{\"@type\":\"ReadAction\",\"target\":[\"https:\/\/pablocarpintero.es\/producto\/requinta-dos-barreiros-de-albin\/\"]}]},{\"@type\":\"ImageObject\",\"inLanguage\":\"es\",\"@id\":\"https:\/\/pablocarpintero.es\/producto\/requinta-dos-barreiros-de-albin\/#primaryimage\",\"url\":\"https:\/\/pablocarpintero.es\/wp-content\/uploads\/2021\/10\/Requinta-Pablo-carpintero-4.jpg\",\"contentUrl\":\"https:\/\/pablocarpintero.es\/wp-content\/uploads\/2021\/10\/Requinta-Pablo-carpintero-4.jpg\",\"width\":1979,\"height\":1302},{\"@type\":\"BreadcrumbList\",\"@id\":\"https:\/\/pablocarpintero.es\/producto\/requinta-dos-barreiros-de-albin\/#breadcrumb\",\"itemListElement\":[{\"@type\":\"ListItem\",\"position\":1,\"name\":\"Portada\",\"item\":\"https:\/\/pablocarpintero.es\/inicio\/\"},{\"@type\":\"ListItem\",\"position\":2,\"name\":\"Tienda\",\"item\":\"https:\/\/pablocarpintero.es\/tienda\/\"},{\"@type\":\"ListItem\",\"position\":3,\"name\":\"Requinta dos Barreiros de Alb\u00edn\"}]},{\"@type\":\"WebSite\",\"@id\":\"https:\/\/pablocarpintero.es\/#website\",\"url\":\"https:\/\/pablocarpintero.es\/\",\"name\":\"Pablo Carpintero\",\"description\":\"Otro sitio realizado con WordPress\",\"potentialAction\":[{\"@type\":\"SearchAction\",\"target\":{\"@type\":\"EntryPoint\",\"urlTemplate\":\"https:\/\/pablocarpintero.es\/?s={search_term_string}\"},\"query-input\":{\"@type\":\"PropertyValueSpecification\",\"valueRequired\":true,\"valueName\":\"search_term_string\"}}],\"inLanguage\":\"es\"}]}<\/script>\n<!-- \/ Yoast SEO plugin. -->","yoast_head_json":{"title":"Requinta dos Barreiros de Alb\u00edn - Pablo Carpintero","robots":{"index":"index","follow":"follow","max-snippet":"max-snippet:-1","max-image-preview":"max-image-preview:large","max-video-preview":"max-video-preview:-1"},"canonical":"https:\/\/pablocarpintero.es\/es\/producto\/requinta-dos-barreiros-de-albin\/","og_locale":"es_ES","og_type":"article","og_title":"Requinta dos Barreiros de Alb\u00edn - Pablo Carpintero","og_description":"Un fant\u00e1stico instrumento que tocou no grupo \u201cOs Barreiros de Alb\u00edn\u201d do Concello de Vila de Cruces. Sen d\u00fabida unha das m\u00e1is fermosas requintas sa\u00eddas do obradoiro de Riob\u00f3. Est\u00e1 afinada en Fa#, ou sexa, dese\u00f1ada para tocar con gaitas en Si natural.","og_url":"https:\/\/pablocarpintero.es\/es\/producto\/requinta-dos-barreiros-de-albin\/","og_site_name":"Pablo Carpintero","article_modified_time":"2026-04-05T06:48:54+00:00","og_image":[{"width":1979,"height":1302,"url":"https:\/\/pablocarpintero.es\/wp-content\/uploads\/2021\/10\/Requinta-Pablo-carpintero-4.jpg","type":"image\/jpeg"}],"twitter_card":"summary_large_image","twitter_misc":{"Tiempo de lectura":"1 minuto"},"schema":{"@context":"https:\/\/schema.org","@graph":[{"@type":"WebPage","@id":"https:\/\/pablocarpintero.es\/producto\/requinta-dos-barreiros-de-albin\/","url":"https:\/\/pablocarpintero.es\/producto\/requinta-dos-barreiros-de-albin\/","name":"Requinta dos Barreiros de Alb\u00edn - Pablo Carpintero","isPartOf":{"@id":"https:\/\/pablocarpintero.es\/#website"},"primaryImageOfPage":{"@id":"https:\/\/pablocarpintero.es\/producto\/requinta-dos-barreiros-de-albin\/#primaryimage"},"image":{"@id":"https:\/\/pablocarpintero.es\/producto\/requinta-dos-barreiros-de-albin\/#primaryimage"},"thumbnailUrl":"https:\/\/pablocarpintero.es\/wp-content\/uploads\/2021\/10\/Requinta-Pablo-carpintero-4.jpg","datePublished":"2021-10-24T20:56:44+00:00","dateModified":"2026-04-05T06:48:54+00:00","breadcrumb":{"@id":"https:\/\/pablocarpintero.es\/producto\/requinta-dos-barreiros-de-albin\/#breadcrumb"},"inLanguage":"es","potentialAction":[{"@type":"ReadAction","target":["https:\/\/pablocarpintero.es\/producto\/requinta-dos-barreiros-de-albin\/"]}]},{"@type":"ImageObject","inLanguage":"es","@id":"https:\/\/pablocarpintero.es\/producto\/requinta-dos-barreiros-de-albin\/#primaryimage","url":"https:\/\/pablocarpintero.es\/wp-content\/uploads\/2021\/10\/Requinta-Pablo-carpintero-4.jpg","contentUrl":"https:\/\/pablocarpintero.es\/wp-content\/uploads\/2021\/10\/Requinta-Pablo-carpintero-4.jpg","width":1979,"height":1302},{"@type":"BreadcrumbList","@id":"https:\/\/pablocarpintero.es\/producto\/requinta-dos-barreiros-de-albin\/#breadcrumb","itemListElement":[{"@type":"ListItem","position":1,"name":"Portada","item":"https:\/\/pablocarpintero.es\/inicio\/"},{"@type":"ListItem","position":2,"name":"Tienda","item":"https:\/\/pablocarpintero.es\/tienda\/"},{"@type":"ListItem","position":3,"name":"Requinta dos Barreiros de Alb\u00edn"}]},{"@type":"WebSite","@id":"https:\/\/pablocarpintero.es\/#website","url":"https:\/\/pablocarpintero.es\/","name":"Pablo Carpintero","description":"Otro sitio realizado con WordPress","potentialAction":[{"@type":"SearchAction","target":{"@type":"EntryPoint","urlTemplate":"https:\/\/pablocarpintero.es\/?s={search_term_string}"},"query-input":{"@type":"PropertyValueSpecification","valueRequired":true,"valueName":"search_term_string"}}],"inLanguage":"es"}]}},"_links":{"self":[{"href":"https:\/\/pablocarpintero.es\/es\/wp-json\/wp\/v2\/product\/543","targetHints":{"allow":["GET"]}}],"collection":[{"href":"https:\/\/pablocarpintero.es\/es\/wp-json\/wp\/v2\/product"}],"about":[{"href":"https:\/\/pablocarpintero.es\/es\/wp-json\/wp\/v2\/types\/product"}],"replies":[{"embeddable":true,"href":"https:\/\/pablocarpintero.es\/es\/wp-json\/wp\/v2\/comments?post=543"}],"wp:featuredmedia":[{"embeddable":true,"href":"https:\/\/pablocarpintero.es\/es\/wp-json\/wp\/v2\/media\/913"}],"wp:attachment":[{"href":"https:\/\/pablocarpintero.es\/es\/wp-json\/wp\/v2\/media?parent=543"}],"wp:term":[{"taxonomy":"product_brand","embeddable":true,"href":"https:\/\/pablocarpintero.es\/es\/wp-json\/wp\/v2\/product_brand?post=543"},{"taxonomy":"product_cat","embeddable":true,"href":"https:\/\/pablocarpintero.es\/es\/wp-json\/wp\/v2\/product_cat?post=543"},{"taxonomy":"product_tag","embeddable":true,"href":"https:\/\/pablocarpintero.es\/es\/wp-json\/wp\/v2\/product_tag?post=543"}],"curies":[{"name":"wp","href":"https:\/\/api.w.org\/{rel}","templated":true}]}}