{"id":599,"date":"2021-10-24T22:32:35","date_gmt":"2021-10-24T22:32:35","guid":{"rendered":"https:\/\/pablocarpintero.es\/?post_type=product&#038;p=599"},"modified":"2025-09-05T05:12:52","modified_gmt":"2025-09-05T05:12:52","slug":"pandeira-asturiana-modelo-ii","status":"publish","type":"product","link":"https:\/\/pablocarpintero.es\/es\/producto\/pandeira-asturiana-modelo-ii\/","title":{"rendered":"Pandera asturiana, modelo II"},"content":{"rendered":"<p>Modelo copiado de una pandera antigua asturiana, de origen desconocido, conservada en el Museo de la Gaita de Gij\u00f3n. Es un instrumento de tama\u00f1o medio, 29 cm de di\u00e1metro, y lleva cinco \u00f3rdenes dobles de sonajas sin rizar.<\/p>\n<p>Aqu\u00ed puedes escuchar los distintos modelos de panderas asturianas que hemos reproducido.<\/p>\n<p>&nbsp;<\/p>\n<div  class='avia-video av-oylz-317c111ef72c6234a36d0d065d7f947a avia-video-16-9 av-no-preview-image avia-video-load-always av-lazyload-immediate av-lazyload-video-embed'  itemprop=\"video\" itemtype=\"https:\/\/schema.org\/VideoObject\"  data-original_url='https:\/\/www.youtube.com\/watch?v=9M23TbhTs08'><script type='text\/html' class='av-video-tmpl'><div class='avia-iframe-wrap'><iframe loading=\"lazy\" title=\"Pandeiras asturianas\" width=\"1500\" height=\"844\" src=\"https:\/\/www.youtube.com\/embed\/9M23TbhTs08?feature=oembed&autoplay=0&loop=0&controls=1&mute=0\" frameborder=\"0\" allow=\"accelerometer; autoplay; clipboard-write; encrypted-media; gyroscope; picture-in-picture\" allowfullscreen><\/iframe><\/div><\/script><div class='av-click-to-play-overlay'><div class=\"avia_playpause_icon\"><\/div><\/div><\/div>","protected":false},"excerpt":{"rendered":"<p>Modelo copiado dunha pandeira antiga asturiana, de orixe desco\u00f1ecida, conservada no Museo da Gaita de Xix\u00f3n. \u00c9 un instrumento de tama\u00f1o medio, 29 cm de di\u00e1metro, e leva cinco ordes dobres de cernellas sen rizar. \u00c9 unha das pandeiras cun son m\u00e1is fermoso e equilibrado que temos replicado. Neste v\u00eddeo podedes escoitar o son das [&hellip;]<\/p>\n","protected":false},"featured_media":1044,"comment_status":"open","ping_status":"closed","template":"","meta":{"give_campaign_id":0,"_joinchat":[]},"product_brand":[],"product_cat":[18,39],"product_tag":[],"class_list":{"0":"post-599","1":"product","2":"type-product","3":"status-publish","4":"has-post-thumbnail","6":"product_cat-instrumentos-musicales","7":"product_cat-pandeiras","9":"first","10":"instock","11":"taxable","12":"shipping-taxable","13":"purchasable","14":"product-type-simple"},"yoast_head":"<!-- This site is optimized with the Yoast SEO plugin v27.2 - https:\/\/yoast.com\/product\/yoast-seo-wordpress\/ -->\n<title>Pandeira asturiana, modelo II - Pablo Carpintero<\/title>\n<meta name=\"robots\" content=\"index, follow, max-snippet:-1, max-image-preview:large, max-video-preview:-1\" \/>\n<link rel=\"canonical\" href=\"https:\/\/pablocarpintero.es\/es\/producto\/pandeira-asturiana-modelo-ii\/\" \/>\n<meta property=\"og:locale\" content=\"es_ES\" \/>\n<meta property=\"og:type\" content=\"article\" \/>\n<meta property=\"og:title\" content=\"Pandeira asturiana, modelo II - Pablo Carpintero\" \/>\n<meta property=\"og:description\" content=\"Modelo copiado dunha pandeira antiga asturiana, de orixe desco\u00f1ecida, conservada no Museo da Gaita de Xix\u00f3n. \u00c9 un instrumento de tama\u00f1o medio, 29 cm de di\u00e1metro, e leva cinco ordes dobres de cernellas sen rizar. \u00c9 unha das pandeiras cun son m\u00e1is fermoso e equilibrado que temos replicado. Neste v\u00eddeo podedes escoitar o son das [&hellip;]\" \/>\n<meta property=\"og:url\" content=\"https:\/\/pablocarpintero.es\/es\/producto\/pandeira-asturiana-modelo-ii\/\" \/>\n<meta property=\"og:site_name\" content=\"Pablo Carpintero\" \/>\n<meta property=\"article:modified_time\" content=\"2025-09-05T05:12:52+00:00\" \/>\n<meta property=\"og:image\" content=\"https:\/\/pablocarpintero.es\/wp-content\/uploads\/2021\/10\/Pandera-asturiana-Pablo-Carpintero-1.jpg\" \/>\n\t<meta property=\"og:image:width\" content=\"1522\" \/>\n\t<meta property=\"og:image:height\" content=\"1535\" \/>\n\t<meta property=\"og:image:type\" content=\"image\/jpeg\" \/>\n<meta name=\"twitter:card\" content=\"summary_large_image\" \/>\n<meta name=\"twitter:label1\" content=\"Tiempo de lectura\" \/>\n\t<meta name=\"twitter:data1\" content=\"1 minuto\" \/>\n<script type=\"application\/ld+json\" class=\"yoast-schema-graph\">{\"@context\":\"https:\/\/schema.org\",\"@graph\":[{\"@type\":\"WebPage\",\"@id\":\"https:\/\/pablocarpintero.es\/producto\/pandeira-asturiana-modelo-ii\/\",\"url\":\"https:\/\/pablocarpintero.es\/producto\/pandeira-asturiana-modelo-ii\/\",\"name\":\"Pandeira asturiana, modelo II - Pablo Carpintero\",\"isPartOf\":{\"@id\":\"https:\/\/pablocarpintero.es\/#website\"},\"primaryImageOfPage\":{\"@id\":\"https:\/\/pablocarpintero.es\/producto\/pandeira-asturiana-modelo-ii\/#primaryimage\"},\"image\":{\"@id\":\"https:\/\/pablocarpintero.es\/producto\/pandeira-asturiana-modelo-ii\/#primaryimage\"},\"thumbnailUrl\":\"https:\/\/pablocarpintero.es\/wp-content\/uploads\/2021\/10\/Pandera-asturiana-Pablo-Carpintero-1.jpg\",\"datePublished\":\"2021-10-24T22:32:35+00:00\",\"dateModified\":\"2025-09-05T05:12:52+00:00\",\"breadcrumb\":{\"@id\":\"https:\/\/pablocarpintero.es\/producto\/pandeira-asturiana-modelo-ii\/#breadcrumb\"},\"inLanguage\":\"es\",\"potentialAction\":[{\"@type\":\"ReadAction\",\"target\":[\"https:\/\/pablocarpintero.es\/producto\/pandeira-asturiana-modelo-ii\/\"]}]},{\"@type\":\"ImageObject\",\"inLanguage\":\"es\",\"@id\":\"https:\/\/pablocarpintero.es\/producto\/pandeira-asturiana-modelo-ii\/#primaryimage\",\"url\":\"https:\/\/pablocarpintero.es\/wp-content\/uploads\/2021\/10\/Pandera-asturiana-Pablo-Carpintero-1.jpg\",\"contentUrl\":\"https:\/\/pablocarpintero.es\/wp-content\/uploads\/2021\/10\/Pandera-asturiana-Pablo-Carpintero-1.jpg\",\"width\":1522,\"height\":1535},{\"@type\":\"BreadcrumbList\",\"@id\":\"https:\/\/pablocarpintero.es\/producto\/pandeira-asturiana-modelo-ii\/#breadcrumb\",\"itemListElement\":[{\"@type\":\"ListItem\",\"position\":1,\"name\":\"Portada\",\"item\":\"https:\/\/pablocarpintero.es\/inicio\/\"},{\"@type\":\"ListItem\",\"position\":2,\"name\":\"Tienda\",\"item\":\"https:\/\/pablocarpintero.es\/tienda\/\"},{\"@type\":\"ListItem\",\"position\":3,\"name\":\"Pandeira asturiana, modelo II\"}]},{\"@type\":\"WebSite\",\"@id\":\"https:\/\/pablocarpintero.es\/#website\",\"url\":\"https:\/\/pablocarpintero.es\/\",\"name\":\"Pablo Carpintero\",\"description\":\"Otro sitio realizado con WordPress\",\"potentialAction\":[{\"@type\":\"SearchAction\",\"target\":{\"@type\":\"EntryPoint\",\"urlTemplate\":\"https:\/\/pablocarpintero.es\/?s={search_term_string}\"},\"query-input\":{\"@type\":\"PropertyValueSpecification\",\"valueRequired\":true,\"valueName\":\"search_term_string\"}}],\"inLanguage\":\"es\"}]}<\/script>\n<!-- \/ Yoast SEO plugin. -->","yoast_head_json":{"title":"Pandeira asturiana, modelo II - Pablo Carpintero","robots":{"index":"index","follow":"follow","max-snippet":"max-snippet:-1","max-image-preview":"max-image-preview:large","max-video-preview":"max-video-preview:-1"},"canonical":"https:\/\/pablocarpintero.es\/es\/producto\/pandeira-asturiana-modelo-ii\/","og_locale":"es_ES","og_type":"article","og_title":"Pandeira asturiana, modelo II - Pablo Carpintero","og_description":"Modelo copiado dunha pandeira antiga asturiana, de orixe desco\u00f1ecida, conservada no Museo da Gaita de Xix\u00f3n. \u00c9 un instrumento de tama\u00f1o medio, 29 cm de di\u00e1metro, e leva cinco ordes dobres de cernellas sen rizar. \u00c9 unha das pandeiras cun son m\u00e1is fermoso e equilibrado que temos replicado. Neste v\u00eddeo podedes escoitar o son das [&hellip;]","og_url":"https:\/\/pablocarpintero.es\/es\/producto\/pandeira-asturiana-modelo-ii\/","og_site_name":"Pablo Carpintero","article_modified_time":"2025-09-05T05:12:52+00:00","og_image":[{"width":1522,"height":1535,"url":"https:\/\/pablocarpintero.es\/wp-content\/uploads\/2021\/10\/Pandera-asturiana-Pablo-Carpintero-1.jpg","type":"image\/jpeg"}],"twitter_card":"summary_large_image","twitter_misc":{"Tiempo de lectura":"1 minuto"},"schema":{"@context":"https:\/\/schema.org","@graph":[{"@type":"WebPage","@id":"https:\/\/pablocarpintero.es\/producto\/pandeira-asturiana-modelo-ii\/","url":"https:\/\/pablocarpintero.es\/producto\/pandeira-asturiana-modelo-ii\/","name":"Pandeira asturiana, modelo II - Pablo Carpintero","isPartOf":{"@id":"https:\/\/pablocarpintero.es\/#website"},"primaryImageOfPage":{"@id":"https:\/\/pablocarpintero.es\/producto\/pandeira-asturiana-modelo-ii\/#primaryimage"},"image":{"@id":"https:\/\/pablocarpintero.es\/producto\/pandeira-asturiana-modelo-ii\/#primaryimage"},"thumbnailUrl":"https:\/\/pablocarpintero.es\/wp-content\/uploads\/2021\/10\/Pandera-asturiana-Pablo-Carpintero-1.jpg","datePublished":"2021-10-24T22:32:35+00:00","dateModified":"2025-09-05T05:12:52+00:00","breadcrumb":{"@id":"https:\/\/pablocarpintero.es\/producto\/pandeira-asturiana-modelo-ii\/#breadcrumb"},"inLanguage":"es","potentialAction":[{"@type":"ReadAction","target":["https:\/\/pablocarpintero.es\/producto\/pandeira-asturiana-modelo-ii\/"]}]},{"@type":"ImageObject","inLanguage":"es","@id":"https:\/\/pablocarpintero.es\/producto\/pandeira-asturiana-modelo-ii\/#primaryimage","url":"https:\/\/pablocarpintero.es\/wp-content\/uploads\/2021\/10\/Pandera-asturiana-Pablo-Carpintero-1.jpg","contentUrl":"https:\/\/pablocarpintero.es\/wp-content\/uploads\/2021\/10\/Pandera-asturiana-Pablo-Carpintero-1.jpg","width":1522,"height":1535},{"@type":"BreadcrumbList","@id":"https:\/\/pablocarpintero.es\/producto\/pandeira-asturiana-modelo-ii\/#breadcrumb","itemListElement":[{"@type":"ListItem","position":1,"name":"Portada","item":"https:\/\/pablocarpintero.es\/inicio\/"},{"@type":"ListItem","position":2,"name":"Tienda","item":"https:\/\/pablocarpintero.es\/tienda\/"},{"@type":"ListItem","position":3,"name":"Pandeira asturiana, modelo II"}]},{"@type":"WebSite","@id":"https:\/\/pablocarpintero.es\/#website","url":"https:\/\/pablocarpintero.es\/","name":"Pablo Carpintero","description":"Otro sitio realizado con WordPress","potentialAction":[{"@type":"SearchAction","target":{"@type":"EntryPoint","urlTemplate":"https:\/\/pablocarpintero.es\/?s={search_term_string}"},"query-input":{"@type":"PropertyValueSpecification","valueRequired":true,"valueName":"search_term_string"}}],"inLanguage":"es"}]}},"_links":{"self":[{"href":"https:\/\/pablocarpintero.es\/es\/wp-json\/wp\/v2\/product\/599","targetHints":{"allow":["GET"]}}],"collection":[{"href":"https:\/\/pablocarpintero.es\/es\/wp-json\/wp\/v2\/product"}],"about":[{"href":"https:\/\/pablocarpintero.es\/es\/wp-json\/wp\/v2\/types\/product"}],"replies":[{"embeddable":true,"href":"https:\/\/pablocarpintero.es\/es\/wp-json\/wp\/v2\/comments?post=599"}],"wp:featuredmedia":[{"embeddable":true,"href":"https:\/\/pablocarpintero.es\/es\/wp-json\/wp\/v2\/media\/1044"}],"wp:attachment":[{"href":"https:\/\/pablocarpintero.es\/es\/wp-json\/wp\/v2\/media?parent=599"}],"wp:term":[{"taxonomy":"product_brand","embeddable":true,"href":"https:\/\/pablocarpintero.es\/es\/wp-json\/wp\/v2\/product_brand?post=599"},{"taxonomy":"product_cat","embeddable":true,"href":"https:\/\/pablocarpintero.es\/es\/wp-json\/wp\/v2\/product_cat?post=599"},{"taxonomy":"product_tag","embeddable":true,"href":"https:\/\/pablocarpintero.es\/es\/wp-json\/wp\/v2\/product_tag?post=599"}],"curies":[{"name":"wp","href":"https:\/\/api.w.org\/{rel}","templated":true}]}}