{"id":989,"date":"2021-11-12T08:20:42","date_gmt":"2021-11-12T08:20:42","guid":{"rendered":"https:\/\/pablocarpintero.es\/?post_type=product&#038;p=989"},"modified":"2025-07-22T05:26:13","modified_gmt":"2025-07-22T05:26:13","slug":"pandeireta-modelo-guillade","status":"publish","type":"product","link":"https:\/\/pablocarpintero.es\/es\/producto\/pandeireta-modelo-guillade\/","title":{"rendered":"Pandereta modelo Guillade"},"content":{"rendered":"<p>Desarrollamos este modelo de pandereta a partir de la pandereta del ciego de Guillade (Ponteareas, Pontevedra) encontrada por Lu\u00eds Prego. Tiene diez pares de sonajas hechas a mano, ligeramente rizadas, emparejadas en un marco est\u00e1ndar para agarrar con la mano derecha. Por el gran sonido de sus sonajas es uno de nuestros modelos m\u00e1s vendidos.<\/p>\n<p>Prezo: 125\u20ac, en madeira de cipres ou nogueira negra 145\u20ac. As ferre\u00f1as fabricadas en follalata branda ou temperadas incrementan o prezo 20 euros. Existe a posibilidade de dotala cun <a href=\"https:\/\/pablocarpintero.es\/es\/producto\/pandeireta-con-parche-dorotea\/\">parche sint\u00e9tico Dorotea<\/a> dise\u00f1ado por nuestro amigo <a href=\"https:\/\/lanratipica.gal\">Tom\u00e1s Ageitos<\/a>.<\/p>\n<p>Puedes escuchar su sonido y compararlo con el de otros de nuestros modelos en el siguiente v\u00eddeo:<\/p>\n<p>&nbsp;<\/p>\n<div  class='avia-video av-ecl7p-06b4312e56cdeea29326fd5302015b50 avia-video-16-9 av-no-preview-image avia-video-load-always av-lazyload-immediate av-lazyload-video-embed'  itemprop=\"video\" itemtype=\"https:\/\/schema.org\/VideoObject\"  data-original_url='https:\/\/www.youtube.com\/watch?v=NGVGZsqna3Q&amp;t=359shttps:\/\/'><script type='text\/html' class='av-video-tmpl'><div class='avia-iframe-wrap'><iframe loading=\"lazy\" title=\"Os diferentes modelos de pandeiretas.\" width=\"1500\" height=\"844\" src=\"https:\/\/www.youtube.com\/embed\/NGVGZsqna3Q?feature=oembed&autoplay=0&loop=0&controls=1&mute=0\" frameborder=\"0\" allow=\"accelerometer; autoplay; clipboard-write; encrypted-media; gyroscope; picture-in-picture\" allowfullscreen><\/iframe><\/div><\/script><div class='av-click-to-play-overlay'><div class=\"avia_playpause_icon\"><\/div><\/div><\/div>\n<p>&nbsp;<\/p>\n<p>En este v\u00eddeo puedes escuchar el sonido de este modelo de pandereta con el <a href=\"https:\/\/pablocarpintero.es\/es\/producto\/pandeireta-con-parche-dorotea\/\">parche Dorotea<\/a> desarrollado por nuestro amigo <a href=\"https:\/\/landratipica.gal\">Tom\u00e1s Ageitos<\/a>:<\/p>\n<p>&nbsp;<\/p>\n<div  class='avia-video av-7an8l-b5b5a16a0cd216a2672ca2f3afcba285 avia-video-16-9 av-no-preview-image avia-video-load-always av-lazyload-immediate av-lazyload-video-embed'  itemprop=\"video\" itemtype=\"https:\/\/schema.org\/VideoObject\"  data-original_url='https:\/\/www.youtube.com\/watch?v=-rBoYt3dAeA&amp;list=PLXXK43eNZOISU31MAUDm_pBD1uYf5GChZhttps:\/\/'><script type='text\/html' class='av-video-tmpl'><div class='avia-iframe-wrap'><iframe loading=\"lazy\" title=\"Xota con pandeireta de Dorotea (sen efectos)\" width=\"1500\" height=\"844\" src=\"https:\/\/www.youtube.com\/embed\/-rBoYt3dAeA?feature=oembed&autoplay=0&loop=0&controls=1&mute=0\" frameborder=\"0\" allow=\"accelerometer; autoplay; clipboard-write; encrypted-media; gyroscope; picture-in-picture\" allowfullscreen><\/iframe><\/div><\/script><div class='av-click-to-play-overlay'><div class=\"avia_playpause_icon\"><\/div><\/div><\/div>\n<p>&nbsp;<\/p>","protected":false},"excerpt":{"rendered":"<p>Este modelo de pandeireta desenvolv\u00e9molo en base \u00e1 pandeireta do cego de Guillade (Ponteareas, Pontevedra) achada por Lu\u00eds Prego. Ten dez pares de ferre\u00f1as pouco rizadas, feitas a man, montadas de xeito pareado nun marco est\u00e1ndar para empu\u00f1ar coa man dereita. Debido ao estupendo son das s\u00faas ferre\u00f1as \u00e9 un dos nosos modelos m\u00e1is vendidos. [&hellip;]<\/p>\n","protected":false},"featured_media":990,"comment_status":"open","ping_status":"closed","template":"","meta":{"give_campaign_id":0,"_joinchat":[]},"product_brand":[],"product_cat":[18,38],"product_tag":[],"class_list":{"0":"post-989","1":"product","2":"type-product","3":"status-publish","4":"has-post-thumbnail","6":"product_cat-instrumentos-musicales","7":"product_cat-pandeiretas","9":"first","10":"instock","11":"taxable","12":"shipping-taxable","13":"purchasable","14":"product-type-variable"},"yoast_head":"<!-- This site is optimized with the Yoast SEO plugin v27.2 - https:\/\/yoast.com\/product\/yoast-seo-wordpress\/ -->\n<title>Pandeireta modelo Guillade - Pablo Carpintero<\/title>\n<meta name=\"robots\" content=\"index, follow, max-snippet:-1, max-image-preview:large, max-video-preview:-1\" \/>\n<link rel=\"canonical\" href=\"https:\/\/pablocarpintero.es\/es\/producto\/pandeireta-modelo-guillade\/\" \/>\n<meta property=\"og:locale\" content=\"es_ES\" \/>\n<meta property=\"og:type\" content=\"article\" \/>\n<meta property=\"og:title\" content=\"Pandeireta modelo Guillade - Pablo Carpintero\" \/>\n<meta property=\"og:description\" content=\"Este modelo de pandeireta desenvolv\u00e9molo en base \u00e1 pandeireta do cego de Guillade (Ponteareas, Pontevedra) achada por Lu\u00eds Prego. Ten dez pares de ferre\u00f1as pouco rizadas, feitas a man, montadas de xeito pareado nun marco est\u00e1ndar para empu\u00f1ar coa man dereita. Debido ao estupendo son das s\u00faas ferre\u00f1as \u00e9 un dos nosos modelos m\u00e1is vendidos. [&hellip;]\" \/>\n<meta property=\"og:url\" content=\"https:\/\/pablocarpintero.es\/es\/producto\/pandeireta-modelo-guillade\/\" \/>\n<meta property=\"og:site_name\" content=\"Pablo Carpintero\" \/>\n<meta property=\"article:modified_time\" content=\"2025-07-22T05:26:13+00:00\" \/>\n<meta property=\"og:image\" content=\"https:\/\/pablocarpintero.es\/wp-content\/uploads\/2021\/11\/Ferrenas-temperadas-e-normais.jpg\" \/>\n\t<meta property=\"og:image:width\" content=\"2005\" \/>\n\t<meta property=\"og:image:height\" content=\"1339\" \/>\n\t<meta property=\"og:image:type\" content=\"image\/jpeg\" \/>\n<meta name=\"twitter:card\" content=\"summary_large_image\" \/>\n<meta name=\"twitter:label1\" content=\"Tiempo de lectura\" \/>\n\t<meta name=\"twitter:data1\" content=\"1 minuto\" \/>\n<script type=\"application\/ld+json\" class=\"yoast-schema-graph\">{\"@context\":\"https:\/\/schema.org\",\"@graph\":[{\"@type\":\"WebPage\",\"@id\":\"https:\/\/pablocarpintero.es\/producto\/pandeireta-modelo-guillade\/\",\"url\":\"https:\/\/pablocarpintero.es\/producto\/pandeireta-modelo-guillade\/\",\"name\":\"Pandeireta modelo Guillade - Pablo Carpintero\",\"isPartOf\":{\"@id\":\"https:\/\/pablocarpintero.es\/#website\"},\"primaryImageOfPage\":{\"@id\":\"https:\/\/pablocarpintero.es\/producto\/pandeireta-modelo-guillade\/#primaryimage\"},\"image\":{\"@id\":\"https:\/\/pablocarpintero.es\/producto\/pandeireta-modelo-guillade\/#primaryimage\"},\"thumbnailUrl\":\"https:\/\/pablocarpintero.es\/wp-content\/uploads\/2021\/11\/Ferrenas-temperadas-e-normais.jpg\",\"datePublished\":\"2021-11-12T08:20:42+00:00\",\"dateModified\":\"2025-07-22T05:26:13+00:00\",\"breadcrumb\":{\"@id\":\"https:\/\/pablocarpintero.es\/producto\/pandeireta-modelo-guillade\/#breadcrumb\"},\"inLanguage\":\"es\",\"potentialAction\":[{\"@type\":\"ReadAction\",\"target\":[\"https:\/\/pablocarpintero.es\/producto\/pandeireta-modelo-guillade\/\"]}]},{\"@type\":\"ImageObject\",\"inLanguage\":\"es\",\"@id\":\"https:\/\/pablocarpintero.es\/producto\/pandeireta-modelo-guillade\/#primaryimage\",\"url\":\"https:\/\/pablocarpintero.es\/wp-content\/uploads\/2021\/11\/Ferrenas-temperadas-e-normais.jpg\",\"contentUrl\":\"https:\/\/pablocarpintero.es\/wp-content\/uploads\/2021\/11\/Ferrenas-temperadas-e-normais.jpg\",\"width\":2005,\"height\":1339},{\"@type\":\"BreadcrumbList\",\"@id\":\"https:\/\/pablocarpintero.es\/producto\/pandeireta-modelo-guillade\/#breadcrumb\",\"itemListElement\":[{\"@type\":\"ListItem\",\"position\":1,\"name\":\"Portada\",\"item\":\"https:\/\/pablocarpintero.es\/inicio\/\"},{\"@type\":\"ListItem\",\"position\":2,\"name\":\"Tienda\",\"item\":\"https:\/\/pablocarpintero.es\/tienda\/\"},{\"@type\":\"ListItem\",\"position\":3,\"name\":\"Pandeireta modelo Guillade\"}]},{\"@type\":\"WebSite\",\"@id\":\"https:\/\/pablocarpintero.es\/#website\",\"url\":\"https:\/\/pablocarpintero.es\/\",\"name\":\"Pablo Carpintero\",\"description\":\"Otro sitio realizado con WordPress\",\"potentialAction\":[{\"@type\":\"SearchAction\",\"target\":{\"@type\":\"EntryPoint\",\"urlTemplate\":\"https:\/\/pablocarpintero.es\/?s={search_term_string}\"},\"query-input\":{\"@type\":\"PropertyValueSpecification\",\"valueRequired\":true,\"valueName\":\"search_term_string\"}}],\"inLanguage\":\"es\"}]}<\/script>\n<!-- \/ Yoast SEO plugin. -->","yoast_head_json":{"title":"Pandeireta modelo Guillade - Pablo Carpintero","robots":{"index":"index","follow":"follow","max-snippet":"max-snippet:-1","max-image-preview":"max-image-preview:large","max-video-preview":"max-video-preview:-1"},"canonical":"https:\/\/pablocarpintero.es\/es\/producto\/pandeireta-modelo-guillade\/","og_locale":"es_ES","og_type":"article","og_title":"Pandeireta modelo Guillade - Pablo Carpintero","og_description":"Este modelo de pandeireta desenvolv\u00e9molo en base \u00e1 pandeireta do cego de Guillade (Ponteareas, Pontevedra) achada por Lu\u00eds Prego. Ten dez pares de ferre\u00f1as pouco rizadas, feitas a man, montadas de xeito pareado nun marco est\u00e1ndar para empu\u00f1ar coa man dereita. Debido ao estupendo son das s\u00faas ferre\u00f1as \u00e9 un dos nosos modelos m\u00e1is vendidos. [&hellip;]","og_url":"https:\/\/pablocarpintero.es\/es\/producto\/pandeireta-modelo-guillade\/","og_site_name":"Pablo Carpintero","article_modified_time":"2025-07-22T05:26:13+00:00","og_image":[{"width":2005,"height":1339,"url":"https:\/\/pablocarpintero.es\/wp-content\/uploads\/2021\/11\/Ferrenas-temperadas-e-normais.jpg","type":"image\/jpeg"}],"twitter_card":"summary_large_image","twitter_misc":{"Tiempo de lectura":"1 minuto"},"schema":{"@context":"https:\/\/schema.org","@graph":[{"@type":"WebPage","@id":"https:\/\/pablocarpintero.es\/producto\/pandeireta-modelo-guillade\/","url":"https:\/\/pablocarpintero.es\/producto\/pandeireta-modelo-guillade\/","name":"Pandeireta modelo Guillade - Pablo Carpintero","isPartOf":{"@id":"https:\/\/pablocarpintero.es\/#website"},"primaryImageOfPage":{"@id":"https:\/\/pablocarpintero.es\/producto\/pandeireta-modelo-guillade\/#primaryimage"},"image":{"@id":"https:\/\/pablocarpintero.es\/producto\/pandeireta-modelo-guillade\/#primaryimage"},"thumbnailUrl":"https:\/\/pablocarpintero.es\/wp-content\/uploads\/2021\/11\/Ferrenas-temperadas-e-normais.jpg","datePublished":"2021-11-12T08:20:42+00:00","dateModified":"2025-07-22T05:26:13+00:00","breadcrumb":{"@id":"https:\/\/pablocarpintero.es\/producto\/pandeireta-modelo-guillade\/#breadcrumb"},"inLanguage":"es","potentialAction":[{"@type":"ReadAction","target":["https:\/\/pablocarpintero.es\/producto\/pandeireta-modelo-guillade\/"]}]},{"@type":"ImageObject","inLanguage":"es","@id":"https:\/\/pablocarpintero.es\/producto\/pandeireta-modelo-guillade\/#primaryimage","url":"https:\/\/pablocarpintero.es\/wp-content\/uploads\/2021\/11\/Ferrenas-temperadas-e-normais.jpg","contentUrl":"https:\/\/pablocarpintero.es\/wp-content\/uploads\/2021\/11\/Ferrenas-temperadas-e-normais.jpg","width":2005,"height":1339},{"@type":"BreadcrumbList","@id":"https:\/\/pablocarpintero.es\/producto\/pandeireta-modelo-guillade\/#breadcrumb","itemListElement":[{"@type":"ListItem","position":1,"name":"Portada","item":"https:\/\/pablocarpintero.es\/inicio\/"},{"@type":"ListItem","position":2,"name":"Tienda","item":"https:\/\/pablocarpintero.es\/tienda\/"},{"@type":"ListItem","position":3,"name":"Pandeireta modelo Guillade"}]},{"@type":"WebSite","@id":"https:\/\/pablocarpintero.es\/#website","url":"https:\/\/pablocarpintero.es\/","name":"Pablo Carpintero","description":"Otro sitio realizado con WordPress","potentialAction":[{"@type":"SearchAction","target":{"@type":"EntryPoint","urlTemplate":"https:\/\/pablocarpintero.es\/?s={search_term_string}"},"query-input":{"@type":"PropertyValueSpecification","valueRequired":true,"valueName":"search_term_string"}}],"inLanguage":"es"}]}},"_links":{"self":[{"href":"https:\/\/pablocarpintero.es\/es\/wp-json\/wp\/v2\/product\/989","targetHints":{"allow":["GET"]}}],"collection":[{"href":"https:\/\/pablocarpintero.es\/es\/wp-json\/wp\/v2\/product"}],"about":[{"href":"https:\/\/pablocarpintero.es\/es\/wp-json\/wp\/v2\/types\/product"}],"replies":[{"embeddable":true,"href":"https:\/\/pablocarpintero.es\/es\/wp-json\/wp\/v2\/comments?post=989"}],"wp:featuredmedia":[{"embeddable":true,"href":"https:\/\/pablocarpintero.es\/es\/wp-json\/wp\/v2\/media\/990"}],"wp:attachment":[{"href":"https:\/\/pablocarpintero.es\/es\/wp-json\/wp\/v2\/media?parent=989"}],"wp:term":[{"taxonomy":"product_brand","embeddable":true,"href":"https:\/\/pablocarpintero.es\/es\/wp-json\/wp\/v2\/product_brand?post=989"},{"taxonomy":"product_cat","embeddable":true,"href":"https:\/\/pablocarpintero.es\/es\/wp-json\/wp\/v2\/product_cat?post=989"},{"taxonomy":"product_tag","embeddable":true,"href":"https:\/\/pablocarpintero.es\/es\/wp-json\/wp\/v2\/product_tag?post=989"}],"curies":[{"name":"wp","href":"https:\/\/api.w.org\/{rel}","templated":true}]}}